{"file_id":"F1","vid":"V111","name":"P6066s1","var_intrvl":"discrete","var_dcml":null,"var_wgt":null,"var_is_wgt":null,"loc_start_pos":"556","loc_end_pos":"625","loc_width":"70","loc_rec_seg_no":"1","labl":"\u00bfcu\u00e1l es la raz\u00f3n principal por la que (nombre del ni\u00f1o) vive en este hogar? otra raz\u00f3n   \u00bfcu\u00e1l?","var_imputation":null,"var_security":"El acceso a microdatos y Mam-up se considera como de tratamiento especial respecto a la reserva estad\u00edstica por tanto estar\u00e1 sujeto a la reglamentaci\u00f3n que para el efecto defina el Comit\u00e9 de Aseguramiento de la reserva estad\u00edstica. Resoluci\u00f3n 173 de 2008.","var_resp_unit":"Directo","var_analysis_unit":null,"var_qstn_preqtxt":"C14. \u00bfCu\u00e1l es la raz\u00f3n principal por la que \u2026 vive en este hogar?\n\n\n9\tOtra raz\u00f3n","var_qstn_qstnlit":"C14. \u00bfCu\u00e1l es la raz\u00f3n principal por la que \u2026 vive en este hogar?\n\nCu\u00e1l","var_qstn_postqtxt":"D1. \u00bf\u2026sabe leer y escribir?\n\n1\tS\u00ed\n2\tNo","var_qstn_ivuinstr":null,"var_universe":"Lo constituyen los ni\u00f1os, ni\u00f1as y adolescentes entre 5 y 17 a\u00f1os de edad, residentes en el territorio nacional excluyendo los antiguos territorios nacionales.","var_universe_clusion":"I","var_sumstat":[{"value":"473","type":"vald","wgtd":null},{"value":"0","type":"invd","wgtd":null}],"var_txt":null,"var_catgry":[{"value":"SEPARACION DE LOS PADRES","labl":null,"is_missing":null,"stats":[{"value":"30","type":"freq","wgtd":null}]},{"value":"CAMBIO DE RESIDENCIA","labl":null,"is_missing":null,"stats":[{"value":"21","type":"freq","wgtd":null}]},{"value":"POR SEPARACION DE LOS PADRES","labl":null,"is_missing":null,"stats":[{"value":"6","type":"freq","wgtd":null}]},{"value":"INUNDACION","labl":null,"is_missing":null,"stats":[{"value":"5","type":"freq","wgtd":null}]},{"value":"SUS PADRES SE SEPARARON","labl":null,"is_missing":null,"stats":[{"value":"4","type":"freq","wgtd":null}]},{"value":"PROBLEMAS FAMILIARES","labl":null,"is_missing":null,"stats":[{"value":"4","type":"freq","wgtd":null}]},{"value":"FALLECIMIENTO DE LA MADRE","labl":null,"is_missing":null,"stats":[{"value":"4","type":"freq","wgtd":null}]},{"value":"SEPARACION DE PADRES","labl":null,"is_missing":null,"stats":[{"value":"3","type":"freq","wgtd":null}]},{"value":"CUSTODIA OTORGADA POR ICBF A LA ABUELA","labl":null,"is_missing":null,"stats":[{"value":"3","type":"freq","wgtd":null}]},{"value":"ABANDONO","labl":null,"is_missing":null,"stats":[{"value":"3","type":"freq","wgtd":null}]},{"value":"VIVIA CON LA MAMA Y FALLECIO","labl":null,"is_missing":null,"stats":[{"value":"2","type":"freq","wgtd":null}]},{"value":"VACACIONES","labl":null,"is_missing":null,"stats":[{"value":"2","type":"freq","wgtd":null}]},{"value":"SEPARACION DE SUS PADRES","labl":null,"is_missing":null,"stats":[{"value":"2","type":"freq","wgtd":null}]},{"value":"POR SEPARACION DE PADRES","labl":null,"is_missing":null,"stats":[{"value":"2","type":"freq","wgtd":null}]},{"value":"POR EL FALLECIMIENTO DE LA MADRE","labl":null,"is_missing":null,"stats":[{"value":"2","type":"freq","wgtd":null}]},{"value":"POR COMODIDAD","labl":null,"is_missing":null,"stats":[{"value":"2","type":"freq","wgtd":null}]},{"value":"POR ABANDONO DE SUS PADRES","labl":null,"is_missing":null,"stats":[{"value":"2","type":"freq","wgtd":null}]},{"value":"NO TIENE DONDE VIVIR","labl":null,"is_missing":null,"stats":[{"value":"2","type":"freq","wgtd":null}]},{"value":"MUERTE DE LA MADRE","labl":null,"is_missing":null,"stats":[{"value":"2","type":"freq","wgtd":null}]},{"value":"MADRE LO ABANDONO","labl":null,"is_missing":null,"stats":[{"value":"2","type":"freq","wgtd":null}]},{"value":"LOS PADRES SE SEPARARON","labl":null,"is_missing":null,"stats":[{"value":"2","type":"freq","wgtd":null}]},{"value":"LOS PADRES FALLECIERON","labl":null,"is_missing":null,"stats":[{"value":"2","type":"freq","wgtd":null}]},{"value":"LA MAMA MURIO","labl":null,"is_missing":null,"stats":[{"value":"2","type":"freq","wgtd":null}]},{"value":"HOGAR SUSTITUTO","labl":null,"is_missing":null,"stats":[{"value":"2","type":"freq","wgtd":null}]},{"value":"FALLECIO LA MAMA","labl":null,"is_missing":null,"stats":[{"value":"2","type":"freq","wgtd":null}]},{"value":"FALLECIO LA ABUELA QUE LA CUIDABA","labl":null,"is_missing":null,"stats":[{"value":"2","type":"freq","wgtd":null}]},{"value":"FALLECIMIENTO DEL PADRE BIOLOGICO DEL NI\u00d1O","labl":null,"is_missing":null,"stats":[{"value":"2","type":"freq","wgtd":null}]},{"value":"FALLECIMIENTO  DEL  PADRE","labl":null,"is_missing":null,"stats":[{"value":"2","type":"freq","wgtd":null}]},{"value":"ES UN HOGAR SUSTITUTO DEL BIENESTAR FAMILIAR","labl":null,"is_missing":null,"stats":[{"value":"2","type":"freq","wgtd":null}]},{"value":"ENTREGADO POR BIENESTAR FAMILIAR","labl":null,"is_missing":null,"stats":[{"value":"2","type":"freq","wgtd":null}]},{"value":"EL PADRE SE QUEDO SIN TRABAJO","labl":null,"is_missing":null,"stats":[{"value":"2","type":"freq","wgtd":null}]},{"value":"CAMBIO DE DOMICILIO","labl":null,"is_missing":null,"stats":[{"value":"2","type":"freq","wgtd":null}]},{"value":"CAMBIO DE CIUDAD","labl":null,"is_missing":null,"stats":[{"value":"2","type":"freq","wgtd":null}]},{"value":"CAMBIARON DE FINCA","labl":null,"is_missing":null,"stats":[{"value":"2","type":"freq","wgtd":null}]},{"value":"ABANDONO DE LOS PADRES","labl":null,"is_missing":null,"stats":[{"value":"2","type":"freq","wgtd":null}]},{"value":"vive en union libre con un hijo del jefe del hogar","labl":null,"is_missing":null,"stats":[{"value":"1","type":"freq","wgtd":null}]},{"value":"VULNERACION DE DERECHOS POR PARTE DE PADRES BIOLOGICOS","labl":null,"is_missing":null,"stats":[{"value":"1","type":"freq","wgtd":null}]},{"value":"VIVIR CON LOS PADRES","labl":null,"is_missing":null,"stats":[{"value":"1","type":"freq","wgtd":null}]},{"value":"VIVIA EN ZONA DE GUERRILLEROS","labl":null,"is_missing":null,"stats":[{"value":"1","type":"freq","wgtd":null}]},{"value":"VIVIA CON OTROS FAMILIARES","labl":null,"is_missing":null,"stats":[{"value":"1","type":"freq","wgtd":null}]},{"value":"VIVE CON EL PADRE","labl":null,"is_missing":null,"stats":[{"value":"1","type":"freq","wgtd":null}]},{"value":"VIVE CON EL NOVIO","labl":null,"is_missing":null,"stats":[{"value":"1","type":"freq","wgtd":null}]},{"value":"VIVE CON EL HIJO DE ERMA  CARMONA Y ESTA EMBARAZADA","labl":null,"is_missing":null,"stats":[{"value":"1","type":"freq","wgtd":null}]},{"value":"VIAJE FUERA DEL PAIS DE LA MADRE","labl":null,"is_missing":null,"stats":[{"value":"1","type":"freq","wgtd":null}]},{"value":"VACASIONES ESCOLARES","labl":null,"is_missing":null,"stats":[{"value":"1","type":"freq","wgtd":null}]},{"value":"TUVO PROBLEMAS DONDE LA MAMA","labl":null,"is_missing":null,"stats":[{"value":"1","type":"freq","wgtd":null}]},{"value":"TUVO PROBLEMAS CON EL PAPA","labl":null,"is_missing":null,"stats":[{"value":"1","type":"freq","wgtd":null}]},{"value":"TIENE PROBLEMAS DE CRECIMIETO Y LE COLOCAN DROGA","labl":null,"is_missing":null,"stats":[{"value":"1","type":"freq","wgtd":null}]},{"value":"TIENE MEJOR CALIDAD DE VIDA","labl":null,"is_missing":null,"stats":[{"value":"1","type":"freq","wgtd":null}]},{"value":"TERNINACION DE LA RELACION SENTIMENTAL.","labl":null,"is_missing":null,"stats":[{"value":"1","type":"freq","wgtd":null}]},{"value":"SUS PADRES VIVEN EN OTRO PAIS","labl":null,"is_missing":null,"stats":[{"value":"1","type":"freq","wgtd":null}]},{"value":"SUS PADRES SE SEPARARON Y VIVEN EN OTRO PAIS","labl":null,"is_missing":null,"stats":[{"value":"1","type":"freq","wgtd":null}]},{"value":"SUS PADRES NO LE BRINDABAN EL AMOR QUE ELLA NECESITABA","labl":null,"is_missing":null,"stats":[{"value":"1","type":"freq","wgtd":null}]},{"value":"SUS PADRES NO ESTAN EN  CONDICION DE MANTENERLO","labl":null,"is_missing":null,"stats":[{"value":"1","type":"freq","wgtd":null}]},{"value":"SUS PADRES NO CONVIVEN Y LA MAMA ESTA FUERA DEL PAIS","labl":null,"is_missing":null,"stats":[{"value":"1","type":"freq","wgtd":null}]},{"value":"SUS PADRES LO ABANDONARON","labl":null,"is_missing":null,"stats":[{"value":"1","type":"freq","wgtd":null}]},{"value":"SUS PADRES ESTAN DIVORCIADOS","labl":null,"is_missing":null,"stats":[{"value":"1","type":"freq","wgtd":null}]},{"value":"SUS PADRES CAMBIARON DE DOMICILIO(AHORA VIVEN EN CUCUTA)","labl":null,"is_missing":null,"stats":[{"value":"1","type":"freq","wgtd":null}]},{"value":"SUS PADRES  NO CONVIVEN Y LA MADRE ESTA FUERA DEL PAIS","labl":null,"is_missing":null,"stats":[{"value":"1","type":"freq","wgtd":null}]},{"value":"SUS DOS PADRES MURIERON","labl":null,"is_missing":null,"stats":[{"value":"1","type":"freq","wgtd":null}]},{"value":"SU PADRE SE FUE DE VIAJE Y SE QUEDO CON LA HERMANA","labl":null,"is_missing":null,"stats":[{"value":"1","type":"freq","wgtd":null}]},{"value":"SU MADRE SALIO DEL PAIS","labl":null,"is_missing":null,"stats":[{"value":"1","type":"freq","wgtd":null}]},{"value":"SITUACION ECONOMICA DE  LOS PADRES","labl":null,"is_missing":null,"stats":[{"value":"1","type":"freq","wgtd":null}]},{"value":"SEPARACION DELOS PADRES","labl":null,"is_missing":null,"stats":[{"value":"1","type":"freq","wgtd":null}]},{"value":"SEPARACION DEL ESPOSO","labl":null,"is_missing":null,"stats":[{"value":"1","type":"freq","wgtd":null}]},{"value":"SEPARACION DE UN HOGAR","labl":null,"is_missing":null,"stats":[{"value":"1","type":"freq","wgtd":null}]},{"value":"SEPARACION DE LOS PADRES BIOLOGICOS","labl":null,"is_missing":null,"stats":[{"value":"1","type":"freq","wgtd":null}]},{"value":"SEPARACION DE LOS PADERS","labl":null,"is_missing":null,"stats":[{"value":"1","type":"freq","wgtd":null}]},{"value":"SEPARACION  DE LOS PADRES VIVE CON EL PADRE","labl":null,"is_missing":null,"stats":[{"value":"1","type":"freq","wgtd":null}]},{"value":"SE SIENTE MEJOR CON MAMA","labl":null,"is_missing":null,"stats":[{"value":"1","type":"freq","wgtd":null}]},{"value":"SE MURIO EL PAPA","labl":null,"is_missing":null,"stats":[{"value":"1","type":"freq","wgtd":null}]},{"value":"SE ENCONTRABA EN OTRO MUNICIPIO POR MOTIVOS PERSONALES","labl":null,"is_missing":null,"stats":[{"value":"1","type":"freq","wgtd":null}]},{"value":"SE DESMOVILIZO DE LA GUERRILLA","labl":null,"is_missing":null,"stats":[{"value":"1","type":"freq","wgtd":null}]},{"value":"REGRESO DE ESPA\u00d1A POR SALUD","labl":null,"is_missing":null,"stats":[{"value":"1","type":"freq","wgtd":null}]},{"value":"QUIEREN VIVIR CON LA ABUELA","labl":null,"is_missing":null,"stats":[{"value":"1","type":"freq","wgtd":null}]},{"value":"QUIERE  QUE ESTE CERCA  DE  SUS PADRES","labl":null,"is_missing":null,"stats":[{"value":"1","type":"freq","wgtd":null}]},{"value":"QUERIA INDEPENDIZARSE","labl":null,"is_missing":null,"stats":[{"value":"1","type":"freq","wgtd":null}]},{"value":"QUERIA  INDEPENDISARCE","labl":null,"is_missing":null,"stats":[{"value":"1","type":"freq","wgtd":null}]},{"value":"PROGRAMA HOGARES SUSTITUTO ICBF","labl":null,"is_missing":null,"stats":[{"value":"1","type":"freq","wgtd":null}]},{"value":"PROGRAMA HOGAR SUSTITUTO ICBF","labl":null,"is_missing":null,"stats":[{"value":"1","type":"freq","wgtd":null}]},{"value":"PROGRAMA DE HOGAR SUSTITUTO ICBF","labl":null,"is_missing":null,"stats":[{"value":"1","type":"freq","wgtd":null}]},{"value":"PROBLEMAS MENTALES DE LA MAMA","labl":null,"is_missing":null,"stats":[{"value":"1","type":"freq","wgtd":null}]},{"value":"PROBLEMAS ENTRE LOS PADRES","labl":null,"is_missing":null,"stats":[{"value":"1","type":"freq","wgtd":null}]},{"value":"PROBLEMAS EN EL HOGAR MATERNO","labl":null,"is_missing":null,"stats":[{"value":"1","type":"freq","wgtd":null}]},{"value":"PROBLEMAS DE SALUD","labl":null,"is_missing":null,"stats":[{"value":"1","type":"freq","wgtd":null}]},{"value":"POSIBILIDADES DE ESTUDIAR EN ARACATACA","labl":null,"is_missing":null,"stats":[{"value":"1","type":"freq","wgtd":null}]},{"value":"PORQUE VIVE CON EL PADRE QUE EN EL HOGAR ES PENSIONISTA","labl":null,"is_missing":null,"stats":[{"value":"1","type":"freq","wgtd":null}]},{"value":"PORQUE SUS PADRES TRABAJAN FUERA DE LA CIUDAD","labl":null,"is_missing":null,"stats":[{"value":"1","type":"freq","wgtd":null}]},{"value":"PORQUE SUS PADRES SE FUERON A VIVIR A BOGOTA","labl":null,"is_missing":null,"stats":[{"value":"1","type":"freq","wgtd":null}]},{"value":"PORQUE SUS PADRES NO TIENEN RECURSOS ECONOMICOS PARA SU MANUNTECION","labl":null,"is_missing":null,"stats":[{"value":"1","type":"freq","wgtd":null}]},{"value":"PORQUE SU MAMA LO DEJO  Y EL PAPA TRABAJA EN SANTANDER","labl":null,"is_missing":null,"stats":[{"value":"1","type":"freq","wgtd":null}]},{"value":"PORQUE SE UNIERON 3 FAMILIAS PARA REDUCIR GASTOS","labl":null,"is_missing":null,"stats":[{"value":"1","type":"freq","wgtd":null}]},{"value":"PORQUE QUIZO VIVIR CON EL PAPA","labl":null,"is_missing":null,"stats":[{"value":"1","type":"freq","wgtd":null}]},{"value":"PORQUE QUIZO","labl":null,"is_missing":null,"stats":[{"value":"1","type":"freq","wgtd":null}]},{"value":"PORQUE QUIEREN VIVIR CON LA ABUELA","labl":null,"is_missing":null,"stats":[{"value":"1","type":"freq","wgtd":null}]},{"value":"PORQUE QUEDO HUERFANA DE MAMA","labl":null,"is_missing":null,"stats":[{"value":"1","type":"freq","wgtd":null}]},{"value":"PORQUE QUEDO EMBARAZADA HACE TRES MESES","labl":null,"is_missing":null,"stats":[{"value":"1","type":"freq","wgtd":null}]},{"value":"PORQUE NO TIENE BUENA RELACION CON EL PADRASTRO","labl":null,"is_missing":null,"stats":[{"value":"1","type":"freq","wgtd":null}]},{"value":"PORQUE NO QUIZO VIVIR NI CON EL PAPA NI LA MAMA","labl":null,"is_missing":null,"stats":[{"value":"1","type":"freq","wgtd":null}]},{"value":"PORQUE LOS PADRES TRABAJAN EN OTRO MUNICIPIO Y NO HAY CENTRO EDUCATIVO","labl":null,"is_missing":null,"stats":[{"value":"1","type":"freq","wgtd":null}]},{"value":"PORQUE LOS PADRES TRABAJAN EN OTRO LUGAR","labl":null,"is_missing":null,"stats":[{"value":"1","type":"freq","wgtd":null}]},{"value":"PORQUE LOS PADRES QUEDARON DESEMPLEADOS Y SE VINIERON A ESTA CASA","labl":null,"is_missing":null,"stats":[{"value":"1","type":"freq","wgtd":null}]},{"value":"PORQUE LOS PADRES NO PUEDEN ESTAR AL CUIDADO DEL NI\u00d1O POR EL TRABAJO","labl":null,"is_missing":null,"stats":[{"value":"1","type":"freq","wgtd":null}]},{"value":"PORQUE LA MAMA TRABAJA EN OTRO PUEBLO","labl":null,"is_missing":null,"stats":[{"value":"1","type":"freq","wgtd":null}]},{"value":"PORQUE LA MAMA TRABAJA","labl":null,"is_missing":null,"stats":[{"value":"1","type":"freq","wgtd":null}]},{"value":"PORQUE LA MAMA SE SEPARO DEL PAPA","labl":null,"is_missing":null,"stats":[{"value":"1","type":"freq","wgtd":null}]},{"value":"PORQUE LA MAMA NO PODIA CUIDARLO","labl":null,"is_missing":null,"stats":[{"value":"1","type":"freq","wgtd":null}]},{"value":"PORQUE LA MAMA NO LA QUIZO TENER","labl":null,"is_missing":null,"stats":[{"value":"1","type":"freq","wgtd":null}]},{"value":"PORQUE LA MAMA NO LA PODIA CUIDAR POR SU TRABAJO","labl":null,"is_missing":null,"stats":[{"value":"1","type":"freq","wgtd":null}]},{"value":"PORQUE LA MADRE TRABAJA Y NO LE QUEDA TIEMPO","labl":null,"is_missing":null,"stats":[{"value":"1","type":"freq","wgtd":null}]},{"value":"PORQUE LA MADRE DE LA NI\u00d1A ESTA EN OTRO PAIS","labl":null,"is_missing":null,"stats":[{"value":"1","type":"freq","wgtd":null}]},{"value":"PORQUE LA ADOPTARON A OTRO PARIENTE","labl":null,"is_missing":null,"stats":[{"value":"1","type":"freq","wgtd":null}]},{"value":"PORQUE HAY MAS ESPACIO EN ESTA VIVIENDA","labl":null,"is_missing":null,"stats":[{"value":"1","type":"freq","wgtd":null}]},{"value":"PORQUE FUE ACEPTADO EN EL HOGAR POR SER AMIGO DE UNO DE SUS MIEMBROS","labl":null,"is_missing":null,"stats":[{"value":"1","type":"freq","wgtd":null}]},{"value":"PORQUE ESTABA MUY INDISCIPLINADA","labl":null,"is_missing":null,"stats":[{"value":"1","type":"freq","wgtd":null}]},{"value":"PORQUE ES LA CASA DEL ESPOSO Y ESTA EMBARAZADA","labl":null,"is_missing":null,"stats":[{"value":"1","type":"freq","wgtd":null}]},{"value":"PORQUE ES EL HOGAR DE SU PAREJA","labl":null,"is_missing":null,"stats":[{"value":"1","type":"freq","wgtd":null}]},{"value":"PORQUE ES EL HOGAR DE LA MAMA Y LE BRINDA MEJOR CALIDAD DE VIDA","labl":null,"is_missing":null,"stats":[{"value":"1","type":"freq","wgtd":null}]},{"value":"PORQUE ENCARCELARON AL PAPA","labl":null,"is_missing":null,"stats":[{"value":"1","type":"freq","wgtd":null}]},{"value":"PORQUE EN SU CASA NO HAY ESPACIO","labl":null,"is_missing":null,"stats":[{"value":"1","type":"freq","wgtd":null}]},{"value":"PORQUE EN SU CASA NO HAY DONDE DORMIR","labl":null,"is_missing":null,"stats":[{"value":"1","type":"freq","wgtd":null}]},{"value":"PORQUE EN LA RESIDENCIA DONDE VIVIA EL AMBIENTE ERA MUY PESADO","labl":null,"is_missing":null,"stats":[{"value":"1","type":"freq","wgtd":null}]},{"value":"PORQUE EL PAPA LO ENCERRARON EN LA CARCEL","labl":null,"is_missing":null,"stats":[{"value":"1","type":"freq","wgtd":null}]},{"value":"PORQUE EL PAPA DE LA NI\u00d1A SE LA ENTREGO","labl":null,"is_missing":null,"stats":[{"value":"1","type":"freq","wgtd":null}]},{"value":"PORQUE EL PADRE SE LA QUITO A LA MADRE Q LA ABANDONO EN OTRA CASA","labl":null,"is_missing":null,"stats":[{"value":"1","type":"freq","wgtd":null}]},{"value":"PORQUE EL PADRASTRO TRABAJA EN POPAYAN Y SE VINIERON","labl":null,"is_missing":null,"stats":[{"value":"1","type":"freq","wgtd":null}]},{"value":"PORQUE DESIDIO VIVIR CON EL PAPA","labl":null,"is_missing":null,"stats":[{"value":"1","type":"freq","wgtd":null}]},{"value":"PORQUE DECIDIO VIVIR CON EL PAPA","labl":null,"is_missing":null,"stats":[{"value":"1","type":"freq","wgtd":null}]},{"value":"PORQUE DECIDIERON ORGANIZARSE","labl":null,"is_missing":null,"stats":[{"value":"1","type":"freq","wgtd":null}]},{"value":"POR VOUNTAD DEL NI\u00d1O","labl":null,"is_missing":null,"stats":[{"value":"1","type":"freq","wgtd":null}]},{"value":"POR TRBAJAR EN  LA FINCA","labl":null,"is_missing":null,"stats":[{"value":"1","type":"freq","wgtd":null}]},{"value":"POR TRASLADO LABORAL DE LA MADRE","labl":null,"is_missing":null,"stats":[{"value":"1","type":"freq","wgtd":null}]},{"value":"POR TRASLADO DEL TRABAJO DE LA MAMA","labl":null,"is_missing":null,"stats":[{"value":"1","type":"freq","wgtd":null}]},{"value":"POR TRASLADO DE CIUDAD","labl":null,"is_missing":null,"stats":[{"value":"1","type":"freq","wgtd":null}]},{"value":"POR TRABAJOS DE LOS PAPAS LOS ABUELOS LA CUIDA","labl":null,"is_missing":null,"stats":[{"value":"1","type":"freq","wgtd":null}]},{"value":"POR TRABAJO DE LA MADRE","labl":null,"is_missing":null,"stats":[{"value":"1","type":"freq","wgtd":null}]},{"value":"POR TRABAJO","labl":null,"is_missing":null,"stats":[{"value":"1","type":"freq","wgtd":null}]},{"value":"POR SUS PADRES SE SEPARON Y VIVEN EN OTROS LADOS","labl":null,"is_missing":null,"stats":[{"value":"1","type":"freq","wgtd":null}]},{"value":"POR SITUACION ECONOMICA","labl":null,"is_missing":null,"stats":[{"value":"1","type":"freq","wgtd":null}]},{"value":"POR SER LA CASA MATERNA","labl":null,"is_missing":null,"stats":[{"value":"1","type":"freq","wgtd":null}]},{"value":"POR SEPARACION DE SUS PADRES","labl":null,"is_missing":null,"stats":[{"value":"1","type":"freq","wgtd":null}]},{"value":"POR SEPARACION DE PADRES BIOLOGICOS","labl":null,"is_missing":null,"stats":[{"value":"1","type":"freq","wgtd":null}]},{"value":"POR SEPARACION DE LOS  PADRES","labl":null,"is_missing":null,"stats":[{"value":"1","type":"freq","wgtd":null}]},{"value":"POR RAZONES DE SALUD","labl":null,"is_missing":null,"stats":[{"value":"1","type":"freq","wgtd":null}]},{"value":"POR QUE TUBO HIJO TIENE QUE VIVIR CON SU ESPOSO","labl":null,"is_missing":null,"stats":[{"value":"1","type":"freq","wgtd":null}]},{"value":"POR QUE TENIAN QUE PAGAR ARRIENDO","labl":null,"is_missing":null,"stats":[{"value":"1","type":"freq","wgtd":null}]},{"value":"POR QUE SUS PADRES TRABAJAN EN OTRA CIUDAD","labl":null,"is_missing":null,"stats":[{"value":"1","type":"freq","wgtd":null}]},{"value":"POR QUE SUS PADRES NO PUEDEN MANTENERLO","labl":null,"is_missing":null,"stats":[{"value":"1","type":"freq","wgtd":null}]},{"value":"POR QUE SUS PADRES ESTAN EN OTRO PAIS","labl":null,"is_missing":null,"stats":[{"value":"1","type":"freq","wgtd":null}]},{"value":"POR QUE SUS PADRES ECONOMICAMENE NO PUEDEN DARLE ESTUDIO","labl":null,"is_missing":null,"stats":[{"value":"1","type":"freq","wgtd":null}]},{"value":"POR QUE SU PADRE FALLECIO Y VIVIA CON EL","labl":null,"is_missing":null,"stats":[{"value":"1","type":"freq","wgtd":null}]},{"value":"POR QUE SU MADRE VIVE AQUI","labl":null,"is_missing":null,"stats":[{"value":"1","type":"freq","wgtd":null}]},{"value":"POR QUE SU MADRE ESTA MUY MAL ECONOMICAMENTE","labl":null,"is_missing":null,"stats":[{"value":"1","type":"freq","wgtd":null}]},{"value":"POR QUE SIMPRE A RESPONDIDO POR LA NI\u00d1A","labl":null,"is_missing":null,"stats":[{"value":"1","type":"freq","wgtd":null}]},{"value":"POR QUE SE SIENTE BIEN EN ESTE HOGAR","labl":null,"is_missing":null,"stats":[{"value":"1","type":"freq","wgtd":null}]},{"value":"POR QUE QUIERE ESTAR CON LA ABUELA","labl":null,"is_missing":null,"stats":[{"value":"1","type":"freq","wgtd":null}]},{"value":"POR QUE PAGAVAN ARRIENDO","labl":null,"is_missing":null,"stats":[{"value":"1","type":"freq","wgtd":null}]},{"value":"POR QUE NO TENIAN DONDE VIVIR","labl":null,"is_missing":null,"stats":[{"value":"1","type":"freq","wgtd":null}]},{"value":"POR QUE NO TENIA DISPONIBILIDAD ECONOMICA PARA CANCELAR LOS GASTOS","labl":null,"is_missing":null,"stats":[{"value":"1","type":"freq","wgtd":null}]},{"value":"POR QUE LOS PADRES VIVEN CERCA Y  QUEDARON SIN TRABAJO","labl":null,"is_missing":null,"stats":[{"value":"1","type":"freq","wgtd":null}]},{"value":"POR QUE LOS PADRES NO TIENEN SUFICIENTES RECURSOS","labl":null,"is_missing":null,"stats":[{"value":"1","type":"freq","wgtd":null}]},{"value":"POR QUE LE GUSTA ESTAR CON SU HERMANA","labl":null,"is_missing":null,"stats":[{"value":"1","type":"freq","wgtd":null}]},{"value":"POR QUE LAMAMA TRABAJA Y NO LA PUEDE CUIDAR","labl":null,"is_missing":null,"stats":[{"value":"1","type":"freq","wgtd":null}]},{"value":"POR QUE LA SITUACION ECONOMICA DE LA MADRE ES INESTABLE","labl":null,"is_missing":null,"stats":[{"value":"1","type":"freq","wgtd":null}]},{"value":"POR QUE LA MAMA TRABAJA Y NO LO PUEDE CUIDAR","labl":null,"is_missing":null,"stats":[{"value":"1","type":"freq","wgtd":null}]},{"value":"POR QUE LA MAMA NO TENIA TIEMPO PARA EL  NI\u00d1O","labl":null,"is_missing":null,"stats":[{"value":"1","type":"freq","wgtd":null}]},{"value":"POR QUE LA MAMA NO LO QUIZO TENER MAS","labl":null,"is_missing":null,"stats":[{"value":"1","type":"freq","wgtd":null}]},{"value":"POR QUE LA MAMA DETENIDA POR DROGAS","labl":null,"is_missing":null,"stats":[{"value":"1","type":"freq","wgtd":null}]},{"value":"POR QUE LA MADRE VIVE AQUI","labl":null,"is_missing":null,"stats":[{"value":"1","type":"freq","wgtd":null}]},{"value":"POR QUE LA MADRE TRABAJA AQUI LA CUIDAN","labl":null,"is_missing":null,"stats":[{"value":"1","type":"freq","wgtd":null}]},{"value":"POR QUE LA MADRE SE FUE DEL PAIS","labl":null,"is_missing":null,"stats":[{"value":"1","type":"freq","wgtd":null}]},{"value":"POR QUE LA MADRE LO ECHO DE SUCASA","labl":null,"is_missing":null,"stats":[{"value":"1","type":"freq","wgtd":null}]},{"value":"POR QUE LA MADRE LO ABANDONO","labl":null,"is_missing":null,"stats":[{"value":"1","type":"freq","wgtd":null}]},{"value":"POR QUE LA MADRE FALLECIO","labl":null,"is_missing":null,"stats":[{"value":"1","type":"freq","wgtd":null}]},{"value":"POR QUE HIZO CAMBIO DE CIUDAD","labl":null,"is_missing":null,"stats":[{"value":"1","type":"freq","wgtd":null}]},{"value":"POR QUE HAY MAS FUENTE DE ENTRADA PARA EL JOVEN","labl":null,"is_missing":null,"stats":[{"value":"1","type":"freq","wgtd":null}]},{"value":"POR QUE ESTABA EN VACACIONES Y NO TUVIERON RECURSOS PARA RECOJERLA","labl":null,"is_missing":null,"stats":[{"value":"1","type":"freq","wgtd":null}]},{"value":"POR QUE DECIDIO VIVIR CON LA ABUELA","labl":null,"is_missing":null,"stats":[{"value":"1","type":"freq","wgtd":null}]},{"value":"POR QUE CAMBIARON DEDOMICILIO","labl":null,"is_missing":null,"stats":[{"value":"1","type":"freq","wgtd":null}]},{"value":"POR QUE ANDABA EN MALOS PASOS EN LA CALLE","labl":null,"is_missing":null,"stats":[{"value":"1","type":"freq","wgtd":null}]},{"value":"POR PROTEJERLA","labl":null,"is_missing":null,"stats":[{"value":"1","type":"freq","wgtd":null}]},{"value":"POR PROBLEMAS INTERNOS FAMILIARES","labl":null,"is_missing":null,"stats":[{"value":"1","type":"freq","wgtd":null}]},{"value":"POR PROBLEMAS FAMLIARES","labl":null,"is_missing":null,"stats":[{"value":"1","type":"freq","wgtd":null}]},{"value":"POR PROBLEMAS FAMILIARES","labl":null,"is_missing":null,"stats":[{"value":"1","type":"freq","wgtd":null}]},{"value":"POR PROBLEMAS ECONOMICOS","labl":null,"is_missing":null,"stats":[{"value":"1","type":"freq","wgtd":null}]},{"value":"POR PROBLEMAS DE SALUD DE SU MAMA","labl":null,"is_missing":null,"stats":[{"value":"1","type":"freq","wgtd":null}]},{"value":"POR PROBLEMAS DE COMUNICACION CON SU MADRASTRA","labl":null,"is_missing":null,"stats":[{"value":"1","type":"freq","wgtd":null}]},{"value":"POR PROBLEMAS CON LA PERSONA CON QUE VIVIA ANTERIORMENTE","labl":null,"is_missing":null,"stats":[{"value":"1","type":"freq","wgtd":null}]},{"value":"POR MUERTE DEL PAPA BIOLOGICO","labl":null,"is_missing":null,"stats":[{"value":"1","type":"freq","wgtd":null}]},{"value":"POR MUERTE DEL ABUELITO","labl":null,"is_missing":null,"stats":[{"value":"1","type":"freq","wgtd":null}]},{"value":"POR MOTIVOS ECONOMICOS","labl":null,"is_missing":null,"stats":[{"value":"1","type":"freq","wgtd":null}]},{"value":"POR MOTIVO DE VIAJE DE SUS PADRES","labl":null,"is_missing":null,"stats":[{"value":"1","type":"freq","wgtd":null}]},{"value":"POR MALTRATO DE LOS PADRES BIOLOGICOS","labl":null,"is_missing":null,"stats":[{"value":"1","type":"freq","wgtd":null}]},{"value":"POR LA SITUACION ECONOMICA DEL HOGAR","labl":null,"is_missing":null,"stats":[{"value":"1","type":"freq","wgtd":null}]},{"value":"POR LA SITUACION ECONOMICA","labl":null,"is_missing":null,"stats":[{"value":"1","type":"freq","wgtd":null}]},{"value":"POR LA SEPARACION DE SUS PADRES","labl":null,"is_missing":null,"stats":[{"value":"1","type":"freq","wgtd":null}]},{"value":"POR LA REBELDIA","labl":null,"is_missing":null,"stats":[{"value":"1","type":"freq","wgtd":null}]},{"value":"POR GUSTO PROPIO","labl":null,"is_missing":null,"stats":[{"value":"1","type":"freq","wgtd":null}]},{"value":"POR GUSTO","labl":null,"is_missing":null,"stats":[{"value":"1","type":"freq","wgtd":null}]},{"value":"POR FALTA DE RECURSOS ECONOMICOS DE LOS PADRES","labl":null,"is_missing":null,"stats":[{"value":"1","type":"freq","wgtd":null}]},{"value":"POR FALTA DE DINERO POR FALTA DE SUS PADRES(DESEMPLEO)","labl":null,"is_missing":null,"stats":[{"value":"1","type":"freq","wgtd":null}]},{"value":"POR FALLECIMIENTO DE LA MAMA","labl":null,"is_missing":null,"stats":[{"value":"1","type":"freq","wgtd":null}]},{"value":"POR FALLECIMIENTO DE LA MADRE","labl":null,"is_missing":null,"stats":[{"value":"1","type":"freq","wgtd":null}]},{"value":"POR ENFERMEDAD DE LA MADRE","labl":null,"is_missing":null,"stats":[{"value":"1","type":"freq","wgtd":null}]},{"value":"POR EMBARAZO DE SU PAREJA","labl":null,"is_missing":null,"stats":[{"value":"1","type":"freq","wgtd":null}]},{"value":"POR EL TRAMIENTO DE LA ENFERMEDAD","labl":null,"is_missing":null,"stats":[{"value":"1","type":"freq","wgtd":null}]},{"value":"POR EL TRABAJO DE LA MAMA","labl":null,"is_missing":null,"stats":[{"value":"1","type":"freq","wgtd":null}]},{"value":"POR EL FALLECIMIENTO DE SU MADRE","labl":null,"is_missing":null,"stats":[{"value":"1","type":"freq","wgtd":null}]},{"value":"POR DISMINUIR GASTOS","labl":null,"is_missing":null,"stats":[{"value":"1","type":"freq","wgtd":null}]},{"value":"POR DESICION  PROPIA","labl":null,"is_missing":null,"stats":[{"value":"1","type":"freq","wgtd":null}]},{"value":"POR COMPA\u00d1IA A UN FAMILIAR","labl":null,"is_missing":null,"stats":[{"value":"1","type":"freq","wgtd":null}]},{"value":"POR COMPA\u00d1IA","labl":null,"is_missing":null,"stats":[{"value":"1","type":"freq","wgtd":null}]},{"value":"POR CELOS EN SU HOGAR","labl":null,"is_missing":null,"stats":[{"value":"1","type":"freq","wgtd":null}]},{"value":"POR CASTIGO POR IR MAL EN EL COLEGIO","labl":null,"is_missing":null,"stats":[{"value":"1","type":"freq","wgtd":null}]},{"value":"POR CAMBIO DE REIDENCIA","labl":null,"is_missing":null,"stats":[{"value":"1","type":"freq","wgtd":null}]},{"value":"POR CAMBIO DE CIUDAD","labl":null,"is_missing":null,"stats":[{"value":"1","type":"freq","wgtd":null}]},{"value":"POR APOYO ECONOMICO A LA FAMILIA","labl":null,"is_missing":null,"stats":[{"value":"1","type":"freq","wgtd":null}]},{"value":"POR ACOMPA\u00d1AR AL PRIMO DESPUES DE LA MURTE DEL HNO","labl":null,"is_missing":null,"stats":[{"value":"1","type":"freq","wgtd":null}]},{"value":"POR ABANDONO DE LA FAMILIA BIOLOGICA, (HOGAR SUSTITUTO)","labl":null,"is_missing":null,"stats":[{"value":"1","type":"freq","wgtd":null}]},{"value":"POR  FALLECIMIENTO  DE  SU MAMA","labl":null,"is_missing":null,"stats":[{"value":"1","type":"freq","wgtd":null}]},{"value":"PERMISO DE LOS PATRONES","labl":null,"is_missing":null,"stats":[{"value":"1","type":"freq","wgtd":null}]},{"value":"PERDIDA DE LOS PADRES BIOLOGICOS","labl":null,"is_missing":null,"stats":[{"value":"1","type":"freq","wgtd":null}]},{"value":"PARA QUE LO CORRIJAN","labl":null,"is_missing":null,"stats":[{"value":"1","type":"freq","wgtd":null}]},{"value":"PARA HCE COMPA\u00d1IA","labl":null,"is_missing":null,"stats":[{"value":"1","type":"freq","wgtd":null}]},{"value":"PARA ESTUDIAR Y TRABAJAR","labl":null,"is_missing":null,"stats":[{"value":"1","type":"freq","wgtd":null}]},{"value":"PARA ECONOMIZAR GASTOS","labl":null,"is_missing":null,"stats":[{"value":"1","type":"freq","wgtd":null}]},{"value":"PARA DISMINUIR GASTOS","labl":null,"is_missing":null,"stats":[{"value":"1","type":"freq","wgtd":null}]},{"value":"PARA AYUDAR A LA HERMANA EN EL HOGAR","labl":null,"is_missing":null,"stats":[{"value":"1","type":"freq","wgtd":null}]},{"value":"PARA APRENDER LABORES DE CAMPO","labl":null,"is_missing":null,"stats":[{"value":"1","type":"freq","wgtd":null}]},{"value":"PADRES VIVEN EN EL EXTERIOR","labl":null,"is_missing":null,"stats":[{"value":"1","type":"freq","wgtd":null}]},{"value":"NO TENIA UNA BUENA RELACION CON EL PAPA","labl":null,"is_missing":null,"stats":[{"value":"1","type":"freq","wgtd":null}]},{"value":"NO TENIA NADIE AL CUIDADO DE EL","labl":null,"is_missing":null,"stats":[{"value":"1","type":"freq","wgtd":null}]},{"value":"NO LE PODIAN COSTEAR LOS ESTUDIOS","labl":null,"is_missing":null,"stats":[{"value":"1","type":"freq","wgtd":null}]},{"value":"NO HAY BUENA RELACIONES EN EL HOGAR MATERNO","labl":null,"is_missing":null,"stats":[{"value":"1","type":"freq","wgtd":null}]},{"value":"NI\u00d1OS DE ICBF","labl":null,"is_missing":null,"stats":[{"value":"1","type":"freq","wgtd":null}]},{"value":"NI\u00d1O DE ICBF","labl":null,"is_missing":null,"stats":[{"value":"1","type":"freq","wgtd":null}]},{"value":"NEGLIGENCIA DE LA MADRE","labl":null,"is_missing":null,"stats":[{"value":"1","type":"freq","wgtd":null}]},{"value":"MURIO EL PAPA","labl":null,"is_missing":null,"stats":[{"value":"1","type":"freq","wgtd":null}]},{"value":"MUERTE DEL PADRE","labl":null,"is_missing":null,"stats":[{"value":"1","type":"freq","wgtd":null}]},{"value":"MUERTE DEL PADRASTRO DE LA NI\u00d1A","labl":null,"is_missing":null,"stats":[{"value":"1","type":"freq","wgtd":null}]},{"value":"MUERTE DE SU MADRE","labl":null,"is_missing":null,"stats":[{"value":"1","type":"freq","wgtd":null}]},{"value":"MUERTE DE MADRE","labl":null,"is_missing":null,"stats":[{"value":"1","type":"freq","wgtd":null}]},{"value":"MUERTE DE LOS PADRES","labl":null,"is_missing":null,"stats":[{"value":"1","type":"freq","wgtd":null}]},{"value":"MUERTE DE LA ABUELA CON QUIEN VIVIA","labl":null,"is_missing":null,"stats":[{"value":"1","type":"freq","wgtd":null}]},{"value":"MOTIVOS FAMILIARES VIOLENCIA INTRAFAMILIAR","labl":null,"is_missing":null,"stats":[{"value":"1","type":"freq","wgtd":null}]},{"value":"MOTIVOS DE SALUD","labl":null,"is_missing":null,"stats":[{"value":"1","type":"freq","wgtd":null}]},{"value":"MALA SITUACION ECONOMICA EN SU HOGAR","labl":null,"is_missing":null,"stats":[{"value":"1","type":"freq","wgtd":null}]},{"value":"MADRE SE QUEDO SIN EMPLEO","labl":null,"is_missing":null,"stats":[{"value":"1","type":"freq","wgtd":null}]},{"value":"MADRE  SUSTITUTA","labl":null,"is_missing":null,"stats":[{"value":"1","type":"freq","wgtd":null}]},{"value":"LOS PADRES YA NO CONVIVEN Y LA MAMA ESTA FUERA DEL PAIS","labl":null,"is_missing":null,"stats":[{"value":"1","type":"freq","wgtd":null}]},{"value":"LOS PADRES VIVEN EN OTRO PAIS","labl":null,"is_missing":null,"stats":[{"value":"1","type":"freq","wgtd":null}]},{"value":"LOS PADRES TRABAJAN Y NO PUEDEN CUIDARLO  PERO RESPONDEN POR ELNI\u00d1O","labl":null,"is_missing":null,"stats":[{"value":"1","type":"freq","wgtd":null}]},{"value":"LOS PADRES TRABAJAN LEJOS Y NO TIENEN COMO CUIDARLA","labl":null,"is_missing":null,"stats":[{"value":"1","type":"freq","wgtd":null}]},{"value":"LOS PADRES SON SEPARADOS Y LO DEJARON A CARGO DE LA TIA","labl":null,"is_missing":null,"stats":[{"value":"1","type":"freq","wgtd":null}]},{"value":"LOS PADRES SE SEPARARON Y SE VINO A VIVIR CON LA ABUELA","labl":null,"is_missing":null,"stats":[{"value":"1","type":"freq","wgtd":null}]},{"value":"LOS PADRES NO TIENEN LOS RECURSOS PARA MANTENERLO","labl":null,"is_missing":null,"stats":[{"value":"1","type":"freq","wgtd":null}]},{"value":"LOS PADRES NO RESPONDIERON POR LA NI\u00d1A LA TIA SE HISO CARGO","labl":null,"is_missing":null,"stats":[{"value":"1","type":"freq","wgtd":null}]},{"value":"LOS PADRES LO DEJARON A CARGO DE LA ABUELA POR RAZONES ECONOMICAS","labl":null,"is_missing":null,"stats":[{"value":"1","type":"freq","wgtd":null}]},{"value":"LOS PADRES LO ABANDONARON PROBLEMAS DE DROGAS","labl":null,"is_missing":null,"stats":[{"value":"1","type":"freq","wgtd":null}]},{"value":"LOS PADRES LA MANDARON DE ESPA\u00d1A POR LA MALA   SITUACION ECONOMICA","labl":null,"is_missing":null,"stats":[{"value":"1","type":"freq","wgtd":null}]},{"value":"LOS PADRES CONSUMEN DROGAS ALUCINOGENAS","labl":null,"is_missing":null,"stats":[{"value":"1","type":"freq","wgtd":null}]},{"value":"LE QUEDA MAS CERCA EL TRABAJO","labl":null,"is_missing":null,"stats":[{"value":"1","type":"freq","wgtd":null}]},{"value":"LE GUSTA VIVIR CON SU TIO","labl":null,"is_missing":null,"stats":[{"value":"1","type":"freq","wgtd":null}]},{"value":"LE GUSTA VIVIR CON SU ABUELA","labl":null,"is_missing":null,"stats":[{"value":"1","type":"freq","wgtd":null}]},{"value":"LE GUSTA VIVIR CON LA TIA","labl":null,"is_missing":null,"stats":[{"value":"1","type":"freq","wgtd":null}]},{"value":"LE GUSTA VIVIR CON EL PAPA","labl":null,"is_missing":null,"stats":[{"value":"1","type":"freq","wgtd":null}]},{"value":"LE DIERON PATRIA PROTESTAL DEL MENOR AL PADRE","labl":null,"is_missing":null,"stats":[{"value":"1","type":"freq","wgtd":null}]},{"value":"LA VIVIENDA EN LA QUE ESTABAN ERA MUY PEQUE\u00d1A","labl":null,"is_missing":null,"stats":[{"value":"1","type":"freq","wgtd":null}]},{"value":"LA VIVIENDA DONDE VIVIAN ERA MUY PEQUE\u00d1A","labl":null,"is_missing":null,"stats":[{"value":"1","type":"freq","wgtd":null}]},{"value":"LA TIA SE LO TRAJO PARA SU HOGAR POR QUE LA MAMA LO DESCUIDA","labl":null,"is_missing":null,"stats":[{"value":"1","type":"freq","wgtd":null}]},{"value":"LA NI\u00d1A TOMO LA DECISION DE VIVIR CON LA ABUELA","labl":null,"is_missing":null,"stats":[{"value":"1","type":"freq","wgtd":null}]},{"value":"LA NI\u00d1A ESTA CON  UNA FAMILIA SUSTITUTA","labl":null,"is_missing":null,"stats":[{"value":"1","type":"freq","wgtd":null}]},{"value":"LA MAMA TRABAJA Y  NO TENIA QUIEN LA CUIDARA","labl":null,"is_missing":null,"stats":[{"value":"1","type":"freq","wgtd":null}]},{"value":"LA MAMA TRABAJA LEJOS","labl":null,"is_missing":null,"stats":[{"value":"1","type":"freq","wgtd":null}]},{"value":"LA MAMA SE SEPARO DEL PADRE","labl":null,"is_missing":null,"stats":[{"value":"1","type":"freq","wgtd":null}]},{"value":"LA MAMA SE SEPARO APROXIMADAMENTE HACE 3 A\u00d1OS DEL PAPA.","labl":null,"is_missing":null,"stats":[{"value":"1","type":"freq","wgtd":null}]},{"value":"LA MAMA SE QUEDO  SIN  EMPLEO, Y REGRESO AL HOGAR DE SUS PADRES","labl":null,"is_missing":null,"stats":[{"value":"1","type":"freq","wgtd":null}]},{"value":"LA MAMA SE LO ENTREGO AL PAPA","labl":null,"is_missing":null,"stats":[{"value":"1","type":"freq","wgtd":null}]},{"value":"LA MAMA SE LA ENTREGO AL PAPA","labl":null,"is_missing":null,"stats":[{"value":"1","type":"freq","wgtd":null}]},{"value":"LA MAMA SE LA ENTREGO A SU PAPA","labl":null,"is_missing":null,"stats":[{"value":"1","type":"freq","wgtd":null}]},{"value":"LA MAMA SE A TRABAJAR A MEXICO","labl":null,"is_missing":null,"stats":[{"value":"1","type":"freq","wgtd":null}]},{"value":"LA MAMA SALIO DEL PAIS","labl":null,"is_missing":null,"stats":[{"value":"1","type":"freq","wgtd":null}]},{"value":"LA MAMA NO TIENE CAPACIDAD ECONOMICA PARA TENERLO","labl":null,"is_missing":null,"stats":[{"value":"1","type":"freq","wgtd":null}]},{"value":"LA MAMA NO TENIA CON QUE PAGAR MAS ARRIENDO","labl":null,"is_missing":null,"stats":[{"value":"1","type":"freq","wgtd":null}]},{"value":"LA MAMA MURIO Y ESTE ES EL HOGAR DE LOS ABUELOS MATERNOS","labl":null,"is_missing":null,"stats":[{"value":"1","type":"freq","wgtd":null}]},{"value":"LA MAMA ESTA TRABAJANDO EN OTRA CIUDAD","labl":null,"is_missing":null,"stats":[{"value":"1","type":"freq","wgtd":null}]},{"value":"LA MAMA ESTA ENFERMA","labl":null,"is_missing":null,"stats":[{"value":"1","type":"freq","wgtd":null}]},{"value":"LA MAMA  SE QUEDO SIN EMPLEO , Y REGRESO AL HOGAR DE SUS PADRES","labl":null,"is_missing":null,"stats":[{"value":"1","type":"freq","wgtd":null}]},{"value":"LA MADRE SE MURIO Y EL PADRE VIVE EN OTRO LUGAR","labl":null,"is_missing":null,"stats":[{"value":"1","type":"freq","wgtd":null}]},{"value":"LA MADRE SE FUE A TRABAJAR A OTRO PAIS","labl":null,"is_missing":null,"stats":[{"value":"1","type":"freq","wgtd":null}]},{"value":"LA MADRE SE FUE A TRABAJAR A OTRO LUGAR","labl":null,"is_missing":null,"stats":[{"value":"1","type":"freq","wgtd":null}]},{"value":"LA MADRE SALIO DEL PAIS","labl":null,"is_missing":null,"stats":[{"value":"1","type":"freq","wgtd":null}]},{"value":"LA MADRE NO PUEDE ATENDERLO","labl":null,"is_missing":null,"stats":[{"value":"1","type":"freq","wgtd":null}]},{"value":"LA MADRE LO ABANDONO","labl":null,"is_missing":null,"stats":[{"value":"1","type":"freq","wgtd":null}]},{"value":"LA MADRE LA ABANDONO  Y LA ABUELA TIENE LA CUSTODIA","labl":null,"is_missing":null,"stats":[{"value":"1","type":"freq","wgtd":null}]},{"value":"LA MADRE LA ABANDONO","labl":null,"is_missing":null,"stats":[{"value":"1","type":"freq","wgtd":null}]},{"value":"LA MADRE ESTA ENFERMA","labl":null,"is_missing":null,"stats":[{"value":"1","type":"freq","wgtd":null}]},{"value":"LA MADRE  LA ABANDONO Y EL PADRE NO LA PUEDE CUIDAR","labl":null,"is_missing":null,"stats":[{"value":"1","type":"freq","wgtd":null}]},{"value":"LA LLEVO A VIVIR ALLI SU PAREJA","labl":null,"is_missing":null,"stats":[{"value":"1","type":"freq","wgtd":null}]},{"value":"LA FAMILIA NO TIENE RECURSOS  PARA MANTENERLO","labl":null,"is_missing":null,"stats":[{"value":"1","type":"freq","wgtd":null}]},{"value":"LA CASAMUY PEQUE\u00d1A DONDE HABITABAN","labl":null,"is_missing":null,"stats":[{"value":"1","type":"freq","wgtd":null}]},{"value":"INCAPACIDAD ECONOMICA DE LA PROGENITORA","labl":null,"is_missing":null,"stats":[{"value":"1","type":"freq","wgtd":null}]},{"value":"ICBF OTORGA LA CUSTODIA AL PADRE","labl":null,"is_missing":null,"stats":[{"value":"1","type":"freq","wgtd":null}]},{"value":"HOGAR DE PASO DEFINIDO POR ICBF","labl":null,"is_missing":null,"stats":[{"value":"1","type":"freq","wgtd":null}]},{"value":"HIJO DE EMPLEADA DOMESTICA","labl":null,"is_missing":null,"stats":[{"value":"1","type":"freq","wgtd":null}]},{"value":"HIJO ADOPTIVO.","labl":null,"is_missing":null,"stats":[{"value":"1","type":"freq","wgtd":null}]},{"value":"FUE ADOPTADO","labl":null,"is_missing":null,"stats":[{"value":"1","type":"freq","wgtd":null}]},{"value":"FUE ADOPTADA MEDIANTE BIENESTAR FAMILIAR","labl":null,"is_missing":null,"stats":[{"value":"1","type":"freq","wgtd":null}]},{"value":"FORMO HOGAR","labl":null,"is_missing":null,"stats":[{"value":"1","type":"freq","wgtd":null}]},{"value":"FORMARON NUEVO NUCLEO FAMILIAR","labl":null,"is_missing":null,"stats":[{"value":"1","type":"freq","wgtd":null}]},{"value":"FORMACION DE SU HOGAR","labl":null,"is_missing":null,"stats":[{"value":"1","type":"freq","wgtd":null}]},{"value":"FALTA DE RECURSOS DE SUS PADRES","labl":null,"is_missing":null,"stats":[{"value":"1","type":"freq","wgtd":null}]},{"value":"FALLECIO SU PADRE","labl":null,"is_missing":null,"stats":[{"value":"1","type":"freq","wgtd":null}]},{"value":"FALLECIO LA MADRE","labl":null,"is_missing":null,"stats":[{"value":"1","type":"freq","wgtd":null}]},{"value":"FALLECIO LA ABUELA QUE LACUIDABA","labl":null,"is_missing":null,"stats":[{"value":"1","type":"freq","wgtd":null}]},{"value":"FALLECIMIENTO DEL PADRE BIOLOGICO DE LA NI\u00d1A","labl":null,"is_missing":null,"stats":[{"value":"1","type":"freq","wgtd":null}]},{"value":"FALLECIMIENTO DE LA MADRE Y LA ABUELA","labl":null,"is_missing":null,"stats":[{"value":"1","type":"freq","wgtd":null}]},{"value":"ESTAN PAGANDO UNA VIVIENDA","labl":null,"is_missing":null,"stats":[{"value":"1","type":"freq","wgtd":null}]},{"value":"ESTAN PAGANDO LA VIVIENDA","labl":null,"is_missing":null,"stats":[{"value":"1","type":"freq","wgtd":null}]},{"value":"ESTABAN MAL EN EL LUGAR QUE VIVIAN","labl":null,"is_missing":null,"stats":[{"value":"1","type":"freq","wgtd":null}]},{"value":"ESTABAN MAL DONDE VIVIAN","labl":null,"is_missing":null,"stats":[{"value":"1","type":"freq","wgtd":null}]},{"value":"ESTA VIVIENDO CON EL HIJO DEL JEFE DE HOGAR","labl":null,"is_missing":null,"stats":[{"value":"1","type":"freq","wgtd":null}]},{"value":"ES UN NI\u00d1O DE BIENESTAR","labl":null,"is_missing":null,"stats":[{"value":"1","type":"freq","wgtd":null}]},{"value":"ES SU CONYUGE","labl":null,"is_missing":null,"stats":[{"value":"1","type":"freq","wgtd":null}]},{"value":"ES LA NUERA","labl":null,"is_missing":null,"stats":[{"value":"1","type":"freq","wgtd":null}]},{"value":"ES LA NOVIA DEL HIJO DEL JEFE Y DECIDIO VIVIR CON ELLOS","labl":null,"is_missing":null,"stats":[{"value":"1","type":"freq","wgtd":null}]},{"value":"ES LA CONYUGE DEL SE\u00d1OR ALEXIS","labl":null,"is_missing":null,"stats":[{"value":"1","type":"freq","wgtd":null}]},{"value":"ES ESPOSA DE MI HIJO Y VIVE AQUI CON EL","labl":null,"is_missing":null,"stats":[{"value":"1","type":"freq","wgtd":null}]},{"value":"ES ESPOSA DE HIJO DEL JEFE DEL HOGAR","labl":null,"is_missing":null,"stats":[{"value":"1","type":"freq","wgtd":null}]},{"value":"ES EL HOGAR DE MAMA Y LE BRINDA MEJR CALIDAD DE VIDA","labl":null,"is_missing":null,"stats":[{"value":"1","type":"freq","wgtd":null}]},{"value":"ES APEGADO AL PAPA","labl":null,"is_missing":null,"stats":[{"value":"1","type":"freq","wgtd":null}]},{"value":"ES ADOPTADA","labl":null,"is_missing":null,"stats":[{"value":"1","type":"freq","wgtd":null}]},{"value":"ENFERMEDAD DE UN FAMILIAR","labl":null,"is_missing":null,"stats":[{"value":"1","type":"freq","wgtd":null}]},{"value":"ENFERMEDAD DE OTRO MIEMBRO DEL HOGAR","labl":null,"is_missing":null,"stats":[{"value":"1","type":"freq","wgtd":null}]},{"value":"EL PAPA VIVE AQUI","labl":null,"is_missing":null,"stats":[{"value":"1","type":"freq","wgtd":null}]},{"value":"EL PAPA MURIO","labl":null,"is_missing":null,"stats":[{"value":"1","type":"freq","wgtd":null}]},{"value":"EL PAPA LA HECHO DE LA CASA","labl":null,"is_missing":null,"stats":[{"value":"1","type":"freq","wgtd":null}]},{"value":"EL PAPA LA DEJO CON LA MAMA PARA QUE ESTUDIARA","labl":null,"is_missing":null,"stats":[{"value":"1","type":"freq","wgtd":null}]},{"value":"EL PAPA FALLECIO","labl":null,"is_missing":null,"stats":[{"value":"1","type":"freq","wgtd":null}]},{"value":"EL PAPA ESTA ENFERMO Y LA MAMA TRABAJA Y NO PUEDE CUIDARLO","labl":null,"is_missing":null,"stats":[{"value":"1","type":"freq","wgtd":null}]},{"value":"EL PAPA CAYO A LA CARCEL","labl":null,"is_missing":null,"stats":[{"value":"1","type":"freq","wgtd":null}]},{"value":"EL PADRE SE QUEDO SIN TRAAJO Y ESTA VIVIENDO AQUI","labl":null,"is_missing":null,"stats":[{"value":"1","type":"freq","wgtd":null}]},{"value":"EL PADRE PERDIO EL TRABAJO","labl":null,"is_missing":null,"stats":[{"value":"1","type":"freq","wgtd":null}]},{"value":"EL PADRE FALLECIO","labl":null,"is_missing":null,"stats":[{"value":"1","type":"freq","wgtd":null}]},{"value":"EL PADRE CEDIO CUSTODIA","labl":null,"is_missing":null,"stats":[{"value":"1","type":"freq","wgtd":null}]},{"value":"EL NI\u00d1O DESDE RECIEN NACIDO NO VIVE CON SUS PADRES NATURALES","labl":null,"is_missing":null,"stats":[{"value":"1","type":"freq","wgtd":null}]},{"value":"EL LUGAR DONDE PERMANECEN SUS PADRES SE INUNDA MUCHO","labl":null,"is_missing":null,"stats":[{"value":"1","type":"freq","wgtd":null}]},{"value":"EL ICBF SE LO QUITO A LOS PADRES POR MALOS TRATOS","labl":null,"is_missing":null,"stats":[{"value":"1","type":"freq","wgtd":null}]},{"value":"EL CONYUGE VIVE EN ESTE HOGAR","labl":null,"is_missing":null,"stats":[{"value":"1","type":"freq","wgtd":null}]},{"value":"EL COMPA\u00d1ERO DE LA MADRE NO LO QUIERE","labl":null,"is_missing":null,"stats":[{"value":"1","type":"freq","wgtd":null}]},{"value":"EL  ERMANO  DESEA RESPONDER POR ELLA Y COLOCARLA ESTUDIAR","labl":null,"is_missing":null,"stats":[{"value":"1","type":"freq","wgtd":null}]},{"value":"DIVORCIO","labl":null,"is_missing":null,"stats":[{"value":"1","type":"freq","wgtd":null}]},{"value":"DESNUTRICION ESTABA HOSPITALIZADO LE DIERON LA CUSTODIA LA ABUELITA","labl":null,"is_missing":null,"stats":[{"value":"1","type":"freq","wgtd":null}]},{"value":"DECISION PROPIA DE LA NI\u00d1A","labl":null,"is_missing":null,"stats":[{"value":"1","type":"freq","wgtd":null}]},{"value":"DEBE  ESTAR  CON LA  MAMA","labl":null,"is_missing":null,"stats":[{"value":"1","type":"freq","wgtd":null}]},{"value":"CUESTIONES ECONOMICAS","labl":null,"is_missing":null,"stats":[{"value":"1","type":"freq","wgtd":null}]},{"value":"COYUGUE MURIO","labl":null,"is_missing":null,"stats":[{"value":"1","type":"freq","wgtd":null}]},{"value":"CONFORMACION DE SU HOGAR","labl":null,"is_missing":null,"stats":[{"value":"1","type":"freq","wgtd":null}]},{"value":"CITUACION ECONOMICA DE LOS PADRES","labl":null,"is_missing":null,"stats":[{"value":"1","type":"freq","wgtd":null}]},{"value":"CAMBIO DE DOMICILIO POR PARTE DE LA MADRE","labl":null,"is_missing":null,"stats":[{"value":"1","type":"freq","wgtd":null}]},{"value":"CALAMIDAD FAMILIAR","labl":null,"is_missing":null,"stats":[{"value":"1","type":"freq","wgtd":null}]},{"value":"BIENESTAR FAMILIAR LA ENTREGO NUEVAMENTE A LA MADRE","labl":null,"is_missing":null,"stats":[{"value":"1","type":"freq","wgtd":null}]},{"value":"BAJOS  RECURSOS  ECONOMICOS  DE  SUS  PADRES","labl":null,"is_missing":null,"stats":[{"value":"1","type":"freq","wgtd":null}]},{"value":"Abandono  por parte de los padres","labl":null,"is_missing":null,"stats":[{"value":"1","type":"freq","wgtd":null}]},{"value":"AYUDABA A CUIDAR EL ABUELITO ENFERMO ( YA FALLECIO )","labl":null,"is_missing":null,"stats":[{"value":"1","type":"freq","wgtd":null}]},{"value":"AQUI NO PAGAN ARRENDAMIENTO","labl":null,"is_missing":null,"stats":[{"value":"1","type":"freq","wgtd":null}]},{"value":"ADOPCION","labl":null,"is_missing":null,"stats":[{"value":"1","type":"freq","wgtd":null}]},{"value":"ACOMPA\u00d1AR LA MATERNDAD DE UNA HERMANA","labl":null,"is_missing":null,"stats":[{"value":"1","type":"freq","wgtd":null}]},{"value":"ACOMPA\u00d1AR AL ABUELO","labl":null,"is_missing":null,"stats":[{"value":"1","type":"freq","wgtd":null}]},{"value":"ABUZO POR PARTE DEL PADRE","labl":null,"is_missing":null,"stats":[{"value":"1","type":"freq","wgtd":null}]},{"value":"ABANDONO POR SUS PADRES","labl":null,"is_missing":null,"stats":[{"value":"1","type":"freq","wgtd":null}]},{"value":"ABANDONO POR LA MAMA","labl":null,"is_missing":null,"stats":[{"value":"1","type":"freq","wgtd":null}]},{"value":"ABANDONO DE PADRES","labl":null,"is_missing":null,"stats":[{"value":"1","type":"freq","wgtd":null}]},{"value":"ABANDONO DE LA MAMA","labl":null,"is_missing":null,"stats":[{"value":"1","type":"freq","wgtd":null}]},{"value":"A LA MAMA LE ES DIFICIL CUIDARLA YA QUE TRABAJA EN EL TOLIMA","labl":null,"is_missing":null,"stats":[{"value":"1","type":"freq","wgtd":null}]}],"var_codinstr":null,"var_concept":[],"var_format":{"type":"character","schema":"other","category":null,"name":null},"var_notes":null,"var_val_range":{"min":null,"max":null},"fid":"F1","sid":"372","survey_idno":"DANE-DIRPEN-ENTI-2011"}