{"file_id":"F1","vid":"V112","name":"P5006","var_intrvl":"discrete","var_dcml":"0","var_wgt":null,"var_is_wgt":null,"loc_start_pos":"626","loc_end_pos":"626","loc_width":"1","loc_rec_seg_no":"1","labl":"\u00bfuna persona diferente del jefe del hogar da la informaci\u00f3n de\u2026 ?","var_imputation":null,"var_security":"El acceso a microdatos y Mam-up se considera como de tratamiento especial respecto a la reserva estad\u00edstica por tanto estar\u00e1 sujeto a la reglamentaci\u00f3n que para el efecto defina el Comit\u00e9 de Aseguramiento de la reserva estad\u00edstica. Resoluci\u00f3n 173 de 2008.","var_resp_unit":"Directo","var_analysis_unit":null,"var_qstn_preqtxt":"C5. \u00bfCu\u00e1ntos a\u00f1os cumplidos tiene...?    Edad actual","var_qstn_qstnlit":"C5.a. \u00bfUna persona diferente del jefe del hogar da la informaci\u00f3n de\u2026 ?\n\n1\tS\u00ed\n2\tNo","var_qstn_postqtxt":"C5.b. Actualmente ...:\n\n1. Tiene entre 5 y 17 a\u00f1os y vive en el hogar\n2. Tiene 18 a\u00f1os o m\u00e1s\n3. Est\u00e1 entre 5 y 17 a\u00f1os de edad y ya no vive en el hogar","var_qstn_ivuinstr":null,"var_universe":"Lo constituyen los ni\u00f1os, ni\u00f1as y adolescentes entre 5 y 17 a\u00f1os de edad, residentes en el territorio nacional excluyendo los antiguos territorios nacionales.","var_universe_clusion":"I","var_sumstat":[{"value":"48940","type":"vald","wgtd":null},{"value":"19","type":"invd","wgtd":null},{"value":"1","type":"min","wgtd":null},{"value":"2","type":"max","wgtd":null},{"value":"1.585","type":"mean","wgtd":null},{"value":"0.493","type":"stdev","wgtd":null}],"var_txt":null,"var_catgry":[{"value":"2","labl":"No","is_missing":null,"stats":[{"value":"28636","type":"freq","wgtd":null}]},{"value":"1","labl":"S\u00ed","is_missing":null,"stats":[{"value":"20304","type":"freq","wgtd":null}]},{"value":"Sysmiss","labl":null,"is_missing":"Y","stats":[{"value":"19","type":"freq","wgtd":null}]}],"var_codinstr":null,"var_concept":[],"var_format":{"type":"numeric","schema":"other","category":null,"name":null},"var_notes":null,"var_val_range":{"min":"1","max":"2"},"fid":"F1","sid":"372","survey_idno":"DANE-DIRPEN-ENTI-2011"}