{"file_id":"F1","vid":"V115","name":"P6205","var_intrvl":"discrete","var_dcml":"0","var_wgt":null,"var_is_wgt":null,"loc_start_pos":"629","loc_end_pos":"629","loc_width":"1","loc_rec_seg_no":"1","labl":"\u00bf\u2026 ha ido alguna vez al preescolar o la escuela primaria?","var_imputation":null,"var_security":"El acceso a microdatos y Mam-up se considera como de tratamiento especial respecto a la reserva estad\u00edstica por tanto estar\u00e1 sujeto a la reglamentaci\u00f3n que para el efecto defina el Comit\u00e9 de Aseguramiento de la reserva estad\u00edstica. Resoluci\u00f3n 173 de 2008.","var_resp_unit":"Directo","var_analysis_unit":null,"var_qstn_preqtxt":"D1. \u00bf\u2026sabe leer y escribir?\n\n1\tS\u00ed\n2\tNo","var_qstn_qstnlit":"D2. \u00bf\u2026 ha ido alguna vez al preescolar o a la escuela primaria?\n\n1\tS\u00ed\n2\tNo","var_qstn_postqtxt":"D3. \u00bfPor qu\u00e9 raz\u00f3n principal\u2026 nunca ha ido al preescolar o a la escuela primaria?\n1\tEnfermedad\/discapacidad\n2\tNo hay centro educativo cercano\n3\tNo dispone de dinero para pagar los estudios\n4\tSus padres no permiten la escolarizaci\u00f3n\n5\tProblemas de seguridad (presencia de pandillas, grupos armados ilegales)\n6\tMiedo al abuso por parte de los compa\u00f1eros (matoneo)\n7\tPor aprender un oficio\n8\tPor que tiene que trabajar o buscar trabajo\n9\tPor que los padres consideran que no est\u00e1 en edad escolar\n10\tNo hay cupo\n11\tDebe encargarse de los oficios del hogar\n12\tCambio de residencia\n13\tPor desplazamiento forzado por la violencia\n14\tPor desastre natural\n15\tOtra raz\u00f3n","var_qstn_ivuinstr":"Busca establecer si  hay ni\u00f1os, ni\u00f1as o adolescentes que nunca han asistido al los centros de educaci\u00f3n b\u00e1sica y primaria.\nFlujo: Si responde de forma afirmativa c\u00f3digo 1 debe pasar a la pregunta D4","var_universe":"Lo constituyen los ni\u00f1os, ni\u00f1as y adolescentes entre 5 y 17 a\u00f1os de edad, residentes en el territorio nacional excluyendo los antiguos territorios nacionales.","var_universe_clusion":"I","var_sumstat":[{"value":"48909","type":"vald","wgtd":null},{"value":"50","type":"invd","wgtd":null},{"value":"1","type":"min","wgtd":null},{"value":"2","type":"max","wgtd":null},{"value":"1.022","type":"mean","wgtd":null},{"value":"0.145","type":"stdev","wgtd":null}],"var_txt":null,"var_catgry":[{"value":"1","labl":"S\u00ed","is_missing":null,"stats":[{"value":"47853","type":"freq","wgtd":null}]},{"value":"2","labl":"No","is_missing":null,"stats":[{"value":"1056","type":"freq","wgtd":null}]},{"value":"Sysmiss","labl":null,"is_missing":"Y","stats":[{"value":"50","type":"freq","wgtd":null}]}],"var_codinstr":null,"var_concept":[],"var_format":{"type":"numeric","schema":"other","category":null,"name":null},"var_notes":null,"var_val_range":{"min":"1","max":"2"},"fid":"F1","sid":"372","survey_idno":"DANE-DIRPEN-ENTI-2011"}