{"file_id":"F1","vid":"V116","name":"P6231","var_intrvl":"discrete","var_dcml":"0","var_wgt":null,"var_is_wgt":null,"loc_start_pos":"630","loc_end_pos":"631","loc_width":"2","loc_rec_seg_no":"1","labl":"\u00bfpor qu\u00e9 raz\u00f3n principal \u2026 nunca ha asistido al preescolar o la escuela primaria?","var_imputation":null,"var_security":"El acceso a microdatos y Mam-up se considera como de tratamiento especial respecto a la reserva estad\u00edstica por tanto estar\u00e1 sujeto a la reglamentaci\u00f3n que para el efecto defina el Comit\u00e9 de Aseguramiento de la reserva estad\u00edstica. Resoluci\u00f3n 173 de 2008.","var_resp_unit":"Directo","var_analysis_unit":null,"var_qstn_preqtxt":"D2. \u00bf\u2026 ha ido alguna vez al preescolar o a la escuela primaria?\n\n1\tS\u00ed\n2\tNo","var_qstn_qstnlit":"D3. \u00bfPor qu\u00e9 raz\u00f3n principal\u2026 nunca ha ido al preescolar o a la escuela primaria?\n\n1\tEnfermedad\/discapacidad\n2\tNo hay centro educativo cercano\n3\tNo dispone de dinero para pagar los estudios\n4\tSus padres no permiten la escolarizaci\u00f3n\n5\tProblemas de seguridad (presencia de pandillas, grupos armados ilegales)\n6\tMiedo al abuso por parte de los compa\u00f1eros (matoneo)\n7\tPor aprender un oficio\n8\tPor que tiene que trabajar o buscar trabajo\n9\tPor que los padres consideran que no est\u00e1 en edad escolar\n10\tNo hay cupo\n11\tDebe encargarse de los oficios del hogar\n12\tCambio de residencia\n13\tPor desplazamiento forzado por la violencia\n14\tPor desastre natural\n15\tOtra raz\u00f3n","var_qstn_postqtxt":"D11. \u00bfAlguna vez \u2026 ha recibido capacitaci\u00f3n para el trabajo?\n\n1\tS\u00ed\n2\tNo\n9      No sabe, no informa","var_qstn_ivuinstr":"Esta pregunta  pretende establecer la causa de no haber asistido nunca al preescolar o la escuela primaria. Formule la pregunta  y espere  la respuesta espont\u00e1nea del informante, registrando el c\u00f3digo de  la alternativa que  m\u00e1s  se  aproxime a  la raz\u00f3n  dada  por  el encuestado. Tenga en cuenta  que se trata  de una pregunta  excluyente, o sea, que si el encuestado manifiesta m\u00e1s de un motivo, p\u00eddale la raz\u00f3n principal.\n\n\nSi la respuesta no se encuentra entre  las  alternativas  ni se puede  asimilar  a alguna de ellas, marque c\u00f3digo 15 \u201cOtra raz\u00f3n \u00bfCu\u00e1l? y escriba la raz\u00f3n en el espacio destinado para ello.\nFlujo. Despu\u00e9s de hacer esta pregunta debe continuar en la pregunta D11.","var_universe":"Lo constituyen los ni\u00f1os, ni\u00f1as y adolescentes entre 5 y 17 a\u00f1os de edad, residentes en el territorio nacional excluyendo los antiguos territorios nacionales.","var_universe_clusion":"I","var_sumstat":[{"value":"1056","type":"vald","wgtd":null},{"value":"47903","type":"invd","wgtd":null},{"value":"1","type":"min","wgtd":null},{"value":"15","type":"max","wgtd":null},{"value":"8.483","type":"mean","wgtd":null},{"value":"4.763","type":"stdev","wgtd":null}],"var_txt":null,"var_catgry":[{"value":"9","labl":"Por que los padres consideran que no est\u00e1 en edad escolar","is_missing":null,"stats":[{"value":"432","type":"freq","wgtd":null}]},{"value":"15","labl":"Otra raz\u00f3n","is_missing":null,"stats":[{"value":"235","type":"freq","wgtd":null}]},{"value":"1","labl":"Enfermedad\/discapacidad","is_missing":null,"stats":[{"value":"167","type":"freq","wgtd":null}]},{"value":"3","labl":"No dispone de dinero para pagar los estudios","is_missing":null,"stats":[{"value":"68","type":"freq","wgtd":null}]},{"value":"10","labl":"No hay cupo","is_missing":null,"stats":[{"value":"52","type":"freq","wgtd":null}]},{"value":"2","labl":"No hay centro educativo cercano","is_missing":null,"stats":[{"value":"39","type":"freq","wgtd":null}]},{"value":"12","labl":"Cambio de residencia","is_missing":null,"stats":[{"value":"25","type":"freq","wgtd":null}]},{"value":"8","labl":"Por que tiene que trabajar o buscar trabajo","is_missing":null,"stats":[{"value":"10","type":"freq","wgtd":null}]},{"value":"4","labl":"Sus padres no permiten la escolarizaci\u00f3n","is_missing":null,"stats":[{"value":"8","type":"freq","wgtd":null}]},{"value":"5","labl":"Problemas de seguridad (presencia de pandillas, grupos armados ilegales)","is_missing":null,"stats":[{"value":"6","type":"freq","wgtd":null}]},{"value":"13","labl":"Por desplazamiento forzado por la violencia","is_missing":null,"stats":[{"value":"4","type":"freq","wgtd":null}]},{"value":"11","labl":"Debe encargarse de los oficios del hogar","is_missing":null,"stats":[{"value":"4","type":"freq","wgtd":null}]},{"value":"6","labl":"Miedo al abuso por parte de los compa\u00f1eros (matoneo)","is_missing":null,"stats":[{"value":"4","type":"freq","wgtd":null}]},{"value":"7","labl":"Por aprender un oficio","is_missing":null,"stats":[{"value":"2","type":"freq","wgtd":null}]},{"value":"14","labl":"Por desastre natural","is_missing":null,"stats":[{"value":"0","type":"freq","wgtd":null}]},{"value":"Sysmiss","labl":null,"is_missing":"Y","stats":[{"value":"47903","type":"freq","wgtd":null}]}],"var_codinstr":null,"var_concept":[],"var_format":{"type":"numeric","schema":"other","category":null,"name":null},"var_notes":null,"var_val_range":{"min":"1","max":"15"},"fid":"F1","sid":"372","survey_idno":"DANE-DIRPEN-ENTI-2011"}