{"file_id":"F1","vid":"V117","name":"P6231s1","var_intrvl":"discrete","var_dcml":null,"var_wgt":null,"var_is_wgt":null,"loc_start_pos":"632","loc_end_pos":"701","loc_width":"70","loc_rec_seg_no":"1","labl":"\u00bfpor qu\u00e9 raz\u00f3n principal \u2026 nunca ha asistido al preescolar o la escuela primaria? otra raz\u00f3n   \u00bfcu\u00e1l?","var_imputation":null,"var_security":"El acceso a microdatos y Mam-up se considera como de tratamiento especial respecto a la reserva estad\u00edstica por tanto estar\u00e1 sujeto a la reglamentaci\u00f3n que para el efecto defina el Comit\u00e9 de Aseguramiento de la reserva estad\u00edstica. Resoluci\u00f3n 173 de 2008.","var_resp_unit":"Directo","var_analysis_unit":null,"var_qstn_preqtxt":"D3. \u00bfPor qu\u00e9 raz\u00f3n principal\u2026 nunca ha ido al preescolar o a la escuela primaria?\n\n15\tOtra raz\u00f3n","var_qstn_qstnlit":"D3. \u00bfPor qu\u00e9 raz\u00f3n principal\u2026 nunca ha ido al preescolar o a la escuela primaria?\n\n\u00bfCu\u00e1l?","var_qstn_postqtxt":"D11. \u00bfAlguna vez \u2026 ha recibido capacitaci\u00f3n para el trabajo?","var_qstn_ivuinstr":null,"var_universe":"Lo constituyen los ni\u00f1os, ni\u00f1as y adolescentes entre 5 y 17 a\u00f1os de edad, residentes en el territorio nacional excluyendo los antiguos territorios nacionales.","var_universe_clusion":"I","var_sumstat":[{"value":"235","type":"vald","wgtd":null},{"value":"0","type":"invd","wgtd":null}],"var_txt":null,"var_catgry":[{"value":"POR LA EDAD","labl":null,"is_missing":null,"stats":[{"value":"10","type":"freq","wgtd":null}]},{"value":"ESTA EN GUARDERIA","labl":null,"is_missing":null,"stats":[{"value":"8","type":"freq","wgtd":null}]},{"value":"NO TIENE LA EDAD","labl":null,"is_missing":null,"stats":[{"value":"6","type":"freq","wgtd":null}]},{"value":"NO LE GUSTA","labl":null,"is_missing":null,"stats":[{"value":"5","type":"freq","wgtd":null}]},{"value":"NO TIENE EDAD PARA ESTUDIAR","labl":null,"is_missing":null,"stats":[{"value":"4","type":"freq","wgtd":null}]},{"value":"NO LE GUSTA ESTUDIAR","labl":null,"is_missing":null,"stats":[{"value":"4","type":"freq","wgtd":null}]},{"value":"NO LO RECIBEN POR LA EDAD","labl":null,"is_missing":null,"stats":[{"value":"3","type":"freq","wgtd":null}]},{"value":"ASISTE A UN HOGAR DE BIENESTAR","labl":null,"is_missing":null,"stats":[{"value":"3","type":"freq","wgtd":null}]},{"value":"NO TIENE LA EDAD SUFICIENTE PARA ESTUDIAR","labl":null,"is_missing":null,"stats":[{"value":"2","type":"freq","wgtd":null}]},{"value":"NO TENIA LA EDAD","labl":null,"is_missing":null,"stats":[{"value":"2","type":"freq","wgtd":null}]},{"value":"NO QUIZO SEGUIR ESTUDIANDO","labl":null,"is_missing":null,"stats":[{"value":"2","type":"freq","wgtd":null}]},{"value":"NO ESTABA EN EDAD DE ASISTIR","labl":null,"is_missing":null,"stats":[{"value":"2","type":"freq","wgtd":null}]},{"value":"NO CUMPLE LA EDAD MINIMA REQUERIDA","labl":null,"is_missing":null,"stats":[{"value":"2","type":"freq","wgtd":null}]},{"value":"ESTA MUY PEQUE\u00d1O TODAVIA","labl":null,"is_missing":null,"stats":[{"value":"2","type":"freq","wgtd":null}]},{"value":"ESTA EN GUARDERIA DE ICBF","labl":null,"is_missing":null,"stats":[{"value":"2","type":"freq","wgtd":null}]},{"value":"EDAD","labl":null,"is_missing":null,"stats":[{"value":"2","type":"freq","wgtd":null}]},{"value":"AUN NO TIENE EDAD ESCOLAR","labl":null,"is_missing":null,"stats":[{"value":"2","type":"freq","wgtd":null}]},{"value":"ASISTE A HOGAR DEL BIENESTAR FAMILIAR","labl":null,"is_missing":null,"stats":[{"value":"2","type":"freq","wgtd":null}]},{"value":"ASISTE A HOGAR DE BIENESTAR FAMILIAR","labl":null,"is_missing":null,"stats":[{"value":"2","type":"freq","wgtd":null}]},{"value":"ASISTE A GUARDERIA ICBF","labl":null,"is_missing":null,"stats":[{"value":"2","type":"freq","wgtd":null}]},{"value":"ASISTE A GUARDERIA DEL ICBF","labl":null,"is_missing":null,"stats":[{"value":"2","type":"freq","wgtd":null}]},{"value":"ASISTE A GUARDERIA","labl":null,"is_missing":null,"stats":[{"value":"2","type":"freq","wgtd":null}]},{"value":"VIVIA EN OTRO  LUGAR EMPEZARA A ESTUDIAR EL OTRO A\u00d1O","labl":null,"is_missing":null,"stats":[{"value":"1","type":"freq","wgtd":null}]},{"value":"VACACIONES","labl":null,"is_missing":null,"stats":[{"value":"1","type":"freq","wgtd":null}]},{"value":"TODAVIA NO LO RESIVEN","labl":null,"is_missing":null,"stats":[{"value":"1","type":"freq","wgtd":null}]},{"value":"TERMINO ESTUDIOS","labl":null,"is_missing":null,"stats":[{"value":"1","type":"freq","wgtd":null}]},{"value":"RETIRADO POR QUE NO PRESTABA ATENCION A LA CLASE","labl":null,"is_missing":null,"stats":[{"value":"1","type":"freq","wgtd":null}]},{"value":"RETIRADO POR BAJO RENDIMIENTO ACADEMICO","labl":null,"is_missing":null,"stats":[{"value":"1","type":"freq","wgtd":null}]},{"value":"PROBLEMAS DE LENGUAJE","labl":null,"is_missing":null,"stats":[{"value":"1","type":"freq","wgtd":null}]},{"value":"PROBLEMAS DE APRENDIZAJE","labl":null,"is_missing":null,"stats":[{"value":"1","type":"freq","wgtd":null}]},{"value":"PROBLEMAS CON EL REGISTRO CIVIL","labl":null,"is_missing":null,"stats":[{"value":"1","type":"freq","wgtd":null}]},{"value":"PORQUE NO TIENE LA EDAD PARA SER ACEPTADA EN LA ESCUELA","labl":null,"is_missing":null,"stats":[{"value":"1","type":"freq","wgtd":null}]},{"value":"PORQUE NO TIENE LA EDAD","labl":null,"is_missing":null,"stats":[{"value":"1","type":"freq","wgtd":null}]},{"value":"PORQUE NO TENIA LA EDAD REQUERIDA","labl":null,"is_missing":null,"stats":[{"value":"1","type":"freq","wgtd":null}]},{"value":"PORQUE NO TENIA LA EDAD PARA ACEPTARLO EN LA ESCUELA","labl":null,"is_missing":null,"stats":[{"value":"1","type":"freq","wgtd":null}]},{"value":"PORQUE NO CUMPLE LA EDAD MINIMA PARA ESTUDIAR","labl":null,"is_missing":null,"stats":[{"value":"1","type":"freq","wgtd":null}]},{"value":"PORQUE LA MAMA TRABAJA Y NO LE QUEDA TIEMPO PARA LLEVARLO AL COLEGIO","labl":null,"is_missing":null,"stats":[{"value":"1","type":"freq","wgtd":null}]},{"value":"PORQUE HASTA AHORA CUMPLIO CINCO A\u00d1OS Y ANTES NO LA RECIBIAN","labl":null,"is_missing":null,"stats":[{"value":"1","type":"freq","wgtd":null}]},{"value":"PORQUE EL 20 DE AGOSTO CUMPLIO 5 A\u00d1OS Y ANTES NO LO RECIBEN","labl":null,"is_missing":null,"stats":[{"value":"1","type":"freq","wgtd":null}]},{"value":"PORQUE CUMPLE CON  LA EDAD MINIMA REQUERIDA","labl":null,"is_missing":null,"stats":[{"value":"1","type":"freq","wgtd":null}]},{"value":"POR SU EDAD NO LO ACEPTARON EN EL COLEGIO","labl":null,"is_missing":null,"stats":[{"value":"1","type":"freq","wgtd":null}]},{"value":"POR QUE NO VOCALIZA BIEN","labl":null,"is_missing":null,"stats":[{"value":"1","type":"freq","wgtd":null}]},{"value":"POR QUE NO TIENE EDAD TODAVIA PARA EL COLEGIO","labl":null,"is_missing":null,"stats":[{"value":"1","type":"freq","wgtd":null}]},{"value":"POR QUE NO TENIA LOS 5 A\u00d1OS CUMPLIDOS NO LA RESIBIERON","labl":null,"is_missing":null,"stats":[{"value":"1","type":"freq","wgtd":null}]},{"value":"POR QUE NO CUENTA CON EDAD SUFICIENTE PARA INGRESAR","labl":null,"is_missing":null,"stats":[{"value":"1","type":"freq","wgtd":null}]},{"value":"POR QUE LAS INSTITUCIONES DICEN QUE NO ESTA EN EDAD ESCOLAR","labl":null,"is_missing":null,"stats":[{"value":"1","type":"freq","wgtd":null}]},{"value":"POR QUE LA MAMA LO CUIDA","labl":null,"is_missing":null,"stats":[{"value":"1","type":"freq","wgtd":null}]},{"value":"POR QUE HACE POCO CUMPLIO LOS 5 A\u00d1OS","labl":null,"is_missing":null,"stats":[{"value":"1","type":"freq","wgtd":null}]},{"value":"POR QUE ESTA EN JARDIN DE BIENESTAR SOCIAL","labl":null,"is_missing":null,"stats":[{"value":"1","type":"freq","wgtd":null}]},{"value":"POR QUE CUANDO LA MADRE ESTABA TRABAJANDO NO TENIA QUIEN LA RECOGIERA","labl":null,"is_missing":null,"stats":[{"value":"1","type":"freq","wgtd":null}]},{"value":"POR QUE ASISTE AL JARDIN DEL BIENERTAR SOCIAL","labl":null,"is_missing":null,"stats":[{"value":"1","type":"freq","wgtd":null}]},{"value":"POR QUE ASISTE AL JARDIN DE BIENESTAR SOCIAL","labl":null,"is_missing":null,"stats":[{"value":"1","type":"freq","wgtd":null}]},{"value":"POR QUE A SUS PADRES NO LE GUSTA LAS GUARDERIAS","labl":null,"is_missing":null,"stats":[{"value":"1","type":"freq","wgtd":null}]},{"value":"POR NO TENER LA EDAD PARA ESTUDIAR","labl":null,"is_missing":null,"stats":[{"value":"1","type":"freq","wgtd":null}]},{"value":"POR NO TENER LA EDAD PARA EMPEZAR A ESTUDIAR","labl":null,"is_missing":null,"stats":[{"value":"1","type":"freq","wgtd":null}]},{"value":"POR NO CUMPLIR LA EDAD NO LO ACEPTAN COLEGIO OFICIAL","labl":null,"is_missing":null,"stats":[{"value":"1","type":"freq","wgtd":null}]},{"value":"POR LA EDAD YA QUE APENAS CUMPLIO LOS 5 A\u00d1OS","labl":null,"is_missing":null,"stats":[{"value":"1","type":"freq","wgtd":null}]},{"value":"POR LA EDAD SOLO TIENE 5 A\u00d1OS","labl":null,"is_missing":null,"stats":[{"value":"1","type":"freq","wgtd":null}]},{"value":"POR LA EDAD NO LO ACEPTAN","labl":null,"is_missing":null,"stats":[{"value":"1","type":"freq","wgtd":null}]},{"value":"POR LA EDAD NO LA ACEPTAN","labl":null,"is_missing":null,"stats":[{"value":"1","type":"freq","wgtd":null}]},{"value":"POR LA EDAD NO  LO RECIBEN  EN EL COLEGIO","labl":null,"is_missing":null,"stats":[{"value":"1","type":"freq","wgtd":null}]},{"value":"POR LA EDAD ESCOLAR NO LA RECIBEN EN UNA INSTITUCION OFICIAL","labl":null,"is_missing":null,"stats":[{"value":"1","type":"freq","wgtd":null}]},{"value":"POR LA EDAD APENAS VA A ENTRAR","labl":null,"is_missing":null,"stats":[{"value":"1","type":"freq","wgtd":null}]},{"value":"POR LA EDAD  NO LO RESIBEN EN EL COLEGIO","labl":null,"is_missing":null,"stats":[{"value":"1","type":"freq","wgtd":null}]},{"value":"POR LA EDAD  NO LA RECIBIAN","labl":null,"is_missing":null,"stats":[{"value":"1","type":"freq","wgtd":null}]},{"value":"POR IRRESPONSABILIDAD DE LA MAMA","labl":null,"is_missing":null,"stats":[{"value":"1","type":"freq","wgtd":null}]},{"value":"POR FALTA DE TRANSPORTE(LEJANIAS ESCUELAS)","labl":null,"is_missing":null,"stats":[{"value":"1","type":"freq","wgtd":null}]},{"value":"POR FALTA DE ALGUNOS PAPELES","labl":null,"is_missing":null,"stats":[{"value":"1","type":"freq","wgtd":null}]},{"value":"POR FALTA DE ALGUNOS  PAPELES","labl":null,"is_missing":null,"stats":[{"value":"1","type":"freq","wgtd":null}]},{"value":"POR EMBARAZO","labl":null,"is_missing":null,"stats":[{"value":"1","type":"freq","wgtd":null}]},{"value":"POR EL TRABAJO QUE REALIZA LA MADRE","labl":null,"is_missing":null,"stats":[{"value":"1","type":"freq","wgtd":null}]},{"value":"POR EDAD (ESTA EN GUARDERIA)","labl":null,"is_missing":null,"stats":[{"value":"1","type":"freq","wgtd":null}]},{"value":"POR EDAD","labl":null,"is_missing":null,"stats":[{"value":"1","type":"freq","wgtd":null}]},{"value":"POR CONFLICTOS FAMILIARES  NO QUISO SEGUIR ETUDIANDO","labl":null,"is_missing":null,"stats":[{"value":"1","type":"freq","wgtd":null}]},{"value":"POR  QUE NO TENIA REGISTRO CIVIL","labl":null,"is_missing":null,"stats":[{"value":"1","type":"freq","wgtd":null}]},{"value":"POR  LA EDAD","labl":null,"is_missing":null,"stats":[{"value":"1","type":"freq","wgtd":null}]},{"value":"PERSECUCION Y MALTRATO DE LA PROFESORA","labl":null,"is_missing":null,"stats":[{"value":"1","type":"freq","wgtd":null}]},{"value":"PERDIO EL A\u00d1O","labl":null,"is_missing":null,"stats":[{"value":"1","type":"freq","wgtd":null}]},{"value":"PARALISIS CELEBRAL","labl":null,"is_missing":null,"stats":[{"value":"1","type":"freq","wgtd":null}]},{"value":"NO TIENEN RECURSOS ECONOMICOS","labl":null,"is_missing":null,"stats":[{"value":"1","type":"freq","wgtd":null}]},{"value":"NO TIENE REGISTRO CIVIL","labl":null,"is_missing":null,"stats":[{"value":"1","type":"freq","wgtd":null}]},{"value":"NO TIENE LA EDAD REQUERIDA PARA INGRESAR A UN PLANTEL","labl":null,"is_missing":null,"stats":[{"value":"1","type":"freq","wgtd":null}]},{"value":"NO TIENE LA EDAD PARA SER ACEPTADA EN LA ESCUELA","labl":null,"is_missing":null,"stats":[{"value":"1","type":"freq","wgtd":null}]},{"value":"NO TIENE LA EDAD PARA RECIBIRLO","labl":null,"is_missing":null,"stats":[{"value":"1","type":"freq","wgtd":null}]},{"value":"NO TIENE LA EDAD PARA QUE LA RECIBAN EN UNA ESCUELA","labl":null,"is_missing":null,"stats":[{"value":"1","type":"freq","wgtd":null}]},{"value":"NO TIENE LA EDAD PARA Q LO RECIBAN EN LA ESCUELA","labl":null,"is_missing":null,"stats":[{"value":"1","type":"freq","wgtd":null}]},{"value":"NO TIENE LA EDAD PARA ENTRAR A ESTUDIAR","labl":null,"is_missing":null,"stats":[{"value":"1","type":"freq","wgtd":null}]},{"value":"NO TIENE LA EDAD ESCOLAR PARA UNA INSTITUCION OFICIAL","labl":null,"is_missing":null,"stats":[{"value":"1","type":"freq","wgtd":null}]},{"value":"NO TIENE LA EDAD ESCOLAR PARA UN COLEGIO OFICIAL","labl":null,"is_missing":null,"stats":[{"value":"1","type":"freq","wgtd":null}]},{"value":"NO TIENE LA EDAD AUN PARA SER ACEPTADA EN LA ESCUELA","labl":null,"is_missing":null,"stats":[{"value":"1","type":"freq","wgtd":null}]},{"value":"NO TIENE EDAD SUFICIENTE","labl":null,"is_missing":null,"stats":[{"value":"1","type":"freq","wgtd":null}]},{"value":"NO TIENE EDAD ESCOLAR PARA UN COLEGIO OFICIAL","labl":null,"is_missing":null,"stats":[{"value":"1","type":"freq","wgtd":null}]},{"value":"NO TIENE EDAD","labl":null,"is_missing":null,"stats":[{"value":"1","type":"freq","wgtd":null}]},{"value":"NO TIENE DOCUMENTOS DE IDENTIDAD","labl":null,"is_missing":null,"stats":[{"value":"1","type":"freq","wgtd":null}]},{"value":"NO TIENE DOCUMENTOS","labl":null,"is_missing":null,"stats":[{"value":"1","type":"freq","wgtd":null}]},{"value":"NO TIENE DOCUMENTO DE IDENTIDAD","labl":null,"is_missing":null,"stats":[{"value":"1","type":"freq","wgtd":null}]},{"value":"NO TENIA REGISTRO CIVIL","labl":null,"is_missing":null,"stats":[{"value":"1","type":"freq","wgtd":null}]},{"value":"NO TENIA QUIEN LA LLEVARA AL COLEGIO","labl":null,"is_missing":null,"stats":[{"value":"1","type":"freq","wgtd":null}]},{"value":"NO TENIA LA EDAD TODAVIA PARA ESTUDIAR","labl":null,"is_missing":null,"stats":[{"value":"1","type":"freq","wgtd":null}]},{"value":"NO TENIA LA EDAD PARA ESTUDIAR","labl":null,"is_missing":null,"stats":[{"value":"1","type":"freq","wgtd":null}]},{"value":"NO TENIA LA EDAD ESCOLAR EXIGIDA EN LAS INSTITUCIONES PUBLICAS","labl":null,"is_missing":null,"stats":[{"value":"1","type":"freq","wgtd":null}]},{"value":"NO TENIA LA EDAD CUMPLIDA AL INICIAR EL A\u00d1O ESCOLAR","labl":null,"is_missing":null,"stats":[{"value":"1","type":"freq","wgtd":null}]},{"value":"NO TENIA LA EDAD ARA INGRESAR AL COLEGIO","labl":null,"is_missing":null,"stats":[{"value":"1","type":"freq","wgtd":null}]},{"value":"NO TENIA EDAD ESCOLAR Y ASISTE ACTUALMENTE AL CAI","labl":null,"is_missing":null,"stats":[{"value":"1","type":"freq","wgtd":null}]},{"value":"NO SABE","labl":null,"is_missing":null,"stats":[{"value":"1","type":"freq","wgtd":null}]},{"value":"NO QUISO","labl":null,"is_missing":null,"stats":[{"value":"1","type":"freq","wgtd":null}]},{"value":"NO QUIERE","labl":null,"is_missing":null,"stats":[{"value":"1","type":"freq","wgtd":null}]},{"value":"NO LO RECIBIAN POR NO TENER EDAD SUFICIENTE","labl":null,"is_missing":null,"stats":[{"value":"1","type":"freq","wgtd":null}]},{"value":"NO LO RECIBEN TODAVIA POR LA EDAD","labl":null,"is_missing":null,"stats":[{"value":"1","type":"freq","wgtd":null}]},{"value":"NO LO RECIBEN POR LA EDAD HACE 16 DIAS CUMPLIO LOS 5 A\u00d1OS","labl":null,"is_missing":null,"stats":[{"value":"1","type":"freq","wgtd":null}]},{"value":"NO LO ACEPTAN POR LA EDAD","labl":null,"is_missing":null,"stats":[{"value":"1","type":"freq","wgtd":null}]},{"value":"NO LO ACEPTAN EN COLEGIO OFICIAL POR LA EDAD","labl":null,"is_missing":null,"stats":[{"value":"1","type":"freq","wgtd":null}]},{"value":"NO LE GUSTA PORQUE LE DAN LA COMIDA A LA FUERZA","labl":null,"is_missing":null,"stats":[{"value":"1","type":"freq","wgtd":null}]},{"value":"NO LE GUSTA ESTUDIAR Y TIENE Q CUIDAR LA CASA","labl":null,"is_missing":null,"stats":[{"value":"1","type":"freq","wgtd":null}]},{"value":"NO LA RECIBIAN POR NO TENER LOS 5 A\u00d1OS CUMPLIDOS HACE POCO LOS CUMPLIO","labl":null,"is_missing":null,"stats":[{"value":"1","type":"freq","wgtd":null}]},{"value":"NO LA RECIBIAN ,A FINAL DE A\u00d1O CUMPLIO LOS 5","labl":null,"is_missing":null,"stats":[{"value":"1","type":"freq","wgtd":null}]},{"value":"NO LA RECIBEN HASTA EL OTRO A\u00d1O","labl":null,"is_missing":null,"stats":[{"value":"1","type":"freq","wgtd":null}]},{"value":"NO LA HAN PODIDO RECIBIR EN LA ESCUELA","labl":null,"is_missing":null,"stats":[{"value":"1","type":"freq","wgtd":null}]},{"value":"NO ESTUDIA","labl":null,"is_missing":null,"stats":[{"value":"1","type":"freq","wgtd":null}]},{"value":"NO ESTABA EN EDAD ESCOLAR PERO YA ESTAN MATRICULADOS  PARA EL OTRO A\u00d1O","labl":null,"is_missing":null,"stats":[{"value":"1","type":"freq","wgtd":null}]},{"value":"NO ESTABA EN EDAD ESCOLAR PERO YA ESTA MATRICULADO PARA EL OTRO A\u00d1O","labl":null,"is_missing":null,"stats":[{"value":"1","type":"freq","wgtd":null}]},{"value":"NO ESTABA EN EDAD ESCOLAR","labl":null,"is_missing":null,"stats":[{"value":"1","type":"freq","wgtd":null}]},{"value":"NO ESTABA  EN EDAD ESCOLAR PERO YA ESTAN MATRICULADOS PARA EL OTRO A\u00d1O","labl":null,"is_missing":null,"stats":[{"value":"1","type":"freq","wgtd":null}]},{"value":"NO ESTA EN LA EDAD PARA INGRESAR A NINGUN PLANTEL EDUCATIVO OFICIAL.","labl":null,"is_missing":null,"stats":[{"value":"1","type":"freq","wgtd":null}]},{"value":"NO ESTA EN LA EDAD","labl":null,"is_missing":null,"stats":[{"value":"1","type":"freq","wgtd":null}]},{"value":"NO DECIDIO ESTUDIAR","labl":null,"is_missing":null,"stats":[{"value":"1","type":"freq","wgtd":null}]},{"value":"NO CUMPLE LA EDAD PARA ESTAR EN TRANSICION","labl":null,"is_missing":null,"stats":[{"value":"1","type":"freq","wgtd":null}]},{"value":"NO CUMPLE LA EDAD MINIMA PARA ESTUDIAR","labl":null,"is_missing":null,"stats":[{"value":"1","type":"freq","wgtd":null}]},{"value":"NO CUMPLE LA EDAD MINIMA","labl":null,"is_missing":null,"stats":[{"value":"1","type":"freq","wgtd":null}]},{"value":"NO CUMPLE CON LA EDAD MINIMA REQUERIDA","labl":null,"is_missing":null,"stats":[{"value":"1","type":"freq","wgtd":null}]},{"value":"NO ASISTE A CLASES POR QUE NO TIENE LA EDAD REQUERIDA","labl":null,"is_missing":null,"stats":[{"value":"1","type":"freq","wgtd":null}]},{"value":"NO  TIENE  LA   EDAD MINIMA  PARA  UNA  INSTITUCION  PUBLICA","labl":null,"is_missing":null,"stats":[{"value":"1","type":"freq","wgtd":null}]},{"value":"MALTRATO EN EL COLEGIO POR PARTE DE LA ROFESORA TE","labl":null,"is_missing":null,"stats":[{"value":"1","type":"freq","wgtd":null}]},{"value":"LOS PADRES CONSIDERAN QUE AUN NO TIENE LA EDAD PARA ASISTIR","labl":null,"is_missing":null,"stats":[{"value":"1","type":"freq","wgtd":null}]},{"value":"LOS EDUCADORES CONSIDERAN QUE NO ESTA EN EDAD ESCOLAR","labl":null,"is_missing":null,"stats":[{"value":"1","type":"freq","wgtd":null}]},{"value":"LOS DOUMENTO DE IDENTIDAD PERDIERON","labl":null,"is_missing":null,"stats":[{"value":"1","type":"freq","wgtd":null}]},{"value":"LOS ABUELOS CONSIDERAN QUE NO ESTA EN LA EDAD ESCOLAR","labl":null,"is_missing":null,"stats":[{"value":"1","type":"freq","wgtd":null}]},{"value":"LO SACARON POR PROBLEMAS EN EL COLEGIO","labl":null,"is_missing":null,"stats":[{"value":"1","type":"freq","wgtd":null}]},{"value":"LO RECIBIAN A LOS 5 A\u00d1OS CUMPLIDOS EN EL COLEGIO Y HACE POCO CUMPLIO","labl":null,"is_missing":null,"stats":[{"value":"1","type":"freq","wgtd":null}]},{"value":"LLEVA 5 meses EN HOGAR SUSTITUTO","labl":null,"is_missing":null,"stats":[{"value":"1","type":"freq","wgtd":null}]},{"value":"INGRESA EN ENERO","labl":null,"is_missing":null,"stats":[{"value":"1","type":"freq","wgtd":null}]},{"value":"HOGAR INFANTIL","labl":null,"is_missing":null,"stats":[{"value":"1","type":"freq","wgtd":null}]},{"value":"ESTABA  OPERADO Y NECESITABA REPOSO","labl":null,"is_missing":null,"stats":[{"value":"1","type":"freq","wgtd":null}]},{"value":"ESTA MUY PEQUE\u00d1A Y NO LA RECIBEN EN EL JARDIN","labl":null,"is_missing":null,"stats":[{"value":"1","type":"freq","wgtd":null}]},{"value":"ESTA MUY PEQUE\u00d1A","labl":null,"is_missing":null,"stats":[{"value":"1","type":"freq","wgtd":null}]},{"value":"ESTA EN GUARDERIA YA QUE NO TIENE LA EDAD PARA EL JARDIN","labl":null,"is_missing":null,"stats":[{"value":"1","type":"freq","wgtd":null}]},{"value":"ESTA EN GUARDERIA DEL ICBF","labl":null,"is_missing":null,"stats":[{"value":"1","type":"freq","wgtd":null}]},{"value":"ESTA EN EL INSTITUTO DEL BIENESTAR FAMILIAR","labl":null,"is_missing":null,"stats":[{"value":"1","type":"freq","wgtd":null}]},{"value":"EN LOS COLEGIOS PUBLICOS NO LA RECIBEN POR LA EDAD","labl":null,"is_missing":null,"stats":[{"value":"1","type":"freq","wgtd":null}]},{"value":"EL SE ENCUENTRA ASISTIENDO A UNA GUALDERIA","labl":null,"is_missing":null,"stats":[{"value":"1","type":"freq","wgtd":null}]},{"value":"EL OTRO A\u00d1O ENTRA POR EDAD","labl":null,"is_missing":null,"stats":[{"value":"1","type":"freq","wgtd":null}]},{"value":"EL NI\u00d1O NO QUIERE IR AL COEGUIO","labl":null,"is_missing":null,"stats":[{"value":"1","type":"freq","wgtd":null}]},{"value":"EL NI\u00d1O ESTA EN UN JARDIN DEL ICBF","labl":null,"is_missing":null,"stats":[{"value":"1","type":"freq","wgtd":null}]},{"value":"EL COLEGIO NO LO RECIBE CUMPLIO LOS 5 EN AGOSTO","labl":null,"is_missing":null,"stats":[{"value":"1","type":"freq","wgtd":null}]},{"value":"EL CENTRO EDUCATIVO CONSIDERO QUE NO ESTABA EN EDAD ESCOLAR","labl":null,"is_missing":null,"stats":[{"value":"1","type":"freq","wgtd":null}]},{"value":"EL A\u00d1O PASADO NO LO RESIVIERON POR LA EDAD YA FUE MATRICULADO","labl":null,"is_missing":null,"stats":[{"value":"1","type":"freq","wgtd":null}]},{"value":"DROGADICTO","labl":null,"is_missing":null,"stats":[{"value":"1","type":"freq","wgtd":null}]},{"value":"DOCUMENTO DE IDENTIDAD SE PERDIERON","labl":null,"is_missing":null,"stats":[{"value":"1","type":"freq","wgtd":null}]},{"value":"DISCAPACIDAD","labl":null,"is_missing":null,"stats":[{"value":"1","type":"freq","wgtd":null}]},{"value":"DESCUIDO","labl":null,"is_missing":null,"stats":[{"value":"1","type":"freq","wgtd":null}]},{"value":"DEBIA TENER LOS 5 A\u00d1OS CUMPLIDOS AL INICIO ESCOLAR","labl":null,"is_missing":null,"stats":[{"value":"1","type":"freq","wgtd":null}]},{"value":"DEBIA CUMPLIR LA EDAD ADECUADA PARA INGRESAR A LA INSTITUCION","labl":null,"is_missing":null,"stats":[{"value":"1","type":"freq","wgtd":null}]},{"value":"COMO CUMPLIO 5 A\u00d1OS EN JUNIO NO PUDO ENTRAR","labl":null,"is_missing":null,"stats":[{"value":"1","type":"freq","wgtd":null}]},{"value":"CAP D PG3 EN LA INSTITUCION EDUCATIVA DICE QUE NO TIENE EDAD ESCOLAR","labl":null,"is_missing":null,"stats":[{"value":"1","type":"freq","wgtd":null}]},{"value":"CAMBIO DE VIVIENDA","labl":null,"is_missing":null,"stats":[{"value":"1","type":"freq","wgtd":null}]},{"value":"BAJAS CALIFICACIONES","labl":null,"is_missing":null,"stats":[{"value":"1","type":"freq","wgtd":null}]},{"value":"AUN NO ESTA EN EDAD","labl":null,"is_missing":null,"stats":[{"value":"1","type":"freq","wgtd":null}]},{"value":"ATUALMENTE ASISTE A GUARDERIA ICBF","labl":null,"is_missing":null,"stats":[{"value":"1","type":"freq","wgtd":null}]},{"value":"ASISTE JARDIN DEL BIENESTAR FAMILIAR","labl":null,"is_missing":null,"stats":[{"value":"1","type":"freq","wgtd":null}]},{"value":"ASISTE AL JARDIN DEL BIENESTAR FAMILIAR","labl":null,"is_missing":null,"stats":[{"value":"1","type":"freq","wgtd":null}]},{"value":"ASISTE AL INSTITUTO  DE  BIENESTAR FAMILIAR","labl":null,"is_missing":null,"stats":[{"value":"1","type":"freq","wgtd":null}]},{"value":"ASISTE AL BIENESTAR SOCIAL","labl":null,"is_missing":null,"stats":[{"value":"1","type":"freq","wgtd":null}]},{"value":"ASISTE AL BIENESTAR FAMILIAR","labl":null,"is_missing":null,"stats":[{"value":"1","type":"freq","wgtd":null}]},{"value":"ASISTE A UNA GUARDERIA","labl":null,"is_missing":null,"stats":[{"value":"1","type":"freq","wgtd":null}]},{"value":"ASISTE A UN HOGAR DEL ICBF","labl":null,"is_missing":null,"stats":[{"value":"1","type":"freq","wgtd":null}]},{"value":"ASISTE A UN HOGAR DE BIENESTAR FAMILIAR","labl":null,"is_missing":null,"stats":[{"value":"1","type":"freq","wgtd":null}]},{"value":"ASISTE A JARDIN INFANTIL DE ICBF","labl":null,"is_missing":null,"stats":[{"value":"1","type":"freq","wgtd":null}]},{"value":"ASISTE A HOGAR DE BIENESTAR FAMILIAR DEL ICBF","labl":null,"is_missing":null,"stats":[{"value":"1","type":"freq","wgtd":null}]},{"value":"ASISTE A HOGAR DE BIENESTAR","labl":null,"is_missing":null,"stats":[{"value":"1","type":"freq","wgtd":null}]},{"value":"ASISTE A HOGAR DE BIENASTAR FAMILIAR","labl":null,"is_missing":null,"stats":[{"value":"1","type":"freq","wgtd":null}]},{"value":"ASISTE A HOGAR COMUNITARIO","labl":null,"is_missing":null,"stats":[{"value":"1","type":"freq","wgtd":null}]},{"value":"ASISTE A GUARDERIA DE ICBF","labl":null,"is_missing":null,"stats":[{"value":"1","type":"freq","wgtd":null}]},{"value":"APENAS  LA VAN   A INSCRIBIR","labl":null,"is_missing":null,"stats":[{"value":"1","type":"freq","wgtd":null}]},{"value":"ACTUALMENTE ASISTE A HOGAR DE BIENESTAR FAMILIAR","labl":null,"is_missing":null,"stats":[{"value":"1","type":"freq","wgtd":null}]},{"value":"A PENAS CUMPLIO 5 A\u00d1OS Y ANTES NO LA RECIBIAN POR LA EDAD","labl":null,"is_missing":null,"stats":[{"value":"1","type":"freq","wgtd":null}]},{"value":"A EL NI\u00d1O NO LEGUSTA ESTUDIAR","labl":null,"is_missing":null,"stats":[{"value":"1","type":"freq","wgtd":null}]}],"var_codinstr":null,"var_concept":[],"var_format":{"type":"character","schema":"other","category":null,"name":null},"var_notes":null,"var_val_range":{"min":null,"max":null},"fid":"F1","sid":"372","survey_idno":"DANE-DIRPEN-ENTI-2011"}