{"file_id":"F1","vid":"V118","name":"P6170","var_intrvl":"discrete","var_dcml":"0","var_wgt":null,"var_is_wgt":null,"loc_start_pos":"702","loc_end_pos":"702","loc_width":"1","loc_rec_seg_no":"1","labl":"\u00bf\u2026 asiste actualmente a la escuela, colegio o universidad, recibiendo clases de educaci\u00f3n formal?","var_imputation":null,"var_security":"El acceso a microdatos y Mam-up se considera como de tratamiento especial respecto a la reserva estad\u00edstica por tanto estar\u00e1 sujeto a la reglamentaci\u00f3n que para el efecto defina el Comit\u00e9 de Aseguramiento de la reserva estad\u00edstica. Resoluci\u00f3n 173 de 2008.","var_resp_unit":"Directo","var_analysis_unit":null,"var_qstn_preqtxt":"D2. \u00bf\u2026 ha ido alguna vez al preescolar o a la escuela primaria?\n\n1\tS\u00ed\n2\tNo","var_qstn_qstnlit":"D4. \u00bf\u2026 asiste actualmente a la escuela, colegio o universidad, recibiendo clases de educaci\u00f3n formal?\n\n1\tS\u00ed\n2\tNo","var_qstn_postqtxt":"D5. Actualmente, \u00bfpor qu\u00e9 raz\u00f3n principal\u2026 no asiste a la escuela, colegio o universidad?\n\n1\tTiene que trabajar o buscar trabajo\n2\tNo dispone dinero para pagar los estudios\n3\tPorque los padres o acudientes consideran que no est\u00e1 en edad escolar\n4\tNo hay cupo\n5\tNo hay centro educativo cercano\n6\tNo le gusta\n7\tDebe encargarse de los oficios del hogar\n8\tCambio de residencia\n9\tPor embarazo o porque tiene un hijo\n10\tProblemas de seguridad (presencia de pandillas, grupos armados ilegales)\n11\tProblemas de abuso por parte de los compa\u00f1eros (matoneo)\n12\tEnfermedad\/discapacidad\n13\tPor aprender un oficio\n14\tPor desplazamiento forzado por la violencia\n15\tPor desastre natural\n16\tOtra raz\u00f3n,","var_qstn_ivuinstr":"Esta pregunta  est\u00e1  destinada a registrar si el ni\u00f1o, ni\u00f1a o adolescente asiste o no en el momento  de  la encuesta  a un establecimiento de  ense\u00f1anza  formal (colegio, escuela, universidad) o cualquier establecimiento de ense\u00f1anza  especial, ejemplo para  personas superdotadas o con alg\u00fan tipo de limitaci\u00f3n, con el fin de cursar uno de los grados all\u00ed aprobados.\n\n\nUna persona se considera asistiendo a la escuela u otra instituci\u00f3n de ense\u00f1anza,  cuando est\u00e1  matriculada y no  se  ha  retirado,  a\u00fan  cuando  est\u00e9  ausente   temporalmente  por enfermedad, vacaciones u otra  causa,  o aunque  asista  solamente parte  del d\u00eda. Si  la encuesta  se realiza en per\u00edodo de vacaciones escolares finales se considera que la persona asiste s\u00f3lo si piensa seguir estudiando o matricularse en el siguiente curso o nivel.  Si la persona est\u00e1 asistiendo pase a la pregunta 5, de lo contrario contin\u00fae","var_universe":"Lo constituyen los ni\u00f1os, ni\u00f1as y adolescentes entre 5 y 17 a\u00f1os de edad, residentes en el territorio nacional excluyendo los antiguos territorios nacionales.","var_universe_clusion":"I","var_sumstat":[{"value":"47853","type":"vald","wgtd":null},{"value":"1106","type":"invd","wgtd":null},{"value":"1","type":"min","wgtd":null},{"value":"2","type":"max","wgtd":null},{"value":"1.077","type":"mean","wgtd":null},{"value":"0.266","type":"stdev","wgtd":null}],"var_txt":null,"var_catgry":[{"value":"1","labl":"S\u00ed","is_missing":null,"stats":[{"value":"44191","type":"freq","wgtd":null}]},{"value":"2","labl":"No","is_missing":null,"stats":[{"value":"3662","type":"freq","wgtd":null}]},{"value":"Sysmiss","labl":null,"is_missing":"Y","stats":[{"value":"1106","type":"freq","wgtd":null}]}],"var_codinstr":null,"var_concept":[],"var_format":{"type":"numeric","schema":"other","category":null,"name":null},"var_notes":"1. Las  personas   que  est\u00e1n  validando  o  cursan  bachillerato  o  primaria  por  radio  o televisi\u00f3n, se consideran no asistiendo, pero en pregunta  4 se registra el \u00faltimo grado que han aprobado en el nivel respectivo.\n\n\n2. Para la  educaci\u00f3n  impartida  por el  SENA,  es necesario  sondear  acerca  del  tipo  de educaci\u00f3n: no se considera educaci\u00f3n formal cuando se asiste a cursos r\u00e1pidos que no culminan con un t\u00edtulo de nivel t\u00e9cnico o tecnol\u00f3gico; por tanto,  las personas  que siguen estos programas educativos, se toman como no asistiendo.\n\n\n3.Si  la  persona  est\u00e1  siguiendo  un  programa  de  educaci\u00f3n  a distancia,  se  considera asistiendo.\tLa  educaci\u00f3n  a distancia  es  un  programa  de  ense\u00f1anza  en  el  que  el estudiante no necesita desplazarse en forma cotidiana al establecimiento para tomar sus  clases, aun  cuando  eventualmente debe  dirigirse a \u00e9ste  para  recibir tutor\u00edas, presentar pruebas, etc...","var_val_range":{"min":"1","max":"2"},"fid":"F1","sid":"372","survey_idno":"DANE-DIRPEN-ENTI-2011"}