{"file_id":"F1","vid":"V126","name":"P1472s1","var_intrvl":"discrete","var_dcml":"0","var_wgt":null,"var_is_wgt":null,"loc_start_pos":"782","loc_end_pos":"782","loc_width":"1","loc_rec_seg_no":"1","labl":"\u00bfcu\u00e1l es el nivel educativo m\u00e1s alto alcanzado y el \u00faltimo a\u00f1o y el \u00faltimo a\u00f1o aprobado en ese nivel?  nivel","var_imputation":null,"var_security":"El acceso a microdatos y Mam-up se considera como de tratamiento especial respecto a la reserva estad\u00edstica por tanto estar\u00e1 sujeto a la reglamentaci\u00f3n que para el efecto defina el Comit\u00e9 de Aseguramiento de la reserva estad\u00edstica. Resoluci\u00f3n 173 de 2008.","var_resp_unit":"Directo","var_analysis_unit":null,"var_qstn_preqtxt":"D9. El colegio o la instituci\u00f3n educativa a la que asiste \u2026 es:\n\n1   Oficial\n2   No oficial","var_qstn_qstnlit":"D10. \u00bfEn qu\u00e9 nivel est\u00e1 matriculado y cu\u00e1l grado cursa...?\n\n1\tNinguno\n2\tPreescolar\n3\tPrimaria\n4\tB\u00e1sica secundaria (6\u00ba - 9\u00ba) \n5\tMedia (10\u00ba - 13\u00ba) \n6\tT\u00e9cnico\n7\tTecnol\u00f3gico\n8\tSuperior o universitaria","var_qstn_postqtxt":"D11. \u00bfAlguna vez \u2026 ha recibido capacitaci\u00f3n para el trabajo?\n\n1\tS\u00ed\n2\tNo\n9\tNo sabe, no informa","var_qstn_ivuinstr":"Se quiere identificar el nivel y el grado actual que est\u00e1 cursando; tenga en cuenta las definiciones hechas con anterioridad para la pregunta 7 de este cap\u00edtulo y escriba el c\u00f3digo correspondiente a la respuesta. Si la encuesta se aplica durante un per\u00edodo de vacaciones escolares, debe registrarse el nivel que se va a cursar posteriormente, es decir, en el cual la persona se va a matricular o ya est\u00e1 matriculada.\n\nSi el ni\u00f1o, ni\u00f1a o adolescente est\u00e1 cursando el nivel superior o universitario, no olvide solicitar la respuesta en a\u00f1os, as\u00ed:\n\n1\u00ba y 2\u00ba  semestres, corresponden a 1er. a\u00f1o\n3\u00ba y 4\u00ba  semestres, corresponden a 2\u00ba  a\u00f1o\n5\u00ba y 6\u00ba  semestres, corresponden a 3er. a\u00f1o, etc. \n\nEjemplo:\n\nSi el joven est\u00e1 matriculado para  5\u00ba  semestre, la anotaci\u00f3n es 3, o sea que est\u00e1 matriculado en tercer a\u00f1o de superior o universitaria.","var_universe":"Lo constituyen los ni\u00f1os, ni\u00f1as y adolescentes entre 5 y 17 a\u00f1os de edad, residentes en el territorio nacional excluyendo los antiguos territorios nacionales.","var_universe_clusion":"I","var_sumstat":[{"value":"32186","type":"vald","wgtd":null},{"value":"16773","type":"invd","wgtd":null},{"value":"1","type":"min","wgtd":null},{"value":"9","type":"max","wgtd":null},{"value":"3.512","type":"mean","wgtd":null},{"value":"0.955","type":"stdev","wgtd":null}],"var_txt":null,"var_catgry":[{"value":"3","labl":"B\u00e1sica primaria","is_missing":null,"stats":[{"value":"14534","type":"freq","wgtd":null}]},{"value":"4","labl":"B\u00e1sica secundaria (6o-9o)","is_missing":null,"stats":[{"value":"10597","type":"freq","wgtd":null}]},{"value":"5","labl":"Media (10o - 13o)","is_missing":null,"stats":[{"value":"3408","type":"freq","wgtd":null}]},{"value":"2","labl":"Preescolar","is_missing":null,"stats":[{"value":"3123","type":"freq","wgtd":null}]},{"value":"8","labl":"Superior o universitaria","is_missing":null,"stats":[{"value":"333","type":"freq","wgtd":null}]},{"value":"6","labl":"T\u00e9cnica","is_missing":null,"stats":[{"value":"111","type":"freq","wgtd":null}]},{"value":"7","labl":"Tecnol\u00f3gico","is_missing":null,"stats":[{"value":"52","type":"freq","wgtd":null}]},{"value":"1","labl":"Ninguno","is_missing":null,"stats":[{"value":"22","type":"freq","wgtd":null}]},{"value":"9","labl":"No sabe, no informa","is_missing":null,"stats":[{"value":"6","type":"freq","wgtd":null}]},{"value":"Sysmiss","labl":null,"is_missing":"Y","stats":[{"value":"16773","type":"freq","wgtd":null}]}],"var_codinstr":null,"var_concept":[],"var_format":{"type":"numeric","schema":"other","category":null,"name":null},"var_notes":null,"var_val_range":{"min":"1","max":"9"},"fid":"F1","sid":"372","survey_idno":"DANE-DIRPEN-ENTI-2011"}