{"file_id":"F1","vid":"V135","name":"P6260","var_intrvl":"discrete","var_dcml":"0","var_wgt":null,"var_is_wgt":null,"loc_start_pos":"901","loc_end_pos":"901","loc_width":"1","loc_rec_seg_no":"1","labl":"Aunque\u2026 no trabaj\u00f3 la semana pasada por una hora o m\u00e1s en forma remunerada, \u00bften\u00eda durante esa semana alg\u00fan trabajo o negocio por el que recibe ingresos?","var_imputation":null,"var_security":"El acceso a microdatos y Mam-up se considera como de tratamiento especial respecto a la reserva estad\u00edstica por tanto estar\u00e1 sujeto a la reglamentaci\u00f3n que para el efecto defina el Comit\u00e9 de Aseguramiento de la reserva estad\u00edstica. Resoluci\u00f3n 173 de 2008.","var_resp_unit":"Directo","var_analysis_unit":null,"var_qstn_preqtxt":"E2. Adem\u00e1s de lo anterior, \u00bf\u2026 realiz\u00f3 la semana pasada alguna actividad paga por una hora o m\u00e1s?\n\n1\tS\u00ed\n2\tNo","var_qstn_qstnlit":"E3. Aunque\u2026 no trabaj\u00f3 la semana pasada por una hora o m\u00e1s en forma remunerada, \u00bften\u00eda durante esa semana alg\u00fan trabajo o negocio por el que recibe ingresos?\n\n1\tS\u00ed\n2\tNo","var_qstn_postqtxt":"E4. \u00bf\u2026 trabaj\u00f3 o colabor\u00f3 la semana pasada en un negocio familiar por UNA HORA O M\u00c1S sin que le pagaran?\n\n1\tS\u00ed\n2\tNo","var_qstn_ivuinstr":"En esta pregunta  deben  quedar  incluidas todos aquellos ni\u00f1os, ni\u00f1as o adolescentes que informen no haber  trabajado  la semana  pasada  por hallarse en vacaciones laborales, en incapacidad temporal por  enfermedad, licencia,  etc.,  pero  que  mantienen un  v\u00ednculo formal con el empleo. Es decir, que tienen la garant\u00eda de reintegrarse a su trabajo.\nA   continuaci\u00f3n  se  describen  las  principales  causas  por  las  que  una  ni\u00f1a,  ni\u00f1o  o adolescente puede haber estado ausente  de su trabajo la semana de referencia:\n\n\nFactores estacionales: cuando la actividad se repite en forma rutinaria en ciertas \u00e9pocas del a\u00f1o. Ejemplo: encuestadores de caf\u00e9 o algod\u00f3n que estar\u00edan cesantes de su trabajo cuando no es la estaci\u00f3n o \u00e9poca de recolecci\u00f3n del producto.\n\n\nLa actividad no lo exige: cuando el ni\u00f1o, ni\u00f1a o adolescente estuvo ausente  del trabajo debido  a que  la actividad  no requiere  de su presencia  durante  ciertos  per\u00edodos  del a\u00f1o. Ejemplo: durante  la actividad agr\u00edcola  se encuentran per\u00edodos de descanso para dar espera a la \u00e9poca de beneficio o cosecha.\n\n\nEnfermedad o accidente: cuando se declara que la ni\u00f1a, ni\u00f1o o joven tiene un empleo o negocio, pero no pudo trabajar  durante  la semana  de referencia por estar enfermo o haber sufrido un accidente.\n\n\nVacaciones, permiso o licencia: cuando el ni\u00f1o, ni\u00f1a o adolescente estuvo ausente  de su trabajo durante  la semana de referencia por alguno de estos motivos.\n\n\nReparaci\u00f3n de equipo: cuando  la ni\u00f1a, ni\u00f1o o  joven no trabaj\u00f3  por reparaci\u00f3n de la maquinaria, equipo o veh\u00edculo.\n\n\n\n\nSuspensi\u00f3n: cuando la ni\u00f1a, ni\u00f1o  o joven  se encuentra ausente  de su trabajo por esta situaci\u00f3n, pero volver\u00e1 a trabajar en una fecha definida.\n\n\nHuelga: cuando no asisti\u00f3 a su trabajo por esta causa.\n\n\nFlujo: Si el encuestado contesta  afirmativamente esta  pregunta,  pase a pregunta  E7; en caso contrario, contin\u00fae.","var_universe":"Lo constituyen los ni\u00f1os, ni\u00f1as y adolescentes entre 5 y 17 a\u00f1os de edad, residentes en el territorio nacional excluyendo los antiguos territorios nacionales.","var_universe_clusion":"I","var_sumstat":[{"value":"46141","type":"vald","wgtd":null},{"value":"2818","type":"invd","wgtd":null},{"value":"1","type":"min","wgtd":null},{"value":"2","type":"max","wgtd":null},{"value":"1.997","type":"mean","wgtd":null},{"value":"0.0538","type":"stdev","wgtd":null}],"var_txt":null,"var_catgry":[{"value":"2","labl":"No","is_missing":null,"stats":[{"value":"46007","type":"freq","wgtd":null}]},{"value":"1","labl":"S\u00ed","is_missing":null,"stats":[{"value":"134","type":"freq","wgtd":null}]},{"value":"Sysmiss","labl":null,"is_missing":"Y","stats":[{"value":"2818","type":"freq","wgtd":null}]}],"var_codinstr":null,"var_concept":[],"var_format":{"type":"numeric","schema":"other","category":null,"name":null},"var_notes":null,"var_val_range":{"min":"1","max":"2"},"fid":"F1","sid":"372","survey_idno":"DANE-DIRPEN-ENTI-2011"}