{"file_id":"F1","vid":"V233","name":"P6845s1","var_intrvl":"discrete","var_dcml":"0","var_wgt":null,"var_is_wgt":null,"loc_start_pos":"1436","loc_end_pos":"1436","loc_width":"1","loc_rec_seg_no":"1","labl":"Adicional a las actividades que me inform\u00f3 haber realizado, \u00bfcu\u00e1les de las siguientes actividades para el beneficio de su propio hogar realiz\u00f3 la semana pasada? - atendi\u00f3 la huerta casera","var_imputation":null,"var_security":"El acceso a microdatos y Mam-up se considera como de tratamiento especial respecto a la reserva estad\u00edstica por tanto estar\u00e1 sujeto a la reglamentaci\u00f3n que para el efecto defina el Comit\u00e9 de Aseguramiento de la reserva estad\u00edstica. Resoluci\u00f3n 173 de 2008.","var_resp_unit":"Directo","var_analysis_unit":null,"var_qstn_preqtxt":"E.36. \u00bfQu\u00e9 principal consecuencia tendr\u00eda para el hogar que ... no trabajara?\n\n1\tNo podr\u00eda(n) seguir estudiando\t\n2\tSe reducirian los ingresos en el hogar\t\n3\tEl hogar no puede sobrevivir\t\n4\tLa empresa o negocio familiar no podr\u00eda funcionar completamente \t\n5\tOtra, \t\n6\tNinguna consecuencia","var_qstn_qstnlit":"F1. Adicional a las actividades que me inform\u00f3 haber realizado, \u00bfcu\u00e1les de las siguientes actividades para el beneficio de su propio hogar realiz\u00f3 ... la semana pasada?\n\na. Atendi\u00f3 la huerta casera\n1\tSi\n2\tNo","var_qstn_postqtxt":"F1. Adicional a las actividades que me inform\u00f3 haber realizado, \u00bfcu\u00e1les de las siguientes actividades para el beneficio de su propio hogar realiz\u00f3 ... la semana pasada?\n\nb. Ayud\u00f3 en la cr\u00eda y cuidado de animales de la casa para el consumo del hogar\n1\tSi\n2\tNo","var_qstn_ivuinstr":"Se pregunta  por  5 \tactividades\trelacionadas\tcon  actividades agropecuariasde autoconsumo a trav\u00e9s de opci\u00f3n m\u00faltiple en formato de si o no.\nFlujo: En caso de responder  todas las alternativas con 2. No, entonces pasa a F3.","var_universe":"Lo constituyen los ni\u00f1os, ni\u00f1as y adolescentes entre 5 y 17 a\u00f1os de edad, residentes en el territorio nacional excluyendo los antiguos territorios nacionales.","var_universe_clusion":"I","var_sumstat":[{"value":"48909","type":"vald","wgtd":null},{"value":"50","type":"invd","wgtd":null},{"value":"1","type":"min","wgtd":null},{"value":"2","type":"max","wgtd":null},{"value":"1.983","type":"mean","wgtd":null},{"value":"0.129","type":"stdev","wgtd":null}],"var_txt":null,"var_catgry":[{"value":"2","labl":"No","is_missing":null,"stats":[{"value":"48078","type":"freq","wgtd":null}]},{"value":"1","labl":"Si","is_missing":null,"stats":[{"value":"831","type":"freq","wgtd":null}]},{"value":"Sysmiss","labl":null,"is_missing":"Y","stats":[{"value":"50","type":"freq","wgtd":null}]}],"var_codinstr":null,"var_concept":[],"var_format":{"type":"numeric","schema":"other","category":null,"name":null},"var_notes":null,"var_val_range":{"min":"1","max":"2"},"fid":"F1","sid":"372","survey_idno":"DANE-DIRPEN-ENTI-2011"}