{"file_id":"F1","vid":"V235","name":"P6845s3","var_intrvl":"discrete","var_dcml":"0","var_wgt":null,"var_is_wgt":null,"loc_start_pos":"1438","loc_end_pos":"1438","loc_width":"1","loc_rec_seg_no":"1","labl":"Adicional a las actividades que me inform\u00f3 haber realizado, \u00bfcu\u00e1les de las siguientes actividades para el beneficio de su propio hogar realiz\u00f3 la semana pasada? -  colabor\u00f3 en actividades agr\u00edcolas como abonar la tierra, echar semilla, sembrar, almacenar y cosechar productos para el consumo del hogar","var_imputation":null,"var_security":"El acceso a microdatos y Mam-up se considera como de tratamiento especial respecto a la reserva estad\u00edstica por tanto estar\u00e1 sujeto a la reglamentaci\u00f3n que para el efecto defina el Comit\u00e9 de Aseguramiento de la reserva estad\u00edstica. Resoluci\u00f3n 173 de 2008.","var_resp_unit":"Directo","var_analysis_unit":null,"var_qstn_preqtxt":"F1. Adicional a las actividades que me inform\u00f3 haber realizado, \u00bfcu\u00e1les de las siguientes actividades para el beneficio de su propio hogar realiz\u00f3 ... la semana pasada?\n\nb. Ayud\u00f3 en la cr\u00eda y cuidado de animales de la casa para el consumo del hogar\n1\tSi\n2\tNo","var_qstn_qstnlit":"F1. Adicional a las actividades que me inform\u00f3 haber realizado, \u00bfcu\u00e1les de las siguientes actividades para el beneficio de su propio hogar realiz\u00f3 ... la semana pasada?\n\nc. Colabor\u00f3 en actividades agr\u00edcolas como abonar la tierra, echar semilla, sembrar, almacenar y cosechar productos para el consumo del hogar\n1\tSi\n2\tNo","var_qstn_postqtxt":"F1. Adicional a las actividades que me inform\u00f3 haber realizado, \u00bfcu\u00e1les de las siguientes actividades para el beneficio de su propio hogar realiz\u00f3 ... la semana pasada?\n\nd. Particip\u00f3 en la pesca o caza de animales para el consumo del hogar\n1\tSi\n2\tNo","var_qstn_ivuinstr":"Se pregunta  por  5 \tactividades\trelacionadas\tcon  actividades agropecuariasde autoconsumo a trav\u00e9s de opci\u00f3n m\u00faltiple en formato de si o no.\nFlujo: En caso de responder  todas las alternativas con 2. No, entonces pasa a F3.","var_universe":"Lo constituyen los ni\u00f1os, ni\u00f1as y adolescentes entre 5 y 17 a\u00f1os de edad, residentes en el territorio nacional excluyendo los antiguos territorios nacionales.","var_universe_clusion":"I","var_sumstat":[{"value":"48909","type":"vald","wgtd":null},{"value":"50","type":"invd","wgtd":null},{"value":"1","type":"min","wgtd":null},{"value":"2","type":"max","wgtd":null},{"value":"1.989","type":"mean","wgtd":null},{"value":"0.106","type":"stdev","wgtd":null}],"var_txt":null,"var_catgry":[{"value":"2","labl":"No","is_missing":null,"stats":[{"value":"48356","type":"freq","wgtd":null}]},{"value":"1","labl":"Si","is_missing":null,"stats":[{"value":"553","type":"freq","wgtd":null}]},{"value":"Sysmiss","labl":null,"is_missing":"Y","stats":[{"value":"50","type":"freq","wgtd":null}]}],"var_codinstr":null,"var_concept":[],"var_format":{"type":"numeric","schema":"other","category":null,"name":null},"var_notes":null,"var_val_range":{"min":"1","max":"2"},"fid":"F1","sid":"372","survey_idno":"DANE-DIRPEN-ENTI-2011"}