{"file_id":"F1","vid":"V332","name":"P6865s3","var_intrvl":"discrete","var_dcml":null,"var_wgt":null,"var_is_wgt":null,"loc_start_pos":"1889","loc_end_pos":"1889","loc_width":"1","loc_rec_seg_no":"1","labl":"\u00bfcu\u00e1les de los siguientes accidentes o traumas tuvo \u2026 durante los \u00faltimos doce meses? luxaciones o esguinces","var_imputation":null,"var_security":"El acceso a microdatos y Mam-up se considera como de tratamiento especial respecto a la reserva estad\u00edstica por tanto estar\u00e1 sujeto a la reglamentaci\u00f3n que para el efecto defina el Comit\u00e9 de Aseguramiento de la reserva estad\u00edstica. Resoluci\u00f3n 173 de 2008.","var_resp_unit":"Directo","var_analysis_unit":null,"var_qstn_preqtxt":"H4. \u00bfCu\u00e1les de los siguientes accidentes o traumas tuvo \u2026 durante los \u00faltimos doce meses?\n\nb. Fracturas\n1\tS\u00ed\n2\tNo","var_qstn_qstnlit":"H4. \u00bfCu\u00e1les de los siguientes accidentes o traumas tuvo \u2026 durante los \u00faltimos doce meses?\n\nc. Luxaciones o esguinces\n1\tS\u00ed\n2\tNo","var_qstn_postqtxt":"H4. \u00bfCu\u00e1les de los siguientes accidentes o traumas tuvo \u2026 durante los \u00faltimos doce meses?\n\nd. Lesiones internas\n1\tS\u00ed\n2\tNo","var_qstn_ivuinstr":"Se desea  conocer  si el ni\u00f1o, ni\u00f1a o adolescente ha sufrido accidentes o traumas  en los \u00faltimos  12  meses. \n\nFormule la pregunta  y marque  alternativas seg\u00fan la respuesta del informante, tenga  en cuenta  que en la alternativa Otro, \u00bfcu\u00e1l?, debe quedar  alg\u00fan accidente o trauma  que no haya sido enunciado en la pregunta.\n\nSi en el momento  de hacer esta pregunta,  el encuestado responde  alguna enfermedad,  no escriba la respuesta en  el espacio Otro, \u00bfcu\u00e1l?, recu\u00e9rdele que  la pregunta  hecha  se refiere a accidentes o traumas  y no a enfermedades, las cuales se deben  marcar  en la pregunta F3.\n\nFlujo: Si el ni\u00f1o, ni\u00f1a o adolescente no tuvo ning\u00fan accidente o trauma  en los \u00faltimos 12 meses,  debe  pasar  a la pregunta  H6. En caso de responder  j.   Ninguno, las anteriores opciones deben ser 2. No.","var_universe":"Lo constituyen los ni\u00f1os, ni\u00f1as y adolescentes entre 5 y 17 a\u00f1os de edad, residentes en el territorio nacional excluyendo los antiguos territorios nacionales.","var_universe_clusion":"I","var_sumstat":[{"value":"48909","type":"vald","wgtd":null},{"value":"0","type":"invd","wgtd":null}],"var_txt":null,"var_catgry":[{"value":"2","labl":"No","is_missing":null,"stats":[{"value":"48565","type":"freq","wgtd":null}]},{"value":"1","labl":"S\u00ed","is_missing":null,"stats":[{"value":"344","type":"freq","wgtd":null}]}],"var_codinstr":null,"var_concept":[],"var_format":{"type":"character","schema":"other","category":null,"name":null},"var_notes":null,"var_val_range":{"min":null,"max":null},"fid":"F1","sid":"372","survey_idno":"DANE-DIRPEN-ENTI-2011"}