{"file_id":"F1","vid":"V356","name":"P6868s4a1","var_intrvl":"discrete","var_dcml":null,"var_wgt":null,"var_is_wgt":null,"loc_start_pos":"2047","loc_end_pos":"2116","loc_width":"70","loc_rec_seg_no":"1","labl":"\u00bfcree que alguna de las enfermedades que ha padecido \u2026 durante los \u00faltimos doce meses, est\u00e1 relacionada con alguna de las siguientes actividades? otra  \u00bfcu\u00e1l?","var_imputation":null,"var_security":"El acceso a microdatos y Mam-up se considera como de tratamiento especial respecto a la reserva estad\u00edstica por tanto estar\u00e1 sujeto a la reglamentaci\u00f3n que para el efecto defina el Comit\u00e9 de Aseguramiento de la reserva estad\u00edstica. Resoluci\u00f3n 173 de 2008.","var_resp_unit":"Directo","var_analysis_unit":null,"var_qstn_preqtxt":"H7. \u00bfCree que alguna  de las enfermedades que ha padecido\u2026 durante los \u00faltimos doce meses, est\u00e1 relacionada con alguna de las siguientes actividades?\n\nd. Otra,\n1\tS\u00ed\n2\tNo","var_qstn_qstnlit":"H7. \u00bfCree que alguna  de las enfermedades que ha padecido\u2026 durante los \u00faltimos doce meses, est\u00e1 relacionada con alguna de las siguientes actividades?\n\n\u00bfcu\u00e1l?","var_qstn_postqtxt":"H8. El problema de salud o accidente que sufri\u00f3 ... \u00bfc\u00f3mo lo afect\u00f3 principalmente? \n\n1\tQued\u00f3 permanentemente discapacitado\n2\tLe impidi\u00f3 trabajar  de manera regular\n3\tDej\u00f3 de trabajar temporalmente \n4\tTuvo que cambiar de trabajo\n5\tDej\u00f3 la escuela o instituci\u00f3n educativa temporalmente\n6\tDej\u00f3 la escuela o instituci\u00f3n educativa definitivamente\n7\tNo fue grave\n8\tOtro, \u00bfcu\u00e1l?","var_qstn_ivuinstr":"Esta pregunta es de selecci\u00f3n m\u00faltiple y se responde con 1. Si o 2. No, para cada una de las opciones.","var_universe":"Lo constituyen los ni\u00f1os, ni\u00f1as y adolescentes entre 5 y 17 a\u00f1os de edad, residentes en el territorio nacional excluyendo los antiguos territorios nacionales.","var_universe_clusion":"I","var_sumstat":[{"value":"4666","type":"vald","wgtd":null},{"value":"0","type":"invd","wgtd":null}],"var_txt":null,"var_catgry":[],"var_codinstr":null,"var_concept":[],"var_format":{"type":"character","schema":"other","category":null,"name":null},"var_notes":null,"var_val_range":{"min":null,"max":null},"fid":"F1","sid":"372","survey_idno":"DANE-DIRPEN-ENTI-2011"}