{"file_id":"F1","vid":"V357","name":"P6869","var_intrvl":"discrete","var_dcml":"0","var_wgt":null,"var_is_wgt":null,"loc_start_pos":"2117","loc_end_pos":"2117","loc_width":"1","loc_rec_seg_no":"1","labl":"El problema de salud o accidente que sufri\u00f3 \u2026.  \u00bfc\u00f3mo lo afect\u00f3 ?","var_imputation":null,"var_security":"El acceso a microdatos y Mam-up se considera como de tratamiento especial respecto a la reserva estad\u00edstica por tanto estar\u00e1 sujeto a la reglamentaci\u00f3n que para el efecto defina el Comit\u00e9 de Aseguramiento de la reserva estad\u00edstica. Resoluci\u00f3n 173 de 2008.","var_resp_unit":"Directo","var_analysis_unit":null,"var_qstn_preqtxt":"H7. \u00bfCree que alguna  de las enfermedades que ha padecido\u2026 durante los \u00faltimos doce meses, est\u00e1 relacionada con alguna de las siguientes actividades?\n\nd. Otra,\n1\tS\u00ed\n2\tNo","var_qstn_qstnlit":"H8. El problema de salud o accidente que sufri\u00f3 ... \u00bfc\u00f3mo lo afect\u00f3 principalmente?\n\n1\tQued\u00f3 permanentemente discapacitado\n2\tLe impidi\u00f3 trabajar  de manera regular\n3\tDej\u00f3 de trabajar temporalmente \n4\tTuvo que cambiar de trabajo\n5\tDej\u00f3 la escuela o instituci\u00f3n educativa temporalmente\n6\tDej\u00f3 la escuela o instituci\u00f3n educativa definitivamente\n7\tNo fue grave\n8\tOtro,","var_qstn_postqtxt":"I1. \u00bfCu\u00e1les de las siguientes actividades hace... en el tiempo libre?\n\na. Ver televisi\u00f3n o pel\u00edculas en video\n1\tS\u00ed\n2\tNo","var_qstn_ivuinstr":"Selecci\u00f3n  \u00fanica.  Espere  la  respuesta del  encuestado, y de  acuerdo  con  la  respuesta proceda a marcar la alternativa correspondiente, en caso de seleccionar c\u00f3digo 8, \u201cOtro,\n\u00bfcu\u00e1l?\u201d, por favor indicarlo, teniendo en cuenta que esta no debe estar en las opciones del\nlistado.","var_universe":"Lo constituyen los ni\u00f1os, ni\u00f1as y adolescentes entre 5 y 17 a\u00f1os de edad, residentes en el territorio nacional excluyendo los antiguos territorios nacionales.","var_universe_clusion":"I","var_sumstat":[{"value":"9913","type":"vald","wgtd":null},{"value":"39046","type":"invd","wgtd":null},{"value":"1","type":"min","wgtd":null},{"value":"8","type":"max","wgtd":null},{"value":"6.444","type":"mean","wgtd":null},{"value":"1.019","type":"stdev","wgtd":null}],"var_txt":null,"var_catgry":[{"value":"7","labl":"No fue grave","is_missing":null,"stats":[{"value":"7160","type":"freq","wgtd":null}]},{"value":"5","labl":"Dej\u00f3 la escuela o instituci\u00f3n educativa temporalmente","is_missing":null,"stats":[{"value":"2444","type":"freq","wgtd":null}]},{"value":"8","labl":"Otro,","is_missing":null,"stats":[{"value":"104","type":"freq","wgtd":null}]},{"value":"6","labl":"Dej\u00f3 la escuela o instituci\u00f3n educativa definitivamente","is_missing":null,"stats":[{"value":"75","type":"freq","wgtd":null}]},{"value":"1","labl":"Qued\u00f3 permanentemente discapacitado","is_missing":null,"stats":[{"value":"53","type":"freq","wgtd":null}]},{"value":"3","labl":"Dej\u00f3 de trabajar temporalmente","is_missing":null,"stats":[{"value":"47","type":"freq","wgtd":null}]},{"value":"2","labl":"Le impidi\u00f3 trabajar  de manera regular","is_missing":null,"stats":[{"value":"30","type":"freq","wgtd":null}]},{"value":"4","labl":"Tuvo que cambiar de trabajo","is_missing":null,"stats":[{"value":"0","type":"freq","wgtd":null}]},{"value":"Sysmiss","labl":null,"is_missing":"Y","stats":[{"value":"39046","type":"freq","wgtd":null}]}],"var_codinstr":null,"var_concept":[],"var_format":{"type":"numeric","schema":"other","category":null,"name":null},"var_notes":null,"var_val_range":{"min":"1","max":"8"},"fid":"F1","sid":"372","survey_idno":"DANE-DIRPEN-ENTI-2011"}