{"file_id":"F1","vid":"V360","name":"P6101s1","var_intrvl":"discrete","var_dcml":null,"var_wgt":null,"var_is_wgt":null,"loc_start_pos":"2245","loc_end_pos":"2288","loc_width":"44","loc_rec_seg_no":"1","labl":"\u00bfa cu\u00e1l de los siguientes reg\u00edmenes de seguridad social en salud est\u00e1 afiliado\u2026? otro, \u00bfcu\u00e1l?","var_imputation":null,"var_security":"El acceso a microdatos y Mam-up se considera como de tratamiento especial respecto a la reserva estad\u00edstica por tanto estar\u00e1 sujeto a la reglamentaci\u00f3n que para el efecto defina el Comit\u00e9 de Aseguramiento de la reserva estad\u00edstica. Resoluci\u00f3n 173 de 2008.","var_resp_unit":"Directo","var_analysis_unit":null,"var_qstn_preqtxt":"H2. \u00bfA cu\u00e1l de los siguientes reg\u00edmenes de seguridad social en salud est\u00e1 afiliado \u2026?\n\n4\tOtro, \u00bfcu\u00e1l?","var_qstn_qstnlit":"H2. \u00bfA cu\u00e1l de los siguientes reg\u00edmenes de seguridad social en salud est\u00e1 afiliado \u2026?\n\nCu\u00e1l?","var_qstn_postqtxt":"H3. \u00bfQui\u00e9n paga mensualmente por la afiliaci\u00f3n de \u2026?\n\n1\t\u2026 paga una parte y la otra la empresa o patr\u00f3n\t\n2\t\u2026 paga la totalidad de la afiliaci\u00f3n\t\n3\tpaga completamente la empresa o patr\u00f3n donde trabaja o trabaj\u00f3\t\n4\tNo paga, es beneficiario\t\n9\tNo sabe, no informa","var_qstn_ivuinstr":"Se debe  escoger  una  de  las 4  alternativas seleccionadas, con  el fin  de  identificar  el r\u00e9gimen de seguridad social al que est\u00e1 afiliado.","var_universe":"Lo constituyen los ni\u00f1os, ni\u00f1as y adolescentes entre 5 y 17 a\u00f1os de edad, residentes en el territorio nacional excluyendo los antiguos territorios nacionales.","var_universe_clusion":"I","var_sumstat":[{"value":"77","type":"vald","wgtd":null},{"value":"0","type":"invd","wgtd":null}],"var_txt":null,"var_catgry":[{"value":"SISBEN","labl":null,"is_missing":null,"stats":[{"value":"55","type":"freq","wgtd":null}]},{"value":"POLICIA NACIONAL","labl":null,"is_missing":null,"stats":[{"value":"5","type":"freq","wgtd":null}]},{"value":"TIENE CARTA DE DESPLAZAMIENTO FORZADO","labl":null,"is_missing":null,"stats":[{"value":"2","type":"freq","wgtd":null}]},{"value":"PRESENTA CONDICION DE DESPLAZADO","labl":null,"is_missing":null,"stats":[{"value":"2","type":"freq","wgtd":null}]},{"value":"ENSANAR","labl":null,"is_missing":null,"stats":[{"value":"2","type":"freq","wgtd":null}]},{"value":"SEGURO ESTUDIANTIL UNIVERSITARIO","labl":null,"is_missing":null,"stats":[{"value":"1","type":"freq","wgtd":null}]},{"value":"SEGURO ESTUDIANTIL DE LA UNIVERSIDAD","labl":null,"is_missing":null,"stats":[{"value":"1","type":"freq","wgtd":null}]},{"value":"REJIMEN DEL SENA","labl":null,"is_missing":null,"stats":[{"value":"1","type":"freq","wgtd":null}]},{"value":"MEDICINA PREPAGADA","labl":null,"is_missing":null,"stats":[{"value":"1","type":"freq","wgtd":null}]},{"value":"FUERZA AEREA","labl":null,"is_missing":null,"stats":[{"value":"1","type":"freq","wgtd":null}]},{"value":"EPS DE OTRO PAIS CON CUBRIMIENTO NACIONAL","labl":null,"is_missing":null,"stats":[{"value":"1","type":"freq","wgtd":null}]},{"value":"COOMEVA MEDICINA PREPAGADA","labl":null,"is_missing":null,"stats":[{"value":"1","type":"freq","wgtd":null}]},{"value":"COMUNIDAD INDIGENA REGIMEN PARA LAS MINORIAS","labl":null,"is_missing":null,"stats":[{"value":"1","type":"freq","wgtd":null}]},{"value":"CARTA DE DESPLAZADO","labl":null,"is_missing":null,"stats":[{"value":"1","type":"freq","wgtd":null}]},{"value":"CAPRECOM SON DESPLAZADOS","labl":null,"is_missing":null,"stats":[{"value":"1","type":"freq","wgtd":null}]},{"value":"CAPRECOM","labl":null,"is_missing":null,"stats":[{"value":"1","type":"freq","wgtd":null}]}],"var_codinstr":null,"var_concept":[],"var_format":{"type":"character","schema":"other","category":null,"name":null},"var_notes":null,"var_val_range":{"min":null,"max":null},"fid":"F1","sid":"372","survey_idno":"DANE-DIRPEN-ENTI-2011"}