{"file_id":"F1","vid":"V404","name":"P6263","var_intrvl":"discrete","var_dcml":"0","var_wgt":null,"var_is_wgt":null,"loc_start_pos":"2597","loc_end_pos":"2597","loc_width":"1","loc_rec_seg_no":"1","labl":"\u00bfqui\u00e9n emplea a \u2026 en este trabajo?","var_imputation":null,"var_security":"El acceso a microdatos y Mam-up se considera como de tratamiento especial respecto a la reserva estad\u00edstica por tanto estar\u00e1 sujeto a la reglamentaci\u00f3n que para el efecto defina el Comit\u00e9 de Aseguramiento de la reserva estad\u00edstica. Resoluci\u00f3n 173 de 2008.","var_resp_unit":"Directo","var_analysis_unit":null,"var_qstn_preqtxt":"E23. \u00bfEn d\u00f3nde realiza principalmente \u2026 su segundo trabajo?\n\n1\tEn una obra de construcci\u00f3n\n2\tEn una mina o cantera\n3\tEn el campo realizando labores agropecuarias\n4\tEn local fijo, f\u00e1brica, almac\u00e9n, oficina\n5\tEn la vivienda que habita\n6\tEn otra vivienda\n7\tEn la calle, estacionario o ambulante\n8\tPuerta a puerta\n9\tEn kiosko o caseta\n10\tEn un veh\u00edculo u otro medio de transporte (carro, bus, tractor, lancha, bicicleta, carreta, etc?\n11\tEn otro sitio,","var_qstn_qstnlit":"E24. \u00bfQui\u00e9n emplea a \u2026 en este trabajo?\n\n1\tLos padres\n2\tOtros familiares\n3\tUna persona distinta de la familia\n4\tEs independiente (patr\u00f3n o cuenta propia)","var_qstn_postqtxt":"E25. En este trabajo \u2026 es:\n\n1\tObrero o empleado (particular o del gobierno)\t\n2\tEmpleado dom\u00e9stico\t\n3\tTrabajador por cuenta propia\t\n4\tAyudante sin remuneraci\u00f3n (hijo o familiar de empleados dom\u00e9sticos, mayordomos, jornaleros, etc.)\t\n5\tTrabajador sin remuneraci\u00f3n de empresas o negocios de otros hogares\t\n6\tJornalero o pe\u00f3n\t\n7\tOtro","var_qstn_ivuinstr":"Se pretende identificar si el empleador tiene parentesco o no. Si se selecciona la alternativa c\u00f3digo 4. \u201cEs independiente (patr\u00f3n o cuenta propia) debe pasar a la pregunta E27.","var_universe":"Lo constituyen los ni\u00f1os, ni\u00f1as y adolescentes entre 5 y 17 a\u00f1os de edad, residentes en el territorio nacional excluyendo los antiguos territorios nacionales.","var_universe_clusion":"I","var_sumstat":[{"value":"109","type":"vald","wgtd":null},{"value":"48850","type":"invd","wgtd":null},{"value":"1","type":"min","wgtd":null},{"value":"4","type":"max","wgtd":null},{"value":"2.468","type":"mean","wgtd":null},{"value":"1.199","type":"stdev","wgtd":null}],"var_txt":null,"var_catgry":[{"value":"1","labl":"Los padres","is_missing":null,"stats":[{"value":"35","type":"freq","wgtd":null}]},{"value":"4","labl":"Es independiente (patr\u00f3n o cuenta propia)","is_missing":null,"stats":[{"value":"29","type":"freq","wgtd":null}]},{"value":"3","labl":"Una persona distinta de la familia","is_missing":null,"stats":[{"value":"28","type":"freq","wgtd":null}]},{"value":"2","labl":"Otros familiares","is_missing":null,"stats":[{"value":"17","type":"freq","wgtd":null}]},{"value":"Sysmiss","labl":null,"is_missing":"Y","stats":[{"value":"48850","type":"freq","wgtd":null}]}],"var_codinstr":null,"var_concept":[],"var_format":{"type":"numeric","schema":"other","category":null,"name":null},"var_notes":null,"var_val_range":{"min":"1","max":"4"},"fid":"F1","sid":"372","survey_idno":"DANE-DIRPEN-ENTI-2011"}