{"file_id":"F2","vid":"V422","name":"P6130","var_intrvl":"discrete","var_dcml":"0","var_wgt":null,"var_is_wgt":null,"loc_start_pos":"89","loc_end_pos":"90","loc_width":"2","loc_rec_seg_no":"1","labl":"Actualmente, \u00bfpor qu\u00e9 raz\u00f3n principal no asiste a la escuela, colegio o universidad?","var_imputation":null,"var_security":"El acceso a microdatos y Mam-up se considera como de tratamiento especial respecto a la reserva estad\u00edstica por tanto estar\u00e1 sujeto a la reglamentaci\u00f3n que para el efecto defina el Comit\u00e9 de Aseguramiento de la reserva estad\u00edstica. Resoluci\u00f3n 173 de 2008.","var_resp_unit":"Directo","var_analysis_unit":null,"var_qstn_preqtxt":"C.4.\u00bfUsted asiste actualmente a la escuela, colegio o universidad, recibiendo clases de educaci\u00f3n formal?\n\n1. S\u00ed\n2. No","var_qstn_qstnlit":"C.5. Actualmente, \u00bfpor qu\u00e9 raz\u00f3n principal no asiste a la escuela, colegio o universidad?\n\n1. Tiene que trabajar o buscar trabajo\n2. No dispone de dinero para pagar los estudios\n3. Porque los padres o acudientes consideran que no est\u00e1 en edad escolar\n4. No hay cupo\n5. No hay centro educativo cercano\n6. No le gusta\n7. Debe encargarse de los oficios del hogar\n8. Cambio de residencia\n9. Por embarazo o porque tiene un hijo\n10. Problemas de seguridad (presencia de pandillas, grupos armados ilegales)\n11. Problemas de abuso por parte de los compa\u00f1eros (matoneo)\n12. Enfermedad\/discapacidad\n13. Por aprender un oficio\n14. Por desplazamiento forzado por la violencia\n15  Por desastre natural\n16. Otra raz\u00f3n,","var_qstn_postqtxt":"C.10. Normalmente \u00bfa qu\u00e9 hora se levanta y se acuesta?\n\n- Entre semana \n\nHora  se levanta","var_qstn_ivuinstr":"Formule la pregunta y espere la respuesta espont\u00e1nea del informante, registrando el c\u00f3digo de la alternativa que m\u00e1s se aproxime  a  la raz\u00f3n  dada  por  el  encuestado. Tenga en  cuenta  que  se  trata  de  una pregunta  excluyente, o sea, que si el encuestado manifiesta m\u00e1s de un motivo, p\u00eddale la raz\u00f3n principal.\n\n\nSi la respuesta no se encuentra entre  las  alternativas  ni se puede  asimilar  a alguna de ellas,  marque  la  alternativa  16  \u201cOtra  raz\u00f3n  \u00bfCu\u00e1l? \ty escriba  la  raz\u00f3n  en  el  espacio destinado para ello.\n\n\n\nS\u00ed responde alguna de las opciones , pase a C.10\n\n10. Normalmente \u00bfa qu\u00e9 hora se levanta y se acuesta?\n\n- Entre semana \n\nHora que se levanta\nHora que se acuesta\n\n- Fin de semana Hora\n \nHora que se levanta\nHora que se acuesta","var_universe":"Lo constituyen los ni\u00f1os, ni\u00f1as y adolescentes entre 5 y 17 a\u00f1os de edad, residentes  en el territorio nacional  excluyendo los antiguos  territorios nacionales.","var_universe_clusion":"I","var_sumstat":[{"value":"3441","type":"vald","wgtd":null},{"value":"45457","type":"invd","wgtd":null},{"value":"1","type":"min","wgtd":null},{"value":"16","type":"max","wgtd":null},{"value":"8.472","type":"mean","wgtd":null},{"value":"4.976","type":"stdev","wgtd":null}],"var_txt":null,"var_catgry":[{"value":"6","labl":"No le gusta","is_missing":null,"stats":[{"value":"867","type":"freq","wgtd":null}]},{"value":"16","labl":"Otra raz\u00f3n,","is_missing":null,"stats":[{"value":"808","type":"freq","wgtd":null}]},{"value":"2","labl":"No dispone de dinero para pagar los estudios","is_missing":null,"stats":[{"value":"432","type":"freq","wgtd":null}]},{"value":"8","labl":"Cambio de residencia","is_missing":null,"stats":[{"value":"368","type":"freq","wgtd":null}]},{"value":"9","labl":"Por embarazo o porque tiene un hijo","is_missing":null,"stats":[{"value":"269","type":"freq","wgtd":null}]},{"value":"12","labl":"Enfermedad\/discapacidad","is_missing":null,"stats":[{"value":"162","type":"freq","wgtd":null}]},{"value":"1","labl":"Tiene que trabajar o buscar trabajo","is_missing":null,"stats":[{"value":"139","type":"freq","wgtd":null}]},{"value":"4","labl":"No hay cupo","is_missing":null,"stats":[{"value":"102","type":"freq","wgtd":null}]},{"value":"5","labl":"No hay centro educativo cercano","is_missing":null,"stats":[{"value":"79","type":"freq","wgtd":null}]},{"value":"7","labl":"Debe encargarse de los oficios del hogar","is_missing":null,"stats":[{"value":"47","type":"freq","wgtd":null}]},{"value":"11","labl":"Problemas de abuso por parte de los compa\u00f1eros (matoneo)","is_missing":null,"stats":[{"value":"46","type":"freq","wgtd":null}]},{"value":"3","labl":"Porque los padres o acudientes consideran que no est\u00e1 en edad escolar","is_missing":null,"stats":[{"value":"45","type":"freq","wgtd":null}]},{"value":"10","labl":"Problemas de seguridad (presencia de pandillas, grupos armados ilegales)","is_missing":null,"stats":[{"value":"32","type":"freq","wgtd":null}]},{"value":"14","labl":"Por desplazamiento forzado por la violencia","is_missing":null,"stats":[{"value":"23","type":"freq","wgtd":null}]},{"value":"13","labl":"Por aprender un oficio","is_missing":null,"stats":[{"value":"18","type":"freq","wgtd":null}]},{"value":"15","labl":"Por desastre natural","is_missing":null,"stats":[{"value":"4","type":"freq","wgtd":null}]},{"value":"Sysmiss","labl":null,"is_missing":"Y","stats":[{"value":"45457","type":"freq","wgtd":null}]}],"var_codinstr":null,"var_concept":[],"var_format":{"type":"numeric","schema":"other","category":null,"name":null},"var_notes":null,"var_val_range":{"min":"1","max":"16"},"fid":"F2","sid":"372","survey_idno":"DANE-DIRPEN-ENTI-2011"}