{"file_id":"F2","vid":"V423","name":"P6130s1","var_intrvl":"discrete","var_dcml":null,"var_wgt":null,"var_is_wgt":null,"loc_start_pos":"91","loc_end_pos":"160","loc_width":"70","loc_rec_seg_no":"1","labl":"\u00bf cu\u00e1l?","var_imputation":null,"var_security":"El acceso a microdatos y Mam-up se considera como de tratamiento especial respecto a la reserva estad\u00edstica por tanto estar\u00e1 sujeto a la reglamentaci\u00f3n que para el efecto defina el Comit\u00e9 de Aseguramiento de la reserva estad\u00edstica. Resoluci\u00f3n 173 de 2008.","var_resp_unit":"Directo","var_analysis_unit":null,"var_qstn_preqtxt":"C.5.Actualmente, \u00bfpor qu\u00e9 raz\u00f3n principal no asiste a la escuela, colegio o universidad?\n\n16. Otra raz\u00f3n,","var_qstn_qstnlit":"C.5. Actualmente, \u00bfpor qu\u00e9 raz\u00f3n principal no asiste a la escuela, colegio o universidad? \n\n\u00bf Cu\u00e1l?_____________________","var_qstn_postqtxt":"C.10. Normalmente \u00bfa qu\u00e9 hora se levanta y se acuesta?\n\n- Entre semana \n\nHora se levanta","var_qstn_ivuinstr":"S\u00ed responde alguna de las opciones , pase a C.10\n\n10. Normalmente \u00bfa qu\u00e9 hora se levanta y se acuesta?\n\n- Entre semana \n\nHora que se levanta\nHora que se acuesta\n\n- Fin de semana Hora\n \nHora que se levanta\nHora que se acuesta","var_universe":"Lo constituyen los ni\u00f1os, ni\u00f1as y adolescentes entre 5 y 17 a\u00f1os de edad, residentes  en el territorio nacional  excluyendo los antiguos  territorios nacionales.","var_universe_clusion":"I","var_sumstat":[{"value":"809","type":"vald","wgtd":null},{"value":"0","type":"invd","wgtd":null}],"var_txt":null,"var_catgry":[{"value":"YA SE GRADUO","labl":null,"is_missing":null,"stats":[{"value":"13","type":"freq","wgtd":null}]},{"value":"POR BAJO RENDIMIENTO ACADEMICO","labl":null,"is_missing":null,"stats":[{"value":"13","type":"freq","wgtd":null}]},{"value":"VALIDANDO","labl":null,"is_missing":null,"stats":[{"value":"10","type":"freq","wgtd":null}]},{"value":"BAJO RENDIMIENTO ACADEMICO","labl":null,"is_missing":null,"stats":[{"value":"9","type":"freq","wgtd":null}]},{"value":"PROBLEMAS FAMILIARES","labl":null,"is_missing":null,"stats":[{"value":"7","type":"freq","wgtd":null}]},{"value":"PERDIDA DEL A\u00d1O","labl":null,"is_missing":null,"stats":[{"value":"7","type":"freq","wgtd":null}]},{"value":"PERDIO EL A\u00d1O ESCOLAR ACTUAL","labl":null,"is_missing":null,"stats":[{"value":"5","type":"freq","wgtd":null}]},{"value":"PERDIO EL A\u00d1O","labl":null,"is_missing":null,"stats":[{"value":"4","type":"freq","wgtd":null}]},{"value":"VALIDANDO EL BACHILLERATO","labl":null,"is_missing":null,"stats":[{"value":"3","type":"freq","wgtd":null}]},{"value":"TERMINO EL BACHILLER","labl":null,"is_missing":null,"stats":[{"value":"3","type":"freq","wgtd":null}]},{"value":"RECIEN SE GRADUO","labl":null,"is_missing":null,"stats":[{"value":"3","type":"freq","wgtd":null}]},{"value":"POR MAL ESTUDIANTE","labl":null,"is_missing":null,"stats":[{"value":"3","type":"freq","wgtd":null}]},{"value":"NO QUIZO ESTUDIAR","labl":null,"is_missing":null,"stats":[{"value":"3","type":"freq","wgtd":null}]},{"value":"IBA  PERDIENDO  EL  A\u00d1O","labl":null,"is_missing":null,"stats":[{"value":"3","type":"freq","wgtd":null}]},{"value":"FALTA DE DOCUMENTOS REQUERIDOS PARA LA MATRICULA","labl":null,"is_missing":null,"stats":[{"value":"3","type":"freq","wgtd":null}]},{"value":"ESTA VALIDANDO","labl":null,"is_missing":null,"stats":[{"value":"3","type":"freq","wgtd":null}]},{"value":"ESTA EN PREESCOLAR","labl":null,"is_missing":null,"stats":[{"value":"3","type":"freq","wgtd":null}]},{"value":"CAMBIO DE RESIDENCIA","labl":null,"is_missing":null,"stats":[{"value":"3","type":"freq","wgtd":null}]},{"value":"YA TERMINO EL BACHILLERATO","labl":null,"is_missing":null,"stats":[{"value":"2","type":"freq","wgtd":null}]},{"value":"YA TERMINO CARRERA TECNICA","labl":null,"is_missing":null,"stats":[{"value":"2","type":"freq","wgtd":null}]},{"value":"YA TERMINO","labl":null,"is_missing":null,"stats":[{"value":"2","type":"freq","wgtd":null}]},{"value":"VALIDACION BACHILLERATO","labl":null,"is_missing":null,"stats":[{"value":"2","type":"freq","wgtd":null}]},{"value":"VACACIONES ESCOLARES","labl":null,"is_missing":null,"stats":[{"value":"2","type":"freq","wgtd":null}]},{"value":"TIENE PROBLEMAS DE APRENDIZAJE","labl":null,"is_missing":null,"stats":[{"value":"2","type":"freq","wgtd":null}]},{"value":"TERMINO EL BACHILLERATO","labl":null,"is_missing":null,"stats":[{"value":"2","type":"freq","wgtd":null}]},{"value":"TERMINO BACHILLERATO ESTE A\u00d1O","labl":null,"is_missing":null,"stats":[{"value":"2","type":"freq","wgtd":null}]},{"value":"TERMINO BACHILLERATO","labl":null,"is_missing":null,"stats":[{"value":"2","type":"freq","wgtd":null}]},{"value":"TENIA EL A\u00d1O PERDIDO","labl":null,"is_missing":null,"stats":[{"value":"2","type":"freq","wgtd":null}]},{"value":"SE GRADUO DE BACHILLER","labl":null,"is_missing":null,"stats":[{"value":"2","type":"freq","wgtd":null}]},{"value":"QUIERE DESCANSAR","labl":null,"is_missing":null,"stats":[{"value":"2","type":"freq","wgtd":null}]},{"value":"PROBLEMAS PERSONALES","labl":null,"is_missing":null,"stats":[{"value":"2","type":"freq","wgtd":null}]},{"value":"PROBLEMAS CON LOS PROFESORES","labl":null,"is_missing":null,"stats":[{"value":"2","type":"freq","wgtd":null}]},{"value":"PROBLEMAS ACADEMICOS","labl":null,"is_missing":null,"stats":[{"value":"2","type":"freq","wgtd":null}]},{"value":"PORQUE PERDIO EL A\u00d1O","labl":null,"is_missing":null,"stats":[{"value":"2","type":"freq","wgtd":null}]},{"value":"POR PEREZA","labl":null,"is_missing":null,"stats":[{"value":"2","type":"freq","wgtd":null}]},{"value":"POR CAMBIO DE RESIDENCIA NO ENCONTRARON CUPO","labl":null,"is_missing":null,"stats":[{"value":"2","type":"freq","wgtd":null}]},{"value":"POR CAMBIO DE CIUDAD","labl":null,"is_missing":null,"stats":[{"value":"2","type":"freq","wgtd":null}]},{"value":"POR BAJO RENDIMIENTO ESCOLAR","labl":null,"is_missing":null,"stats":[{"value":"2","type":"freq","wgtd":null}]},{"value":"PERDIDA DE DOCUMENTOS","labl":null,"is_missing":null,"stats":[{"value":"2","type":"freq","wgtd":null}]},{"value":"NO TIENE TARJETA DE IDENTIDAD","labl":null,"is_missing":null,"stats":[{"value":"2","type":"freq","wgtd":null}]},{"value":"NO QUISO ESTUDIAR ESTE A\u00d1O","labl":null,"is_missing":null,"stats":[{"value":"2","type":"freq","wgtd":null}]},{"value":"NO LE GUSTO EL COLEGIO","labl":null,"is_missing":null,"stats":[{"value":"2","type":"freq","wgtd":null}]},{"value":"NO LE GUSTA","labl":null,"is_missing":null,"stats":[{"value":"2","type":"freq","wgtd":null}]},{"value":"MALTRATO DE PROFESORES","labl":null,"is_missing":null,"stats":[{"value":"2","type":"freq","wgtd":null}]},{"value":"LO EXPULSARON","labl":null,"is_missing":null,"stats":[{"value":"2","type":"freq","wgtd":null}]},{"value":"INSUFICIENSIA ACADEMICA","labl":null,"is_missing":null,"stats":[{"value":"2","type":"freq","wgtd":null}]},{"value":"INSUFICIENCIA ACADEMICA","labl":null,"is_missing":null,"stats":[{"value":"2","type":"freq","wgtd":null}]},{"value":"IBA  PERDIENDO EL A\u00d1O","labl":null,"is_missing":null,"stats":[{"value":"2","type":"freq","wgtd":null}]},{"value":"FALTA DE DOCUMENTOS","labl":null,"is_missing":null,"stats":[{"value":"2","type":"freq","wgtd":null}]},{"value":"EXPULSADO","labl":null,"is_missing":null,"stats":[{"value":"2","type":"freq","wgtd":null}]},{"value":"EXPULCION DEL COLEGIO","labl":null,"is_missing":null,"stats":[{"value":"2","type":"freq","wgtd":null}]},{"value":"ESTAN EN PARO","labl":null,"is_missing":null,"stats":[{"value":"2","type":"freq","wgtd":null}]},{"value":"ENFERMEDAD TERMINAL DEL PADRE","labl":null,"is_missing":null,"stats":[{"value":"2","type":"freq","wgtd":null}]},{"value":"EDUCACION NO FORMAL","labl":null,"is_missing":null,"stats":[{"value":"2","type":"freq","wgtd":null}]},{"value":"ASISTE A UN COLEGIO DE EDUCACION ESPECIAL","labl":null,"is_missing":null,"stats":[{"value":"2","type":"freq","wgtd":null}]},{"value":"falta de tiempo de la madre","labl":null,"is_missing":null,"stats":[{"value":"1","type":"freq","wgtd":null}]},{"value":"actualmente realiza un preuniversitario","labl":null,"is_missing":null,"stats":[{"value":"1","type":"freq","wgtd":null}]},{"value":"Ya se graduo en el colegio.","labl":null,"is_missing":null,"stats":[{"value":"1","type":"freq","wgtd":null}]},{"value":"YA TERMINO Y ESTA ESPERANDO INGRESAR A LA UNIVERSIDAD","labl":null,"is_missing":null,"stats":[{"value":"1","type":"freq","wgtd":null}]},{"value":"YA TERMINO SU BACHILLERATO POR VALIDACION","labl":null,"is_missing":null,"stats":[{"value":"1","type":"freq","wgtd":null}]},{"value":"YA TERMINO LA PRACTICA DE UN TECNICO EN AUXILIAR CONTABLE","labl":null,"is_missing":null,"stats":[{"value":"1","type":"freq","wgtd":null}]},{"value":"YA TERMINO EL TECNICO EN AUXILIAR DE ENFERMERIA","labl":null,"is_missing":null,"stats":[{"value":"1","type":"freq","wgtd":null}]},{"value":"YA TERMINO EL BACHILLERATO, ESTA EN TRAMITES PARA INGRESAR AL INPEC","labl":null,"is_missing":null,"stats":[{"value":"1","type":"freq","wgtd":null}]},{"value":"YA TERMINO EL BACHILLERATO Y ESPERA RESPUESTA ACPTACION DE LA ARMADA","labl":null,"is_missing":null,"stats":[{"value":"1","type":"freq","wgtd":null}]},{"value":"YA TERMINO EL BACHILLERATO Y  DEJO UN A\u00d1O LIBRE PARA DESCANSAR","labl":null,"is_missing":null,"stats":[{"value":"1","type":"freq","wgtd":null}]},{"value":"YA TERMINO BACHILLER ACELERADO","labl":null,"is_missing":null,"stats":[{"value":"1","type":"freq","wgtd":null}]},{"value":"YA TERMINO  DE ESTUDIAR EL BACHILLER","labl":null,"is_missing":null,"stats":[{"value":"1","type":"freq","wgtd":null}]},{"value":"YA TERMINNO EL  BACHILLERATO","labl":null,"is_missing":null,"stats":[{"value":"1","type":"freq","wgtd":null}]},{"value":"YA TENIA EL A\u00d1O PERDIDO","labl":null,"is_missing":null,"stats":[{"value":"1","type":"freq","wgtd":null}]},{"value":"YA SE GRADUO Y VA HACER UN PREICFES","labl":null,"is_missing":null,"stats":[{"value":"1","type":"freq","wgtd":null}]},{"value":"YA SE GRADUO Y NO PASO A LA UNIVERSIDAD","labl":null,"is_missing":null,"stats":[{"value":"1","type":"freq","wgtd":null}]},{"value":"YA SE GRADUO Y ESTA ESPERANDO QUE LE DEN RESULTADO EN LA U.","labl":null,"is_missing":null,"stats":[{"value":"1","type":"freq","wgtd":null}]},{"value":"YA SE GRADUO NO PASO A LA UNIVERSIDAD","labl":null,"is_missing":null,"stats":[{"value":"1","type":"freq","wgtd":null}]},{"value":"YA SE GRADUO DE LA EDUCACION SECUNDARIA","labl":null,"is_missing":null,"stats":[{"value":"1","type":"freq","wgtd":null}]},{"value":"YA SE GRADUO (NO PASO A LA UNIVERSIDAD)","labl":null,"is_missing":null,"stats":[{"value":"1","type":"freq","wgtd":null}]},{"value":"YA SE  GRADUO Y ESTA ESPERANDO UN  CUPO  DE  LA  UNIVERSIDAD","labl":null,"is_missing":null,"stats":[{"value":"1","type":"freq","wgtd":null}]},{"value":"YA SALIO DEL COLEGIO","labl":null,"is_missing":null,"stats":[{"value":"1","type":"freq","wgtd":null}]},{"value":"YA FINALIZO SU BACHILLERATO","labl":null,"is_missing":null,"stats":[{"value":"1","type":"freq","wgtd":null}]},{"value":"VIVIA EN BOGOTA AL LLEGAR A LA CIUDAD NO CONSIGIO CUPO","labl":null,"is_missing":null,"stats":[{"value":"1","type":"freq","wgtd":null}]},{"value":"VIVIA EN  VENEZUELA Y NO PUDO ENCONTRAR COLEGIO PARA ESTUDIAR","labl":null,"is_missing":null,"stats":[{"value":"1","type":"freq","wgtd":null}]},{"value":"VIENDO PENSUN DE UNIVERSIDADES","labl":null,"is_missing":null,"stats":[{"value":"1","type":"freq","wgtd":null}]},{"value":"VALIDANDO BACHILLERATO","labl":null,"is_missing":null,"stats":[{"value":"1","type":"freq","wgtd":null}]},{"value":"VALIDACION DEL BACHILLERATO","labl":null,"is_missing":null,"stats":[{"value":"1","type":"freq","wgtd":null}]},{"value":"VALIDACION","labl":null,"is_missing":null,"stats":[{"value":"1","type":"freq","wgtd":null}]},{"value":"VALIDA LOS SABADOS","labl":null,"is_missing":null,"stats":[{"value":"1","type":"freq","wgtd":null}]},{"value":"VAJAS NOTAS","labl":null,"is_missing":null,"stats":[{"value":"1","type":"freq","wgtd":null}]},{"value":"VA A VALIDAR","labl":null,"is_missing":null,"stats":[{"value":"1","type":"freq","wgtd":null}]},{"value":"VA  PERDIENDO EL A\u00d1O","labl":null,"is_missing":null,"stats":[{"value":"1","type":"freq","wgtd":null}]},{"value":"UVA MAL EN EL OLEGIO","labl":null,"is_missing":null,"stats":[{"value":"1","type":"freq","wgtd":null}]},{"value":"TRASLADO DE SEDE Y CONSIDERA QUENOLE GUSTALA SEDE","labl":null,"is_missing":null,"stats":[{"value":"1","type":"freq","wgtd":null}]},{"value":"TRASLADO DE COLEGIO Y NO LE GUSTO","labl":null,"is_missing":null,"stats":[{"value":"1","type":"freq","wgtd":null}]},{"value":"TRASLADO DE  CIUDAD","labl":null,"is_missing":null,"stats":[{"value":"1","type":"freq","wgtd":null}]},{"value":"TIENE UN PROBLEMA ESTETICO Y LE DA VERGUENZA","labl":null,"is_missing":null,"stats":[{"value":"1","type":"freq","wgtd":null}]},{"value":"TIENE RETRASO MENTAL","labl":null,"is_missing":null,"stats":[{"value":"1","type":"freq","wgtd":null}]},{"value":"TIENE QUECUIDAR A SUS DOS HIJOS","labl":null,"is_missing":null,"stats":[{"value":"1","type":"freq","wgtd":null}]},{"value":"TIENE QUE REALIZAR  OFICIOS DEL HOGAR","labl":null,"is_missing":null,"stats":[{"value":"1","type":"freq","wgtd":null}]},{"value":"TIENE PROBLEMAS DE DROGA EST EN UN CENTRO DE RECLUSION PARA JOVENES","labl":null,"is_missing":null,"stats":[{"value":"1","type":"freq","wgtd":null}]},{"value":"TIENE DIFICULTAD DE APRENDIZAJE PARA EL ESTUDIO","labl":null,"is_missing":null,"stats":[{"value":"1","type":"freq","wgtd":null}]},{"value":"TERMINO ONCE TODAVIA NO SABE QUE VA A ESTUDIAR","labl":null,"is_missing":null,"stats":[{"value":"1","type":"freq","wgtd":null}]},{"value":"TERMINO ONCE GRADO","labl":null,"is_missing":null,"stats":[{"value":"1","type":"freq","wgtd":null}]},{"value":"TERMINO LOS ESTUDIOS","labl":null,"is_missing":null,"stats":[{"value":"1","type":"freq","wgtd":null}]},{"value":"TERMINO HACE 2 MESES FORMACION TECNOOGICA","labl":null,"is_missing":null,"stats":[{"value":"1","type":"freq","wgtd":null}]},{"value":"TERMINO GRADO ONCE Y NO PIENSA SEGUIR ESTUDIANDO","labl":null,"is_missing":null,"stats":[{"value":"1","type":"freq","wgtd":null}]},{"value":"TERMINO ESTUDIOS SEGUNDARIOS Y ESTA A LA ESPERA DE LA UNIVERSIDAD","labl":null,"is_missing":null,"stats":[{"value":"1","type":"freq","wgtd":null}]},{"value":"TERMINO EL GRADO ONCE","labl":null,"is_missing":null,"stats":[{"value":"1","type":"freq","wgtd":null}]},{"value":"TERMINO EL BACHLLER","labl":null,"is_missing":null,"stats":[{"value":"1","type":"freq","wgtd":null}]},{"value":"TERMINO EL BACHILLERATO Y SE BA A MATRICULAREN LA UNIVERSIDAD","labl":null,"is_missing":null,"stats":[{"value":"1","type":"freq","wgtd":null}]},{"value":"TERMINO EL BACHILLER Y NO HA PODIDO CONTINUAR","labl":null,"is_missing":null,"stats":[{"value":"1","type":"freq","wgtd":null}]},{"value":"TERMINO EL A\u00d1O LECTIVO","labl":null,"is_missing":null,"stats":[{"value":"1","type":"freq","wgtd":null}]},{"value":"TERMINO DEL ESTUDIO","labl":null,"is_missing":null,"stats":[{"value":"1","type":"freq","wgtd":null}]},{"value":"TERMINO DE ESTUDIAR","labl":null,"is_missing":null,"stats":[{"value":"1","type":"freq","wgtd":null}]},{"value":"TERMINO COLEGIO, ESTA HACIENDO DILIGENCIAS PARA EL SERVICIO MILITAR.","labl":null,"is_missing":null,"stats":[{"value":"1","type":"freq","wgtd":null}]},{"value":"TERMINO BACHILLERATO Y TERMINO DPLOMADODE INGLES","labl":null,"is_missing":null,"stats":[{"value":"1","type":"freq","wgtd":null}]},{"value":"TERMINO BACHILLERATO Y ESTA CAPACITANDO EN PELUQUERIA","labl":null,"is_missing":null,"stats":[{"value":"1","type":"freq","wgtd":null}]},{"value":"TERMINO BACHILLERATO ACELERADO","labl":null,"is_missing":null,"stats":[{"value":"1","type":"freq","wgtd":null}]},{"value":"TERMINO  EL  BACHILLERATO","labl":null,"is_missing":null,"stats":[{"value":"1","type":"freq","wgtd":null}]},{"value":"TERMINO  BACHILLERATO ESTE A\u00d1O Y NO SE HA MATRIULADO EN OTRO ESTUDIO","labl":null,"is_missing":null,"stats":[{"value":"1","type":"freq","wgtd":null}]},{"value":"TERMINACION DEL BACHILLERTO","labl":null,"is_missing":null,"stats":[{"value":"1","type":"freq","wgtd":null}]},{"value":"TENIA VARIAS MATERIAS PERDIDAS Y NO LAS PODIA RECUPERAR","labl":null,"is_missing":null,"stats":[{"value":"1","type":"freq","wgtd":null}]},{"value":"TENIA NOTAS BAJAS Y DECIDIO RETIRARSE HACE UN MES","labl":null,"is_missing":null,"stats":[{"value":"1","type":"freq","wgtd":null}]},{"value":"TENIA MALAS NOTAS ACADEMICAS","labl":null,"is_missing":null,"stats":[{"value":"1","type":"freq","wgtd":null}]},{"value":"TENIA EL A\u00d1O PERDIDO Y S RETIROHACE 15 DIAS","labl":null,"is_missing":null,"stats":[{"value":"1","type":"freq","wgtd":null}]},{"value":"TENIA EL A\u00d1O PERDIDO DESDE MARZO","labl":null,"is_missing":null,"stats":[{"value":"1","type":"freq","wgtd":null}]},{"value":"SUSPENSION DE SUBSIDIO POR EL GOBIERNO","labl":null,"is_missing":null,"stats":[{"value":"1","type":"freq","wgtd":null}]},{"value":"SUSPENSION DE CLASES","labl":null,"is_missing":null,"stats":[{"value":"1","type":"freq","wgtd":null}]},{"value":"SUSPENDIDA POR PROBLEMAS CON  LOS DOCENTES","labl":null,"is_missing":null,"stats":[{"value":"1","type":"freq","wgtd":null}]},{"value":"SUS PADRES PIENSAN MATRICULARLO CUANDO TENGA EDAD DE VALIDAR","labl":null,"is_missing":null,"stats":[{"value":"1","type":"freq","wgtd":null}]},{"value":"SUS PADRES NO LE PERMITIERON  CONTINUAR SUS ESTUDIOS","labl":null,"is_missing":null,"stats":[{"value":"1","type":"freq","wgtd":null}]},{"value":"SUS PADRES LA RETIRARON DEL COLEGIO PORQUE ESTABA PERDIENDO EL A\u00d1O","labl":null,"is_missing":null,"stats":[{"value":"1","type":"freq","wgtd":null}]},{"value":"SUS PADRES CONSIDERAN QUE NO DEBE ASISTIR POR MALAS CALIFICACIONES","labl":null,"is_missing":null,"stats":[{"value":"1","type":"freq","wgtd":null}]},{"value":"SOLO TIENE FORMULARIO PARA HACER UNA TECNICA NO ESTA MATRICULADA","labl":null,"is_missing":null,"stats":[{"value":"1","type":"freq","wgtd":null}]},{"value":"SIERRE DEL COLEGIO","labl":null,"is_missing":null,"stats":[{"value":"1","type":"freq","wgtd":null}]},{"value":"SE VA A MATRICULAR EN EL SENA EN MARZO","labl":null,"is_missing":null,"stats":[{"value":"1","type":"freq","wgtd":null}]},{"value":"SE TOMO UN DESCANSO PARA ENTRAR EN ENERO","labl":null,"is_missing":null,"stats":[{"value":"1","type":"freq","wgtd":null}]},{"value":"SE SALIO POR PROBLEMAS CON LOS COMPA\u00d1EROS","labl":null,"is_missing":null,"stats":[{"value":"1","type":"freq","wgtd":null}]},{"value":"SE SALIO POR PROBLEMAS CON LA PROFESORA","labl":null,"is_missing":null,"stats":[{"value":"1","type":"freq","wgtd":null}]},{"value":"SE SALIO DEL SENA PORQUE NO ERA LO QUE QUERIA","labl":null,"is_missing":null,"stats":[{"value":"1","type":"freq","wgtd":null}]},{"value":"SE SALIO DEL COLEGIO PORQUE ESTABA PERDIENDO EL A\u00d1O","labl":null,"is_missing":null,"stats":[{"value":"1","type":"freq","wgtd":null}]},{"value":"SE SALIO DE COMUNICACION SOCIAL PORQUE NO LE GUSTO","labl":null,"is_missing":null,"stats":[{"value":"1","type":"freq","wgtd":null}]},{"value":"SE RETIRO PORQUE IVA PERDIENDO EL A\u00d1O ESCOLAR","labl":null,"is_missing":null,"stats":[{"value":"1","type":"freq","wgtd":null}]},{"value":"SE RETIRO PORQUE IBA PERDIENDO EL PRESENTE  A\u00d1O ESCOLAR","labl":null,"is_missing":null,"stats":[{"value":"1","type":"freq","wgtd":null}]},{"value":"SE RETIRO PORQUE IBA PERDIENDO EL A\u00d1O","labl":null,"is_missing":null,"stats":[{"value":"1","type":"freq","wgtd":null}]},{"value":"SE RETIRO POR QUE PERDIO EL A\u00d1O","labl":null,"is_missing":null,"stats":[{"value":"1","type":"freq","wgtd":null}]},{"value":"SE RETIRO POR QUE ESTAVA PERDIENDO ELA\u00d1O","labl":null,"is_missing":null,"stats":[{"value":"1","type":"freq","wgtd":null}]},{"value":"SE RETIRO POR QUE ESTABA PERDIENDO EL A\u00d1O","labl":null,"is_missing":null,"stats":[{"value":"1","type":"freq","wgtd":null}]},{"value":"SE RETIRO POR PROBLEMAS ACADEMICOS","labl":null,"is_missing":null,"stats":[{"value":"1","type":"freq","wgtd":null}]},{"value":"SE RETIRO POR NOTAS","labl":null,"is_missing":null,"stats":[{"value":"1","type":"freq","wgtd":null}]},{"value":"SE RETIRO POR MALAS CALIFICACIONES EN LA ESCUELA (PERDIENDO EL A\u00d1O)","labl":null,"is_missing":null,"stats":[{"value":"1","type":"freq","wgtd":null}]},{"value":"SE RETIRO POR DEFICIENCIA ACADEMICA","labl":null,"is_missing":null,"stats":[{"value":"1","type":"freq","wgtd":null}]},{"value":"SE RETIRO DEESTUDIAR  EN JULIO","labl":null,"is_missing":null,"stats":[{"value":"1","type":"freq","wgtd":null}]},{"value":"SE RETIRO DE ESTUDIAR PORQUE TENIA PERDIDOEL A\u00d1O","labl":null,"is_missing":null,"stats":[{"value":"1","type":"freq","wgtd":null}]},{"value":"SE RETIRO DE ESTUDIAR POR TENER ELA\u00d1O PERDIDO","labl":null,"is_missing":null,"stats":[{"value":"1","type":"freq","wgtd":null}]},{"value":"SE RETIRO","labl":null,"is_missing":null,"stats":[{"value":"1","type":"freq","wgtd":null}]},{"value":"SE PASO LA FECHA DE INSCIPCION DEL COLEGIO","labl":null,"is_missing":null,"stats":[{"value":"1","type":"freq","wgtd":null}]},{"value":"SE LE PERDIO EL REGISTRO CIVIL","labl":null,"is_missing":null,"stats":[{"value":"1","type":"freq","wgtd":null}]},{"value":"SE INCUENTRA VALIDANDO LOS FINES DE SEMANA","labl":null,"is_missing":null,"stats":[{"value":"1","type":"freq","wgtd":null}]},{"value":"SE GRADUO Y ESTA ESPERANDO INSCRIPCIONES","labl":null,"is_missing":null,"stats":[{"value":"1","type":"freq","wgtd":null}]},{"value":"SE GRADUO Y EN ELMOMENTO NO ESTA ESTUDIANDO","labl":null,"is_missing":null,"stats":[{"value":"1","type":"freq","wgtd":null}]},{"value":"SE GRADUO ESTE A\u00d1O Y VA A ESTUDIAR EN EL SENA (NO ESTA MATRICULADO)","labl":null,"is_missing":null,"stats":[{"value":"1","type":"freq","wgtd":null}]},{"value":"SE GRADUO ESTE A\u00d1O","labl":null,"is_missing":null,"stats":[{"value":"1","type":"freq","wgtd":null}]},{"value":"SE GRADUO EL A\u00d1O PASADO Y QUIZO DESCANSAR ESTE A\u00d1O","labl":null,"is_missing":null,"stats":[{"value":"1","type":"freq","wgtd":null}]},{"value":"SE GRADUO DE 11  ESTE A\u00d1O","labl":null,"is_missing":null,"stats":[{"value":"1","type":"freq","wgtd":null}]},{"value":"SE GRADUO DE  BACHILLERATO","labl":null,"is_missing":null,"stats":[{"value":"1","type":"freq","wgtd":null}]},{"value":"SE GRADUO  ESTE A\u00d1O DE 11","labl":null,"is_missing":null,"stats":[{"value":"1","type":"freq","wgtd":null}]},{"value":"SE GRADUO","labl":null,"is_missing":null,"stats":[{"value":"1","type":"freq","wgtd":null}]},{"value":"SE FUE A LA COSTA POR DOS  MESES Y CUANDO REGRESO NO LA ADMITIERON","labl":null,"is_missing":null,"stats":[{"value":"1","type":"freq","wgtd":null}]},{"value":"SE ESCAPO PARA SANVICENTE A CONOCER AL PAPA NO TERMINO DE ESTUDIAR","labl":null,"is_missing":null,"stats":[{"value":"1","type":"freq","wgtd":null}]},{"value":"SE ENCUENTRA VALIDANDO LOS SABADOS DE 6 A 6","labl":null,"is_missing":null,"stats":[{"value":"1","type":"freq","wgtd":null}]},{"value":"SE ENCUENTRA VALIDADO BACHILLERATO Y TRABAJANDO AL MISMO TIEMPO","labl":null,"is_missing":null,"stats":[{"value":"1","type":"freq","wgtd":null}]},{"value":"SE DIFICULTAR IR A ESTUDIAR, POR FALTA DE TRANSPORTE ESCOLAR","labl":null,"is_missing":null,"stats":[{"value":"1","type":"freq","wgtd":null}]},{"value":"SE DEDICA A SU NUEVO HOGAR","labl":null,"is_missing":null,"stats":[{"value":"1","type":"freq","wgtd":null}]},{"value":"SE CRUZABAN LOS HORARIOS CON  ESTUDIOS NO FORMALES QUE ESTA REALIZANDO","labl":null,"is_missing":null,"stats":[{"value":"1","type":"freq","wgtd":null}]},{"value":"SE CONSIDERA MUY GRANDE PARA ESTAR EN SEPTIMO","labl":null,"is_missing":null,"stats":[{"value":"1","type":"freq","wgtd":null}]},{"value":"SE COMPROMETIO","labl":null,"is_missing":null,"stats":[{"value":"1","type":"freq","wgtd":null}]},{"value":"SE ACCIDENTO Y DEJO DE ESTUDIAR","labl":null,"is_missing":null,"stats":[{"value":"1","type":"freq","wgtd":null}]},{"value":"SE ACABO DE GRADUAR DE 11","labl":null,"is_missing":null,"stats":[{"value":"1","type":"freq","wgtd":null}]},{"value":"SE ACABA DE GRADUAR Y NO PASO A LA U","labl":null,"is_missing":null,"stats":[{"value":"1","type":"freq","wgtd":null}]},{"value":"SE ACABA  DE  GRADUAR DE BACHILLERATO","labl":null,"is_missing":null,"stats":[{"value":"1","type":"freq","wgtd":null}]},{"value":"SE ABURRIO DE ESTUDIAR","labl":null,"is_missing":null,"stats":[{"value":"1","type":"freq","wgtd":null}]},{"value":"SE ABURRIO","labl":null,"is_missing":null,"stats":[{"value":"1","type":"freq","wgtd":null}]},{"value":"SE ABURRE DEMAXIADO  ESTUDIANDO","labl":null,"is_missing":null,"stats":[{"value":"1","type":"freq","wgtd":null}]},{"value":"SE  VOLO  A BUSCAR EL PADRE NO LO CONOCIA  SE FUE PARA SAN VICENTE","labl":null,"is_missing":null,"stats":[{"value":"1","type":"freq","wgtd":null}]},{"value":"SE  TOMO   UN  A\u00d1O  PARA   DESCANZAR","labl":null,"is_missing":null,"stats":[{"value":"1","type":"freq","wgtd":null}]},{"value":"SE  RETIRO PARA PODER JUGAR FUTBOL QUIERE SER PROFESIONAL","labl":null,"is_missing":null,"stats":[{"value":"1","type":"freq","wgtd":null}]},{"value":"SALIRSE A VIVIR CON EL NOVIO","labl":null,"is_missing":null,"stats":[{"value":"1","type":"freq","wgtd":null}]},{"value":"SALIO A VACACIONES","labl":null,"is_missing":null,"stats":[{"value":"1","type":"freq","wgtd":null}]},{"value":"SABATINOS","labl":null,"is_missing":null,"stats":[{"value":"1","type":"freq","wgtd":null}]},{"value":"RI\u00d1A CON COMPA\u00d1ERA","labl":null,"is_missing":null,"stats":[{"value":"1","type":"freq","wgtd":null}]},{"value":"RETIRO POR TERAPIAS OCUPACIONALES EN FONOADIOLOIA","labl":null,"is_missing":null,"stats":[{"value":"1","type":"freq","wgtd":null}]},{"value":"RETIRO POR MALAS CALIFICACIONES","labl":null,"is_missing":null,"stats":[{"value":"1","type":"freq","wgtd":null}]},{"value":"RETIRO POR MAL RENDIMIENTO","labl":null,"is_missing":null,"stats":[{"value":"1","type":"freq","wgtd":null}]},{"value":"RETIRO POR INDISCIPLINA","labl":null,"is_missing":null,"stats":[{"value":"1","type":"freq","wgtd":null}]},{"value":"RETIRO MAL RENDIMIENTO ACADEMICO","labl":null,"is_missing":null,"stats":[{"value":"1","type":"freq","wgtd":null}]},{"value":"RETIRO","labl":null,"is_missing":null,"stats":[{"value":"1","type":"freq","wgtd":null}]},{"value":"RETIRARON POR MAL COMPORTAMIENTO","labl":null,"is_missing":null,"stats":[{"value":"1","type":"freq","wgtd":null}]},{"value":"REPROBO EL A\u00d1O ANTERIOR (PERDIO EL A\u00d1O)","labl":null,"is_missing":null,"stats":[{"value":"1","type":"freq","wgtd":null}]},{"value":"RENDIMIENTO ACADEMICO  MALO","labl":null,"is_missing":null,"stats":[{"value":"1","type":"freq","wgtd":null}]},{"value":"RECIEN TERMINO EL BACHILLERATO","labl":null,"is_missing":null,"stats":[{"value":"1","type":"freq","wgtd":null}]},{"value":"RECIE GRADUADO","labl":null,"is_missing":null,"stats":[{"value":"1","type":"freq","wgtd":null}]},{"value":"RECIBIA MALOS TRATOS EN EL COLEGIO","labl":null,"is_missing":null,"stats":[{"value":"1","type":"freq","wgtd":null}]},{"value":"RECIBE MALOS  TRATO DEL ESTABLECIMIENTO EDUCATIVO","labl":null,"is_missing":null,"stats":[{"value":"1","type":"freq","wgtd":null}]},{"value":"RECIBE EDUCACION INFORMAL EN INGLES","labl":null,"is_missing":null,"stats":[{"value":"1","type":"freq","wgtd":null}]},{"value":"QUIERE DESCANSAR PARA EMPEZAR A ESTUDIAR EL PROXIMO A\u00d1O","labl":null,"is_missing":null,"stats":[{"value":"1","type":"freq","wgtd":null}]},{"value":"QUIERE DEDICARSE A OTRAS ACTIVIDADES, POR ESO ESTA VALIDANDO","labl":null,"is_missing":null,"stats":[{"value":"1","type":"freq","wgtd":null}]},{"value":"QUERIA TRABAJAR POR DINERO","labl":null,"is_missing":null,"stats":[{"value":"1","type":"freq","wgtd":null}]},{"value":"QUERIA DESCANSAR ANTES DE ENTRAR A LA UNIVERSIDAD","labl":null,"is_missing":null,"stats":[{"value":"1","type":"freq","wgtd":null}]},{"value":"QUERIA  HACER  UN CURZO DE INGLES ANTES DE LA UNIVERSIDAD","labl":null,"is_missing":null,"stats":[{"value":"1","type":"freq","wgtd":null}]},{"value":"PROBLEMAS FAMILIARES (MALTRATO FAMILIAR)","labl":null,"is_missing":null,"stats":[{"value":"1","type":"freq","wgtd":null}]},{"value":"PROBLEMAS EXTERNOS AL HOGAR","labl":null,"is_missing":null,"stats":[{"value":"1","type":"freq","wgtd":null}]},{"value":"PROBLEMAS EN EL HOGAR","labl":null,"is_missing":null,"stats":[{"value":"1","type":"freq","wgtd":null}]},{"value":"PROBLEMAS DE PAPELES EN SECRETARIA DE EDUCACION","labl":null,"is_missing":null,"stats":[{"value":"1","type":"freq","wgtd":null}]},{"value":"PROBLEMAS DE LENGUAJE","labl":null,"is_missing":null,"stats":[{"value":"1","type":"freq","wgtd":null}]},{"value":"PROBLEMAS DE INDICIPLINA Y BAJO RENDIMIENTO","labl":null,"is_missing":null,"stats":[{"value":"1","type":"freq","wgtd":null}]},{"value":"PROBLEMAS DE DOCUMENTOS","labl":null,"is_missing":null,"stats":[{"value":"1","type":"freq","wgtd":null}]},{"value":"PROBLEMAS DE CONDUCTA DEL NI\u00d1O","labl":null,"is_missing":null,"stats":[{"value":"1","type":"freq","wgtd":null}]},{"value":"PROBLEMAS DE COMPORTAMINTO DEL NI\u00d1O","labl":null,"is_missing":null,"stats":[{"value":"1","type":"freq","wgtd":null}]},{"value":"PROBLEMAS DE APRENDIZAJE","labl":null,"is_missing":null,"stats":[{"value":"1","type":"freq","wgtd":null}]},{"value":"PROBLEMAS DE APRENDISAJE Y LENGUAJE LO HECHARON DE LA ESCUELA","labl":null,"is_missing":null,"stats":[{"value":"1","type":"freq","wgtd":null}]},{"value":"PROBLEMAS DE ABUSO POR PARTE DE UNA PROFESORA","labl":null,"is_missing":null,"stats":[{"value":"1","type":"freq","wgtd":null}]},{"value":"PROBLEMAS CON UNA PROFESORA","labl":null,"is_missing":null,"stats":[{"value":"1","type":"freq","wgtd":null}]},{"value":"PROBLEMAS CON UN PROFESOR","labl":null,"is_missing":null,"stats":[{"value":"1","type":"freq","wgtd":null}]},{"value":"PROBLEMAS CON LA ROFESORA","labl":null,"is_missing":null,"stats":[{"value":"1","type":"freq","wgtd":null}]},{"value":"PROBLEMAS CON LA DOCUMENTACION SOLICITADA POR EL PLANTEL EDUCATIVO.","labl":null,"is_missing":null,"stats":[{"value":"1","type":"freq","wgtd":null}]},{"value":"PROBLEMAS CON  UN  PROFESOR","labl":null,"is_missing":null,"stats":[{"value":"1","type":"freq","wgtd":null}]},{"value":"PROBLEMA DE APRENDIZAJE","labl":null,"is_missing":null,"stats":[{"value":"1","type":"freq","wgtd":null}]},{"value":"PROBLEMA DE ACOSO POR PARTE DE UN PROFESOR","labl":null,"is_missing":null,"stats":[{"value":"1","type":"freq","wgtd":null}]},{"value":"PROBLEMA  DE CONDUCTA","labl":null,"is_missing":null,"stats":[{"value":"1","type":"freq","wgtd":null}]},{"value":"POSTERGO EL INGRESO A LA UNIVERSIDAD PARA EL OTRO A\u00d1O","labl":null,"is_missing":null,"stats":[{"value":"1","type":"freq","wgtd":null}]},{"value":"PORTERMINACION DELPROYECTO DE ESTUDIO","labl":null,"is_missing":null,"stats":[{"value":"1","type":"freq","wgtd":null}]},{"value":"PORQUE TUVO UN ACCIDENTE","labl":null,"is_missing":null,"stats":[{"value":"1","type":"freq","wgtd":null}]},{"value":"PORQUE TIENE PROBLEMAS CON LOS PROFESORES","labl":null,"is_missing":null,"stats":[{"value":"1","type":"freq","wgtd":null}]},{"value":"PORQUE TERMINO HACE POCO EL COLEGIO","labl":null,"is_missing":null,"stats":[{"value":"1","type":"freq","wgtd":null}]},{"value":"PORQUE TENIA MALAS NOTAS","labl":null,"is_missing":null,"stats":[{"value":"1","type":"freq","wgtd":null}]},{"value":"PORQUE SE SIENTE MUY GRANDE PARA CURSAR QUINTO DE PRIMARIA","labl":null,"is_missing":null,"stats":[{"value":"1","type":"freq","wgtd":null}]},{"value":"PORQUE SE INCUENTRA VALIDANDO Y TRABAJAN AL MISMO TIEMPO","labl":null,"is_missing":null,"stats":[{"value":"1","type":"freq","wgtd":null}]},{"value":"PORQUE SE ENCUENTRA EN EL BIENESTAR","labl":null,"is_missing":null,"stats":[{"value":"1","type":"freq","wgtd":null}]},{"value":"PORQUE SE CASO Y EL MARIDO NO LA DEJO SEGUIR ESTUDIANDO","labl":null,"is_missing":null,"stats":[{"value":"1","type":"freq","wgtd":null}]},{"value":"PORQUE REQUIERE UNA INSTITUCION ESPECIAL","labl":null,"is_missing":null,"stats":[{"value":"1","type":"freq","wgtd":null}]},{"value":"PORQUE RECIBIO MALOS TRATOS DE LA PROFESORA","labl":null,"is_missing":null,"stats":[{"value":"1","type":"freq","wgtd":null}]},{"value":"PORQUE QUIERE AYUDARLE A SU MADRE CON LOS GASTOS","labl":null,"is_missing":null,"stats":[{"value":"1","type":"freq","wgtd":null}]},{"value":"PORQUE QUERIA DESCANZAR UN A\u00d1O DEL ESTUDIO","labl":null,"is_missing":null,"stats":[{"value":"1","type":"freq","wgtd":null}]},{"value":"PORQUE PERDIO MUCHOS DIAS DE CLASE Y NO VOLVIO","labl":null,"is_missing":null,"stats":[{"value":"1","type":"freq","wgtd":null}]},{"value":"PORQUE PERDIO EL A\u00d1O ESCOLAR","labl":null,"is_missing":null,"stats":[{"value":"1","type":"freq","wgtd":null}]},{"value":"PORQUE PERDIO 5 Y 8 GRADOS, Y PARA NO ATRASARSE MAS DECIDIO VALIDAR","labl":null,"is_missing":null,"stats":[{"value":"1","type":"freq","wgtd":null}]},{"value":"PORQUE NO TIENE UNA PERSONA QUE LA LLEVE Y LATRAIGA","labl":null,"is_missing":null,"stats":[{"value":"1","type":"freq","wgtd":null}]},{"value":"PORQUE NO TIENE DOCUMENTOS","labl":null,"is_missing":null,"stats":[{"value":"1","type":"freq","wgtd":null}]},{"value":"PORQUE NO TIENE BUENAS RELACIONES CON LOS PROFESORES","labl":null,"is_missing":null,"stats":[{"value":"1","type":"freq","wgtd":null}]},{"value":"PORQUE NO QUIZO IR  MAS","labl":null,"is_missing":null,"stats":[{"value":"1","type":"freq","wgtd":null}]},{"value":"PORQUE NO QUERIA ESTUDIAR EN ESE COLEGIO SOLO ESTUDIO 2MESES","labl":null,"is_missing":null,"stats":[{"value":"1","type":"freq","wgtd":null}]},{"value":"PORQUE NO LO HABIAN REGISTRADO","labl":null,"is_missing":null,"stats":[{"value":"1","type":"freq","wgtd":null}]},{"value":"PORQUE NO LE GUSTABA EL COLEGIO DONDE ESTUDIABA","labl":null,"is_missing":null,"stats":[{"value":"1","type":"freq","wgtd":null}]},{"value":"PORQUE NO HABIA DINERO PARA LOS UNIFORMES","labl":null,"is_missing":null,"stats":[{"value":"1","type":"freq","wgtd":null}]},{"value":"PORQUE NO HA PODIDO PASAR AL SENA","labl":null,"is_missing":null,"stats":[{"value":"1","type":"freq","wgtd":null}]},{"value":"PORQUE NO ERA BUENA LA ENSE\u00d1ANZA","labl":null,"is_missing":null,"stats":[{"value":"1","type":"freq","wgtd":null}]},{"value":"PORQUE NO CONSIQUIO LOS PAPELES PARA SEGUIR ESTUDIANDO","labl":null,"is_missing":null,"stats":[{"value":"1","type":"freq","wgtd":null}]},{"value":"PORQUE LOS COMPA\u00d1EROS SE BURLABAN DE EL POR PRESENTACION PERSONAL","labl":null,"is_missing":null,"stats":[{"value":"1","type":"freq","wgtd":null}]},{"value":"PORQUE LLEVABA BAJO RENDIMIENTO ACADEMICO","labl":null,"is_missing":null,"stats":[{"value":"1","type":"freq","wgtd":null}]},{"value":"PORQUE LES CANCELARON EL CUPO POR INDISCIPLINA","labl":null,"is_missing":null,"stats":[{"value":"1","type":"freq","wgtd":null}]},{"value":"PORQUE LE DA PEREZA ESTUDIAR","labl":null,"is_missing":null,"stats":[{"value":"1","type":"freq","wgtd":null}]},{"value":"PORQUE LE CANCELARON MATRICULA POR MAL COMPORTAMIENTO","labl":null,"is_missing":null,"stats":[{"value":"1","type":"freq","wgtd":null}]},{"value":"PORQUE LA  MADRE  NO  QUIERE   QUE  ESTUDIE","labl":null,"is_missing":null,"stats":[{"value":"1","type":"freq","wgtd":null}]},{"value":"PORQUE LA  MADRE  NO  QUIERE","labl":null,"is_missing":null,"stats":[{"value":"1","type":"freq","wgtd":null}]},{"value":"PORQUE IVA PERDIENDO EL A\u00d1O","labl":null,"is_missing":null,"stats":[{"value":"1","type":"freq","wgtd":null}]},{"value":"PORQUE IBA MAL","labl":null,"is_missing":null,"stats":[{"value":"1","type":"freq","wgtd":null}]},{"value":"PORQUE ESTABA VIVIENDO EN ECUADOR Y REGRESO A COLOMBIA HACE POCO","labl":null,"is_missing":null,"stats":[{"value":"1","type":"freq","wgtd":null}]},{"value":"PORQUE ESTABA PERDIENDO EL A\u00d1O","labl":null,"is_missing":null,"stats":[{"value":"1","type":"freq","wgtd":null}]},{"value":"PORQUE ESTABA MAL EN EL COLEGIO ACADEMICAMENTE","labl":null,"is_missing":null,"stats":[{"value":"1","type":"freq","wgtd":null}]},{"value":"PORQUE ESTA VALIDANDO","labl":null,"is_missing":null,"stats":[{"value":"1","type":"freq","wgtd":null}]},{"value":"PORQUE ESTA  VIVIENDO CON EL NOVIO","labl":null,"is_missing":null,"stats":[{"value":"1","type":"freq","wgtd":null}]},{"value":"PORQUE ES INDISIPLINADA Y SU MADRE NO LE DA MAS ESTUDIO","labl":null,"is_missing":null,"stats":[{"value":"1","type":"freq","wgtd":null}]},{"value":"PORQUE CONFORMO UN NUEVO HOGAR (SE CASO)","labl":null,"is_missing":null,"stats":[{"value":"1","type":"freq","wgtd":null}]},{"value":"PORQUE  LA  MADRE  NO  QUIERE QUE  ESTUDIE","labl":null,"is_missing":null,"stats":[{"value":"1","type":"freq","wgtd":null}]},{"value":"PORQUE  ESTABA INTERNO EN CORRECCIONAL DE MENORES","labl":null,"is_missing":null,"stats":[{"value":"1","type":"freq","wgtd":null}]},{"value":"PORQ PERDIO EL A\u00d1O PERO PIENSA RETOMAR SUS ESTUDIOS EL SIGUIENTE A\u00d1O","labl":null,"is_missing":null,"stats":[{"value":"1","type":"freq","wgtd":null}]},{"value":"POR VIAJE.","labl":null,"is_missing":null,"stats":[{"value":"1","type":"freq","wgtd":null}]},{"value":"POR VACACIONES DE FIN DE A\u00d1O","labl":null,"is_missing":null,"stats":[{"value":"1","type":"freq","wgtd":null}]},{"value":"POR UN ACCIDENTE SE QUEBRO EL CODO","labl":null,"is_missing":null,"stats":[{"value":"1","type":"freq","wgtd":null}]},{"value":"POR TRABAJAR PARA UYUDAR EN LA CASA","labl":null,"is_missing":null,"stats":[{"value":"1","type":"freq","wgtd":null}]},{"value":"POR TERMINACION DELPROYECTO EDUCATIVO","labl":null,"is_missing":null,"stats":[{"value":"1","type":"freq","wgtd":null}]},{"value":"POR SECUELA DE ACCIDENTE EN EL MES DE JULIO","labl":null,"is_missing":null,"stats":[{"value":"1","type":"freq","wgtd":null}]},{"value":"POR QUE VIAJA CONSTANTEMENTE","labl":null,"is_missing":null,"stats":[{"value":"1","type":"freq","wgtd":null}]},{"value":"POR QUE TUVO QUE  VIAJAR","labl":null,"is_missing":null,"stats":[{"value":"1","type":"freq","wgtd":null}]},{"value":"POR QUE TUVO PROBLEMAS EN EL COLEGIO","labl":null,"is_missing":null,"stats":[{"value":"1","type":"freq","wgtd":null}]},{"value":"POR QUE TERMINO ESTUDIOS DE SEGUNDARIA","labl":null,"is_missing":null,"stats":[{"value":"1","type":"freq","wgtd":null}]},{"value":"POR QUE TERMINO EL BALLICHER Y NO SE HA PODIDO MATRICULAR EN LA U","labl":null,"is_missing":null,"stats":[{"value":"1","type":"freq","wgtd":null}]},{"value":"POR QUE SE CASO","labl":null,"is_missing":null,"stats":[{"value":"1","type":"freq","wgtd":null}]},{"value":"POR QUE QUIEREN ESTUDIAR EN OTRA PARTE (RIOSUCIO)","labl":null,"is_missing":null,"stats":[{"value":"1","type":"freq","wgtd":null}]},{"value":"POR QUE PERDIO EL A\u00d1O  ESCOLAR","labl":null,"is_missing":null,"stats":[{"value":"1","type":"freq","wgtd":null}]},{"value":"POR QUE PERDIO EL A\u00d1O","labl":null,"is_missing":null,"stats":[{"value":"1","type":"freq","wgtd":null}]},{"value":"POR QUE PERDIO 2 A\u00d1OS","labl":null,"is_missing":null,"stats":[{"value":"1","type":"freq","wgtd":null}]},{"value":"POR QUE PARA ELLA LOS PROFESORES SON MUY GROSEROS","labl":null,"is_missing":null,"stats":[{"value":"1","type":"freq","wgtd":null}]},{"value":"POR QUE NO TIENE DOCUMENTOS","labl":null,"is_missing":null,"stats":[{"value":"1","type":"freq","wgtd":null}]},{"value":"POR QUE NO TIENE DOCUMENTO","labl":null,"is_missing":null,"stats":[{"value":"1","type":"freq","wgtd":null}]},{"value":"POR QUE NO TENIA REGISTRO CIVIL","labl":null,"is_missing":null,"stats":[{"value":"1","type":"freq","wgtd":null}]},{"value":"POR QUE NO QUIERE ESTUDIAR","labl":null,"is_missing":null,"stats":[{"value":"1","type":"freq","wgtd":null}]},{"value":"POR QUE NO LE GUSTA","labl":null,"is_missing":null,"stats":[{"value":"1","type":"freq","wgtd":null}]},{"value":"POR QUE NO LE ERA DE AGRADO LA INSTITUCION DONDE ESTUDIABA","labl":null,"is_missing":null,"stats":[{"value":"1","type":"freq","wgtd":null}]},{"value":"POR QUE NO CUMPLIO CON LAS NOTAS REQUERIDAS POR EL PLANTEL","labl":null,"is_missing":null,"stats":[{"value":"1","type":"freq","wgtd":null}]},{"value":"POR QUE NO  HAY  ECONOMIA","labl":null,"is_missing":null,"stats":[{"value":"1","type":"freq","wgtd":null}]},{"value":"POR QUE LO HECHARON Y NO LO RECIBEN","labl":null,"is_missing":null,"stats":[{"value":"1","type":"freq","wgtd":null}]},{"value":"POR QUE LO HECHARON","labl":null,"is_missing":null,"stats":[{"value":"1","type":"freq","wgtd":null}]},{"value":"POR QUE LLEVA EL A\u00d1O PERDIO","labl":null,"is_missing":null,"stats":[{"value":"1","type":"freq","wgtd":null}]},{"value":"POR QUE LAPROFESORA LE TIABA  LAS OREJAS","labl":null,"is_missing":null,"stats":[{"value":"1","type":"freq","wgtd":null}]},{"value":"POR QUE LA PROFESORA SE ENFERMO","labl":null,"is_missing":null,"stats":[{"value":"1","type":"freq","wgtd":null}]},{"value":"POR QUE IBA  MAL EN EL COLEGIO","labl":null,"is_missing":null,"stats":[{"value":"1","type":"freq","wgtd":null}]},{"value":"POR QUE ESTABA MAL ACADEMICAMENTE Y DECIDE SALIRSE DEL A\u00d1O ESCOLAR","labl":null,"is_missing":null,"stats":[{"value":"1","type":"freq","wgtd":null}]},{"value":"POR QUE ESTA ATRASADO  EN NIVEL ESCOLAR Y QUIERE VALIDAR","labl":null,"is_missing":null,"stats":[{"value":"1","type":"freq","wgtd":null}]},{"value":"POR QUE ES RESPONSABLE DE LOS OFICIOS DEL HOGAR","labl":null,"is_missing":null,"stats":[{"value":"1","type":"freq","wgtd":null}]},{"value":"POR QUE EL COLEGIO NO LE GUSTO","labl":null,"is_missing":null,"stats":[{"value":"1","type":"freq","wgtd":null}]},{"value":"POR Q HAY UNA FALLA REGISTRO CIVIL DE NACIMIENTO POR NUMEROS DOC","labl":null,"is_missing":null,"stats":[{"value":"1","type":"freq","wgtd":null}]},{"value":"POR PROBLEMAS DICIPLINARIOS","labl":null,"is_missing":null,"stats":[{"value":"1","type":"freq","wgtd":null}]},{"value":"POR PROBLEMAS DE SALUD","labl":null,"is_missing":null,"stats":[{"value":"1","type":"freq","wgtd":null}]},{"value":"POR PROBLEMAS CON UN PROFEOR","labl":null,"is_missing":null,"stats":[{"value":"1","type":"freq","wgtd":null}]},{"value":"POR PROBLEMAS CON LOS PROFESORES","labl":null,"is_missing":null,"stats":[{"value":"1","type":"freq","wgtd":null}]},{"value":"POR PROBLEMAS CON LA PROFESORA","labl":null,"is_missing":null,"stats":[{"value":"1","type":"freq","wgtd":null}]},{"value":"POR PROBLEMAS CON LA COORDINADORA","labl":null,"is_missing":null,"stats":[{"value":"1","type":"freq","wgtd":null}]},{"value":"POR PERDER DOS MATERIA","labl":null,"is_missing":null,"stats":[{"value":"1","type":"freq","wgtd":null}]},{"value":"POR NO HAY UN PROFESOR ASIGNADO A LA ESCUELA MAS CERCANA","labl":null,"is_missing":null,"stats":[{"value":"1","type":"freq","wgtd":null}]},{"value":"POR MUERTE DE UN FAMILIAR","labl":null,"is_missing":null,"stats":[{"value":"1","type":"freq","wgtd":null}]},{"value":"POR MUCHAS FALLAS  YA QUE LE DABA PEREZA","labl":null,"is_missing":null,"stats":[{"value":"1","type":"freq","wgtd":null}]},{"value":"POR MOTIVOS DE VIAJES","labl":null,"is_missing":null,"stats":[{"value":"1","type":"freq","wgtd":null}]},{"value":"POR MIEDO A LA PROFESORA","labl":null,"is_missing":null,"stats":[{"value":"1","type":"freq","wgtd":null}]},{"value":"POR MALTRATO POR PARTE DE LA  PROFESORA","labl":null,"is_missing":null,"stats":[{"value":"1","type":"freq","wgtd":null}]},{"value":"POR MALTRATO DE PROFESORA","labl":null,"is_missing":null,"stats":[{"value":"1","type":"freq","wgtd":null}]},{"value":"POR MALTRATO DE LOS PROFESORES","labl":null,"is_missing":null,"stats":[{"value":"1","type":"freq","wgtd":null}]},{"value":"POR MALN ESTUDIANTE","labl":null,"is_missing":null,"stats":[{"value":"1","type":"freq","wgtd":null}]},{"value":"POR MALAS INFLUENCIAS","labl":null,"is_missing":null,"stats":[{"value":"1","type":"freq","wgtd":null}]},{"value":"POR MALA DICIPLINA","labl":null,"is_missing":null,"stats":[{"value":"1","type":"freq","wgtd":null}]},{"value":"POR MAL RENDIMIENTO ACADEMICO, SE RETIRO EN MARZO","labl":null,"is_missing":null,"stats":[{"value":"1","type":"freq","wgtd":null}]},{"value":"POR MAL RENDIMIENTO ACADEMICO","labl":null,"is_missing":null,"stats":[{"value":"1","type":"freq","wgtd":null}]},{"value":"POR MAL RENDIMIENTO","labl":null,"is_missing":null,"stats":[{"value":"1","type":"freq","wgtd":null}]},{"value":"POR LAS MALAS COMPA\u00d1IAS","labl":null,"is_missing":null,"stats":[{"value":"1","type":"freq","wgtd":null}]},{"value":"POR LA EDAD NO LO RECIBEN EN COLEGIO DISTRITAL","labl":null,"is_missing":null,"stats":[{"value":"1","type":"freq","wgtd":null}]},{"value":"POR JUGAR FUTBOL","labl":null,"is_missing":null,"stats":[{"value":"1","type":"freq","wgtd":null}]},{"value":"POR IR MAL EN EL A\u00d1O ESCOLAR","labl":null,"is_missing":null,"stats":[{"value":"1","type":"freq","wgtd":null}]},{"value":"POR INSEGURIDAD","labl":null,"is_missing":null,"stats":[{"value":"1","type":"freq","wgtd":null}]},{"value":"POR INDICIPLINADO","labl":null,"is_missing":null,"stats":[{"value":"1","type":"freq","wgtd":null}]},{"value":"POR INDICIPLINA","labl":null,"is_missing":null,"stats":[{"value":"1","type":"freq","wgtd":null}]},{"value":"POR INASISENCIA AL COLEGIO","labl":null,"is_missing":null,"stats":[{"value":"1","type":"freq","wgtd":null}]},{"value":"POR HIPERACTIVIDAD","labl":null,"is_missing":null,"stats":[{"value":"1","type":"freq","wgtd":null}]},{"value":"POR FALTA DE RECURSOS Y DE QUIEN CUIDE A SU BEBE","labl":null,"is_missing":null,"stats":[{"value":"1","type":"freq","wgtd":null}]},{"value":"POR FALTA DE INTERES","labl":null,"is_missing":null,"stats":[{"value":"1","type":"freq","wgtd":null}]},{"value":"POR FALTA DE DOCUMENTOS PARA ESTUDIAR","labl":null,"is_missing":null,"stats":[{"value":"1","type":"freq","wgtd":null}]},{"value":"POR FALTA DE DOCUMENTACION","labl":null,"is_missing":null,"stats":[{"value":"1","type":"freq","wgtd":null}]},{"value":"POR EXPULSION DEL COLEGIO","labl":null,"is_missing":null,"stats":[{"value":"1","type":"freq","wgtd":null}]},{"value":"POR EXPULCION","labl":null,"is_missing":null,"stats":[{"value":"1","type":"freq","wgtd":null}]},{"value":"POR ESTABA MAL EN EL COLEGIO IBA A PERDER EL A\u00d1O Y SE RETIRO","labl":null,"is_missing":null,"stats":[{"value":"1","type":"freq","wgtd":null}]},{"value":"POR ENFERMEDAD  MENINGITIS","labl":null,"is_missing":null,"stats":[{"value":"1","type":"freq","wgtd":null}]},{"value":"POR ENCARCELAMIENTO DEL PADRE TIENE Q COLABORAR GASTOS DE HOGAR","labl":null,"is_missing":null,"stats":[{"value":"1","type":"freq","wgtd":null}]},{"value":"POR ENCARCELAMIENTO DEL PADRE","labl":null,"is_missing":null,"stats":[{"value":"1","type":"freq","wgtd":null}]},{"value":"POR EMBARAZO","labl":null,"is_missing":null,"stats":[{"value":"1","type":"freq","wgtd":null}]},{"value":"POR CONFORMAR UN HOGAR","labl":null,"is_missing":null,"stats":[{"value":"1","type":"freq","wgtd":null}]},{"value":"POR CONFORMACION DE UN NUEVO HOGAR","labl":null,"is_missing":null,"stats":[{"value":"1","type":"freq","wgtd":null}]},{"value":"POR CONDICIONES CULTURALES (ROOM O GITANOS)","labl":null,"is_missing":null,"stats":[{"value":"1","type":"freq","wgtd":null}]},{"value":"POR CASTIGO NO LE DIERON ESTUDIO","labl":null,"is_missing":null,"stats":[{"value":"1","type":"freq","wgtd":null}]},{"value":"POR CAMBIO DE JORNADA","labl":null,"is_missing":null,"stats":[{"value":"1","type":"freq","wgtd":null}]},{"value":"POR CAMBIO DE CALENDARIO","labl":null,"is_missing":null,"stats":[{"value":"1","type":"freq","wgtd":null}]},{"value":"POR BAJO RENDIMIENTO, SE RETIRO","labl":null,"is_missing":null,"stats":[{"value":"1","type":"freq","wgtd":null}]},{"value":"POR BAJO RENDIIENTO ACADEMICO","labl":null,"is_missing":null,"stats":[{"value":"1","type":"freq","wgtd":null}]},{"value":"POR BAJO REDIMIENTO ACADEMICO","labl":null,"is_missing":null,"stats":[{"value":"1","type":"freq","wgtd":null}]},{"value":"POR  NO  HAVER PRECENTADO LAS   PRUEVAS  DEL  ESTADOS","labl":null,"is_missing":null,"stats":[{"value":"1","type":"freq","wgtd":null}]},{"value":"POR  MALOS VICIOS","labl":null,"is_missing":null,"stats":[{"value":"1","type":"freq","wgtd":null}]},{"value":"POR  INASISTENCIA(PERDIO EL CUPO)","labl":null,"is_missing":null,"stats":[{"value":"1","type":"freq","wgtd":null}]},{"value":"PEREZA","labl":null,"is_missing":null,"stats":[{"value":"1","type":"freq","wgtd":null}]},{"value":"PERDIO EL A\u00d1O Y  SE DESANIMO","labl":null,"is_missing":null,"stats":[{"value":"1","type":"freq","wgtd":null}]},{"value":"PERDIO A\u00d1O, NO SABE SI VA ESTUDIAR MAS, YA ESTA RETIRADO DEL COLEGIO.","labl":null,"is_missing":null,"stats":[{"value":"1","type":"freq","wgtd":null}]},{"value":"PERDIO A\u00d1O, NO SABE SI VA A ESTUDIAR MAS, ESTA RETIRADA DEL COLEGIO.","labl":null,"is_missing":null,"stats":[{"value":"1","type":"freq","wgtd":null}]},{"value":"PERDIDA DEL A\u00d1O ESCOLAR","labl":null,"is_missing":null,"stats":[{"value":"1","type":"freq","wgtd":null}]},{"value":"PERDIDA DE A\u00d1O","labl":null,"is_missing":null,"stats":[{"value":"1","type":"freq","wgtd":null}]},{"value":"PERDIDA  DE PAPELES","labl":null,"is_missing":null,"stats":[{"value":"1","type":"freq","wgtd":null}]},{"value":"PERDIA EL A\u00d1O POR ANTICIPADO","labl":null,"is_missing":null,"stats":[{"value":"1","type":"freq","wgtd":null}]},{"value":"PENSABAN VIAJAR AL EXTERIOR Y NO FUE MATRICULADA ESTE A\u00d1O DESCANSANDO","labl":null,"is_missing":null,"stats":[{"value":"1","type":"freq","wgtd":null}]},{"value":"PARA DEDICARSE AL DEPORTE BOXEO","labl":null,"is_missing":null,"stats":[{"value":"1","type":"freq","wgtd":null}]},{"value":"PARA CUIDAR A LA MAMA ENFERMA","labl":null,"is_missing":null,"stats":[{"value":"1","type":"freq","wgtd":null}]},{"value":"PAGO MATRICULA Y NO APARECIA EN SISTEMA","labl":null,"is_missing":null,"stats":[{"value":"1","type":"freq","wgtd":null}]},{"value":"OPERACIN","labl":null,"is_missing":null,"stats":[{"value":"1","type":"freq","wgtd":null}]},{"value":"NO TIENEN ESTABILIDAD EN VIVIENDA","labl":null,"is_missing":null,"stats":[{"value":"1","type":"freq","wgtd":null}]},{"value":"NO TIENE PAPELES","labl":null,"is_missing":null,"stats":[{"value":"1","type":"freq","wgtd":null}]},{"value":"NO TIENE LOS DOCUMENTOS NECESARIOS EN LA CIUDAD PARA ESTUDIAR","labl":null,"is_missing":null,"stats":[{"value":"1","type":"freq","wgtd":null}]},{"value":"NO TIENE LOS DOCUMENTOS","labl":null,"is_missing":null,"stats":[{"value":"1","type":"freq","wgtd":null}]},{"value":"NO TIENE DOCUMENTOS","labl":null,"is_missing":null,"stats":[{"value":"1","type":"freq","wgtd":null}]},{"value":"NO TIENE CONQUIEN DEJAR LA NI\u00d1A","labl":null,"is_missing":null,"stats":[{"value":"1","type":"freq","wgtd":null}]},{"value":"NO TIENE CERTIFICADO DEL ULTIMO A\u00d1O CURSADO","labl":null,"is_missing":null,"stats":[{"value":"1","type":"freq","wgtd":null}]},{"value":"NO TENIA QUIEN LA LLEVARA AL COLEGIO","labl":null,"is_missing":null,"stats":[{"value":"1","type":"freq","wgtd":null}]},{"value":"NO SE SENTIA BIEN EN ESE COLEGIO","labl":null,"is_missing":null,"stats":[{"value":"1","type":"freq","wgtd":null}]},{"value":"NO SE LO RECIBIERON","labl":null,"is_missing":null,"stats":[{"value":"1","type":"freq","wgtd":null}]},{"value":"NO SE HA DECIDIDO","labl":null,"is_missing":null,"stats":[{"value":"1","type":"freq","wgtd":null}]},{"value":"NO QUIZO SEGUIR ESTUDIANDO (PROBLEMAS DE CONDUCTA)","labl":null,"is_missing":null,"stats":[{"value":"1","type":"freq","wgtd":null}]},{"value":"NO QUIZO SEGUIR ESTUDIANDO","labl":null,"is_missing":null,"stats":[{"value":"1","type":"freq","wgtd":null}]},{"value":"NO QUIZO SEGUIR","labl":null,"is_missing":null,"stats":[{"value":"1","type":"freq","wgtd":null}]},{"value":"NO QUIZO ESTUDIAR ESTE A\u00d1O","labl":null,"is_missing":null,"stats":[{"value":"1","type":"freq","wgtd":null}]},{"value":"NO QUISO ESTUIAR ESTE A\u00d1O","labl":null,"is_missing":null,"stats":[{"value":"1","type":"freq","wgtd":null}]},{"value":"NO QUIERE SEGUIR ESTUDIANDO","labl":null,"is_missing":null,"stats":[{"value":"1","type":"freq","wgtd":null}]},{"value":"NO QUIERE ESTUDIAR","labl":null,"is_missing":null,"stats":[{"value":"1","type":"freq","wgtd":null}]},{"value":"NO QUIERE","labl":null,"is_missing":null,"stats":[{"value":"1","type":"freq","wgtd":null}]},{"value":"NO PUDO PRESENTAR EL ICFES","labl":null,"is_missing":null,"stats":[{"value":"1","type":"freq","wgtd":null}]},{"value":"NO PRESENTO LAS PRUEBAS ICFES","labl":null,"is_missing":null,"stats":[{"value":"1","type":"freq","wgtd":null}]},{"value":"NO PASO EXAMEN DE ADMISION DE LA UNIVERSIDAD PUBLICA","labl":null,"is_missing":null,"stats":[{"value":"1","type":"freq","wgtd":null}]},{"value":"NO PASO ESTE A\u00d1O A LA UNIVERSIDAD","labl":null,"is_missing":null,"stats":[{"value":"1","type":"freq","wgtd":null}]},{"value":"NO PASO A LA UNIVERSIDAD","labl":null,"is_missing":null,"stats":[{"value":"1","type":"freq","wgtd":null}]},{"value":"NO PASO A LA UNIERSIDAD EN EL SEMESTRE ACTUAL","labl":null,"is_missing":null,"stats":[{"value":"1","type":"freq","wgtd":null}]},{"value":"NO LO RECIBIAN ENLA ESCUELA POR LA EDAD","labl":null,"is_missing":null,"stats":[{"value":"1","type":"freq","wgtd":null}]},{"value":"NO LO RECIBEN POR LA EDAD","labl":null,"is_missing":null,"stats":[{"value":"1","type":"freq","wgtd":null}]},{"value":"NO LO RECIBEN EN NINGUN COLEGIO POR LA EDAD","labl":null,"is_missing":null,"stats":[{"value":"1","type":"freq","wgtd":null}]},{"value":"NO LO RECIBEN EN EL COLEGIO POR LA EDAD","labl":null,"is_missing":null,"stats":[{"value":"1","type":"freq","wgtd":null}]},{"value":"NO LO RECIBEN EN CENTROS EDUCATIVOS POR LA EDAD ES MAYOR PARA EL CURSO","labl":null,"is_missing":null,"stats":[{"value":"1","type":"freq","wgtd":null}]},{"value":"NO LO ADMITEN POR TEER EL CABELLO LARGO","labl":null,"is_missing":null,"stats":[{"value":"1","type":"freq","wgtd":null}]},{"value":"NO LO ACEPTARON EN EL COLEGIO POR LA EDAD","labl":null,"is_missing":null,"stats":[{"value":"1","type":"freq","wgtd":null}]},{"value":"NO LO ACEPTARON EN  EL COLEGIO POR MAL RENDIMIENTO","labl":null,"is_missing":null,"stats":[{"value":"1","type":"freq","wgtd":null}]},{"value":"NO LEGUSTA ESTUDIAR","labl":null,"is_missing":null,"stats":[{"value":"1","type":"freq","wgtd":null}]},{"value":"NO LE GUSTO LA JORNADA EN QUE SE MATRICULO","labl":null,"is_missing":null,"stats":[{"value":"1","type":"freq","wgtd":null}]},{"value":"NO LE GUSTA LA INSTITUCION EDUCATIVA","labl":null,"is_missing":null,"stats":[{"value":"1","type":"freq","wgtd":null}]},{"value":"NO LE GUSTA IR","labl":null,"is_missing":null,"stats":[{"value":"1","type":"freq","wgtd":null}]},{"value":"NO LE GUSTA ESTUDIAR","labl":null,"is_missing":null,"stats":[{"value":"1","type":"freq","wgtd":null}]},{"value":"NO LE GUSTA EL ESTUDIO Y SE COMPROMETIO","labl":null,"is_missing":null,"stats":[{"value":"1","type":"freq","wgtd":null}]},{"value":"NO LE DIERON LOS PAPELES PARA ENTRAR A OTRO COLEGIO","labl":null,"is_missing":null,"stats":[{"value":"1","type":"freq","wgtd":null}]},{"value":"NO LA RECIBEN POR LA EDAD","labl":null,"is_missing":null,"stats":[{"value":"1","type":"freq","wgtd":null}]},{"value":"NO LA RECIBEN EN NINGUN COLEGIO","labl":null,"is_missing":null,"stats":[{"value":"1","type":"freq","wgtd":null}]},{"value":"NO LA  ACEPTARON  POR BAJO RENDIMIENTO ACADEMICO","labl":null,"is_missing":null,"stats":[{"value":"1","type":"freq","wgtd":null}]},{"value":"NO HUBO QUIEN LA LLEVARA AL COLEGIO","labl":null,"is_missing":null,"stats":[{"value":"1","type":"freq","wgtd":null}]},{"value":"NO HAY PLANTEL EDUCATIVO CERCANO","labl":null,"is_missing":null,"stats":[{"value":"1","type":"freq","wgtd":null}]},{"value":"NO HAY DINERO","labl":null,"is_missing":null,"stats":[{"value":"1","type":"freq","wgtd":null}]},{"value":"NO HAY  PLANTEL EDUCATIVO CERCANO","labl":null,"is_missing":null,"stats":[{"value":"1","type":"freq","wgtd":null}]},{"value":"NO HABRIERON LA INSTITUCION EDUCATIVA DURANTE EL A\u00d1O ESCOLAR","labl":null,"is_missing":null,"stats":[{"value":"1","type":"freq","wgtd":null}]},{"value":"NO HA PODIDO ENTRAR A LA UNIVERSIDAD","labl":null,"is_missing":null,"stats":[{"value":"1","type":"freq","wgtd":null}]},{"value":"NO HA PASADO LOS EXAENES PARA ENTRAR A LA UNIVERSIDAD","labl":null,"is_missing":null,"stats":[{"value":"1","type":"freq","wgtd":null}]},{"value":"NO HA DECIDIDO QUE ESTUDIAR PROFESIONALMENTE","labl":null,"is_missing":null,"stats":[{"value":"1","type":"freq","wgtd":null}]},{"value":"NO ENCONTRO CUPO","labl":null,"is_missing":null,"stats":[{"value":"1","type":"freq","wgtd":null}]},{"value":"NO DISPONE DE LOS DOCUMENTOS","labl":null,"is_missing":null,"stats":[{"value":"1","type":"freq","wgtd":null}]},{"value":"NO CUENTA CON LOS DOCUMENTOS NECESARIOS PARA INGRESAR AL COLEGIO","labl":null,"is_missing":null,"stats":[{"value":"1","type":"freq","wgtd":null}]},{"value":"NO ASISTE POR SU BAJO RENDIMIENTO ACADEMICO","labl":null,"is_missing":null,"stats":[{"value":"1","type":"freq","wgtd":null}]},{"value":"NO ALCANZO A ENTRAR DESDE PRINCIPIO DEL A\u00d1O 2011","labl":null,"is_missing":null,"stats":[{"value":"1","type":"freq","wgtd":null}]},{"value":"NO ACEPTAN OTRA NACIONALIDAD","labl":null,"is_missing":null,"stats":[{"value":"1","type":"freq","wgtd":null}]},{"value":"NO  ESTUDIA  POR QUE NO PRECENTO  LAS PRUEVAS  DE  ESTADOS","labl":null,"is_missing":null,"stats":[{"value":"1","type":"freq","wgtd":null}]},{"value":"NECESITA EDUCACION ESPECIAL","labl":null,"is_missing":null,"stats":[{"value":"1","type":"freq","wgtd":null}]},{"value":"MUY BAJO RENDIMIENTO ACADEMICO","labl":null,"is_missing":null,"stats":[{"value":"1","type":"freq","wgtd":null}]},{"value":"MOTIVO VIAJE POR ENFERMEDAD DE LA MAMA","labl":null,"is_missing":null,"stats":[{"value":"1","type":"freq","wgtd":null}]},{"value":"MANIFIESTA QUE LE DA  FLOJERA","labl":null,"is_missing":null,"stats":[{"value":"1","type":"freq","wgtd":null}]},{"value":"MALTRATO POR UN PROFESOR","labl":null,"is_missing":null,"stats":[{"value":"1","type":"freq","wgtd":null}]},{"value":"MALTRATO POR PARTE DE LOS PRPFESORES","labl":null,"is_missing":null,"stats":[{"value":"1","type":"freq","wgtd":null}]},{"value":"MALTRATO POR PARTE DE LOS PROFESORES","labl":null,"is_missing":null,"stats":[{"value":"1","type":"freq","wgtd":null}]},{"value":"MALTRATO FISICO POR PARTE DE LOS PROFESORES","labl":null,"is_missing":null,"stats":[{"value":"1","type":"freq","wgtd":null}]},{"value":"MALTRATO  POR LA PROFESORA","labl":null,"is_missing":null,"stats":[{"value":"1","type":"freq","wgtd":null}]},{"value":"MALOS TRATOS POR PARTE DE LA PROFESORA","labl":null,"is_missing":null,"stats":[{"value":"1","type":"freq","wgtd":null}]},{"value":"MALOS TRATOS FISICOS DE PROFESORES","labl":null,"is_missing":null,"stats":[{"value":"1","type":"freq","wgtd":null}]},{"value":"MALOS TRATOS DE LOS PROFESORES","labl":null,"is_missing":null,"stats":[{"value":"1","type":"freq","wgtd":null}]},{"value":"MALCOMPORTAMITO","labl":null,"is_missing":null,"stats":[{"value":"1","type":"freq","wgtd":null}]},{"value":"MALAS CALIFICACIONES ESCOLARES","labl":null,"is_missing":null,"stats":[{"value":"1","type":"freq","wgtd":null}]},{"value":"MAL TRATO EN EL COLEGIO","labl":null,"is_missing":null,"stats":[{"value":"1","type":"freq","wgtd":null}]},{"value":"MAL RENDIMIENTO ACADEMICO","labl":null,"is_missing":null,"stats":[{"value":"1","type":"freq","wgtd":null}]},{"value":"MAL EN RENDIMIENTO ACADEMICO, INSUFICIENSIA ACADEMICA","labl":null,"is_missing":null,"stats":[{"value":"1","type":"freq","wgtd":null}]},{"value":"MAL EN EL A\u00d1O ACADEMICO","labl":null,"is_missing":null,"stats":[{"value":"1","type":"freq","wgtd":null}]},{"value":"MAL AMBIENTE ESCOLAR","labl":null,"is_missing":null,"stats":[{"value":"1","type":"freq","wgtd":null}]},{"value":"LOS PADRES NO TIENEN TIEMPO PARA ORIENTARLA EN SUS ESTUDIOS","labl":null,"is_missing":null,"stats":[{"value":"1","type":"freq","wgtd":null}]},{"value":"LOS PADRES NO TIENEN TIEMPO PARA LLEVARLA AL COLEGIO","labl":null,"is_missing":null,"stats":[{"value":"1","type":"freq","wgtd":null}]},{"value":"LOS PADRES DECIDIERON RETIRARLO POR BAJO RENDIMIENTO ACADEMICO","labl":null,"is_missing":null,"stats":[{"value":"1","type":"freq","wgtd":null}]},{"value":"LO VOTARON DEL COLEGIO POR PELIAR","labl":null,"is_missing":null,"stats":[{"value":"1","type":"freq","wgtd":null}]},{"value":"LO VOTARON DEL COLEGIO","labl":null,"is_missing":null,"stats":[{"value":"1","type":"freq","wgtd":null}]},{"value":"LO SUSPENDIERON DEL COLEGIO","labl":null,"is_missing":null,"stats":[{"value":"1","type":"freq","wgtd":null}]},{"value":"LO SANCIONARON POR MAL COMPORTAMIENTO","labl":null,"is_missing":null,"stats":[{"value":"1","type":"freq","wgtd":null}]},{"value":"LO SANCIONARON DEFINITIVO (ECHARON)","labl":null,"is_missing":null,"stats":[{"value":"1","type":"freq","wgtd":null}]},{"value":"LO SACIONARON  POR 2 A\u00d1OS POR PELION","labl":null,"is_missing":null,"stats":[{"value":"1","type":"freq","wgtd":null}]},{"value":"LO SACARON POR INDICIPLINA","labl":null,"is_missing":null,"stats":[{"value":"1","type":"freq","wgtd":null}]},{"value":"LO SACARON DEL COLEGIO, PORQUE NO QUERIA ESTUDIAR","labl":null,"is_missing":null,"stats":[{"value":"1","type":"freq","wgtd":null}]},{"value":"LO SACARON DEL COLEGIO, PORQUE LLORABA MUCHO","labl":null,"is_missing":null,"stats":[{"value":"1","type":"freq","wgtd":null}]},{"value":"LO RETIRARON PORQUE IBA MAL EN LA ESCUELA","labl":null,"is_missing":null,"stats":[{"value":"1","type":"freq","wgtd":null}]},{"value":"LO RETIRARON PORQUE IBA MAL","labl":null,"is_missing":null,"stats":[{"value":"1","type":"freq","wgtd":null}]},{"value":"LO RETIRARON POR QUE ESTABA MAL EN EL ESTUDIO","labl":null,"is_missing":null,"stats":[{"value":"1","type":"freq","wgtd":null}]},{"value":"LO RETIRARON POR IR MAL ACADEMICAMENTE","labl":null,"is_missing":null,"stats":[{"value":"1","type":"freq","wgtd":null}]},{"value":"LO RETIRARON POR INDISCILINA","labl":null,"is_missing":null,"stats":[{"value":"1","type":"freq","wgtd":null}]},{"value":"LO RETIRARON POR BAJO RENDIMIENTO ACADEMICO","labl":null,"is_missing":null,"stats":[{"value":"1","type":"freq","wgtd":null}]},{"value":"LO RETIRARON DEL COLEGIO  POR QUE VA MAL","labl":null,"is_missing":null,"stats":[{"value":"1","type":"freq","wgtd":null}]},{"value":"LO OPERARON DE LAS MANOS","labl":null,"is_missing":null,"stats":[{"value":"1","type":"freq","wgtd":null}]},{"value":"LO HECHARON DEL COLEGIO","labl":null,"is_missing":null,"stats":[{"value":"1","type":"freq","wgtd":null}]},{"value":"LO EXPULSARON POR VENDER DROGAS","labl":null,"is_missing":null,"stats":[{"value":"1","type":"freq","wgtd":null}]},{"value":"LO EXPULSARON POR MAL COMPORTAMIENTO","labl":null,"is_missing":null,"stats":[{"value":"1","type":"freq","wgtd":null}]},{"value":"LO EXPULSARON DEL ESTABLECIMIENTO EDUCATIVO POR INDICIPLINA","labl":null,"is_missing":null,"stats":[{"value":"1","type":"freq","wgtd":null}]},{"value":"LO EXPULSARON DEL COLEGIO POR  INDISCPLINA","labl":null,"is_missing":null,"stats":[{"value":"1","type":"freq","wgtd":null}]},{"value":"LO EXPULSARON DEL COLEGIO","labl":null,"is_missing":null,"stats":[{"value":"1","type":"freq","wgtd":null}]},{"value":"LO EXPULSARON DE LA ESCUELA","labl":null,"is_missing":null,"stats":[{"value":"1","type":"freq","wgtd":null}]},{"value":"LO ECHARON POR NO TENER UNIFORME","labl":null,"is_missing":null,"stats":[{"value":"1","type":"freq","wgtd":null}]},{"value":"LO ECHARON DEL COLEGIO","labl":null,"is_missing":null,"stats":[{"value":"1","type":"freq","wgtd":null}]},{"value":"LLEVA PERDIDO EL A\u00d1O Y SUS PADRES VAN A ESPERAR EL PROXINO A\u00d1O","labl":null,"is_missing":null,"stats":[{"value":"1","type":"freq","wgtd":null}]},{"value":"LLEGARON DE OTRA CIUDAD","labl":null,"is_missing":null,"stats":[{"value":"1","type":"freq","wgtd":null}]},{"value":"LESION RECIENTE EN EL TALON DE AQUILES","labl":null,"is_missing":null,"stats":[{"value":"1","type":"freq","wgtd":null}]},{"value":"LE FUE MAL EN EL ICFES","labl":null,"is_missing":null,"stats":[{"value":"1","type":"freq","wgtd":null}]},{"value":"LE FALTA DOCUMENTACION DE IDENTIDAD","labl":null,"is_missing":null,"stats":[{"value":"1","type":"freq","wgtd":null}]},{"value":"LE ESTABA LLENDO MAL, Y LO SACARON DE ESTUDIAR","labl":null,"is_missing":null,"stats":[{"value":"1","type":"freq","wgtd":null}]},{"value":"LE DIO FLOJERA Y SE SALIO DEL COLEGIO","labl":null,"is_missing":null,"stats":[{"value":"1","type":"freq","wgtd":null}]},{"value":"LE DA PEREZA IR A ESTUDIAR","labl":null,"is_missing":null,"stats":[{"value":"1","type":"freq","wgtd":null}]},{"value":"LE DA PEREZA ESTUDIAR","labl":null,"is_missing":null,"stats":[{"value":"1","type":"freq","wgtd":null}]},{"value":"LE DA PENA QUE LA MOLESTEN DESPUES DE HABERSE CASADO","labl":null,"is_missing":null,"stats":[{"value":"1","type":"freq","wgtd":null}]},{"value":"LE CANCELARON EL CUPO POR INDISCILINA","labl":null,"is_missing":null,"stats":[{"value":"1","type":"freq","wgtd":null}]},{"value":"LE AVERGUENZA ESTUDIAR CON NI\u00d1OS MAS PEQUE\u00d1OS","labl":null,"is_missing":null,"stats":[{"value":"1","type":"freq","wgtd":null}]},{"value":"LA SACARON DEL COLEGIO POR IR PERDIENDO MATERIA","labl":null,"is_missing":null,"stats":[{"value":"1","type":"freq","wgtd":null}]},{"value":"LA PROFESORA LE PEGABA AL NI\u00d1O Y LA MAMA DESIDIO SACARLO","labl":null,"is_missing":null,"stats":[{"value":"1","type":"freq","wgtd":null}]},{"value":"LA PROFESORA DE ARTISTICA LOS MALTRATABA","labl":null,"is_missing":null,"stats":[{"value":"1","type":"freq","wgtd":null}]},{"value":"LA MAMA SE ENFERMO","labl":null,"is_missing":null,"stats":[{"value":"1","type":"freq","wgtd":null}]},{"value":"LA MAMA LA RETIRO PORQUE COGIO MALAS INFLUENCIAS","labl":null,"is_missing":null,"stats":[{"value":"1","type":"freq","wgtd":null}]},{"value":"LA MAMA DECIDIO RETIRARLO DEL COEG POR UNA CIRUGIA QUE LE HICIERON","labl":null,"is_missing":null,"stats":[{"value":"1","type":"freq","wgtd":null}]},{"value":"LA MADRE NUNCA CONSIDERO DARLE EDUCACION","labl":null,"is_missing":null,"stats":[{"value":"1","type":"freq","wgtd":null}]},{"value":"LA MADRE NO QUIERE ENVIARLO POR NO ACUDIR A UNA CITACION","labl":null,"is_missing":null,"stats":[{"value":"1","type":"freq","wgtd":null}]},{"value":"LA MADRE LOS RETIRO POR BAJO RENDIMIENTO","labl":null,"is_missing":null,"stats":[{"value":"1","type":"freq","wgtd":null}]},{"value":"LA MADRE LA RETIRO POR PROBLEMAS CON EL PROFESOR","labl":null,"is_missing":null,"stats":[{"value":"1","type":"freq","wgtd":null}]},{"value":"LA EXPULSARON DEL COLEGIO EN JUNIO","labl":null,"is_missing":null,"stats":[{"value":"1","type":"freq","wgtd":null}]},{"value":"LA ESCUELA UBICADA A LARGA DISTANCIA DEL HOGAR","labl":null,"is_missing":null,"stats":[{"value":"1","type":"freq","wgtd":null}]},{"value":"LA ESCUELA LE QUEDA MUY LEJOS","labl":null,"is_missing":null,"stats":[{"value":"1","type":"freq","wgtd":null}]},{"value":"LA ABUELA NO QUIZO DARLE MAS ESTUDIO","labl":null,"is_missing":null,"stats":[{"value":"1","type":"freq","wgtd":null}]},{"value":"LA   MADRE  NO   QUIERE  QUE  ESTUDIE","labl":null,"is_missing":null,"stats":[{"value":"1","type":"freq","wgtd":null}]},{"value":"IVA PERDIENDO EL A\u00d1O","labl":null,"is_missing":null,"stats":[{"value":"1","type":"freq","wgtd":null}]},{"value":"IVA  MAL  ACADEMICAMENTE","labl":null,"is_missing":null,"stats":[{"value":"1","type":"freq","wgtd":null}]},{"value":"INSUFICIENSA ACADEMICA MAL RENDIMIENTO ACADEMICO","labl":null,"is_missing":null,"stats":[{"value":"1","type":"freq","wgtd":null}]},{"value":"INSTITUCION EDUCATIVA MUY LEJOS","labl":null,"is_missing":null,"stats":[{"value":"1","type":"freq","wgtd":null}]},{"value":"INSTITO DE INGLES","labl":null,"is_missing":null,"stats":[{"value":"1","type":"freq","wgtd":null}]},{"value":"INICIA ESTUDIO EN ENERO","labl":null,"is_missing":null,"stats":[{"value":"1","type":"freq","wgtd":null}]},{"value":"INGRESA PROXIMO SEMESTRE UNIVERSIDAD","labl":null,"is_missing":null,"stats":[{"value":"1","type":"freq","wgtd":null}]},{"value":"INGRESA EN ENERO","labl":null,"is_missing":null,"stats":[{"value":"1","type":"freq","wgtd":null}]},{"value":"INDISIPINA ESCOLAR","labl":null,"is_missing":null,"stats":[{"value":"1","type":"freq","wgtd":null}]},{"value":"INDECISION EN LA CARRERA  A ESTUDIAR","labl":null,"is_missing":null,"stats":[{"value":"1","type":"freq","wgtd":null}]},{"value":"INCONVENIENTES FAMILIARES","labl":null,"is_missing":null,"stats":[{"value":"1","type":"freq","wgtd":null}]},{"value":"INCOMBENIENTE CON PROFESORES MALTRATO","labl":null,"is_missing":null,"stats":[{"value":"1","type":"freq","wgtd":null}]},{"value":"IBA PERDIENDO EL A\u00d1O Y SE RETIRO HACE 2 SEMANAS","labl":null,"is_missing":null,"stats":[{"value":"1","type":"freq","wgtd":null}]},{"value":"IBA PERDIENDO EL A\u00d1O Y LO RETIRARON","labl":null,"is_missing":null,"stats":[{"value":"1","type":"freq","wgtd":null}]},{"value":"IBA PERDIENDO EL A\u00d1O Y LA SACARON DE ESTUDIAR","labl":null,"is_missing":null,"stats":[{"value":"1","type":"freq","wgtd":null}]},{"value":"IBA PERDIENDO EL A\u00d1O","labl":null,"is_missing":null,"stats":[{"value":"1","type":"freq","wgtd":null}]},{"value":"IBA PERDIENDO EL  A\u00d1O","labl":null,"is_missing":null,"stats":[{"value":"1","type":"freq","wgtd":null}]},{"value":"IBA MAL EN EL ESTUDIO Y SE SALIO DE ESTUDIAR","labl":null,"is_missing":null,"stats":[{"value":"1","type":"freq","wgtd":null}]},{"value":"IBA MAL ACADEMICAMENTE SE RETIRO","labl":null,"is_missing":null,"stats":[{"value":"1","type":"freq","wgtd":null}]},{"value":"IBA MAL","labl":null,"is_missing":null,"stats":[{"value":"1","type":"freq","wgtd":null}]},{"value":"IBA  REGULAR EN COLEGIO","labl":null,"is_missing":null,"stats":[{"value":"1","type":"freq","wgtd":null}]},{"value":"IBA  PERDIENDO EL A\u00d1O ESCOLAR","labl":null,"is_missing":null,"stats":[{"value":"1","type":"freq","wgtd":null}]},{"value":"IBA  PERDIENDO  EL A\u00d1O","labl":null,"is_missing":null,"stats":[{"value":"1","type":"freq","wgtd":null}]},{"value":"IBA  MAL  EN EL COLEGIO","labl":null,"is_missing":null,"stats":[{"value":"1","type":"freq","wgtd":null}]},{"value":"IBA  MAL  EN  EL  COLEGIO","labl":null,"is_missing":null,"stats":[{"value":"1","type":"freq","wgtd":null}]},{"value":"HIPERACTIVO","labl":null,"is_missing":null,"stats":[{"value":"1","type":"freq","wgtd":null}]},{"value":"HIPERACTIVIDAD TRATAMIENTO","labl":null,"is_missing":null,"stats":[{"value":"1","type":"freq","wgtd":null}]},{"value":"HIPERACTIVIDAD NO CONTROLADA","labl":null,"is_missing":null,"stats":[{"value":"1","type":"freq","wgtd":null}]},{"value":"HIBA PERDIENDO EL A\u00d1O","labl":null,"is_missing":null,"stats":[{"value":"1","type":"freq","wgtd":null}]},{"value":"HIBA MAL EN COLEGIO Y PREFIRIO RETIRARSE","labl":null,"is_missing":null,"stats":[{"value":"1","type":"freq","wgtd":null}]},{"value":"HIBA MAL  EN EL ESTUDIO  Y  SE RETIRO","labl":null,"is_missing":null,"stats":[{"value":"1","type":"freq","wgtd":null}]},{"value":"HACIENDO DILIGENCIAS PARA ENTRAR A LA UNIVERSIDAD","labl":null,"is_missing":null,"stats":[{"value":"1","type":"freq","wgtd":null}]},{"value":"FUE SUSPENDIDA Y LOS PADRES NO QUISIERON QUE REGRESARA","labl":null,"is_missing":null,"stats":[{"value":"1","type":"freq","wgtd":null}]},{"value":"FUE RETIRADO LA PROFESORA LO MALTRATABA","labl":null,"is_missing":null,"stats":[{"value":"1","type":"freq","wgtd":null}]},{"value":"FUE RETIRADO A MITAD DE A\u00d1O","labl":null,"is_missing":null,"stats":[{"value":"1","type":"freq","wgtd":null}]},{"value":"FUE RETIRADA PORQUE IVA PERDIENDO MATERIAS","labl":null,"is_missing":null,"stats":[{"value":"1","type":"freq","wgtd":null}]},{"value":"FUE RETIRADA DEL COEGIO  IBA  MAL EN EL ESTUDIO","labl":null,"is_missing":null,"stats":[{"value":"1","type":"freq","wgtd":null}]},{"value":"FUE INTERNADO EN UNA CLINICA DE REHABILITACION","labl":null,"is_missing":null,"stats":[{"value":"1","type":"freq","wgtd":null}]},{"value":"FUE EXPULSADO DEL COLEGIO POR MALA CONDUCTA","labl":null,"is_missing":null,"stats":[{"value":"1","type":"freq","wgtd":null}]},{"value":"FUE EXPULSADO DEL COLEGIO","labl":null,"is_missing":null,"stats":[{"value":"1","type":"freq","wgtd":null}]},{"value":"FUE AGREDIDO POR LA MADRE, EL COLEGIO LA CITO, ELLA NO PRESENTO","labl":null,"is_missing":null,"stats":[{"value":"1","type":"freq","wgtd":null}]},{"value":"FUE  EXPULSADO DEL COLEGIO","labl":null,"is_missing":null,"stats":[{"value":"1","type":"freq","wgtd":null}]},{"value":"FALTO MUCHO A CLASES Y SE RETIRO","labl":null,"is_missing":null,"stats":[{"value":"1","type":"freq","wgtd":null}]},{"value":"FALTA DE PAPELES Y CERTIFICADOS DE ESTUDIOS ANTERIORES","labl":null,"is_missing":null,"stats":[{"value":"1","type":"freq","wgtd":null}]},{"value":"FALTA DE MOTIVACION POR BAJO RENDIMIENTO ACADEMICO","labl":null,"is_missing":null,"stats":[{"value":"1","type":"freq","wgtd":null}]},{"value":"FALTA DE DOCUMENTO DE IDENTIDAD","labl":null,"is_missing":null,"stats":[{"value":"1","type":"freq","wgtd":null}]},{"value":"FALTA DE DOCUMENTACION","labl":null,"is_missing":null,"stats":[{"value":"1","type":"freq","wgtd":null}]},{"value":"FALTA DE DISCIPLINA","labl":null,"is_missing":null,"stats":[{"value":"1","type":"freq","wgtd":null}]},{"value":"FALTA DE DINERO","labl":null,"is_missing":null,"stats":[{"value":"1","type":"freq","wgtd":null}]},{"value":"FALTA DE CERTIFICADOS DE ESTUDIO","labl":null,"is_missing":null,"stats":[{"value":"1","type":"freq","wgtd":null}]},{"value":"EXPULSION DEL COLEGIO","labl":null,"is_missing":null,"stats":[{"value":"1","type":"freq","wgtd":null}]},{"value":"EXPULSION DE LA ESCUELA POR BAJO RENDINIENTO","labl":null,"is_missing":null,"stats":[{"value":"1","type":"freq","wgtd":null}]},{"value":"EXPULSADO DE LA ESCUELA","labl":null,"is_missing":null,"stats":[{"value":"1","type":"freq","wgtd":null}]},{"value":"ESTUDIARA EL PROXIMO A\u00d1O","labl":null,"is_missing":null,"stats":[{"value":"1","type":"freq","wgtd":null}]},{"value":"ESTUDIA EN UNA INSTITUCION NO FORMAL PARA EL AUTISMO","labl":null,"is_missing":null,"stats":[{"value":"1","type":"freq","wgtd":null}]},{"value":"ESTUDIA EN UNA CORPORACION RECIBIENDO CLASES DE EDUCACION NO FORMAL","labl":null,"is_missing":null,"stats":[{"value":"1","type":"freq","wgtd":null}]},{"value":"ESTUDIA EN UN BIENESTAR","labl":null,"is_missing":null,"stats":[{"value":"1","type":"freq","wgtd":null}]},{"value":"ESTUDIA EN NOCTURNA (2 A\u00d1OS EN UNO)","labl":null,"is_missing":null,"stats":[{"value":"1","type":"freq","wgtd":null}]},{"value":"ESTUDIA EN EDUCACION NO FORMAL","labl":null,"is_missing":null,"stats":[{"value":"1","type":"freq","wgtd":null}]},{"value":"ESTUDIA EDUCACION NO FORMAL EL FIN DE SEMANA","labl":null,"is_missing":null,"stats":[{"value":"1","type":"freq","wgtd":null}]},{"value":"ESTUDIA EDUCACION NO FORMAL","labl":null,"is_missing":null,"stats":[{"value":"1","type":"freq","wgtd":null}]},{"value":"ESTE A\u00d1O SE GRADUO DE ONCE","labl":null,"is_missing":null,"stats":[{"value":"1","type":"freq","wgtd":null}]},{"value":"ESTAR EMBARAZADA","labl":null,"is_missing":null,"stats":[{"value":"1","type":"freq","wgtd":null}]},{"value":"ESTAN CAMBIANDO DE RESIDENCIA CONSTANTEMENTE","labl":null,"is_missing":null,"stats":[{"value":"1","type":"freq","wgtd":null}]},{"value":"ESTABAL MAL EN LAS MATERIAS  DEL COLEGIO","labl":null,"is_missing":null,"stats":[{"value":"1","type":"freq","wgtd":null}]},{"value":"ESTABA REPROBANDO EL A\u00d1O ESCOLAR","labl":null,"is_missing":null,"stats":[{"value":"1","type":"freq","wgtd":null}]},{"value":"ESTABA PERDIENDO EL A\u00d1O Y SE SALIO","labl":null,"is_missing":null,"stats":[{"value":"1","type":"freq","wgtd":null}]},{"value":"ESTABA PERDIENDO EL A\u00d1O Y SE RETIRO ANTES DE TERMINAR","labl":null,"is_missing":null,"stats":[{"value":"1","type":"freq","wgtd":null}]},{"value":"ESTABA PERDIENDO EL A\u00d1O LA SACARON POR ES RAZON","labl":null,"is_missing":null,"stats":[{"value":"1","type":"freq","wgtd":null}]},{"value":"ESTABA MAL Y SE RETIRO","labl":null,"is_missing":null,"stats":[{"value":"1","type":"freq","wgtd":null}]},{"value":"ESTABA MAL ACADEMICAMENTE","labl":null,"is_missing":null,"stats":[{"value":"1","type":"freq","wgtd":null}]},{"value":"ESTABA HACIENDO VUELTAS PARA ENTRAR EN EL EJERCITO","labl":null,"is_missing":null,"stats":[{"value":"1","type":"freq","wgtd":null}]},{"value":"ESTABA FUERA DEL PAIS","labl":null,"is_missing":null,"stats":[{"value":"1","type":"freq","wgtd":null}]},{"value":"ESTABA EN UN INTERNADO Y DESERTO","labl":null,"is_missing":null,"stats":[{"value":"1","type":"freq","wgtd":null}]},{"value":"ESTABA EN EL PUEBLO","labl":null,"is_missing":null,"stats":[{"value":"1","type":"freq","wgtd":null}]},{"value":"ESTABA DE VIAJES","labl":null,"is_missing":null,"stats":[{"value":"1","type":"freq","wgtd":null}]},{"value":"ESTABA  PERDIENDO EL A\u00d1O","labl":null,"is_missing":null,"stats":[{"value":"1","type":"freq","wgtd":null}]},{"value":"ESTA VALIDANDO EL BACHILLERATO 8 Y 9","labl":null,"is_missing":null,"stats":[{"value":"1","type":"freq","wgtd":null}]},{"value":"ESTA VALIDANDO EL BACHILLERATO","labl":null,"is_missing":null,"stats":[{"value":"1","type":"freq","wgtd":null}]},{"value":"ESTA VALIDANDO 10 Y 11 LOS SABADOS","labl":null,"is_missing":null,"stats":[{"value":"1","type":"freq","wgtd":null}]},{"value":"ESTA TOMANDO  EDUCACION NO FORMAL ( VALIDACION DE LA SECUNDARIA)","labl":null,"is_missing":null,"stats":[{"value":"1","type":"freq","wgtd":null}]},{"value":"ESTA RECIEN GRADUADA DE BACHILLER","labl":null,"is_missing":null,"stats":[{"value":"1","type":"freq","wgtd":null}]},{"value":"ESTA REALIZANDO LAS PASANTIAS DEL SENA","labl":null,"is_missing":null,"stats":[{"value":"1","type":"freq","wgtd":null}]},{"value":"ESTA PRACTICANDO BIESBOL","labl":null,"is_missing":null,"stats":[{"value":"1","type":"freq","wgtd":null}]},{"value":"ESTA PENDIENTE DE UN VIAJE","labl":null,"is_missing":null,"stats":[{"value":"1","type":"freq","wgtd":null}]},{"value":"ESTA HACIENDO CURSOS  DE EDUCACION NO FORMAL","labl":null,"is_missing":null,"stats":[{"value":"1","type":"freq","wgtd":null}]},{"value":"ESTA HACIENDO CURSO DE INGLES PARA SALIR DEL PAIS","labl":null,"is_missing":null,"stats":[{"value":"1","type":"freq","wgtd":null}]},{"value":"ESTA ESPERANDO QUE ABRA INSCRIPCIONES EN LA UNIVERSIDAD","labl":null,"is_missing":null,"stats":[{"value":"1","type":"freq","wgtd":null}]},{"value":"ESTA ESPERANDO PARA PRESTAR SERVICIO MILITAR OBLIGATORIO","labl":null,"is_missing":null,"stats":[{"value":"1","type":"freq","wgtd":null}]},{"value":"ESTA ESPERANDO INGRESAR A LA UNIVERSIDAD","labl":null,"is_missing":null,"stats":[{"value":"1","type":"freq","wgtd":null}]},{"value":"ESTA EN UNA GUARDERIA","labl":null,"is_missing":null,"stats":[{"value":"1","type":"freq","wgtd":null}]},{"value":"ESTA EN EL CAI","labl":null,"is_missing":null,"stats":[{"value":"1","type":"freq","wgtd":null}]},{"value":"ESTA DECANSANDO","labl":null,"is_missing":null,"stats":[{"value":"1","type":"freq","wgtd":null}]},{"value":"ESTA ASISTIENDO A UN CURSO DE INGLES Y PRACTICA BEISBOL","labl":null,"is_missing":null,"stats":[{"value":"1","type":"freq","wgtd":null}]},{"value":"ESTA ACTUALMENTE EN PREESOLAR","labl":null,"is_missing":null,"stats":[{"value":"1","type":"freq","wgtd":null}]},{"value":"ESTA ACTUALMENTE EN PREESCOLAR","labl":null,"is_missing":null,"stats":[{"value":"1","type":"freq","wgtd":null}]},{"value":"ESTA ACTUALMENTE  EN PREESCOLAR","labl":null,"is_missing":null,"stats":[{"value":"1","type":"freq","wgtd":null}]},{"value":"ESTA ACIENDO PAPELES SE A DEL PAIS","labl":null,"is_missing":null,"stats":[{"value":"1","type":"freq","wgtd":null}]},{"value":"ESTA  REALIZANDO  PASANTIAS  SENA","labl":null,"is_missing":null,"stats":[{"value":"1","type":"freq","wgtd":null}]},{"value":"ESPUCION POR MAL COMPORTAMIENTO","labl":null,"is_missing":null,"stats":[{"value":"1","type":"freq","wgtd":null}]},{"value":"ESPERA DE INSCRIPCIONES","labl":null,"is_missing":null,"stats":[{"value":"1","type":"freq","wgtd":null}]},{"value":"ESPERA CUMPLIR LOS 18 A\u00d1OS PARA PRESENTAR EXAMENES EN LA POLICIA","labl":null,"is_missing":null,"stats":[{"value":"1","type":"freq","wgtd":null}]},{"value":"ESPERA CUMPLIR LA MAYORIA DE EDAD PARA PRESTAR SERVICIO MILITAR","labl":null,"is_missing":null,"stats":[{"value":"1","type":"freq","wgtd":null}]},{"value":"ES NORTE AERICANO Y NO TIENE PAPELES","labl":null,"is_missing":null,"stats":[{"value":"1","type":"freq","wgtd":null}]},{"value":"ES BACHILLER Y LA SUSPENDIERON EN EL SENA","labl":null,"is_missing":null,"stats":[{"value":"1","type":"freq","wgtd":null}]},{"value":"ES BACHILLER","labl":null,"is_missing":null,"stats":[{"value":"1","type":"freq","wgtd":null}]},{"value":"ENTRENAR EN UN EQUIPO DE FUTBOL (ONCE CALDAS)","labl":null,"is_missing":null,"stats":[{"value":"1","type":"freq","wgtd":null}]},{"value":"ENTRA EN ENERO","labl":null,"is_missing":null,"stats":[{"value":"1","type":"freq","wgtd":null}]},{"value":"ENFERMEDAD","labl":null,"is_missing":null,"stats":[{"value":"1","type":"freq","wgtd":null}]},{"value":"EN VACASIONES ESCOLARES","labl":null,"is_missing":null,"stats":[{"value":"1","type":"freq","wgtd":null}]},{"value":"EN LA CIUDAD NO HAY LA CARRERA DE PREGRADO QUE LE GUSTA","labl":null,"is_missing":null,"stats":[{"value":"1","type":"freq","wgtd":null}]},{"value":"EN EL ESTABLECIMIENTO EDUCATIVO NO LO ACEPTARON POR SU EDAD","labl":null,"is_missing":null,"stats":[{"value":"1","type":"freq","wgtd":null}]},{"value":"EN EL COLEGIO DICEN QUE SE ROBA LAS COSAS Y NO QUIZO VOLVER","labl":null,"is_missing":null,"stats":[{"value":"1","type":"freq","wgtd":null}]},{"value":"EL PUNTAJE ICFES NO LE ALCANZO PARA INGRESAR A LA UNIVERSIDAD","labl":null,"is_missing":null,"stats":[{"value":"1","type":"freq","wgtd":null}]},{"value":"EL NI\u00d1O PERDIO EL A\u00d1O","labl":null,"is_missing":null,"stats":[{"value":"1","type":"freq","wgtd":null}]},{"value":"EL ESTABLECIMIENTO EDUCATIVO SE ACABO (DONDE ESTUDIABA)","labl":null,"is_missing":null,"stats":[{"value":"1","type":"freq","wgtd":null}]},{"value":"EL CUIDADO DE SU HIJA","labl":null,"is_missing":null,"stats":[{"value":"1","type":"freq","wgtd":null}]},{"value":"EL COORDINADOR LE DIJO QUE NO VOLVIERA","labl":null,"is_missing":null,"stats":[{"value":"1","type":"freq","wgtd":null}]},{"value":"EL A\u00d1O PASADO TERMINO EL BACHILLER ACTUALMENTE HACE UN CURSO DE MUSICA","labl":null,"is_missing":null,"stats":[{"value":"1","type":"freq","wgtd":null}]},{"value":"EL A\u00d1O PASADO  PERDIO EL A\u00d1O NO QUUIZO  SEGUIR PERO PIENSA SEGUIR ES","labl":null,"is_missing":null,"stats":[{"value":"1","type":"freq","wgtd":null}]},{"value":"EL  NI\u00d1O  NO  PRESTABA ATENCION A LAS CLASE","labl":null,"is_missing":null,"stats":[{"value":"1","type":"freq","wgtd":null}]},{"value":"EL  ADOLESCENTE  ESTA VALIDANDO EL BACHILLERATO","labl":null,"is_missing":null,"stats":[{"value":"1","type":"freq","wgtd":null}]},{"value":"EL   NI\u00d1O  LO  LLEVAN A  LA  GUARDERIA","labl":null,"is_missing":null,"stats":[{"value":"1","type":"freq","wgtd":null}]},{"value":"EDUCACION NO FORMAL (HACE DOS A\u00d1OS EN UNO)","labl":null,"is_missing":null,"stats":[{"value":"1","type":"freq","wgtd":null}]},{"value":"DIFICULTAD EN ACTIVIDADES ACADEMICAS","labl":null,"is_missing":null,"stats":[{"value":"1","type":"freq","wgtd":null}]},{"value":"DESMOVILIZADO DE LA GUERRILLA","labl":null,"is_missing":null,"stats":[{"value":"1","type":"freq","wgtd":null}]},{"value":"DESEA VALIDAR","labl":null,"is_missing":null,"stats":[{"value":"1","type":"freq","wgtd":null}]},{"value":"DESEA ESTUDIAR EN ACELERADO Y AUN NO ESTA EN EDAD","labl":null,"is_missing":null,"stats":[{"value":"1","type":"freq","wgtd":null}]},{"value":"DESCANSO DEL ESTUDIO","labl":null,"is_missing":null,"stats":[{"value":"1","type":"freq","wgtd":null}]},{"value":"DEJO DE ASITIR POR QUE IBA PERDIENDO EL A\u00d1O","labl":null,"is_missing":null,"stats":[{"value":"1","type":"freq","wgtd":null}]},{"value":"DEFISID ATENCIONAL","labl":null,"is_missing":null,"stats":[{"value":"1","type":"freq","wgtd":null}]},{"value":"DEBIA DE CUIDAR A LA ABUELA QUE  ENFERMO","labl":null,"is_missing":null,"stats":[{"value":"1","type":"freq","wgtd":null}]},{"value":"DEBIA CUIDAR AL ABUELO ENFERMO","labl":null,"is_missing":null,"stats":[{"value":"1","type":"freq","wgtd":null}]},{"value":"DEBE VALIDAR Y NO HAY RECURSOS ECONOMICOS","labl":null,"is_missing":null,"stats":[{"value":"1","type":"freq","wgtd":null}]},{"value":"DEBE ENCARSE DE LOS OFICIOS Y CUIDAR A SUS HERMANOS","labl":null,"is_missing":null,"stats":[{"value":"1","type":"freq","wgtd":null}]},{"value":"DEBE AYUDARLE A SU MAMA POR QUE ESTA ENFERMA","labl":null,"is_missing":null,"stats":[{"value":"1","type":"freq","wgtd":null}]},{"value":"CULMINO LOS ESTUDIOS DE BAHILLERATO VA A HACER UN CURSO NO FORMAL","labl":null,"is_missing":null,"stats":[{"value":"1","type":"freq","wgtd":null}]},{"value":"CULMINACION ESTUDIOS MEDIOS","labl":null,"is_missing":null,"stats":[{"value":"1","type":"freq","wgtd":null}]},{"value":"CUIDAR AL PADRE","labl":null,"is_missing":null,"stats":[{"value":"1","type":"freq","wgtd":null}]},{"value":"CUANDO SE CAMBIO DE RESIDENCIA NO ENCOTRO CUPO PARA ESTUDIAR","labl":null,"is_missing":null,"stats":[{"value":"1","type":"freq","wgtd":null}]},{"value":"CONSIDERA NO ESTAR EN EDAD PARA ESTUDIAR","labl":null,"is_missing":null,"stats":[{"value":"1","type":"freq","wgtd":null}]},{"value":"CONFORMO NUEVO HOGAR","labl":null,"is_missing":null,"stats":[{"value":"1","type":"freq","wgtd":null}]},{"value":"COLEGIO DICEN Q NO TIENE LA EDAD","labl":null,"is_missing":null,"stats":[{"value":"1","type":"freq","wgtd":null}]},{"value":"CIERRE DEL COLEGIO","labl":null,"is_missing":null,"stats":[{"value":"1","type":"freq","wgtd":null}]},{"value":"CERRARONL COLEGIO SIGLIO XXI","labl":null,"is_missing":null,"stats":[{"value":"1","type":"freq","wgtd":null}]},{"value":"CERRARON EL COLEGIO DONDE ESTUDIABA","labl":null,"is_missing":null,"stats":[{"value":"1","type":"freq","wgtd":null}]},{"value":"CANCELACION DE CLASES EN EL CENTRO DE VALIDACION","labl":null,"is_missing":null,"stats":[{"value":"1","type":"freq","wgtd":null}]},{"value":"CAMBIO DE VIVIEDA","labl":null,"is_missing":null,"stats":[{"value":"1","type":"freq","wgtd":null}]},{"value":"CAMBIO DE DOCENTE","labl":null,"is_missing":null,"stats":[{"value":"1","type":"freq","wgtd":null}]},{"value":"CAMBIO DE CIUDAD","labl":null,"is_missing":null,"stats":[{"value":"1","type":"freq","wgtd":null}]},{"value":"CAMBIO DE CARRERA LA QUE INICIO NO LE GUSTO","labl":null,"is_missing":null,"stats":[{"value":"1","type":"freq","wgtd":null}]},{"value":"CAMBIO DE CARRERA","labl":null,"is_missing":null,"stats":[{"value":"1","type":"freq","wgtd":null}]},{"value":"CAMBIO  DE DOMICILIO","labl":null,"is_missing":null,"stats":[{"value":"1","type":"freq","wgtd":null}]},{"value":"CALAMIDAD FAMILIAR (MUERTE)","labl":null,"is_missing":null,"stats":[{"value":"1","type":"freq","wgtd":null}]},{"value":"CALAMIDAD FAMILIAR","labl":null,"is_missing":null,"stats":[{"value":"1","type":"freq","wgtd":null}]},{"value":"BAJO RENDIMIENTO ACADEMIO","labl":null,"is_missing":null,"stats":[{"value":"1","type":"freq","wgtd":null}]},{"value":"BAJO RENDIMIENTO","labl":null,"is_missing":null,"stats":[{"value":"1","type":"freq","wgtd":null}]},{"value":"BACHILLER ACTUALMENTE NO SE ENCUENTRA ESTUDIANDO","labl":null,"is_missing":null,"stats":[{"value":"1","type":"freq","wgtd":null}]},{"value":"AUN NO SE HA INSCRITO A EDUCACION SUPERIOR","labl":null,"is_missing":null,"stats":[{"value":"1","type":"freq","wgtd":null}]},{"value":"ASISTE AL SENA LOS SABADOS","labl":null,"is_missing":null,"stats":[{"value":"1","type":"freq","wgtd":null}]},{"value":"ASISTE AL COLEGIO LOS SABADOS EN VALIDACION","labl":null,"is_missing":null,"stats":[{"value":"1","type":"freq","wgtd":null}]},{"value":"ASISTE AL CAI","labl":null,"is_missing":null,"stats":[{"value":"1","type":"freq","wgtd":null}]},{"value":"ASISTE A VALIDACION POR INTERNET","labl":null,"is_missing":null,"stats":[{"value":"1","type":"freq","wgtd":null}]},{"value":"ASISTE A UNA INSTITUCION DE EDUCACION ESPECIAL","labl":null,"is_missing":null,"stats":[{"value":"1","type":"freq","wgtd":null}]},{"value":"ASISTE A UNA CORPORACION NO FORMAL","labl":null,"is_missing":null,"stats":[{"value":"1","type":"freq","wgtd":null}]},{"value":"ASISTE A LA EDUCACION NO FORMAL","labl":null,"is_missing":null,"stats":[{"value":"1","type":"freq","wgtd":null}]},{"value":"ASISTE A INSTITUCION NO FORMAL (CURSO DE INGLES)","labl":null,"is_missing":null,"stats":[{"value":"1","type":"freq","wgtd":null}]},{"value":"ASISTE A EDUCAION NO FORMAL  TECNOLOGICA","labl":null,"is_missing":null,"stats":[{"value":"1","type":"freq","wgtd":null}]},{"value":"ASISTE A EDUCACION NO FORMAL","labl":null,"is_missing":null,"stats":[{"value":"1","type":"freq","wgtd":null}]},{"value":"ASISTE A CURSO DE INGLES NO FORMAL","labl":null,"is_missing":null,"stats":[{"value":"1","type":"freq","wgtd":null}]},{"value":"ASISTE A A EDUCACION NO FORMAL","labl":null,"is_missing":null,"stats":[{"value":"1","type":"freq","wgtd":null}]},{"value":"APENAS TERMINO EL BACHILLERATO","labl":null,"is_missing":null,"stats":[{"value":"1","type":"freq","wgtd":null}]},{"value":"ALA MAMA NO LE GUSTO EL COLEGIO","labl":null,"is_missing":null,"stats":[{"value":"1","type":"freq","wgtd":null}]},{"value":"ACTUALMETE ESTA EN PREESCOLAR","labl":null,"is_missing":null,"stats":[{"value":"1","type":"freq","wgtd":null}]},{"value":"ACTUALMENTE ESTA EN PREESCOLAR","labl":null,"is_missing":null,"stats":[{"value":"1","type":"freq","wgtd":null}]},{"value":"ACOSO DE UN PROFESOR","labl":null,"is_missing":null,"stats":[{"value":"1","type":"freq","wgtd":null}]},{"value":"ACADEMCAMENTE IBA MAL","labl":null,"is_missing":null,"stats":[{"value":"1","type":"freq","wgtd":null}]},{"value":"ACABO DE GRADUARSE DEL GRADO 11","labl":null,"is_missing":null,"stats":[{"value":"1","type":"freq","wgtd":null}]},{"value":"ACABA DE TERMINAR EL BACHILLERATO","labl":null,"is_missing":null,"stats":[{"value":"1","type":"freq","wgtd":null}]},{"value":"ACABA DE GRADUARSE","labl":null,"is_missing":null,"stats":[{"value":"1","type":"freq","wgtd":null}]},{"value":"ABUSO DE AUTORIDAD DEL PROFESOR","labl":null,"is_missing":null,"stats":[{"value":"1","type":"freq","wgtd":null}]},{"value":"ABURRIDO DE LA RUTINA DE LA ESCUELA Y LO APLAZO","labl":null,"is_missing":null,"stats":[{"value":"1","type":"freq","wgtd":null}]},{"value":"ABANDONO EL HOGAR","labl":null,"is_missing":null,"stats":[{"value":"1","type":"freq","wgtd":null}]}],"var_codinstr":null,"var_concept":[],"var_format":{"type":"character","schema":"other","category":null,"name":null},"var_notes":null,"var_val_range":{"min":null,"max":null},"fid":"F2","sid":"372","survey_idno":"DANE-DIRPEN-ENTI-2011"}