{"file_id":"F2","vid":"V426","name":"P6241","var_intrvl":"discrete","var_dcml":"0","var_wgt":null,"var_is_wgt":null,"loc_start_pos":"232","loc_end_pos":"232","loc_width":"1","loc_rec_seg_no":"1","labl":"\u00bfrecibe malos tratos en el establecimiento educativo?","var_imputation":null,"var_security":"El acceso a microdatos y Mam-up se considera como de tratamiento especial respecto a la reserva estad\u00edstica por tanto estar\u00e1 sujeto a la reglamentaci\u00f3n que para el efecto defina el Comit\u00e9 de Aseguramiento de la reserva estad\u00edstica. Resoluci\u00f3n 173 de 2008.","var_resp_unit":"Directo","var_analysis_unit":null,"var_qstn_preqtxt":"C.6. \u00bfC\u00f3mo lo corrigen usualmente en el establecimiento educativo?\n\n1. Dej\u00e1ndolo sin recreo \n2.Coloc\u00e1ndole tareas adicionales para realizar fuera de la jornada escolar\n3.Malos tratos verbales (gritos, insultos, rega\u00f1os, cantaleta, amenazas, etc.)\n4. Castigos f\u00edsicos (reglazos, pellizcos, tir\u00f3n de orejas, palmadas, golpes, etc.)\n5. Con suspensi\u00f3n de clases o citaci\u00f3n de padres o acudientes o anotaci\u00f3n en el observador\n6. Habl\u00e1ndole y explic\u00e1ndole las razones por las cuales su comportamiento no fue correcto\n7. No lo corrigen\n8. De otra forma,","var_qstn_qstnlit":"C.7.\u00bfRecibe malos tratos en el establecimiento educativo?\n\n1. S\u00ed\n2. No","var_qstn_postqtxt":"C.8. \u00bfFalta seguido a clases? (m\u00e1s de 4 d\u00edas en el mes)\n\n1. S\u00ed\n2. No","var_qstn_ivuinstr":"Se busca establecer por parte  de qui\u00e9n,  el  ni\u00f1o,  ni\u00f1a o adolescente   ha recibido malos tratos en el establecimiento educativo.\n\n\nFormule la pregunta,  lea las alternativas y marque  seg\u00fan la respuesta, recuerde  que la alternativa De otras  personas,  hace referencia al personal del establecimiento educativo diferente a profesores, rector, coordinador de disciplina, directivos y compa\u00f1eros.","var_universe":"Lo constituyen los ni\u00f1os, ni\u00f1as y adolescentes entre 5 y 17 a\u00f1os de edad, residentes  en el territorio nacional  excluyendo los antiguos  territorios nacionales.","var_universe_clusion":"I","var_sumstat":[{"value":"43353","type":"vald","wgtd":null},{"value":"5545","type":"invd","wgtd":null},{"value":"1","type":"min","wgtd":null},{"value":"2","type":"max","wgtd":null},{"value":"1.919","type":"mean","wgtd":null},{"value":"0.272","type":"stdev","wgtd":null}],"var_txt":null,"var_catgry":[{"value":"2","labl":"No","is_missing":null,"stats":[{"value":"39862","type":"freq","wgtd":null}]},{"value":"1","labl":"S\u00ed","is_missing":null,"stats":[{"value":"3491","type":"freq","wgtd":null}]},{"value":"Sysmiss","labl":null,"is_missing":"Y","stats":[{"value":"5545","type":"freq","wgtd":null}]}],"var_codinstr":null,"var_concept":[],"var_format":{"type":"numeric","schema":"other","category":null,"name":null},"var_notes":null,"var_val_range":{"min":"1","max":"2"},"fid":"F2","sid":"372","survey_idno":"DANE-DIRPEN-ENTI-2011"}