{"file_id":"F2","vid":"V442","name":"P6352","var_intrvl":"discrete","var_dcml":"0","var_wgt":null,"var_is_wgt":null,"loc_start_pos":"386","loc_end_pos":"387","loc_width":"2","loc_rec_seg_no":"1","labl":"\u00bfpor qu\u00e9 raz\u00f3n estaba buscando trabajo?","var_imputation":null,"var_security":"El acceso a microdatos y Mam-up se considera como de tratamiento especial respecto a la reserva estad\u00edstica por tanto estar\u00e1 sujeto a la reglamentaci\u00f3n que para el efecto defina el Comit\u00e9 de Aseguramiento de la reserva estad\u00edstica. Resoluci\u00f3n 173 de 2008.","var_resp_unit":"Directo","var_analysis_unit":null,"var_qstn_preqtxt":"D.6.Si le hubiera resultado un trabajo \u00bfestaba disponible la semana pasada para empezar a trabajar?\n\n1. S\u00ed\n2. No","var_qstn_qstnlit":"D.7.\u00bfPor qu\u00e9 raz\u00f3n estaba buscando trabajo?\n\n1. Para ayudar con los gastos de la casa\n2. Para pagar los estudios\n3. Porque le gusta trabajar\n4. Para tener un oficio desde joven\n5. Para pagar sus propios gastos\n6. Porque lo obligan\n7. Por embarazo o porque tiene un hijo\n8. Porque prefiere trabajar a estudiar\n9. Por problemas familiares\n10. Ninguna\n11. Otra raz\u00f3n,","var_qstn_postqtxt":"D. 25 \u00bfUsted trabaj\u00f3 alguna vez en su vida como asalariado, independiente, trabajador familiar o ayudante sin remuneraci\u00f3n?\n\n1. Si\n2. No","var_qstn_ivuinstr":"Esta pregunta  busca establecer la raz\u00f3n principal por la que el ni\u00f1o, ni\u00f1a o adolescente se encuentra trabajando y no est\u00e1 dedicado a las actividades propias de su edad.\n\n\nFormule la pregunta  y espere  la respuesta espont\u00e1nea del informante, registrando la alternativa que m\u00e1s se aproxime a la raz\u00f3n dada por el encuestado. Tenga en cuenta que se trata  de una pregunta  excluyente, o sea, que si el encuestado manifiesta m\u00e1s de un motivo, p\u00eddale la raz\u00f3n principal.\n\nSi la respuesta no se encuentra entre  las  alternativas  ni se puede  asimilar  a alguna de ellas, marque  la alternativa No. 11 \u201cOtra raz\u00f3n \u00bfCu\u00e1l?\u201d y escriba la raz\u00f3n en el espacio destinado para ello.\n\nSi responde cualquiera de las opciones pase a D 25.\n\nD. 25 \u00bfUsted trabaj\u00f3 alguna vez en su vida como asalariado, independiente, trabajador familiar o ayudante sin remuneraci\u00f3n?\n\n1. Si\n2. No","var_universe":"Lo constituyen los ni\u00f1os, ni\u00f1as y adolescentes entre 5 y 17 a\u00f1os de edad, residentes  en el territorio nacional  excluyendo los antiguos  territorios nacionales.","var_universe_clusion":"I","var_sumstat":[{"value":"526","type":"vald","wgtd":null},{"value":"48372","type":"invd","wgtd":null},{"value":"1","type":"min","wgtd":null},{"value":"11","type":"max","wgtd":null},{"value":"3.728","type":"mean","wgtd":null},{"value":"2.158","type":"stdev","wgtd":null}],"var_txt":null,"var_catgry":[{"value":"5","labl":"Para pagar sus propios gastos","is_missing":null,"stats":[{"value":"200","type":"freq","wgtd":null}]},{"value":"1","labl":"Para ayudar con los gastos de la casa","is_missing":null,"stats":[{"value":"117","type":"freq","wgtd":null}]},{"value":"3","labl":"Porque le gusta trabajar","is_missing":null,"stats":[{"value":"103","type":"freq","wgtd":null}]},{"value":"2","labl":"Para pagar los estudios","is_missing":null,"stats":[{"value":"36","type":"freq","wgtd":null}]},{"value":"4","labl":"Para tener un oficio desde joven","is_missing":null,"stats":[{"value":"31","type":"freq","wgtd":null}]},{"value":"7","labl":"Por embarazo o porque tiene un hijo","is_missing":null,"stats":[{"value":"16","type":"freq","wgtd":null}]},{"value":"11","labl":"Otra raz\u00f3n,","is_missing":null,"stats":[{"value":"14","type":"freq","wgtd":null}]},{"value":"8","labl":"Porque prefiere trabajar a estudiar","is_missing":null,"stats":[{"value":"8","type":"freq","wgtd":null}]},{"value":"9","labl":"Por problemas familiares","is_missing":null,"stats":[{"value":"1","type":"freq","wgtd":null}]},{"value":"10","labl":"Ninguna","is_missing":null,"stats":[{"value":"0","type":"freq","wgtd":null}]},{"value":"6","labl":"Porque lo obligan","is_missing":null,"stats":[{"value":"0","type":"freq","wgtd":null}]},{"value":"Sysmiss","labl":null,"is_missing":"Y","stats":[{"value":"48372","type":"freq","wgtd":null}]}],"var_codinstr":null,"var_concept":[],"var_format":{"type":"numeric","schema":"other","category":null,"name":null},"var_notes":null,"var_val_range":{"min":"1","max":"11"},"fid":"F2","sid":"372","survey_idno":"DANE-DIRPEN-ENTI-2011"}