{"file_id":"F2","vid":"V470","name":"P6889s6","var_intrvl":"discrete","var_dcml":null,"var_wgt":null,"var_is_wgt":null,"loc_start_pos":"752","loc_end_pos":"752","loc_width":"1","loc_rec_seg_no":"1","labl":"Molestias de tipo psicologico - otra, \u00bfcu\u00e1l?","var_imputation":null,"var_security":"El acceso a microdatos y Mam-up se considera como de tratamiento especial respecto a la reserva estad\u00edstica por tanto estar\u00e1 sujeto a la reglamentaci\u00f3n que para el efecto defina el Comit\u00e9 de Aseguramiento de la reserva estad\u00edstica. Resoluci\u00f3n 173 de 2008.","var_resp_unit":"Directo","var_analysis_unit":null,"var_qstn_preqtxt":"D.19.\u00bfSuele sentir alg\u00fan tipo de dolencia o molestia f\u00edsica o psicol\u00f3gica cuando trabaja?\n\nB. Molestias de tipo psicol\u00f3gico\n\n1. Lo insultan, lo humillan o presionan mucho\n1. Si\n2. No","var_qstn_qstnlit":"D.19.\u00bfSuele sentir alg\u00fan tipo de dolencia o molestia f\u00edsica o psicol\u00f3gica cuando trabaja?\n\nB. Molestias de tipo psicol\u00f3gico\n\n1. Otra\n1. Si\n2. No","var_qstn_postqtxt":"D. 20. \u00bfCu\u00e1les de los siguientes inconvenientes encuentra usted en su trabajo?\n\na. Es mal remunerado\n1. Si\n2. No","var_qstn_ivuinstr":"Esta pregunta  busca identificar alg\u00fan tipo de molestia o dolencia f\u00edsica consecuencia de la actividad  laboral.  La  pregunta  se compone  de dos partes.  Si es afirmativa la  respuesta debe  responder  los literales  A  (Molestias  o Dolencias  F\u00edsicos) y B  (Molestias  de  Tipo Psicol\u00f3gico).\n\n\nSi responde la opci\u00f3n 2 No. Pase a D20","var_universe":"Lo constituyen los ni\u00f1os, ni\u00f1as y adolescentes entre 5 y 17 a\u00f1os de edad, residentes  en el territorio nacional  excluyendo los antiguos  territorios nacionales.","var_universe_clusion":"I","var_sumstat":[{"value":"386","type":"vald","wgtd":null},{"value":"0","type":"invd","wgtd":null}],"var_txt":null,"var_catgry":[{"value":"2","labl":"No","is_missing":null,"stats":[{"value":"381","type":"freq","wgtd":null}]},{"value":"1","labl":"Si","is_missing":null,"stats":[{"value":"5","type":"freq","wgtd":null}]}],"var_codinstr":null,"var_concept":[],"var_format":{"type":"character","schema":"other","category":null,"name":null},"var_notes":null,"var_val_range":{"min":null,"max":null},"fid":"F2","sid":"372","survey_idno":"DANE-DIRPEN-ENTI-2011"}