{"file_id":"F2","vid":"V511","name":"P6892s9","var_intrvl":"discrete","var_dcml":"0","var_wgt":null,"var_is_wgt":null,"loc_start_pos":"965","loc_end_pos":"965","loc_width":"1","loc_rec_seg_no":"1","labl":"\u00bfcu\u00e1les de los siguientes elementos de protecci\u00f3n utiliza cuando trabaja? cintur\u00f3n de seguridad","var_imputation":null,"var_security":"El acceso a microdatos y Mam-up se considera como de tratamiento especial respecto a la reserva estad\u00edstica por tanto estar\u00e1 sujeto a la reglamentaci\u00f3n que para el efecto defina el Comit\u00e9 de Aseguramiento de la reserva estad\u00edstica. Resoluci\u00f3n 173 de 2008.","var_resp_unit":"Directo","var_analysis_unit":null,"var_qstn_preqtxt":"D.23.\u00bfCu\u00e1les de los siguientes elementos de protecci\u00f3n utiliza cuando trabaja?\n\n8.  Protector respiratorio\n1\tSi\n2\tNo","var_qstn_qstnlit":"D.23.\u00bfCu\u00e1les de los siguientes elementos de protecci\u00f3n utiliza cuando trabaja? \n\n9. Cintur\u00f3n de seguridad\n1\tSi\n2\tNo","var_qstn_postqtxt":"D.23.\u00bfCu\u00e1les de los siguientes elementos de protecci\u00f3n utiliza cuando trabaja? \n\n10. Protector facial o careta\n1\tSi\n2\tNo","var_qstn_ivuinstr":"Se busca establecer si la empresa  para la cual trabaja  el ni\u00f1o, ni\u00f1a o adolescente lo dota de  elementos necesarios de  protecci\u00f3n personal. Lo importante es  la protecci\u00f3n del trabajador  y no el que sea indispensable para la realizaci\u00f3n de su trabajo, dado que lo que se busca es establecer con cu\u00e1les elementos de protecci\u00f3n se preserva la integridad f\u00edsica de los ni\u00f1os, ni\u00f1as o adolescentes.\n\n\nPregunte  s\u00f3lo por  aquellos que  necesita,  para  conocer  cu\u00e1les de  ellos utiliza para  el desarrollo de su trabajo,  asigne 1 \u00f3 2 seg\u00fan sea la respuesta. Recuerde que solamente debe marcar si utiliza o no.\n\n\nSi la respuesta hace referencia a elementos que no se mencionaron en las primeras 11 alternativas, marque  la alternativa 12 \u201cOtro, \u00bfCual?\u201d y escriba el elemento en el espacio destinado para ello.","var_universe":"Lo constituyen los ni\u00f1os, ni\u00f1as y adolescentes entre 5 y 17 a\u00f1os de edad, residentes  en el territorio nacional  excluyendo los antiguos  territorios nacionales.","var_universe_clusion":"I","var_sumstat":[{"value":"6107","type":"vald","wgtd":null},{"value":"42791","type":"invd","wgtd":null},{"value":"1","type":"min","wgtd":null},{"value":"2","type":"max","wgtd":null},{"value":"1.993","type":"mean","wgtd":null},{"value":"0.0836","type":"stdev","wgtd":null}],"var_txt":null,"var_catgry":[{"value":"2","labl":"No","is_missing":null,"stats":[{"value":"6064","type":"freq","wgtd":null}]},{"value":"1","labl":"Si","is_missing":null,"stats":[{"value":"43","type":"freq","wgtd":null}]},{"value":"Sysmiss","labl":null,"is_missing":"Y","stats":[{"value":"42791","type":"freq","wgtd":null}]}],"var_codinstr":null,"var_concept":[],"var_format":{"type":"numeric","schema":"other","category":null,"name":null},"var_notes":null,"var_val_range":{"min":"1","max":"2"},"fid":"F2","sid":"372","survey_idno":"DANE-DIRPEN-ENTI-2011"}