{"file_id":"F2","vid":"V512","name":"P6893","var_intrvl":"discrete","var_dcml":"0","var_wgt":null,"var_is_wgt":null,"loc_start_pos":"966","loc_end_pos":"966","loc_width":"1","loc_rec_seg_no":"1","labl":"Si la semana pasada usted estudi\u00f3 y trabaj\u00f3,  el horario en el que usted realiz\u00f3 su trabajo fue:","var_imputation":null,"var_security":"El acceso a microdatos y Mam-up se considera como de tratamiento especial respecto a la reserva estad\u00edstica por tanto estar\u00e1 sujeto a la reglamentaci\u00f3n que para el efecto defina el Comit\u00e9 de Aseguramiento de la reserva estad\u00edstica. Resoluci\u00f3n 173 de 2008.","var_resp_unit":"Directo","var_analysis_unit":null,"var_qstn_preqtxt":"D.23.\u00bfCu\u00e1les de los siguientes elementos de protecci\u00f3n utiliza cuando trabaja? Cintur\u00f3n de seguridadD.23.\u00bfCu\u00e1les de los siguientes elementos de protecci\u00f3n utiliza cuando trabaja? \n\n12. Otro,\n1\tSi\n2\tNo","var_qstn_qstnlit":"D.24. Si la semana pasada usted estudi\u00f3 y trabaj\u00f3, el horario en el que usted realiz\u00f3 su trabajo fue:\n\n1. \u00bfDespu\u00e9s de clases?\n2. \u00bfAntes de clases?\n3. \u00bfAntes y despu\u00e9s de clases?\n4. \u00bfFines de semana?\n5. No estudiaba\n6. Otro,","var_qstn_postqtxt":"D.25. \u00bfUsted trabaj\u00f3 alguna vez en su vida como asalariado, independiente, trabajador familiar o ayudante sin remuneraci\u00f3n? (no tenga en cuenta su situaci\u00f3n laboral )\n1\tSi\n2\tNo","var_qstn_ivuinstr":"Esta  pregunta   busca  indagar  por  el  horario  en  el  que  el  ni\u00f1o,  ni\u00f1a  o  adolescente desempe\u00f1a las funciones laborales.\n\nSi la respuesta hace referencia a el c\u00f3digo 6 \u201cOtro, \u00bfCual?\u201d, por favor escriba el horario en el espacio destinado para ello.","var_universe":"Lo constituyen los ni\u00f1os, ni\u00f1as y adolescentes entre 5 y 17 a\u00f1os de edad, residentes  en el territorio nacional  excluyendo los antiguos  territorios nacionales.","var_universe_clusion":"I","var_sumstat":[{"value":"6107","type":"vald","wgtd":null},{"value":"42791","type":"invd","wgtd":null},{"value":"1","type":"min","wgtd":null},{"value":"6","type":"max","wgtd":null},{"value":"3.415","type":"mean","wgtd":null},{"value":"1.816","type":"stdev","wgtd":null}],"var_txt":null,"var_catgry":[{"value":"5","labl":"No estudiaba","is_missing":null,"stats":[{"value":"2119","type":"freq","wgtd":null}]},{"value":"1","labl":"\u00bfdespu\u00e9s de clases?","is_missing":null,"stats":[{"value":"1772","type":"freq","wgtd":null}]},{"value":"4","labl":"\u00bffines de semana?","is_missing":null,"stats":[{"value":"976","type":"freq","wgtd":null}]},{"value":"2","labl":"\u00bfantes de clases?","is_missing":null,"stats":[{"value":"512","type":"freq","wgtd":null}]},{"value":"6","labl":"Otro,","is_missing":null,"stats":[{"value":"459","type":"freq","wgtd":null}]},{"value":"3","labl":"\u00bfantes y despu\u00e9s de clases?","is_missing":null,"stats":[{"value":"269","type":"freq","wgtd":null}]},{"value":"Sysmiss","labl":null,"is_missing":"Y","stats":[{"value":"42791","type":"freq","wgtd":null}]}],"var_codinstr":null,"var_concept":[],"var_format":{"type":"numeric","schema":"other","category":null,"name":null},"var_notes":null,"var_val_range":{"min":"1","max":"6"},"fid":"F2","sid":"372","survey_idno":"DANE-DIRPEN-ENTI-2011"}