{"file_id":"F2","vid":"V513","name":"P6893s1","var_intrvl":"discrete","var_dcml":null,"var_wgt":null,"var_is_wgt":null,"loc_start_pos":"967","loc_end_pos":"1036","loc_width":"70","loc_rec_seg_no":"1","labl":"\u00bfcu\u00e1l?","var_imputation":null,"var_security":"El acceso a microdatos y Mam-up se considera como de tratamiento especial respecto a la reserva estad\u00edstica por tanto estar\u00e1 sujeto a la reglamentaci\u00f3n que para el efecto defina el Comit\u00e9 de Aseguramiento de la reserva estad\u00edstica. Resoluci\u00f3n 173 de 2008.","var_resp_unit":"Directo","var_analysis_unit":null,"var_qstn_preqtxt":"D.24. Si la semana pasada usted estudi\u00f3 y trabaj\u00f3, el horario en el que usted realiz\u00f3 su trabajo fue:\n\n6. Otro,","var_qstn_qstnlit":"D.24. Si la semana pasada usted estudi\u00f3 y trabaj\u00f3, el horario en el que usted realiz\u00f3 su trabajo fue: 6. \n\n\u00bfcu\u00e1l?","var_qstn_postqtxt":"D.25. \u00bfUsted trabaj\u00f3 alguna vez en su vida como asalariado, independiente, trabajador familiar o ayudante sin remuneraci\u00f3n? (no tenga en cuenta su situaci\u00f3n laboral )\n\n1\tSi\n2\tNo","var_qstn_ivuinstr":"Esta  pregunta   busca  indagar  por  el  horario  en  el  que  el  ni\u00f1o,  ni\u00f1a  o  adolescente desempe\u00f1a las funciones laborales.\n\nSi la respuesta hace referencia a el c\u00f3digo 6 \u201cOtro, \u00bfCual?\u201d, por favor escriba el horario en el espacio destinado para ello.","var_universe":"Lo constituyen los ni\u00f1os, ni\u00f1as y adolescentes entre 5 y 17 a\u00f1os de edad, residentes  en el territorio nacional  excluyendo los antiguos  territorios nacionales.","var_universe_clusion":"I","var_sumstat":[{"value":"459","type":"vald","wgtd":null},{"value":"0","type":"invd","wgtd":null}],"var_txt":null,"var_catgry":[{"value":"EN VACACIONES","labl":null,"is_missing":null,"stats":[{"value":"53","type":"freq","wgtd":null}]},{"value":"VACACIONES ESCOLARES","labl":null,"is_missing":null,"stats":[{"value":"48","type":"freq","wgtd":null}]},{"value":"VACACIONES","labl":null,"is_missing":null,"stats":[{"value":"21","type":"freq","wgtd":null}]},{"value":"ESTABA EN VACACIONES ESCOLARES","labl":null,"is_missing":null,"stats":[{"value":"17","type":"freq","wgtd":null}]},{"value":"ESTA EN VACACIONES","labl":null,"is_missing":null,"stats":[{"value":"13","type":"freq","wgtd":null}]},{"value":"EN VACACIONES ESCOLARES","labl":null,"is_missing":null,"stats":[{"value":"12","type":"freq","wgtd":null}]},{"value":"ESTA EN VACACIONES ESCOLARES","labl":null,"is_missing":null,"stats":[{"value":"10","type":"freq","wgtd":null}]},{"value":"ESTA EN VACASIONES","labl":null,"is_missing":null,"stats":[{"value":"8","type":"freq","wgtd":null}]},{"value":"SOLO EN VACACIONES ESCOLARES","labl":null,"is_missing":null,"stats":[{"value":"7","type":"freq","wgtd":null}]},{"value":"ESTABA EN VACACIONES","labl":null,"is_missing":null,"stats":[{"value":"6","type":"freq","wgtd":null}]},{"value":"ENTRE CLASES","labl":null,"is_missing":null,"stats":[{"value":"5","type":"freq","wgtd":null}]},{"value":"SOLO EN VACACIONES","labl":null,"is_missing":null,"stats":[{"value":"4","type":"freq","wgtd":null}]},{"value":"ESTABA EN RECESO ESTUDIANTIL","labl":null,"is_missing":null,"stats":[{"value":"3","type":"freq","wgtd":null}]},{"value":"ESTABA DE VACACIONES","labl":null,"is_missing":null,"stats":[{"value":"3","type":"freq","wgtd":null}]},{"value":"EN VACACIONES Y FINES DE SEMANA","labl":null,"is_missing":null,"stats":[{"value":"3","type":"freq","wgtd":null}]},{"value":"VACACIONES ESOLARES","labl":null,"is_missing":null,"stats":[{"value":"2","type":"freq","wgtd":null}]},{"value":"VACACIONES ESCOLARES(TIEMPO COMPLETO)","labl":null,"is_missing":null,"stats":[{"value":"2","type":"freq","wgtd":null}]},{"value":"UNICAMENTE EN VACACIONES","labl":null,"is_missing":null,"stats":[{"value":"2","type":"freq","wgtd":null}]},{"value":"TODOS LOS DIAS","labl":null,"is_missing":null,"stats":[{"value":"2","type":"freq","wgtd":null}]},{"value":"TODO EL DIA POR QUE SE ENCUENTRA EN VACACIONES ESCOLARES","labl":null,"is_missing":null,"stats":[{"value":"2","type":"freq","wgtd":null}]},{"value":"SOLO LO REALIZA EN VACACIONES","labl":null,"is_missing":null,"stats":[{"value":"2","type":"freq","wgtd":null}]},{"value":"SEMANA DE RECESO ESCOLAR","labl":null,"is_missing":null,"stats":[{"value":"2","type":"freq","wgtd":null}]},{"value":"SEMANA DE RECESO","labl":null,"is_missing":null,"stats":[{"value":"2","type":"freq","wgtd":null}]},{"value":"SE ENCONTRABA EN VACACIONES ESCOLARES","labl":null,"is_missing":null,"stats":[{"value":"2","type":"freq","wgtd":null}]},{"value":"ESTABA EN RECESO ESCOLAR","labl":null,"is_missing":null,"stats":[{"value":"2","type":"freq","wgtd":null}]},{"value":"ESTABA DE VACACIONES ESCOLARES","labl":null,"is_missing":null,"stats":[{"value":"2","type":"freq","wgtd":null}]},{"value":"ESTA DE BACASIONES","labl":null,"is_missing":null,"stats":[{"value":"2","type":"freq","wgtd":null}]},{"value":"ENTRE SEMANA (ESTUDIA LOS FINES DE SEMANA)","labl":null,"is_missing":null,"stats":[{"value":"2","type":"freq","wgtd":null}]},{"value":"ENTRE SEMANA","labl":null,"is_missing":null,"stats":[{"value":"2","type":"freq","wgtd":null}]},{"value":"EN VACACIONES ESCOLAR","labl":null,"is_missing":null,"stats":[{"value":"2","type":"freq","wgtd":null}]},{"value":"EN LA ESCUELA","labl":null,"is_missing":null,"stats":[{"value":"2","type":"freq","wgtd":null}]},{"value":"EN CLASES","labl":null,"is_missing":null,"stats":[{"value":"2","type":"freq","wgtd":null}]},{"value":"DURANTE LAS CLASES","labl":null,"is_missing":null,"stats":[{"value":"2","type":"freq","wgtd":null}]},{"value":"DESPUES DE CLASES Y FINES DE SEMANA","labl":null,"is_missing":null,"stats":[{"value":"2","type":"freq","wgtd":null}]},{"value":"ANTES, DURANTE Y DESPUES DE CLASES","labl":null,"is_missing":null,"stats":[{"value":"2","type":"freq","wgtd":null}]},{"value":"YA ESTA EN VACACIONES","labl":null,"is_missing":null,"stats":[{"value":"1","type":"freq","wgtd":null}]},{"value":"VENDE LOS DULCES EN DESCANSO Y HORAS DE CLASES","labl":null,"is_missing":null,"stats":[{"value":"1","type":"freq","wgtd":null}]},{"value":"VALIDA LOS FINES DE SEMANA EDUCACION FORMAL","labl":null,"is_missing":null,"stats":[{"value":"1","type":"freq","wgtd":null}]},{"value":"VACOCIONES ESCOLARES","labl":null,"is_missing":null,"stats":[{"value":"1","type":"freq","wgtd":null}]},{"value":"VACCIONES ESCOLARES","labl":null,"is_missing":null,"stats":[{"value":"1","type":"freq","wgtd":null}]},{"value":"VACAXCIONES ESCOLARES","labl":null,"is_missing":null,"stats":[{"value":"1","type":"freq","wgtd":null}]},{"value":"VACASIONES","labl":null,"is_missing":null,"stats":[{"value":"1","type":"freq","wgtd":null}]},{"value":"VACACIONES ESCOLARES TRABAJA EN LAS DOS JORNADAS.","labl":null,"is_missing":null,"stats":[{"value":"1","type":"freq","wgtd":null}]},{"value":"VACACIONES ESCOLARES TIEMPO COMPLETO","labl":null,"is_missing":null,"stats":[{"value":"1","type":"freq","wgtd":null}]},{"value":"VACACIONES ESCOLARES JORNADA DE LA TARDE","labl":null,"is_missing":null,"stats":[{"value":"1","type":"freq","wgtd":null}]},{"value":"VACACIONES ESCOLARES EN JORNADA MA\u00d1ANA Y TARDE","labl":null,"is_missing":null,"stats":[{"value":"1","type":"freq","wgtd":null}]},{"value":"VACACIONES ESCOLARES (FIN DE SEMANA)","labl":null,"is_missing":null,"stats":[{"value":"1","type":"freq","wgtd":null}]},{"value":"VACACIONES ESCOLAR","labl":null,"is_missing":null,"stats":[{"value":"1","type":"freq","wgtd":null}]},{"value":"VACACIONES  ESCOLARES","labl":null,"is_missing":null,"stats":[{"value":"1","type":"freq","wgtd":null}]},{"value":"VACACINES ESCOLARES","labl":null,"is_missing":null,"stats":[{"value":"1","type":"freq","wgtd":null}]},{"value":"VACACINES","labl":null,"is_missing":null,"stats":[{"value":"1","type":"freq","wgtd":null}]},{"value":"UNICAMENTE EN VACACIONES ESCOLARES","labl":null,"is_missing":null,"stats":[{"value":"1","type":"freq","wgtd":null}]},{"value":"TRABAJARON EN LOS DOS DIAS QUE NO TUBIERON CLASE","labl":null,"is_missing":null,"stats":[{"value":"1","type":"freq","wgtd":null}]},{"value":"TRABAJA TRES DIAS A LA SEMANA Y ESTUDIA LOS FINES DE SEMANA","labl":null,"is_missing":null,"stats":[{"value":"1","type":"freq","wgtd":null}]},{"value":"TRABAJA TODOS LOS DIAS Y ESTUDIA EL SABADO","labl":null,"is_missing":null,"stats":[{"value":"1","type":"freq","wgtd":null}]},{"value":"TRABAJA TODA LA SEMANA Y ESTUDIA POR CICLOS LOS SABADOS","labl":null,"is_missing":null,"stats":[{"value":"1","type":"freq","wgtd":null}]},{"value":"TRABAJA SOLO POR QUE ES TEMPORADA DE VACACIONES","labl":null,"is_missing":null,"stats":[{"value":"1","type":"freq","wgtd":null}]},{"value":"TRABAJA ENTRE SEMANA Y SOLO ESTUDIA LOS FINES DE SAMANA","labl":null,"is_missing":null,"stats":[{"value":"1","type":"freq","wgtd":null}]},{"value":"TRABAJA ENTRE SEMANA","labl":null,"is_missing":null,"stats":[{"value":"1","type":"freq","wgtd":null}]},{"value":"TRABAJA DE LUNES A VIERNES Y ESTUDIA LOS FINES DE SEMANA","labl":null,"is_missing":null,"stats":[{"value":"1","type":"freq","wgtd":null}]},{"value":"TRABAJA DE LUNES A VIERNES Y ESTUDIA FINES DE SEMANA","labl":null,"is_missing":null,"stats":[{"value":"1","type":"freq","wgtd":null}]},{"value":"TRABAJA DE LUNES A VIERNES","labl":null,"is_missing":null,"stats":[{"value":"1","type":"freq","wgtd":null}]},{"value":"TODOS LOS DIAS TODO EL DIA","labl":null,"is_missing":null,"stats":[{"value":"1","type":"freq","wgtd":null}]},{"value":"TODOS LOS DIAS SOLO ESTUDIA LOS FINES DE SEMANA","labl":null,"is_missing":null,"stats":[{"value":"1","type":"freq","wgtd":null}]},{"value":"TODOS LOS DIAS MENOS LOS  SABADOS YA QUE ESTUDIA","labl":null,"is_missing":null,"stats":[{"value":"1","type":"freq","wgtd":null}]},{"value":"TODOS LOS DIAS ESTUDIA DE NOCHE","labl":null,"is_missing":null,"stats":[{"value":"1","type":"freq","wgtd":null}]},{"value":"TODOS LOS DIAS ESTA DE VACACIONES","labl":null,"is_missing":null,"stats":[{"value":"1","type":"freq","wgtd":null}]},{"value":"TODO EL DIA POR TEMPORADA","labl":null,"is_missing":null,"stats":[{"value":"1","type":"freq","wgtd":null}]},{"value":"TODO EL DIA POR QUE SE ENCUENTRA EN VACACIONES","labl":null,"is_missing":null,"stats":[{"value":"1","type":"freq","wgtd":null}]},{"value":"TODO EL DIA POR QUE ESTABA EN VACIONES ESCOLARES","labl":null,"is_missing":null,"stats":[{"value":"1","type":"freq","wgtd":null}]},{"value":"TODO EL DIA POR QUE ESTABA EN VACACIONES ESCOLARES","labl":null,"is_missing":null,"stats":[{"value":"1","type":"freq","wgtd":null}]},{"value":"TODO EL DIA POR QUE ESTA EN VACACIONES ESCOLARES","labl":null,"is_missing":null,"stats":[{"value":"1","type":"freq","wgtd":null}]},{"value":"TODO EL DIA POR QUE ESTA EN VACACIONES","labl":null,"is_missing":null,"stats":[{"value":"1","type":"freq","wgtd":null}]},{"value":"TODO EL DIA POR QUE ENCUENTRA EN VACACIONES","labl":null,"is_missing":null,"stats":[{"value":"1","type":"freq","wgtd":null}]},{"value":"TODO EL DIA EXCEPTO LOS SABADOS","labl":null,"is_missing":null,"stats":[{"value":"1","type":"freq","wgtd":null}]},{"value":"TODO EL DIA (VACACIONES)","labl":null,"is_missing":null,"stats":[{"value":"1","type":"freq","wgtd":null}]},{"value":"TODO EL DIA (VACACIONES ESCOLARES)","labl":null,"is_missing":null,"stats":[{"value":"1","type":"freq","wgtd":null}]},{"value":"TODO EL DIA","labl":null,"is_missing":null,"stats":[{"value":"1","type":"freq","wgtd":null}]},{"value":"TODA LA SEMANA Y ESTUDIA SABATINO","labl":null,"is_missing":null,"stats":[{"value":"1","type":"freq","wgtd":null}]},{"value":"TODA LA SEMANA PASADA MIENTRAS LEVANTABAN EL PARO DE LA UNIVERSIDAD","labl":null,"is_missing":null,"stats":[{"value":"1","type":"freq","wgtd":null}]},{"value":"TODA LA SEMANA HASTA EL VIERNES","labl":null,"is_missing":null,"stats":[{"value":"1","type":"freq","wgtd":null}]},{"value":"TODA LA SEMANA","labl":null,"is_missing":null,"stats":[{"value":"1","type":"freq","wgtd":null}]},{"value":"TODA LA MA\u00d1ANA POR ESTABA EN VACACIONES ESCOLARES","labl":null,"is_missing":null,"stats":[{"value":"1","type":"freq","wgtd":null}]},{"value":"TENPORADA  DE DICIENBRE","labl":null,"is_missing":null,"stats":[{"value":"1","type":"freq","wgtd":null}]},{"value":"SOLO TRABAJA EN VACACIONES 4 HORAS DIARIAS","labl":null,"is_missing":null,"stats":[{"value":"1","type":"freq","wgtd":null}]},{"value":"SOLO TRABAJA EN VACACIONES","labl":null,"is_missing":null,"stats":[{"value":"1","type":"freq","wgtd":null}]},{"value":"SOLO TRABAJA EN TEMPORADA DE VACACIONES 4 HORAS DIARIAS","labl":null,"is_missing":null,"stats":[{"value":"1","type":"freq","wgtd":null}]},{"value":"SOLO TRABAJA EN LAS VACACIONES ES EL PRIMER TRABAJO","labl":null,"is_missing":null,"stats":[{"value":"1","type":"freq","wgtd":null}]},{"value":"SOLO LOS MIERCOLES","labl":null,"is_missing":null,"stats":[{"value":"1","type":"freq","wgtd":null}]},{"value":"SOLO LO REALIZA EN VACIONES","labl":null,"is_missing":null,"stats":[{"value":"1","type":"freq","wgtd":null}]},{"value":"SOLO ESTUDIA LOS DOMINGOS(VALIDANDO)","labl":null,"is_missing":null,"stats":[{"value":"1","type":"freq","wgtd":null}]},{"value":"SOLO ESTUDIA FINES DE SEMANA","labl":null,"is_missing":null,"stats":[{"value":"1","type":"freq","wgtd":null}]},{"value":"SOLO ENVACACIONES ESCOLARES","labl":null,"is_missing":null,"stats":[{"value":"1","type":"freq","wgtd":null}]},{"value":"SOLO EN VACAIONES ESCOLARES","labl":null,"is_missing":null,"stats":[{"value":"1","type":"freq","wgtd":null}]},{"value":"SOLO CUANDO NO TIENE CLASES","labl":null,"is_missing":null,"stats":[{"value":"1","type":"freq","wgtd":null}]},{"value":"SOLO  TRABAJA EN EL ALMACEN EN VACACIONES  9 HORAS DIARIAS","labl":null,"is_missing":null,"stats":[{"value":"1","type":"freq","wgtd":null}]},{"value":"SE ENCUENTRA EN VACACIONES ESCOLARES LO HIZO EN LAS TARDES","labl":null,"is_missing":null,"stats":[{"value":"1","type":"freq","wgtd":null}]},{"value":"SE ENCUENTRA EN VACACIONES ESCOLARES","labl":null,"is_missing":null,"stats":[{"value":"1","type":"freq","wgtd":null}]},{"value":"SE ENCUENTRA EN VACACIONES ESCOLAR","labl":null,"is_missing":null,"stats":[{"value":"1","type":"freq","wgtd":null}]},{"value":"RECREO","labl":null,"is_missing":null,"stats":[{"value":"1","type":"freq","wgtd":null}]},{"value":"RECESO ESCOLAR","labl":null,"is_missing":null,"stats":[{"value":"1","type":"freq","wgtd":null}]},{"value":"PROFESORA INCAPACITADA POR CIRUJIA","labl":null,"is_missing":null,"stats":[{"value":"1","type":"freq","wgtd":null}]},{"value":"POR VACACIONES ESCOLARES","labl":null,"is_missing":null,"stats":[{"value":"1","type":"freq","wgtd":null}]},{"value":"POR RECESO ESCOLAR","labl":null,"is_missing":null,"stats":[{"value":"1","type":"freq","wgtd":null}]},{"value":"NO TRABAJO POR LLUVIA","labl":null,"is_missing":null,"stats":[{"value":"1","type":"freq","wgtd":null}]},{"value":"NO TRABAJO","labl":null,"is_missing":null,"stats":[{"value":"1","type":"freq","wgtd":null}]},{"value":"NO FUE A CLASE POR TRABAJAR","labl":null,"is_missing":null,"stats":[{"value":"1","type":"freq","wgtd":null}]},{"value":"NO ESTABA ESTUDIANDO POR RECESO ESTUDIANTIL","labl":null,"is_missing":null,"stats":[{"value":"1","type":"freq","wgtd":null}]},{"value":"NO ELABORO CHOCOLATES","labl":null,"is_missing":null,"stats":[{"value":"1","type":"freq","wgtd":null}]},{"value":"NO  ESTABA TRABAJANDO","labl":null,"is_missing":null,"stats":[{"value":"1","type":"freq","wgtd":null}]},{"value":"N VACACIONES ESCOLARES","labl":null,"is_missing":null,"stats":[{"value":"1","type":"freq","wgtd":null}]},{"value":"MA\u00d1ANA Y TARDE DE LUNES A VIERNES","labl":null,"is_missing":null,"stats":[{"value":"1","type":"freq","wgtd":null}]},{"value":"MARTES Y SABADOS DESPUES DE CLASES","labl":null,"is_missing":null,"stats":[{"value":"1","type":"freq","wgtd":null}]},{"value":"LO  REALIZO TODO  EL DIA  ESTABA EN VACACIONES","labl":null,"is_missing":null,"stats":[{"value":"1","type":"freq","wgtd":null}]},{"value":"LA SEMANA PASADA NO TRABAJO","labl":null,"is_missing":null,"stats":[{"value":"1","type":"freq","wgtd":null}]},{"value":"LA SEM PASADA NO TRABAJO, SUELE HACERLO CUANDO NO TIENE CLASES","labl":null,"is_missing":null,"stats":[{"value":"1","type":"freq","wgtd":null}]},{"value":"FUE  SOLO  EN VACACIONES  DURANTE 8 HORAS DIARIAS","labl":null,"is_missing":null,"stats":[{"value":"1","type":"freq","wgtd":null}]},{"value":"FINES DE SEMANA Y DESPUES DE CLASE","labl":null,"is_missing":null,"stats":[{"value":"1","type":"freq","wgtd":null}]},{"value":"FALTO A CLASE (UN DIA)","labl":null,"is_missing":null,"stats":[{"value":"1","type":"freq","wgtd":null}]},{"value":"ETABA DE VACASIONES","labl":null,"is_missing":null,"stats":[{"value":"1","type":"freq","wgtd":null}]},{"value":"ESTUVO EN VACASIONES","labl":null,"is_missing":null,"stats":[{"value":"1","type":"freq","wgtd":null}]},{"value":"ESTUVO  AUCENTE","labl":null,"is_missing":null,"stats":[{"value":"1","type":"freq","wgtd":null}]},{"value":"ESTUDIA SABATINO","labl":null,"is_missing":null,"stats":[{"value":"1","type":"freq","wgtd":null}]},{"value":"ESTUDIA LOS SABADOS Y DOMNGOS","labl":null,"is_missing":null,"stats":[{"value":"1","type":"freq","wgtd":null}]},{"value":"ESTUDIA LOS FINES DE SEMANA Y TRABAJA ENTRE SEMANA","labl":null,"is_missing":null,"stats":[{"value":"1","type":"freq","wgtd":null}]},{"value":"ESTUDIA LOS FINES DE SEMANA TRABAJA ENTRE SEMANA","labl":null,"is_missing":null,"stats":[{"value":"1","type":"freq","wgtd":null}]},{"value":"ESTUDIA LOS FINES  DE SEMANA Y TRABAJA ENTRE SEMANA","labl":null,"is_missing":null,"stats":[{"value":"1","type":"freq","wgtd":null}]},{"value":"ESTUDIA EN LA NOCHE","labl":null,"is_missing":null,"stats":[{"value":"1","type":"freq","wgtd":null}]},{"value":"ESTUDIA  LOS FINES DE SEMANA","labl":null,"is_missing":null,"stats":[{"value":"1","type":"freq","wgtd":null}]},{"value":"ESTUBO EN VACACIONES","labl":null,"is_missing":null,"stats":[{"value":"1","type":"freq","wgtd":null}]},{"value":"ESTANDO EN EL COLEGIO","labl":null,"is_missing":null,"stats":[{"value":"1","type":"freq","wgtd":null}]},{"value":"ESTABAN  EN  VACIONES","labl":null,"is_missing":null,"stats":[{"value":"1","type":"freq","wgtd":null}]},{"value":"ESTABA EN VCACIONES ESCOLARES","labl":null,"is_missing":null,"stats":[{"value":"1","type":"freq","wgtd":null}]},{"value":"ESTABA EN VACACIONES, POR LAS TARDES Y LOS FINES DE SEMANA","labl":null,"is_missing":null,"stats":[{"value":"1","type":"freq","wgtd":null}]},{"value":"ESTABA EN VACACIONES, POR LA TARDE","labl":null,"is_missing":null,"stats":[{"value":"1","type":"freq","wgtd":null}]},{"value":"ESTABA EN VACACIONES Y TRABAJO TODOS LOS DIAS","labl":null,"is_missing":null,"stats":[{"value":"1","type":"freq","wgtd":null}]},{"value":"ESTABA EN VACACIONES ESCOLARES UNA HORA EN LA TARDE","labl":null,"is_missing":null,"stats":[{"value":"1","type":"freq","wgtd":null}]},{"value":"ESTABA EN SEMANA DE RECESO ESCOLAR","labl":null,"is_missing":null,"stats":[{"value":"1","type":"freq","wgtd":null}]},{"value":"ESTABA EN LA  SEMANA DE RECESO ESCOLAR","labl":null,"is_missing":null,"stats":[{"value":"1","type":"freq","wgtd":null}]},{"value":"ESTABA DE VACASIONES","labl":null,"is_missing":null,"stats":[{"value":"1","type":"freq","wgtd":null}]},{"value":"ESTABA DE VACACIONES ESCOLARES Y FUE UN FIN DE SEMANA","labl":null,"is_missing":null,"stats":[{"value":"1","type":"freq","wgtd":null}]},{"value":"ESTABA DE VACACIONES  ESCOLARES","labl":null,"is_missing":null,"stats":[{"value":"1","type":"freq","wgtd":null}]},{"value":"ESTABA DE RECESO ESCOLAR","labl":null,"is_missing":null,"stats":[{"value":"1","type":"freq","wgtd":null}]},{"value":"ESTABA  EN  VACACIONES","labl":null,"is_missing":null,"stats":[{"value":"1","type":"freq","wgtd":null}]},{"value":"ESTABA  EN   VACACIONES","labl":null,"is_missing":null,"stats":[{"value":"1","type":"freq","wgtd":null}]},{"value":"ESTABA   EN VACASIONES","labl":null,"is_missing":null,"stats":[{"value":"1","type":"freq","wgtd":null}]},{"value":"ESTA HACIENDO LAS PRACTICAS","labl":null,"is_missing":null,"stats":[{"value":"1","type":"freq","wgtd":null}]},{"value":"ESTA EN VACIONES NORMALMENTE LO HACE DESPUES DE CLASE","labl":null,"is_missing":null,"stats":[{"value":"1","type":"freq","wgtd":null}]},{"value":"ESTA EN VACACIONES LO HACE DESPUES DE CLASES","labl":null,"is_missing":null,"stats":[{"value":"1","type":"freq","wgtd":null}]},{"value":"ESTA EN VACACIONES ESCOLARES TRABAJO EN LAS TARDES","labl":null,"is_missing":null,"stats":[{"value":"1","type":"freq","wgtd":null}]},{"value":"ESTA EN VACACIONES ESCOLARES TRABAJO EN LA MA\u00d1ANAS","labl":null,"is_missing":null,"stats":[{"value":"1","type":"freq","wgtd":null}]},{"value":"ESTA EN VACACIONES ESCOLARES  (EN LAS  TARDES Y EN LA NOCHE )","labl":null,"is_missing":null,"stats":[{"value":"1","type":"freq","wgtd":null}]},{"value":"ESTA EN VACACIONES AYUDA TODO EL DIA","labl":null,"is_missing":null,"stats":[{"value":"1","type":"freq","wgtd":null}]},{"value":"ESTA EN VACACINOES ESCOLARES","labl":null,"is_missing":null,"stats":[{"value":"1","type":"freq","wgtd":null}]},{"value":"ESTA EN RECESO ESCOLAR","labl":null,"is_missing":null,"stats":[{"value":"1","type":"freq","wgtd":null}]},{"value":"ESTA EN  VACACIONES LE AYUDA DESPUES DE ESTUDIAR","labl":null,"is_missing":null,"stats":[{"value":"1","type":"freq","wgtd":null}]},{"value":"ESTA DE VACACIONES ESCOLARES","labl":null,"is_missing":null,"stats":[{"value":"1","type":"freq","wgtd":null}]},{"value":"ESTA DE VACACIONES","labl":null,"is_missing":null,"stats":[{"value":"1","type":"freq","wgtd":null}]},{"value":"ESTA  EN VACASIONES","labl":null,"is_missing":null,"stats":[{"value":"1","type":"freq","wgtd":null}]},{"value":"ESTA  EN VACACIONES NORMALMENTE TRABAJA DESPUES DEL COLEGIO","labl":null,"is_missing":null,"stats":[{"value":"1","type":"freq","wgtd":null}]},{"value":"ESTA  EN VACACIONES NORMALMENTE TRABAJA DESPUES DE CLASES","labl":null,"is_missing":null,"stats":[{"value":"1","type":"freq","wgtd":null}]},{"value":"ESTA  EN  VACACIONES ESCOLARES    ( MA\u00d1ANA  -TARDE )","labl":null,"is_missing":null,"stats":[{"value":"1","type":"freq","wgtd":null}]},{"value":"ESTA  EN  VACACIONES  ESCOLARES","labl":null,"is_missing":null,"stats":[{"value":"1","type":"freq","wgtd":null}]},{"value":"ESTA  EN  VACACIONES","labl":null,"is_missing":null,"stats":[{"value":"1","type":"freq","wgtd":null}]},{"value":"EPOCA DE VACACIONES","labl":null,"is_missing":null,"stats":[{"value":"1","type":"freq","wgtd":null}]},{"value":"ENVACACIONES","labl":null,"is_missing":null,"stats":[{"value":"1","type":"freq","wgtd":null}]},{"value":"ENTRE SEMANA PORQUE ESTUDIA LOS FINES DE SEMANA VALIDANDO","labl":null,"is_missing":null,"stats":[{"value":"1","type":"freq","wgtd":null}]},{"value":"ENTRE SEMANA POR QUE ESTUDIA FINES DE SEMANA","labl":null,"is_missing":null,"stats":[{"value":"1","type":"freq","wgtd":null}]},{"value":"ENTRE SEMANA ESTUDIA LOS SABADOS","labl":null,"is_missing":null,"stats":[{"value":"1","type":"freq","wgtd":null}]},{"value":"ENTRE SEMANA ( ESTUDIA LOS FINES DE SEMANA)","labl":null,"is_missing":null,"stats":[{"value":"1","type":"freq","wgtd":null}]},{"value":"ENTRE CLASE","labl":null,"is_missing":null,"stats":[{"value":"1","type":"freq","wgtd":null}]},{"value":"ENTRE  CLASES","labl":null,"is_missing":null,"stats":[{"value":"1","type":"freq","wgtd":null}]},{"value":"EN VACASIONES","labl":null,"is_missing":null,"stats":[{"value":"1","type":"freq","wgtd":null}]},{"value":"EN VACACIONES Y FINES DE SAMANA","labl":null,"is_missing":null,"stats":[{"value":"1","type":"freq","wgtd":null}]},{"value":"EN VACACIONES TODO  EL DIA","labl":null,"is_missing":null,"stats":[{"value":"1","type":"freq","wgtd":null}]},{"value":"EN VACACIONES ESCOLARES(TIEMPO COMPLETO)","labl":null,"is_missing":null,"stats":[{"value":"1","type":"freq","wgtd":null}]},{"value":"EN VACACIONES ESCOLARES TRES HORA EN LA MA\u00d1ANA Y DOS HORAS EN LA TARDE","labl":null,"is_missing":null,"stats":[{"value":"1","type":"freq","wgtd":null}]},{"value":"EN VACACIONES ESCOLARES PARA NO QUEDARSE SOLA EN CASA","labl":null,"is_missing":null,"stats":[{"value":"1","type":"freq","wgtd":null}]},{"value":"EN VACACIONES ESCOLARES JORNADA DE LA MA\u00d1ANA","labl":null,"is_missing":null,"stats":[{"value":"1","type":"freq","wgtd":null}]},{"value":"EN VACACIONES DEL COLEGIO","labl":null,"is_missing":null,"stats":[{"value":"1","type":"freq","wgtd":null}]},{"value":"EN VAAIONES ESCOLARES","labl":null,"is_missing":null,"stats":[{"value":"1","type":"freq","wgtd":null}]},{"value":"EN SEMANA, ESTUDIA FINES DE SEMANA","labl":null,"is_missing":null,"stats":[{"value":"1","type":"freq","wgtd":null}]},{"value":"EN RECREO","labl":null,"is_missing":null,"stats":[{"value":"1","type":"freq","wgtd":null}]},{"value":"EN RECESO","labl":null,"is_missing":null,"stats":[{"value":"1","type":"freq","wgtd":null}]},{"value":"EN LOS DESCANSOS EN EL COLEGIO","labl":null,"is_missing":null,"stats":[{"value":"1","type":"freq","wgtd":null}]},{"value":"EN LOS DESCANSOS DEL HORARIO ESCOLAR","labl":null,"is_missing":null,"stats":[{"value":"1","type":"freq","wgtd":null}]},{"value":"EN LOS DESCANSOS DEL COLEGIO","labl":null,"is_missing":null,"stats":[{"value":"1","type":"freq","wgtd":null}]},{"value":"EN LOS DESCANSOS","labl":null,"is_missing":null,"stats":[{"value":"1","type":"freq","wgtd":null}]},{"value":"EN LOS  RATOS LIBRES","labl":null,"is_missing":null,"stats":[{"value":"1","type":"freq","wgtd":null}]},{"value":"EN LOS  DESCANSOS DEL  COLEGIO Y EN LAS CLASES","labl":null,"is_missing":null,"stats":[{"value":"1","type":"freq","wgtd":null}]},{"value":"EN LA TARDE POR SE ENCUENTRA EN VACACIONES ESCOLARES","labl":null,"is_missing":null,"stats":[{"value":"1","type":"freq","wgtd":null}]},{"value":"EN LA TARDE (VACACIONES)","labl":null,"is_missing":null,"stats":[{"value":"1","type":"freq","wgtd":null}]},{"value":"EN LA NOCHE POR QUE ESTABA EN VACACIONES ESCOLARES","labl":null,"is_missing":null,"stats":[{"value":"1","type":"freq","wgtd":null}]},{"value":"EN LA MA\u00d1ANA POR QUE ESTA EN VACACIONES ESCOLARES","labl":null,"is_missing":null,"stats":[{"value":"1","type":"freq","wgtd":null}]},{"value":"EN LA HORA DEL DESCANSO","labl":null,"is_missing":null,"stats":[{"value":"1","type":"freq","wgtd":null}]},{"value":"EN LA  MA\u00d1ANA Y DESPUES DEL  COLEGIO","labl":null,"is_missing":null,"stats":[{"value":"1","type":"freq","wgtd":null}]},{"value":"EN HORAS DEL RECREO DEL COLEGIO","labl":null,"is_missing":null,"stats":[{"value":"1","type":"freq","wgtd":null}]},{"value":"EN EL RECREO","labl":null,"is_missing":null,"stats":[{"value":"1","type":"freq","wgtd":null}]},{"value":"EN EL DESCANSO DEL COLEGIO","labl":null,"is_missing":null,"stats":[{"value":"1","type":"freq","wgtd":null}]},{"value":"EN EL DESCANSO","labl":null,"is_missing":null,"stats":[{"value":"1","type":"freq","wgtd":null}]},{"value":"EN DESCANSOS","labl":null,"is_missing":null,"stats":[{"value":"1","type":"freq","wgtd":null}]},{"value":"EN DESCANSO DEL COLEGIO","labl":null,"is_missing":null,"stats":[{"value":"1","type":"freq","wgtd":null}]},{"value":"EN BACASIONES","labl":null,"is_missing":null,"stats":[{"value":"1","type":"freq","wgtd":null}]},{"value":"EN  VACACIONES TODO EL DIA","labl":null,"is_missing":null,"stats":[{"value":"1","type":"freq","wgtd":null}]},{"value":"EN  VACACIONES","labl":null,"is_missing":null,"stats":[{"value":"1","type":"freq","wgtd":null}]},{"value":"EN  LA SEMANA DE VACACIONES","labl":null,"is_missing":null,"stats":[{"value":"1","type":"freq","wgtd":null}]},{"value":"ELLA SOLO ESTUDIA LOS SABADOS","labl":null,"is_missing":null,"stats":[{"value":"1","type":"freq","wgtd":null}]},{"value":"EL TRABAJO  ES PRACTICA PARA GRADO","labl":null,"is_missing":null,"stats":[{"value":"1","type":"freq","wgtd":null}]},{"value":"EL SABADO","labl":null,"is_missing":null,"stats":[{"value":"1","type":"freq","wgtd":null}]},{"value":"EL FESTIVO","labl":null,"is_missing":null,"stats":[{"value":"1","type":"freq","wgtd":null}]},{"value":"EL DIA QUE NO TUVO CLASE POR JORNADA PEDAGOGICA","labl":null,"is_missing":null,"stats":[{"value":"1","type":"freq","wgtd":null}]},{"value":"DURANTE LA SEMANA(ESTUDIA FINES DE SEMANA)","labl":null,"is_missing":null,"stats":[{"value":"1","type":"freq","wgtd":null}]},{"value":"DURANTE LA SEMANA PORQUE ESTUDIAS LOS FINES DE SEMANA","labl":null,"is_missing":null,"stats":[{"value":"1","type":"freq","wgtd":null}]},{"value":"DURANTE LA CLASE","labl":null,"is_missing":null,"stats":[{"value":"1","type":"freq","wgtd":null}]},{"value":"DURANTE CLASES (RECREO) LA REALIZA EN LA CAFETERIA","labl":null,"is_missing":null,"stats":[{"value":"1","type":"freq","wgtd":null}]},{"value":"DURANTE CLASES","labl":null,"is_missing":null,"stats":[{"value":"1","type":"freq","wgtd":null}]},{"value":"DURANTE CLASE (RECREO)","labl":null,"is_missing":null,"stats":[{"value":"1","type":"freq","wgtd":null}]},{"value":"DOS DIAS DE LA SEMANA POR QUE ESTUDIA LOS FINES DE SEMANA","labl":null,"is_missing":null,"stats":[{"value":"1","type":"freq","wgtd":null}]},{"value":"DOMINGO Y FESTIVOS","labl":null,"is_missing":null,"stats":[{"value":"1","type":"freq","wgtd":null}]},{"value":"DIAS DE RECESO ESCOLAR","labl":null,"is_missing":null,"stats":[{"value":"1","type":"freq","wgtd":null}]},{"value":"DESPUES DE VACASIONES","labl":null,"is_missing":null,"stats":[{"value":"1","type":"freq","wgtd":null}]},{"value":"DESPUES DE TERMINAR LAS TAREAS","labl":null,"is_missing":null,"stats":[{"value":"1","type":"freq","wgtd":null}]},{"value":"DESPUES DE CLASES EN  VACACIONES SOLO EN LAS TARDES","labl":null,"is_missing":null,"stats":[{"value":"1","type":"freq","wgtd":null}]},{"value":"DESCANSOS","labl":null,"is_missing":null,"stats":[{"value":"1","type":"freq","wgtd":null}]},{"value":"DE VACACIONES  ECOLARES","labl":null,"is_missing":null,"stats":[{"value":"1","type":"freq","wgtd":null}]},{"value":"DE VACACIONES","labl":null,"is_missing":null,"stats":[{"value":"1","type":"freq","wgtd":null}]},{"value":"DE LUNES A VIERNES","labl":null,"is_missing":null,"stats":[{"value":"1","type":"freq","wgtd":null}]},{"value":"DE 8 A 14 ENTRE SEMANA MIENTRAS LEVANTABAN EL PARO DE LA UNIV.","labl":null,"is_missing":null,"stats":[{"value":"1","type":"freq","wgtd":null}]},{"value":"DE 12 DE LA TARDE A 12 DE LA NOCHE","labl":null,"is_missing":null,"stats":[{"value":"1","type":"freq","wgtd":null}]},{"value":"CUANDO QUEDA TIEMPO","labl":null,"is_missing":null,"stats":[{"value":"1","type":"freq","wgtd":null}]},{"value":"CUANDO ESTUDIA LO HACE ANTES Y DESPUES AHORA EN VACACIONES 7 HORAS","labl":null,"is_missing":null,"stats":[{"value":"1","type":"freq","wgtd":null}]},{"value":"CUANDO ESTUDIA LO  HACE DESPUES DE CLASE EN VACACIONES 8 HORAS","labl":null,"is_missing":null,"stats":[{"value":"1","type":"freq","wgtd":null}]},{"value":"CUANDO EL QUIERE","labl":null,"is_missing":null,"stats":[{"value":"1","type":"freq","wgtd":null}]},{"value":"AYUDA TEMPORALMENTE SOLO  EN VACACIONES","labl":null,"is_missing":null,"stats":[{"value":"1","type":"freq","wgtd":null}]},{"value":"ASISTE A LA EDUCACION NO FORMAL","labl":null,"is_missing":null,"stats":[{"value":"1","type":"freq","wgtd":null}]},{"value":"ANTES DE CLASES Y FINES DE SEMANA","labl":null,"is_missing":null,"stats":[{"value":"1","type":"freq","wgtd":null}]},{"value":"ANTES  Y DESPUES DE CLASES Y FINES DE SEMANA","labl":null,"is_missing":null,"stats":[{"value":"1","type":"freq","wgtd":null}]},{"value":"AL MISMO TIEMPO DE ESTUDIO","labl":null,"is_missing":null,"stats":[{"value":"1","type":"freq","wgtd":null}]},{"value":"A LA HORA DE DESCANSO","labl":null,"is_missing":null,"stats":[{"value":"1","type":"freq","wgtd":null}]},{"value":"2  Y  LAS  4  TARDE","labl":null,"is_missing":null,"stats":[{"value":"1","type":"freq","wgtd":null}]},{"value":"12","labl":null,"is_missing":null,"stats":[{"value":"1","type":"freq","wgtd":null}]}],"var_codinstr":null,"var_concept":[],"var_format":{"type":"character","schema":"other","category":null,"name":null},"var_notes":null,"var_val_range":{"min":null,"max":null},"fid":"F2","sid":"372","survey_idno":"DANE-DIRPEN-ENTI-2011"}