{"file_id":"F2","vid":"V515","name":"P6843","var_intrvl":"discrete","var_dcml":"0","var_wgt":null,"var_is_wgt":null,"loc_start_pos":"1038","loc_end_pos":"1038","loc_width":"1","loc_rec_seg_no":"1","labl":"\u00bfc\u00faal fue la r\u00e1zon principal por la que usted empezo a trabajar?","var_imputation":null,"var_security":"El acceso a microdatos y Mam-up se considera como de tratamiento especial respecto a la reserva estad\u00edstica por tanto estar\u00e1 sujeto a la reglamentaci\u00f3n que para el efecto defina el Comit\u00e9 de Aseguramiento de la reserva estad\u00edstica. Resoluci\u00f3n 173 de 2008.","var_resp_unit":"Directo","var_analysis_unit":null,"var_qstn_preqtxt":"D.25.\u00bfUsted trabaj\u00f3 alguna vez en su vida como asalariado, independiente, trabajador familiar o ayudante sin remuneraci\u00f3n? (no tenga en cuenta su situaci\u00f3n laboral actual)\n\n1. S\u00ed\n2. No","var_qstn_qstnlit":"D.26. \u00bfCu\u00e1l fue la raz\u00f3n principal por la que usted empez\u00f3 a trabajar?\n\n1. Deb\u00eda ayudar a costearse el estudio\n2. Deb\u00eda ayudar con los gastos de la casa\n3. Deb\u00eda participar en la actividad econ\u00f3mica de la familia\n4. El trabajo lo formaba y lo hac\u00eda honrado\n5. El trabajo lo alejaba de los vicios\n6. Le gustaba trabajar para tener su propio dinero\n7. Para aprender un oficio\n8. Por embarazo o porque tiene un hijo\n9. Otra raz\u00f3n,","var_qstn_postqtxt":"E.1. Adicional a las actividades que me inform\u00f3 haber realizado, \u00bfcu\u00e1les de las siguientes actividades para el beneficio de su propio hogar realiz\u00f3 la semana pasada?\n\na. Atendi\u00f3 la huerta casera\n1. S\u00ed\n2. No","var_qstn_ivuinstr":"Esta pregunta  busca establecer la raz\u00f3n principal por la que el ni\u00f1o, ni\u00f1a o adolescente se encuentra participando en la actividad econ\u00f3mica y no est\u00e1  dedicado a las actividades propias de su edad.\n\nFormule la pregunta,   espere   la respuesta del encuestado y marque una sola alternativa, ind\u00edquele que se debe referir a la raz\u00f3n  principal en caso de mencionar varias.","var_universe":"Lo constituyen los ni\u00f1os, ni\u00f1as y adolescentes entre 5 y 17 a\u00f1os de edad, residentes  en el territorio nacional  excluyendo los antiguos  territorios nacionales.","var_universe_clusion":"I","var_sumstat":[{"value":"3440","type":"vald","wgtd":null},{"value":"45458","type":"invd","wgtd":null},{"value":"1","type":"min","wgtd":null},{"value":"9","type":"max","wgtd":null},{"value":"5.367","type":"mean","wgtd":null},{"value":"1.831","type":"stdev","wgtd":null}],"var_txt":null,"var_catgry":[{"value":"6","labl":"Le gustaba trabajar para tener su propio dinero","is_missing":null,"stats":[{"value":"2022","type":"freq","wgtd":null}]},{"value":"3","labl":"Deb\u00eda participar en la actividad econ\u00f3mica de la familia","is_missing":null,"stats":[{"value":"438","type":"freq","wgtd":null}]},{"value":"7","labl":"Para aprender un oficio","is_missing":null,"stats":[{"value":"327","type":"freq","wgtd":null}]},{"value":"2","labl":"Deb\u00eda ayudar con los gastos de la casa","is_missing":null,"stats":[{"value":"277","type":"freq","wgtd":null}]},{"value":"9","labl":"Otra raz\u00f3n,","is_missing":null,"stats":[{"value":"168","type":"freq","wgtd":null}]},{"value":"1","labl":"Deb\u00eda ayudar a costearse el estudio","is_missing":null,"stats":[{"value":"93","type":"freq","wgtd":null}]},{"value":"4","labl":"El trabajo lo formaba y lo hac\u00eda honrado","is_missing":null,"stats":[{"value":"67","type":"freq","wgtd":null}]},{"value":"5","labl":"El trabajo lo alejaba de los vicios","is_missing":null,"stats":[{"value":"28","type":"freq","wgtd":null}]},{"value":"8","labl":"Por embarazo o porque tiene un hijo","is_missing":null,"stats":[{"value":"20","type":"freq","wgtd":null}]},{"value":"Sysmiss","labl":null,"is_missing":"Y","stats":[{"value":"45458","type":"freq","wgtd":null}]}],"var_codinstr":null,"var_concept":[],"var_format":{"type":"numeric","schema":"other","category":null,"name":null},"var_notes":null,"var_val_range":{"min":"1","max":"9"},"fid":"F2","sid":"372","survey_idno":"DANE-DIRPEN-ENTI-2011"}