{"file_id":"F2","vid":"V536","name":"P6845s3","var_intrvl":"discrete","var_dcml":"0","var_wgt":null,"var_is_wgt":null,"loc_start_pos":"1164","loc_end_pos":"1164","loc_width":"1","loc_rec_seg_no":"1","labl":"Adicional a las actividades que me inform\u00f3 haber realizado, \u00bfcu\u00e1les de las siguientes actividades para el beneficio de su propio hogar realiz\u00f3 la semana pasada? -  colabor\u00f3 en actividades agr\u00edcolas como abonar la tierra, echar semilla, sembrar, almacenar","var_imputation":null,"var_security":"El acceso a microdatos y Mam-up se considera como de tratamiento especial respecto a la reserva estad\u00edstica por tanto estar\u00e1 sujeto a la reglamentaci\u00f3n que para el efecto defina el Comit\u00e9 de Aseguramiento de la reserva estad\u00edstica. Resoluci\u00f3n 173 de 2008.","var_resp_unit":"Directo","var_analysis_unit":null,"var_qstn_preqtxt":"E.1. Adicional a las actividades que me inform\u00f3 haber realizado, \u00bfcu\u00e1les de las siguientes actividades para el beneficio de su propio hogar realiz\u00f3 la semana pasada? \n\nb. Ayud\u00f3 enla cr\u00eda y cuidado de animales de la casa para consumo del hogar\n\n1. Si\n2. No","var_qstn_qstnlit":"E.1.Adicional a las actividades que me inform\u00f3 haber realizado, \u00bfcu\u00e1les de las siguientes actividades para el beneficio de su propio hogar realiz\u00f3 la semana pasada? \n\nc.  Colabor\u00f3 en actividades agr\u00edcolas como abonar la tierra, echar semilla, sembrar, almacenar \n\n1. Si\n2. No","var_qstn_postqtxt":"E.1.Adicional a las actividades que me inform\u00f3 haber realizado, \u00bfcu\u00e1les de las siguientes actividades para el beneficio de su propio hogar realiz\u00f3 la semana pasada? \n\nd.   Particip\u00f3 en la pesca o caza de animales para el consumo del hogar \n\n1. Si\n2. No","var_qstn_ivuinstr":"Se pregunta por 5 actividades relacionadas con actividades agropecuarias de autoconsumo a trav\u00e9s de opci\u00f3n m\u00faltiple en formato de si o no.\n\nFlujo: En caso de responder  todas las alternativas con 2. No, entonces pasa a E3.","var_universe":"Lo constituyen los ni\u00f1os, ni\u00f1as y adolescentes entre 5 y 17 a\u00f1os de edad, residentes  en el territorio nacional  excluyendo los antiguos  territorios nacionales.","var_universe_clusion":"I","var_sumstat":[{"value":"47869","type":"vald","wgtd":null},{"value":"1029","type":"invd","wgtd":null},{"value":"1","type":"min","wgtd":null},{"value":"2","type":"max","wgtd":null},{"value":"1.979","type":"mean","wgtd":null},{"value":"0.143","type":"stdev","wgtd":null}],"var_txt":null,"var_catgry":[{"value":"2","labl":"No","is_missing":null,"stats":[{"value":"46874","type":"freq","wgtd":null}]},{"value":"1","labl":"Si","is_missing":null,"stats":[{"value":"995","type":"freq","wgtd":null}]},{"value":"Sysmiss","labl":null,"is_missing":"Y","stats":[{"value":"1029","type":"freq","wgtd":null}]}],"var_codinstr":null,"var_concept":[],"var_format":{"type":"numeric","schema":"other","category":null,"name":null},"var_notes":null,"var_val_range":{"min":"1","max":"2"},"fid":"F2","sid":"372","survey_idno":"DANE-DIRPEN-ENTI-2011"}