{"file_id":"F2","vid":"V555","name":"P6849","var_intrvl":"discrete","var_dcml":"0","var_wgt":null,"var_is_wgt":null,"loc_start_pos":"1195","loc_end_pos":"1195","loc_width":"1","loc_rec_seg_no":"1","labl":"\u00bfla semana pasada realiz\u00f3 actividades de autoconstrucci\u00f3n de la vivienda? - trabaj\u00f3 en la autoconstrucci\u00f3n de vivienda","var_imputation":null,"var_security":"El acceso a microdatos y Mam-up se considera como de tratamiento especial respecto a la reserva estad\u00edstica por tanto estar\u00e1 sujeto a la reglamentaci\u00f3n que para el efecto defina el Comit\u00e9 de Aseguramiento de la reserva estad\u00edstica. Resoluci\u00f3n 173 de 2008.","var_resp_unit":"Directo","var_analysis_unit":null,"var_qstn_preqtxt":"E.4.Cuantas Horas al d\u00eda le dedico a la elaboraci\u00f3n de productos textiles o artesan\u00edas para el consumo del hogar durante la semana pasada. \n\nDOMINGO","var_qstn_qstnlit":"E.5.\u00bfLa semana pasada realiz\u00f3 actividades de autoconstrucci\u00f3n de la vivienda? \n\nA. Trabaj\u00f3 en la autoconstrucci\u00f3n de vivienda\n\n1.Si\n2.No","var_qstn_postqtxt":"E.6.Cuantas horas al d\u00eda le dedic\u00f3 a la autoconstrucci\u00f3n de la vivienda durante la semana pasada.\n\n LUNES","var_qstn_ivuinstr":"Se pregunta  por la participaci\u00f3n del NNA en actividades relacionadas con la autoconstrucci\u00f3n a trav\u00e9s de opci\u00f3n m\u00faltiple en formato de s\u00ed o no.\n\nFlujo: En caso de responder  todas las alternativas con 2. No, entonces pasa a E7.","var_universe":"Lo constituyen los ni\u00f1os, ni\u00f1as y adolescentes entre 5 y 17 a\u00f1os de edad, residentes  en el territorio nacional  excluyendo los antiguos  territorios nacionales.","var_universe_clusion":"I","var_sumstat":[{"value":"47869","type":"vald","wgtd":null},{"value":"1029","type":"invd","wgtd":null},{"value":"1","type":"min","wgtd":null},{"value":"2","type":"max","wgtd":null},{"value":"1.988","type":"mean","wgtd":null},{"value":"0.11","type":"stdev","wgtd":null}],"var_txt":null,"var_catgry":[{"value":"2","labl":"No","is_missing":null,"stats":[{"value":"47286","type":"freq","wgtd":null}]},{"value":"1","labl":"Si","is_missing":null,"stats":[{"value":"583","type":"freq","wgtd":null}]},{"value":"Sysmiss","labl":null,"is_missing":"Y","stats":[{"value":"1029","type":"freq","wgtd":null}]}],"var_codinstr":null,"var_concept":[],"var_format":{"type":"numeric","schema":"other","category":null,"name":null},"var_notes":null,"var_val_range":{"min":"1","max":"2"},"fid":"F2","sid":"372","survey_idno":"DANE-DIRPEN-ENTI-2011"}