{"file_id":"F2","vid":"V643","name":"P6174","var_intrvl":"discrete","var_dcml":"0","var_wgt":null,"var_is_wgt":null,"loc_start_pos":"1758","loc_end_pos":"1758","loc_width":"1","loc_rec_seg_no":"1","labl":"\u00bfen qu\u00e9 actividad ocup\u00f3 la mayor parte del tiempo la semana pasada?","var_imputation":null,"var_security":"El acceso a microdatos y Mam-up se considera como de tratamiento especial respecto a la reserva estad\u00edstica por tanto estar\u00e1 sujeto a la reglamentaci\u00f3n que para el efecto defina el Comit\u00e9 de Aseguramiento de la reserva estad\u00edstica. Resoluci\u00f3n 173 de 2008.","var_resp_unit":"Directo","var_analysis_unit":null,"var_qstn_preqtxt":"G.6. Normalmente \u00bfa qu\u00e9 hora se levanta y se acuesta?\n\nFin de semana \n\nSe acuesta","var_qstn_qstnlit":"G.7. \u00bfEn qu\u00e9 actividad ocup\u00f3 la mayor parte del tiempo la semana pasada?\n\n1. Trabajando \n2. Buscando trabajo\n3. Estudiando\n4. En vacaciones escolares\n5. Oficios del hogar\n6. Incapacitado permanente para trabajar\n7. Otra actividad,","var_qstn_postqtxt":"G.8. Adem\u00e1s de lo anterior, \u00bfusted realiz\u00f3 la semana pasada alguna actividad paga por una hora o m\u00e1s?\n\n1. S\u00ed  \n2. No","var_qstn_ivuinstr":"Tener en cuenta el diligenciamiento de la pregunta D1.\n\n\nSi responde la opci\u00f3n 1. Trabajando Pase a G13\n\nSi responde la opci\u00f3n 6. Incapacitado permanente para trabajar Pase a G24","var_universe":"Lo constituyen los ni\u00f1os, ni\u00f1as y adolescentes entre 5 y 17 a\u00f1os de edad, residentes  en el territorio nacional  excluyendo los antiguos  territorios nacionales.","var_universe_clusion":"I","var_sumstat":[{"value":"245","type":"vald","wgtd":null},{"value":"48653","type":"invd","wgtd":null},{"value":"1","type":"min","wgtd":null},{"value":"7","type":"max","wgtd":null},{"value":"4.106","type":"mean","wgtd":null},{"value":"1.962","type":"stdev","wgtd":null}],"var_txt":null,"var_catgry":[{"value":"3","labl":"Estudiando","is_missing":null,"stats":[{"value":"110","type":"freq","wgtd":null}]},{"value":"7","labl":"Otra actividad,","is_missing":null,"stats":[{"value":"62","type":"freq","wgtd":null}]},{"value":"5","labl":"Oficios del hogar","is_missing":null,"stats":[{"value":"32","type":"freq","wgtd":null}]},{"value":"1","labl":"Trabajando","is_missing":null,"stats":[{"value":"26","type":"freq","wgtd":null}]},{"value":"4","labl":"En vacaciones escolares","is_missing":null,"stats":[{"value":"13","type":"freq","wgtd":null}]},{"value":"2","labl":"Buscando trabajo","is_missing":null,"stats":[{"value":"2","type":"freq","wgtd":null}]},{"value":"6","labl":"Incapacitado permanente para trabajar","is_missing":null,"stats":[{"value":"0","type":"freq","wgtd":null}]},{"value":"Sysmiss","labl":null,"is_missing":"Y","stats":[{"value":"48653","type":"freq","wgtd":null}]}],"var_codinstr":null,"var_concept":[],"var_format":{"type":"numeric","schema":"other","category":null,"name":null},"var_notes":null,"var_val_range":{"min":"1","max":"7"},"fid":"F2","sid":"372","survey_idno":"DANE-DIRPEN-ENTI-2011"}