{"file_id":"F2","vid":"V683","name":"P6909s12","var_intrvl":"discrete","var_dcml":"0","var_wgt":null,"var_is_wgt":null,"loc_start_pos":"1944","loc_end_pos":"1944","loc_width":"1","loc_rec_seg_no":"1","labl":"\u00bfcu\u00e1les de los siguientes elementos de protecci\u00f3n necesita cuando trabaja? otro","var_imputation":null,"var_security":"El acceso a microdatos y Mam-up se considera como de tratamiento especial respecto a la reserva estad\u00edstica por tanto estar\u00e1 sujeto a la reglamentaci\u00f3n que para el efecto defina el Comit\u00e9 de Aseguramiento de la reserva estad\u00edstica. Resoluci\u00f3n 173 de 2008.","var_resp_unit":"Directo","var_analysis_unit":null,"var_qstn_preqtxt":"G.20.\u00bfCu\u00e1les de los siguientes elementos de protecci\u00f3n necesita cuando trabaja? \n\n11. Protector facial o careta\n\n1\tS\u00ed\n2\tNo","var_qstn_qstnlit":"G.20.\u00bfCu\u00e1les de los siguientes elementos de protecci\u00f3n necesita cuando trabaja? \n\n12. Otro\n\n1\tS\u00ed\n2\tNo","var_qstn_postqtxt":"G.21.\u00bfCu\u00e1les de los siguientes elementos de protecci\u00f3n utiliza para realizar su trabajo?\n\n1. Casco\n1\tS\u00ed\n2\tNo","var_qstn_ivuinstr":"Tener en cuenta el diligenciamiento de la pregunta D22.","var_universe":"Lo constituyen los ni\u00f1os, ni\u00f1as y adolescentes entre 5 y 17 a\u00f1os de edad, residentes  en el territorio nacional  excluyendo los antiguos  territorios nacionales.","var_universe_clusion":"I","var_sumstat":[{"value":"54","type":"vald","wgtd":null},{"value":"48844","type":"invd","wgtd":null},{"value":"1","type":"min","wgtd":null},{"value":"2","type":"max","wgtd":null},{"value":"1.981","type":"mean","wgtd":null},{"value":"0.136","type":"stdev","wgtd":null}],"var_txt":null,"var_catgry":[{"value":"2","labl":"No","is_missing":null,"stats":[{"value":"53","type":"freq","wgtd":null}]},{"value":"1","labl":"S\u00ed","is_missing":null,"stats":[{"value":"1","type":"freq","wgtd":null}]},{"value":"Sysmiss","labl":null,"is_missing":"Y","stats":[{"value":"48844","type":"freq","wgtd":null}]}],"var_codinstr":null,"var_concept":[],"var_format":{"type":"numeric","schema":"other","category":null,"name":null},"var_notes":null,"var_val_range":{"min":"1","max":"2"},"fid":"F2","sid":"372","survey_idno":"DANE-DIRPEN-ENTI-2011"}