{"file_id":"F2","vid":"V722","name":"P6247s1","var_intrvl":"discrete","var_dcml":null,"var_wgt":null,"var_is_wgt":null,"loc_start_pos":"2162","loc_end_pos":"2162","loc_width":"1","loc_rec_seg_no":"1","labl":"\u00bfrecibe malos tratos en el establecimiento educativo?","var_imputation":null,"var_security":"El acceso a microdatos y Mam-up se considera como de tratamiento especial respecto a la reserva estad\u00edstica por tanto estar\u00e1 sujeto a la reglamentaci\u00f3n que para el efecto defina el Comit\u00e9 de Aseguramiento de la reserva estad\u00edstica. Resoluci\u00f3n 173 de 2008.","var_resp_unit":"Directo","var_analysis_unit":null,"var_qstn_preqtxt":"G.3. \u00bfRecibe malos tratos en el establecimiento educativo?\n\n1. S\u00ed.","var_qstn_qstnlit":"G.3. \u00bfRecibe malos tratos en el establecimiento educativo?\n\n1. S\u00ed. \u00bfDe qui\u00e9n?\n\n1. De profesores o maestros\n2. Del rector, coordinador disciplinario o su equivalente\n3. De compa\u00f1eros\n4. De otras personas","var_qstn_postqtxt":"G.4.\u00bfFalta seguido a clases? (m\u00e1s de 4 d\u00edas en el mes)\n\n1. S\u00ed\n2. No","var_qstn_ivuinstr":"Tener en cuenta el diligenciamiento de la pregunta C7.","var_universe":"Lo constituyen los ni\u00f1os, ni\u00f1as y adolescentes entre 5 y 17 a\u00f1os de edad, residentes  en el territorio nacional  excluyendo los antiguos  territorios nacionales.","var_universe_clusion":"I","var_sumstat":[{"value":"7","type":"vald","wgtd":null},{"value":"0","type":"invd","wgtd":null}],"var_txt":null,"var_catgry":[{"value":"3","labl":"De compa\u00f1eros","is_missing":null,"stats":[{"value":"3","type":"freq","wgtd":null}]},{"value":"1","labl":"De profesores o maestros","is_missing":null,"stats":[{"value":"3","type":"freq","wgtd":null}]},{"value":"2","labl":"Del rector, coordinador disciplinario o su equivalente","is_missing":null,"stats":[{"value":"1","type":"freq","wgtd":null}]},{"value":"4","labl":"De otras personas","is_missing":null,"stats":[{"value":"0","type":"freq","wgtd":null}]}],"var_codinstr":null,"var_concept":[],"var_format":{"type":"character","schema":"other","category":null,"name":null},"var_notes":null,"var_val_range":{"min":null,"max":null},"fid":"F2","sid":"372","survey_idno":"DANE-DIRPEN-ENTI-2011"}