{"file_id":"F2","vid":"V723","name":"P6246s1","var_intrvl":"discrete","var_dcml":null,"var_wgt":null,"var_is_wgt":null,"loc_start_pos":"2163","loc_end_pos":"2203","loc_width":"41","loc_rec_seg_no":"1","labl":"De otra forma, \u00bfcu\u00e1l","var_imputation":null,"var_security":"El acceso a microdatos y Mam-up se considera como de tratamiento especial respecto a la reserva estad\u00edstica por tanto estar\u00e1 sujeto a la reglamentaci\u00f3n que para el efecto defina el Comit\u00e9 de Aseguramiento de la reserva estad\u00edstica. Resoluci\u00f3n 173 de 2008.","var_resp_unit":"Directo","var_analysis_unit":null,"var_qstn_preqtxt":"G.2. \u00bfC\u00f3mo lo corrigen usualmente en el establecimiento educativo?\n\n8. De otra forma,","var_qstn_qstnlit":"G.2. \u00bfC\u00f3mo lo corrigen usualmente en el establecimiento educativo?\n\n\u00bfcu\u00e1l?","var_qstn_postqtxt":"G.3. \u00bfRecibe malos tratos en el establecimiento educativo?\n\n1. S\u00ed\n2. No","var_qstn_ivuinstr":"Tener en cuenta el diligenciamiento de la pregunta C6.","var_universe":"Lo constituyen los ni\u00f1os, ni\u00f1as y adolescentes entre 5 y 17 a\u00f1os de edad, residentes  en el territorio nacional  excluyendo los antiguos  territorios nacionales.","var_universe_clusion":"I","var_sumstat":[{"value":"25","type":"vald","wgtd":null},{"value":"0","type":"invd","wgtd":null}],"var_txt":null,"var_catgry":[{"value":"CON ANOTACIONES","labl":null,"is_missing":null,"stats":[{"value":"10","type":"freq","wgtd":null}]},{"value":"CON OBSERVACIONES","labl":null,"is_missing":null,"stats":[{"value":"6","type":"freq","wgtd":null}]},{"value":"NO SABE","labl":null,"is_missing":null,"stats":[{"value":"2","type":"freq","wgtd":null}]},{"value":"ANOTACIONES","labl":null,"is_missing":null,"stats":[{"value":"2","type":"freq","wgtd":null}]},{"value":"OBSRVACIONES","labl":null,"is_missing":null,"stats":[{"value":"1","type":"freq","wgtd":null}]},{"value":"LO SACAN DE CLASE","labl":null,"is_missing":null,"stats":[{"value":"1","type":"freq","wgtd":null}]},{"value":"DEJANDOLO EN EL COLEGIO DESPUES DE CLASES","labl":null,"is_missing":null,"stats":[{"value":"1","type":"freq","wgtd":null}]},{"value":"CON ANOTACIONEA","labl":null,"is_missing":null,"stats":[{"value":"1","type":"freq","wgtd":null}]},{"value":"CON ANOTACIES","labl":null,"is_missing":null,"stats":[{"value":"1","type":"freq","wgtd":null}]}],"var_codinstr":null,"var_concept":[],"var_format":{"type":"character","schema":"other","category":null,"name":null},"var_notes":null,"var_val_range":{"min":null,"max":null},"fid":"F2","sid":"372","survey_idno":"DANE-DIRPEN-ENTI-2011"}