{"file_id":"F2","vid":"V736","name":"P6261","var_intrvl":"discrete","var_dcml":"0","var_wgt":null,"var_is_wgt":null,"loc_start_pos":"2217","loc_end_pos":"2217","loc_width":"1","loc_rec_seg_no":"1","labl":"Aunque usted no trabaj\u00f3 la semana pasada por una hora o m\u00e1s en forma remunerada, \u00bften\u00eda durante esa semana alg\u00fan trabajo o negocio por el que recibe ingresos?","var_imputation":null,"var_security":"El acceso a microdatos y Mam-up se considera como de tratamiento especial respecto a la reserva estad\u00edstica por tanto estar\u00e1 sujeto a la reglamentaci\u00f3n que para el efecto defina el Comit\u00e9 de Aseguramiento de la reserva estad\u00edstica. Resoluci\u00f3n 173 de 2008.","var_resp_unit":"Directo","var_analysis_unit":null,"var_qstn_preqtxt":"G.8. Adem\u00e1s de lo anterior, \u00bfusted realiz\u00f3 la semana pasada alguna actividad paga por una hora o m\u00e1s?\n\n1. S\u00ed  \n2. No","var_qstn_qstnlit":"G.9. Aunque usted no trabaj\u00f3 la semana pasada por una hora o m\u00e1s en forma remunerada, \u00bften\u00eda durante esa semana alg\u00fan trabajo o negocio por el que recibe ingresos?\n\n1. S\u00ed  \n2. No","var_qstn_postqtxt":"G.10. \u00bfTrabaj\u00f3 o colabor\u00f3 la semana pasada en un negocio familiar por UNA HORA O M\u00c1S sin que le pagaran?\n\n1. S\u00ed \n2. No","var_qstn_ivuinstr":"Tener en cuenta el diligenciamiento de la pregunta D3.\n\nFlujo: Si la respuesta esta dada en c\u00f3digo 1 pasa a la pregunta G13.","var_universe":"Lo constituyen los ni\u00f1os, ni\u00f1as y adolescentes entre 5 y 17 a\u00f1os de edad, residentes  en el territorio nacional  excluyendo los antiguos  territorios nacionales.","var_universe_clusion":"I","var_sumstat":[{"value":"207","type":"vald","wgtd":null},{"value":"48691","type":"invd","wgtd":null},{"value":"1","type":"min","wgtd":null},{"value":"2","type":"max","wgtd":null},{"value":"1.986","type":"mean","wgtd":null},{"value":"0.12","type":"stdev","wgtd":null}],"var_txt":null,"var_catgry":[{"value":"2","labl":"No","is_missing":null,"stats":[{"value":"204","type":"freq","wgtd":null}]},{"value":"1","labl":"S\u00ed","is_missing":null,"stats":[{"value":"3","type":"freq","wgtd":null}]},{"value":"Sysmiss","labl":null,"is_missing":"Y","stats":[{"value":"48691","type":"freq","wgtd":null}]}],"var_codinstr":null,"var_concept":[],"var_format":{"type":"numeric","schema":"other","category":null,"name":null},"var_notes":null,"var_val_range":{"min":"1","max":"2"},"fid":"F2","sid":"372","survey_idno":"DANE-DIRPEN-ENTI-2011"}