{"file_id":"F2","vid":"V738","name":"P6248","var_intrvl":"discrete","var_dcml":"0","var_wgt":null,"var_is_wgt":null,"loc_start_pos":"2219","loc_end_pos":"2219","loc_width":"1","loc_rec_seg_no":"1","labl":"\u00bffalta seguido a clases? (m\u00e1s de 4 d\u00edas en el mes)","var_imputation":null,"var_security":"El acceso a microdatos y Mam-up se considera como de tratamiento especial respecto a la reserva estad\u00edstica por tanto estar\u00e1 sujeto a la reglamentaci\u00f3n que para el efecto defina el Comit\u00e9 de Aseguramiento de la reserva estad\u00edstica. Resoluci\u00f3n 173 de 2008.","var_resp_unit":"Directo","var_analysis_unit":null,"var_qstn_preqtxt":"G.3. \u00bfRecibe malos tratos en el establecimiento educativo?\n\n1. S\u00ed. \n2. No","var_qstn_qstnlit":"G.4.\u00bfFalta seguido a clases? (m\u00e1s de 4 d\u00edas en el mes)\n\n1. S\u00ed\n2. No","var_qstn_postqtxt":"G.5. \u00bfCu\u00e1l es la principal raz\u00f3n por la que falta o no asiste regularmente a clase?\n\n1. Est\u00e1 trabajando\n2. Est\u00e1 buscando trabajo\n3. Falta de dinero para ir a la escuela o colegio\n4. Ayuda a sus padres o parientes en el trabajo\n5. Tiene que hacer los oficios dom\u00e9sticos\n6. Problemas familiares\n7. Problemas de conducta o rendimiento escolar\n8. Problemas de salud\n9. Por embarazo o porque tiene un hijo Se queda dormido, no le exigen o no quiere ir a la escuela o colegio\n10. Otra,","var_qstn_ivuinstr":"Tener en cuenta el diligenciamiento de la pregunta C8.\n\n\nSi responde la opci\u00f3n 2. No Pase a G6","var_universe":"Lo constituyen los ni\u00f1os, ni\u00f1as y adolescentes entre 5 y 17 a\u00f1os de edad, residentes  en el territorio nacional  excluyendo los antiguos  territorios nacionales.","var_universe_clusion":"I","var_sumstat":[{"value":"188","type":"vald","wgtd":null},{"value":"48710","type":"invd","wgtd":null},{"value":"1","type":"min","wgtd":null},{"value":"2","type":"max","wgtd":null},{"value":"1.952","type":"mean","wgtd":null},{"value":"0.214","type":"stdev","wgtd":null}],"var_txt":null,"var_catgry":[{"value":"2","labl":"No","is_missing":null,"stats":[{"value":"179","type":"freq","wgtd":null}]},{"value":"1","labl":"S\u00ed","is_missing":null,"stats":[{"value":"9","type":"freq","wgtd":null}]},{"value":"Sysmiss","labl":null,"is_missing":"Y","stats":[{"value":"48710","type":"freq","wgtd":null}]}],"var_codinstr":null,"var_concept":[],"var_format":{"type":"numeric","schema":"other","category":null,"name":null},"var_notes":null,"var_val_range":{"min":"1","max":"2"},"fid":"F2","sid":"372","survey_idno":"DANE-DIRPEN-ENTI-2011"}