{"file_id":"F2","vid":"V740","name":"P6246","var_intrvl":"discrete","var_dcml":"0","var_wgt":null,"var_is_wgt":null,"loc_start_pos":"2221","loc_end_pos":"2221","loc_width":"1","loc_rec_seg_no":"1","labl":"\u00bfc\u00f3mo lo corrigen usualmente en el establecimiento educativo?","var_imputation":null,"var_security":"El acceso a microdatos y Mam-up se considera como de tratamiento especial respecto a la reserva estad\u00edstica por tanto estar\u00e1 sujeto a la reglamentaci\u00f3n que para el efecto defina el Comit\u00e9 de Aseguramiento de la reserva estad\u00edstica. Resoluci\u00f3n 173 de 2008.","var_resp_unit":"Directo","var_analysis_unit":null,"var_qstn_preqtxt":"G.1. \u00bfUsted asiste actualmente a la escuela, colegio o universidad, recibiendo clases de educaci\u00f3n formal?\n\n1. S\u00ed\n2. No Pase","var_qstn_qstnlit":"G.2. \u00bfC\u00f3mo lo corrigen usualmente en el establecimiento educativo?\n\n1. Dej\u00e1ndolo sin recreo\n2. Coloc\u00e1ndole tareas adicionales para realizar fuera de la jornada escolar\n3. Malos tratos verbales (gritos, insultos, rega\u00f1os, cantaleta, amenaza, etc.)\n4. Castigos f\u00edsicos (reglazos, pellizcos, tir\u00f3n de orejas, palmadas, golpes, etc.)\n5. Con suspensi\u00f3n de clases o citaci\u00f3n de padres o acudientes o anotaci\u00f3n en el observador\n6. Habl\u00e1ndole y explicandole las razones por las cuales su comportamiento no fue correcto\n7. No lo corrigen\n8. De otra forma,","var_qstn_postqtxt":"G.3. \u00bfRecibe malos tratos en el establecimiento educativo?\n\n1. S\u00ed. \n2. No","var_qstn_ivuinstr":"Tener en cuenta el diligenciamiento de la pregunta C6.","var_universe":"Lo constituyen los ni\u00f1os, ni\u00f1as y adolescentes entre 5 y 17 a\u00f1os de edad, residentes  en el territorio nacional  excluyendo los antiguos  territorios nacionales.","var_universe_clusion":"I","var_sumstat":[{"value":"188","type":"vald","wgtd":null},{"value":"48710","type":"invd","wgtd":null},{"value":"1","type":"min","wgtd":null},{"value":"8","type":"max","wgtd":null},{"value":"6.011","type":"mean","wgtd":null},{"value":"1.414","type":"stdev","wgtd":null}],"var_txt":null,"var_catgry":[{"value":"6","labl":"Habl\u00e1ndole y explicandole las razones por las cuales su comportamiento no fue correcto","is_missing":null,"stats":[{"value":"89","type":"freq","wgtd":null}]},{"value":"7","labl":"No lo corrigen","is_missing":null,"stats":[{"value":"32","type":"freq","wgtd":null}]},{"value":"5","labl":"Con suspensi\u00f3n de clases o citaci\u00f3n de padres o acudientes o anotaci\u00f3n en el observador","is_missing":null,"stats":[{"value":"30","type":"freq","wgtd":null}]},{"value":"8","labl":"De otra forma,","is_missing":null,"stats":[{"value":"25","type":"freq","wgtd":null}]},{"value":"2","labl":"Coloc\u00e1ndole tareas adicionales para realizar fuera de la jornada escolar","is_missing":null,"stats":[{"value":"8","type":"freq","wgtd":null}]},{"value":"1","labl":"Dej\u00e1ndolo sin recreo","is_missing":null,"stats":[{"value":"3","type":"freq","wgtd":null}]},{"value":"3","labl":"Malos tratos verbales (gritos, insultos, rega\u00f1os, cantaleta, amenaza, etc.)","is_missing":null,"stats":[{"value":"1","type":"freq","wgtd":null}]},{"value":"4","labl":"Castigos f\u00edsicos (reglazos, pellizcos, tir\u00f3n de orejas, palmadas, golpes, etc.)","is_missing":null,"stats":[{"value":"0","type":"freq","wgtd":null}]},{"value":"Sysmiss","labl":null,"is_missing":"Y","stats":[{"value":"48710","type":"freq","wgtd":null}]}],"var_codinstr":null,"var_concept":[],"var_format":{"type":"numeric","schema":"other","category":null,"name":null},"var_notes":null,"var_val_range":{"min":"1","max":"8"},"fid":"F2","sid":"372","survey_idno":"DANE-DIRPEN-ENTI-2011"}