{"file_id":"F2","vid":"V742","name":"P4920","var_intrvl":"discrete","var_dcml":"0","var_wgt":null,"var_is_wgt":null,"loc_start_pos":"2223","loc_end_pos":"2223","loc_width":"1","loc_rec_seg_no":"1","labl":"\u00bfla semana pasada usted realiz\u00f3 o colabor\u00f3 en oficios del hogar?","var_imputation":null,"var_security":"El acceso a microdatos y Mam-up se considera como de tratamiento especial respecto a la reserva estad\u00edstica por tanto estar\u00e1 sujeto a la reglamentaci\u00f3n que para el efecto defina el Comit\u00e9 de Aseguramiento de la reserva estad\u00edstica. Resoluci\u00f3n 173 de 2008.","var_resp_unit":"Directo","var_analysis_unit":null,"var_qstn_preqtxt":"G.23. \u00bfUsted ha trabajado alguna vez en su vida como asalariado, independiente, trabajador familiar o ayudante sin remuneraci\u00f3n?\n\n1. S\u00ed\n2. No","var_qstn_qstnlit":"G.24. \u00bfLa semana pasada usted realiz\u00f3 o colabor\u00f3 en oficios del hogar? (lavar, planchar, cocinar, cuidar ni\u00f1os m\u00e1s peque\u00f1os y\/o a personas enfermas o con discapacidades del hogar, hacer mandados y\/o mercados, limpieza y mantenimiento del hogar, etc.)\n\n1. S\u00ed\n2. No\n3. Es trabajador(a) dom\u00e9stico(a) interno(a)","var_qstn_postqtxt":"G.25. En los \u00faltimos doce meses, \u00bfha tenido accidentes mientras realizaba los oficios del hogar?\n\n1. S\u00ed, \n2. No","var_qstn_ivuinstr":"Tener en cuenta el diligenciamiento de la pregunta F1.\nFlujo: Si la respuesta esta dada en c\u00f3digo 2 o 3 pasa a la pregunta G26.","var_universe":"Lo constituyen los ni\u00f1os, ni\u00f1as y adolescentes entre 5 y 17 a\u00f1os de edad, residentes  en el territorio nacional  excluyendo los antiguos  territorios nacionales.","var_universe_clusion":"I","var_sumstat":[{"value":"245","type":"vald","wgtd":null},{"value":"48653","type":"invd","wgtd":null},{"value":"1","type":"min","wgtd":null},{"value":"2","type":"max","wgtd":null},{"value":"1.245","type":"mean","wgtd":null},{"value":"0.431","type":"stdev","wgtd":null}],"var_txt":null,"var_catgry":[{"value":"1","labl":"S\u00ed","is_missing":null,"stats":[{"value":"185","type":"freq","wgtd":null}]},{"value":"2","labl":"No","is_missing":null,"stats":[{"value":"60","type":"freq","wgtd":null}]},{"value":"3","labl":"Es trabajador(a) dom\u00e9stico(a) interno(a)","is_missing":null,"stats":[{"value":"0","type":"freq","wgtd":null}]},{"value":"Sysmiss","labl":null,"is_missing":"Y","stats":[{"value":"48653","type":"freq","wgtd":null}]}],"var_codinstr":null,"var_concept":[],"var_format":{"type":"numeric","schema":"other","category":null,"name":null},"var_notes":null,"var_val_range":{"min":"1","max":"2"},"fid":"F2","sid":"372","survey_idno":"DANE-DIRPEN-ENTI-2011"}