{"file_id":"F31","vid":"V2409","name":"P757S3A1","var_intrvl":"contin","var_dcml":"0","var_wgt":null,"var_is_wgt":null,"loc_start_pos":"231","loc_end_pos":"238","loc_width":"8","loc_rec_seg_no":"1","labl":"\u00bfQui\u00e9n pag\u00f3 la otra parte o la totalidad del curso? Otro persona o instituci\u00f3n, $Valor","var_imputation":null,"var_security":"El acceso a microdatos y Mam-up se considera como de tratamiento especial respecto a la reserva estad\u00edstica por tanto estar\u00e1 sujeto a la reglamentaci\u00f3n que para el efecto defina el Comit\u00e9 de Aseguramiento de la reserva estad\u00edstica. Resoluci\u00f3n 173 de 2008","var_resp_unit":"La encuesta utiliza informante directo para las personas de 18 a\u00f1os y m\u00e1s, y para aquellas de 10 a 17 a\u00f1os que trabajen o est\u00e9n buscando trabajo. Para los dem\u00e1s se acepta informante id\u00f3neo (persona del hogar mayor de 18 a\u00f1os, que a falta del informante directo pueda responder correctamente las preguntas). No se acepta informaci\u00f3n de empleados del servicio dom\u00e9stico, pensionistas, vecinos o menores, excepto cuando el menor de edad es el jefe del hogar o c\u00f3nyuge.","var_analysis_unit":null,"var_qstn_preqtxt":null,"var_qstn_qstnlit":"10. \u00bfQui\u00e9n pag\u00f3 la otra parte o la totalidad del curso?\n\nc. Otra persona o instituci\u00f3n\n\n$Valor____________________","var_qstn_postqtxt":"11. \u00bfCu\u00e1l era su principal objetivo al iniciar el curso?\n\na.\tConseguir empleo\t\t\t\t\t\t\t\t\t\t\nb.\tCambiar de empleo\t\t\t\t\t\t\t\t\t\t\nc.\tCrear su propia empresa o mejorar el manejo de ella\t\t\t\t\t\t\nd.\tMejorar su desempe\u00f1o laboral\t\t\t\t\t\t\ne.\tContinuar con sus estudios\t\t\t\t\t\t\nf.\tFue exigencia de la empresa\t\t\t\t\ng.\tOtra","var_qstn_ivuinstr":null,"var_universe":"El universo para el Modulo de formaci\u00f3n para el trabajo est\u00e1 conformado por la poblaci\u00f3n civil no institucional, residente en todo el territorio nacional; va dirigida a todos los hogares encontrados en la vivienda y solamente para personas de 15 a\u00f1os y m\u00e1s.","var_universe_clusion":"I","var_sumstat":[{"value":"0","type":"vald","wgtd":null},{"value":"0","type":"invd","wgtd":null}],"var_txt":null,"var_catgry":[],"var_codinstr":null,"var_concept":[],"var_format":{"type":"numeric","schema":"other","category":null,"name":null},"var_notes":null,"var_val_range":{"min":"0","max":"50000000"},"fid":"F31","sid":"414","survey_idno":"DANE-DIMPE-GEIH-MFPT-2015"}