{"file_id":"F31","vid":"V2416","name":"P469","var_intrvl":"discrete","var_dcml":"0","var_wgt":null,"var_is_wgt":null,"loc_start_pos":"324","loc_end_pos":"324","loc_width":"1","loc_rec_seg_no":"1","labl":"En los \u00faltimos 24 meses, \u00bfle han certificado alguna competencia,  sin haber tomado un curso de formaci\u00f3n para el trabajo?","var_imputation":null,"var_security":"El acceso a microdatos y Mam-up se considera como de tratamiento especial respecto a la reserva estad\u00edstica por tanto estar\u00e1 sujeto a la reglamentaci\u00f3n que para el efecto defina el Comit\u00e9 de Aseguramiento de la reserva estad\u00edstica. Resoluci\u00f3n 173 de 2008","var_resp_unit":"La encuesta utiliza informante directo para las personas de 18 a\u00f1os y m\u00e1s, y para aquellas de 10 a 17 a\u00f1os que trabajen o est\u00e9n buscando trabajo. Para los dem\u00e1s se acepta informante id\u00f3neo (persona del hogar mayor de 18 a\u00f1os, que a falta del informante directo pueda responder correctamente las preguntas). No se acepta informaci\u00f3n de empleados del servicio dom\u00e9stico, pensionistas, vecinos o menores, excepto cuando el menor de edad es el jefe del hogar o c\u00f3nyuge.","var_analysis_unit":null,"var_qstn_preqtxt":"13. Al finalizar el curso le entregaron:\n\na.\tCertificado de aprobaci\u00f3n\t\t\t\t\nb.\tCertificado de participaci\u00f3n\t\t\t\t\t\t\t\nc.\tOtro\t\t\t\t\t\t\t\t\nd.\tNo sabe \t\t\t\t\t\t\t\t\ne.\tNinguno","var_qstn_qstnlit":"16. En los \u00faltimos 24 meses, \u00bfle han certificado alguna competencia,  sin haber tomado un curso de formaci\u00f3n para el trabajo?\n\n1. S\u00ed  \n\n2. No \n\n3. No conoce el proceso","var_qstn_postqtxt":null,"var_qstn_ivuinstr":"Esta pregunta capta a las personas que han participado en un proceso de certificaci\u00f3n de competencias","var_universe":"El universo para el Modulo de formaci\u00f3n para el trabajo est\u00e1 conformado por la poblaci\u00f3n civil no institucional, residente en todo el territorio nacional; va dirigida a todos los hogares encontrados en la vivienda y solamente para personas de 15 a\u00f1os y m\u00e1s.","var_universe_clusion":"I","var_sumstat":[{"value":"0","type":"vald","wgtd":null},{"value":"0","type":"invd","wgtd":null}],"var_txt":null,"var_catgry":[{"value":"1","labl":"S\u00ed","is_missing":null,"stats":[]},{"value":"2","labl":"No","is_missing":null,"stats":[]},{"value":"3","labl":"No conoce el proceso","is_missing":null,"stats":[]}],"var_codinstr":null,"var_concept":[],"var_format":{"type":"numeric","schema":"other","category":null,"name":null},"var_notes":null,"var_val_range":{"min":"1","max":"3"},"fid":"F31","sid":"414","survey_idno":"DANE-DIMPE-GEIH-MFPT-2015"}