{"file_id":"F10","vid":"V240","name":"P5509","var_intrvl":"discrete","var_dcml":"0","var_wgt":null,"var_is_wgt":null,"loc_start_pos":"11","loc_end_pos":"11","loc_width":"1","loc_rec_seg_no":"1","labl":"\u00bfSu lavadora tiene carga frontal o superior?","var_imputation":null,"var_security":"El acceso a microdatos y Mam-up se considera como de tratamiento especial respecto a la reserva estad\u00edstica por tanto estar\u00e1 sujeto a la reglamentaci\u00f3n que para el efecto defina el Comit\u00e9 de Aseguramiento de la reserva estad\u00edstica. Resoluci\u00f3n 173 de 2008.","var_resp_unit":"Jefe del hogar o su c\u00f3nyuge.","var_analysis_unit":null,"var_qstn_preqtxt":null,"var_qstn_qstnlit":"1. \u00bfSu lavadora tiene carga frontal o superior? \n\n1\tFrontal\n2\tSuperior","var_qstn_postqtxt":"2. En promedio, \u00bfcu\u00e1ntas cargas de ropa lava en su lavadora a la semana?\n\n1\tUna carga o menos\t\n2\t2 a 4 cargas\t\n3\t5 a 9 cargas\t\n4\t10 a 15 cargas\t\n5\tM\u00e1s de 15 cargas","var_qstn_ivuinstr":"para hogares que en pregunta L13 \u00ab\u00bfCu\u00e1les de los siguientes bienes o servicios posee este hogar?\u00bb indicaron poseer lavadora de ropa. \n\nCon esta pregunta se pretende conocer el tipo o clase de lavadora que posee el hogar. \n\nAplique los siguientes conceptos: \nCarga frontal: tiene una puerta al frente o al lado por donde se ingresa la ropa a lavar. \n\nCarga superior: tiene una puerta arriba por la cual se ingresa la ropa a lavar.","var_universe":"El universo para la Encuesta de Calidad de Vida est\u00e1 conformado por la poblaci\u00f3n civil no institucional residente en todo el territorio nacional.\n\nLas preguntas de este cap\u00edtulo se diligencian para todos y cada uno de los hogares existentes en la vivienda.","var_universe_clusion":"I","var_sumstat":[{"value":"0","type":"vald","wgtd":null},{"value":"0","type":"invd","wgtd":null}],"var_txt":"Carga frontal: tiene una puerta al frente o al lado por donde se ingresa la ropa a lavar. \n\nCarga superior: tiene una puerta arriba por la cual se ingresa la ropa a lavar.","var_catgry":[{"value":"2","labl":"Superior","is_missing":null,"stats":[]},{"value":"1","labl":"Frontal","is_missing":null,"stats":[]}],"var_codinstr":null,"var_concept":[],"var_format":{"type":"numeric","schema":"other","category":null,"name":null},"var_notes":null,"var_val_range":{"min":null,"max":null},"fid":"F10","sid":"419","survey_idno":"DANE-DIMPE-ECV-2015"}