{"file_id":"F10","vid":"V244","name":"P5513","var_intrvl":"discrete","var_dcml":"0","var_wgt":null,"var_is_wgt":null,"loc_start_pos":"16","loc_end_pos":"17","loc_width":"2","loc_rec_seg_no":"1","labl":"\u00bfQu\u00e9 tan antigua es su secadora de ropa?","var_imputation":null,"var_security":"El acceso a microdatos y Mam-up se considera como de tratamiento especial respecto a la reserva estad\u00edstica por tanto estar\u00e1 sujeto a la reglamentaci\u00f3n que para el efecto defina el Comit\u00e9 de Aseguramiento de la reserva estad\u00edstica. Resoluci\u00f3n 173 de 2008.","var_resp_unit":null,"var_analysis_unit":null,"var_qstn_preqtxt":"4. En promedio, \u00bfcu\u00e1ntas cargas de ropa seca en su secadora a la semana?\n \t\n1\tUna carga o menos\t\n2\t2 a 4 cargas\t\n3\t5 a 9 cargas\t\n4\t10 a 15 cargas\t\n5\tM\u00e1s de 15 cargas","var_qstn_qstnlit":"5. \u00bfQu\u00e9 tan antigua es su secadora de ropa?","var_qstn_postqtxt":"6. \u00bfC\u00f3mo describe el tama\u00f1o de su nevera o refrigerador?\t\n \n1\tPeque\u00f1a (menor o igual a 1.7 metros de altura)\t\n2\tMediana (mayor a 1.7 metros de altura)\t\n3\tGrande (mayor a 1.7 metros de altura y con 2 puertas laterales o 2 puertas y gavetas)","var_qstn_ivuinstr":"Con esta pregunta se quiere identificar la edad de la secadora. Ingrese la edad en a\u00f1os. Si es menos de un a\u00f1o, digite 00; si no sabe la antig\u00fcedad, digite 99.","var_universe":"El universo para la Encuesta de Calidad de Vida est\u00e1 conformado por la poblaci\u00f3n civil no institucional residente en todo el territorio nacional.\n\nLas preguntas de este cap\u00edtulo se diligencian para todos y cada uno de los hogares existentes en la vivienda.","var_universe_clusion":"I","var_sumstat":[{"value":"0","type":"vald","wgtd":null},{"value":"0","type":"invd","wgtd":null}],"var_txt":null,"var_catgry":[],"var_codinstr":null,"var_concept":[],"var_format":{"type":"numeric","schema":"other","category":null,"name":null},"var_notes":null,"var_val_range":{"min":null,"max":null},"fid":"F10","sid":"419","survey_idno":"DANE-DIMPE-ECV-2015"}