{"file_id":"F10","vid":"V247","name":"P5516","var_intrvl":"discrete","var_dcml":"0","var_wgt":null,"var_is_wgt":null,"loc_start_pos":"21","loc_end_pos":"21","loc_width":"1","loc_rec_seg_no":"1","labl":"\u00bfCon qu\u00e9 frecuencia usa su lavadora de platos?","var_imputation":null,"var_security":"El acceso a microdatos y Mam-up se considera como de tratamiento especial respecto a la reserva estad\u00edstica por tanto estar\u00e1 sujeto a la reglamentaci\u00f3n que para el efecto defina el Comit\u00e9 de Aseguramiento de la reserva estad\u00edstica. Resoluci\u00f3n 173 de 2008.","var_resp_unit":null,"var_analysis_unit":null,"var_qstn_preqtxt":"7. \u00bfQu\u00e9 tan antigua es su nevera o  refrigerador?","var_qstn_qstnlit":"8. \u00bfCon qu\u00e9 frecuencia usa su lavadora de platos?\t\n\n1\tTodos los d\u00edas de la semana\t\n2\tCuatro a seis veces a la semana\t\n3\tDos o tres veces a la semana\t\n4\tUna vez por semana\t\n5\tMenos de una vez por semana\t\n6\tNo la usa","var_qstn_postqtxt":"9. \u00bfQu\u00e9 tan antigua es su lavadora de platos?","var_qstn_ivuinstr":"Solo para hogares que en L13 registran poseer lava\u00addora de platos. \n\nCon esta pregunta se pretende conocer cu\u00e1ntas ve\u00adces a la semana usa el hogar la lavadora de platos.","var_universe":"El universo para la Encuesta de Calidad de Vida est\u00e1 conformado por la poblaci\u00f3n civil no institucional residente en todo el territorio nacional.\n\nLas preguntas de este cap\u00edtulo se diligencian para todos y cada uno de los hogares existentes en la vivienda.","var_universe_clusion":"I","var_sumstat":[{"value":"0","type":"vald","wgtd":null},{"value":"0","type":"invd","wgtd":null}],"var_txt":null,"var_catgry":[{"value":"6","labl":"No la usa","is_missing":null,"stats":[]},{"value":"5","labl":"Menos de una vez por semana","is_missing":null,"stats":[]},{"value":"4","labl":"Una vez por semana","is_missing":null,"stats":[]},{"value":"3","labl":"Dos o tres veces a la semana","is_missing":null,"stats":[]},{"value":"2","labl":"Cuatro a seis veces a la semana","is_missing":null,"stats":[]},{"value":"1","labl":"Todos los d\u00edas de la semana","is_missing":null,"stats":[]}],"var_codinstr":null,"var_concept":[],"var_format":{"type":"numeric","schema":"other","category":null,"name":null},"var_notes":null,"var_val_range":{"min":null,"max":null},"fid":"F10","sid":"419","survey_idno":"DANE-DIMPE-ECV-2015"}