{"file_id":"F10","vid":"V253","name":"P5521S2","var_intrvl":"discrete","var_dcml":"0","var_wgt":null,"var_is_wgt":null,"loc_start_pos":"30","loc_end_pos":"31","loc_width":"2","loc_rec_seg_no":"1","labl":"Fin de semana:Horas","var_imputation":null,"var_security":"El acceso a microdatos y Mam-up se considera como de tratamiento especial respecto a la reserva estad\u00edstica por tanto estar\u00e1 sujeto a la reglamentaci\u00f3n que para el efecto defina el Comit\u00e9 de Aseguramiento de la reserva estad\u00edstica. Resoluci\u00f3n 173 de 2008.","var_resp_unit":null,"var_analysis_unit":null,"var_qstn_preqtxt":"12.En total en su hogar, \u00bfcu\u00e1ntas horas al d\u00eda permanece encendido el (los) televisor(es) convencional (es)?\n\nLunes a Viernes:Horas","var_qstn_qstnlit":"12.En total en su hogar, \u00bfcu\u00e1ntas horas al d\u00eda permanece encendido el (los) televisor(es) convencional (es)?\n\nFin de semana:Horas","var_qstn_postqtxt":"13. En total en su hogar, \u00bfcu\u00e1ntas horas al d\u00eda permanece encendido el (los) televisor(es) LCD, plasma o LED?","var_qstn_ivuinstr":"Solo para hogares que en L13 indicaron poseer televisor convencional.\n\nCon \u00e9sta pregunta se quiere identificar las horas de uso de los televisores convencionales. En caso de tener varios televisores, sume separadamente las horas que cada uno permanece encendido. Contabilice las horas que permanece encendido el televisor de lunes a viernes y las horas que permanece encendido durante s\u00e1bado y domingo.","var_universe":"El universo para la Encuesta de Calidad de Vida est\u00e1 conformado por la poblaci\u00f3n civil no institucional residente en todo el territorio nacional.\n\nLas preguntas de este cap\u00edtulo se diligencian para todos y cada uno de los hogares existentes en la vivienda.","var_universe_clusion":"I","var_sumstat":[{"value":"0","type":"vald","wgtd":null},{"value":"0","type":"invd","wgtd":null}],"var_txt":null,"var_catgry":[],"var_codinstr":null,"var_concept":[],"var_format":{"type":"numeric","schema":"other","category":null,"name":null},"var_notes":null,"var_val_range":{"min":null,"max":null},"fid":"F10","sid":"419","survey_idno":"DANE-DIMPE-ECV-2015"}