{"file_id":"F10","vid":"V262","name":"P5525S3","var_intrvl":"discrete","var_dcml":"0","var_wgt":null,"var_is_wgt":null,"loc_start_pos":"43","loc_end_pos":"43","loc_width":"1","loc_rec_seg_no":"1","labl":"Mesa","var_imputation":null,"var_security":"El acceso a microdatos y Mam-up se considera como de tratamiento especial respecto a la reserva estad\u00edstica por tanto estar\u00e1 sujeto a la reglamentaci\u00f3n que para el efecto defina el Comit\u00e9 de Aseguramiento de la reserva estad\u00edstica. Resoluci\u00f3n 173 de 2008.","var_resp_unit":null,"var_analysis_unit":null,"var_qstn_preqtxt":"16. \u00bfQu\u00e9 tipo de ventilador(es) o abanico(s) hay en su hogar?\t\n\n\tPared","var_qstn_qstnlit":"16. \u00bfQu\u00e9 tipo de ventilador(es) o abanico(s) hay en su hogar?\t\n\n\n\tMesa","var_qstn_postqtxt":"16. \u00bfQu\u00e9 tipo de ventilador(es) o abanico(s) hay en su hogar?\t\n\n\n\tPie o pedestal","var_qstn_ivuinstr":"Solo para hogares que en L13 indicaron poseer ven\u00adtilador o abanico. \n\nSe quiere conocer qu\u00e9 tipo de ventiladores o abani\u00adcos tienen los hogares.","var_universe":"El universo para la Encuesta de Calidad de Vida est\u00e1 conformado por la poblaci\u00f3n civil no institucional residente en todo el territorio nacional.\n\nLas preguntas de este cap\u00edtulo se diligencian para todos y cada uno de los hogares existentes en la vivienda.","var_universe_clusion":"I","var_sumstat":[{"value":"0","type":"vald","wgtd":null},{"value":"0","type":"invd","wgtd":null}],"var_txt":"Techo: ventilador o abanico que se instala en el techo del cuarto. \n\nPared: ventilador o abanico que se instala en la pared. Puede ser fijo o rotar sobre su eje. \n\nMesa: ventilador o abanico de mesa, usual\u00admente de tama\u00f1o peque\u00f1o. \n\nPie o pedestal: ventilador o abanico que se instala en un pedestal. Puede rotar sobre su eje y tener o no aspas.","var_catgry":[{"value":"1","labl":"S\u00ed","is_missing":null,"stats":[]}],"var_codinstr":null,"var_concept":[],"var_format":{"type":"numeric","schema":"other","category":null,"name":null},"var_notes":null,"var_val_range":{"min":null,"max":null},"fid":"F10","sid":"419","survey_idno":"DANE-DIMPE-ECV-2015"}