{"file_id":"F10","vid":"V269","name":"P5532","var_intrvl":"discrete","var_dcml":"0","var_wgt":null,"var_is_wgt":null,"loc_start_pos":"57","loc_end_pos":"59","loc_width":"3","loc_rec_seg_no":"1","labl":"\u00bfEn promedio cu\u00e1nto tiempo usa su plancha cada vez?","var_imputation":null,"var_security":"El acceso a microdatos y Mam-up se considera como de tratamiento especial respecto a la reserva estad\u00edstica por tanto estar\u00e1 sujeto a la reglamentaci\u00f3n que para el efecto defina el Comit\u00e9 de Aseguramiento de la reserva estad\u00edstica. Resoluci\u00f3n 173 de 2008.","var_resp_unit":null,"var_analysis_unit":null,"var_qstn_preqtxt":"21. \u00bfCu\u00e1ntas veces al mes plancha ropa en el hogar?","var_qstn_qstnlit":"22. \u00bfEn promedio cu\u00e1nto tiempo usa su plancha cada vez?\n\nMinutos","var_qstn_postqtxt":"23. \u00bfCu\u00e1ntas bombillas tiene:","var_qstn_ivuinstr":"Ingrese en minutos el tiempo que permanece encendi\u00adda la plancha cada vez que se utiliza.","var_universe":"El universo para la Encuesta de Calidad de Vida est\u00e1 conformado por la poblaci\u00f3n civil no institucional residente en todo el territorio nacional.\n\nLas preguntas de este cap\u00edtulo se diligencian para todos y cada uno de los hogares existentes en la vivienda.","var_universe_clusion":"I","var_sumstat":[{"value":"0","type":"vald","wgtd":null},{"value":"0","type":"invd","wgtd":null}],"var_txt":null,"var_catgry":[],"var_codinstr":null,"var_concept":[],"var_format":{"type":"numeric","schema":"other","category":null,"name":null},"var_notes":null,"var_val_range":{"min":null,"max":null},"fid":"F10","sid":"419","survey_idno":"DANE-DIMPE-ECV-2015"}