{"file_id":"F11","vid":"V310","name":"P5667","var_intrvl":"discrete","var_dcml":null,"var_wgt":null,"var_is_wgt":null,"loc_start_pos":"213","loc_end_pos":"218","loc_width":"6","loc_rec_seg_no":"1","labl":"\u00bfa cu\u00e1l pueblo o etnia ind\u00edgena pertenece _____?","var_imputation":null,"var_security":"El acceso a microdatos y Mam-up se considera como de tratamiento especial respecto a la reserva estad\u00edstica por tanto estar\u00e1 sujeto a la reglamentaci\u00f3n que para el efecto defina el Comit\u00e9 de Aseguramiento de la reserva estad\u00edstica. Resoluci\u00f3n 173 de 2008.","var_resp_unit":"Lo deben responder todas las personas del hogar. Se toma informaci\u00f3n directamente a cada una de las personas del hogar de 18 a\u00f1os o m\u00e1s y de las personas entre 12 y 17 a\u00f1os que trabajen o sean estudiantes universi\u00adtarios. La informaci\u00f3n de los menores de 12 a\u00f1os y de los j\u00f3venes entre 12 y 17 a\u00f1os que no trabajen ni estudien en la universidad ser\u00e1 suministrada por el padre, la madre o la persona del hogar que est\u00e1 a cargo de su cuidado, excluyendo el servicio dom\u00e9stico.","var_analysis_unit":null,"var_qstn_preqtxt":"17. De acuerdo con su cultura, pueblo o rasgos f\u00edsicos, _____ es o se reconoce com\u00f3:\n\n1\tInd\u00edgena\n2\tGitano (Rom)\n3\tRaizal del archipi\u00e9lago\n4\tPalenquero\n5\tNegro, mulato (afrodescendiente)\n6\tNinguno de los anteriores","var_qstn_qstnlit":"18. \u00bfA cu\u00e1l pueblo o etnia ind\u00edgena pertenece _____?","var_qstn_postqtxt":"1. \u00bf\u2026 est\u00e1 afiliado, es coti\u00adzante o es beneficiario de alguna entidad de seguridad social en salud? (Entidad Promotora de Salud [EPS] o Administradora de R\u00e9gimen Subsidiado [ARS] a trav\u00e9s del Sisb\u00e9n)\n\n1   S\u00ed\n2   No\n9   No sabe, no informa","var_qstn_ivuinstr":"Si el encuestado manifiesta no pertenecer a ning\u00fan pueblo o etnia ind\u00edgena, marque la opci\u00f3n \u201cind\u00edgena sin informaci\u00f3n\u201d que aparece en la lista de pueblos y etnias incorporada en el aplicativo.","var_universe":"El universo para la Encuesta de Calidad de Vida est\u00e1 conformado por la poblaci\u00f3n civil no institucional residente en todo el territorio nacional. \n\nEste cap\u00edtulo va dirigido a todas las personas del hogar.","var_universe_clusion":"I","var_sumstat":[{"value":"0","type":"vald","wgtd":null},{"value":"0","type":"invd","wgtd":null}],"var_txt":null,"var_catgry":[],"var_codinstr":null,"var_concept":[],"var_format":{"type":"character","schema":"other","category":null,"name":null},"var_notes":null,"var_val_range":{"min":null,"max":null},"fid":"F11","sid":"419","survey_idno":"DANE-DIMPE-ECV-2015"}