{"file_id":"F12","vid":"V338","name":"P8552","var_intrvl":"discrete","var_dcml":"0","var_wgt":null,"var_is_wgt":null,"loc_start_pos":"449","loc_end_pos":"449","loc_width":"1","loc_rec_seg_no":"1","labl":"Sin estar enfermo(a) y por prevenci\u00f3n ______consulta por lo menos una vez al a\u00f1o?","var_imputation":null,"var_security":"El acceso a microdatos y Mam-up se considera como de tratamiento especial respecto a la reserva estad\u00edstica por tanto estar\u00e1 sujeto a la reglamentaci\u00f3n que para el efecto defina el Comit\u00e9 de Aseguramiento de la reserva estad\u00edstica. Resoluci\u00f3n 173 de 2008.","var_resp_unit":"Lo deben responder todas las personas del hogar. Se toma informaci\u00f3n directamente a cada una de las personas del hogar de 18 a\u00f1os o m\u00e1s y de las personas entre 12 y 17 a\u00f1os que trabajen o sean estudiantes universi\u00adtarios. La informaci\u00f3n de los menores de 12 a\u00f1os y de los j\u00f3venes entre 12 y 17 a\u00f1os que no trabajen ni estudien en la universidad ser\u00e1 suministrada por el padre, la madre o la persona del hogar que est\u00e1 a cargo de su cuidado, excluyendo el servicio dom\u00e9stico.","var_analysis_unit":null,"var_qstn_preqtxt":"11. \u00bf .... tiene alguna enfermedad cr\u00f3nica? (enfermedad de larga duraci\u00f3n y prolongados tratamientos como: enfermedades cardiovasculares-hipertensi\u00f3n, asma, bronquitis cr\u00f3nica, gastritis, lupus, c\u00e1ncer, gota, leucemia, diabetes, etc.).\t\n\n1\tSi tiene y consulta peri\u00f3dicamente \t\n2\tSi tiene pero no consulta peri\u00f3dicamente \t\n3\tNo tiene enfermedad cr\u00f3nica","var_qstn_qstnlit":"12. Sin estar enfermo(a) y por prevenci\u00f3n \u00bf ____ consulta por lo menos una vez al a\u00f1o?\n\n1\tS\u00f3lo al m\u00e9dico\n2\tS\u00f3lo al odont\u00f3logo\n3\tAl m\u00e9dico y al odont\u00f3logo\n4\tA ninguno","var_qstn_postqtxt":"13.\u00bf A d\u00f3nde acude ... por prevenci\u00f3n?\n\n1\tAcude a la entidad de seguridad social de la cual es afiliado\n2\tAcude de forma particular a un m\u00e9dico general, especialista, odont\u00f3logo, terapeuta o prfesional de la salud\n3\tOtros","var_qstn_ivuinstr":"Lea las alternativas.\n\nSi escoge la opci\u00f3n de 1, 2 o 3 pase a pregunta 15, de lo contrario contin\u00fae","var_universe":"El universo para la Encuesta de Calidad de Vida est\u00e1 conformado por la poblaci\u00f3n civil no institucional residente en todo el territorio nacional. \n\nEste cap\u00edtulo va dirigido a todas las personas del hogar.","var_universe_clusion":"I","var_sumstat":[{"value":"0","type":"vald","wgtd":null},{"value":"0","type":"invd","wgtd":null}],"var_txt":null,"var_catgry":[{"value":"4","labl":"A ninguno","is_missing":null,"stats":[]},{"value":"3","labl":"Al m\u00e9dico y al odont\u00f3logo","is_missing":null,"stats":[]},{"value":"2","labl":"S\u00f3lo al odont\u00f3logo","is_missing":null,"stats":[]},{"value":"1","labl":"S\u00f3lo al m\u00e9dico","is_missing":null,"stats":[]}],"var_codinstr":null,"var_concept":[],"var_format":{"type":"numeric","schema":"other","category":null,"name":null},"var_notes":null,"var_val_range":{"min":null,"max":null},"fid":"F12","sid":"419","survey_idno":"DANE-DIMPE-ECV-2015"}