{"file_id":"F12","vid":"V340","name":"P8595","var_intrvl":"discrete","var_dcml":"0","var_wgt":null,"var_is_wgt":null,"loc_start_pos":"451","loc_end_pos":"451","loc_width":"1","loc_rec_seg_no":"1","labl":"En general, considera que la calidad de la prestaci\u00f3n del servicio de salud cuando acude por prevenci\u00f3n es:","var_imputation":null,"var_security":null,"var_resp_unit":null,"var_analysis_unit":null,"var_qstn_preqtxt":"13.\u00bf A d\u00f3nde acude ... por prevenci\u00f3n?\n\n1\tAcude a la entidad de seguridad social de la cual es afiliado\n2\tAcude de forma particular a un m\u00e9dico general, especialista, odont\u00f3logo, terapeuta o prfesional de la salud\n3\tOtros","var_qstn_qstnlit":"14. En general, considera que la calidad de la prestaci\u00f3n del servicio de salud cuando acude por prevenci\u00f3n es:\t\n\n1\tMuy buena \t\n2\tBuena\t\n3\tMala \t\n4\tMuy Mala","var_qstn_postqtxt":"15. \u00bfPor qu\u00e9 raz\u00f3n principal no consulta al medico ni al odont\u00f3logo?\n\n1\tPor falta de dinero\t\n2\tMuchos Tr\u00e1mites\t\n3\tConsidera que su estado de salud es bueno\t\n4\tConsidera que le hacen esperar mucho para atenderlo\t\n5\tCentro de atenci\u00f3n est\u00e1 muy lejos\t\n6\tDificultad para viajar\t\n7\tNo conf\u00eda en los m\u00e9dicos\t\n8\tConsidera que la atenci\u00f3n es mala\t\n9\tNo le interesa o descuido\t\n10\tEs dif\u00edcil conseguir una cita oportuna\t\n11\tNo tiene tiempo\t\n12\tOtro","var_qstn_ivuinstr":"Esta pregunta proporciona una medida de la calidad de los servicios de medicina preventiva prestados por las entidades de salud. \n\nDespu\u00e9s de diligenciar, pase a pregunta 16.","var_universe":null,"var_universe_clusion":null,"var_sumstat":[{"value":"0","type":"vald","wgtd":null},{"value":"0","type":"invd","wgtd":null}],"var_txt":null,"var_catgry":[{"value":"4","labl":"Muy Mala","is_missing":null,"stats":[]},{"value":"3","labl":"Mala","is_missing":null,"stats":[]},{"value":"2","labl":"Buena","is_missing":null,"stats":[]},{"value":"1","labl":"Muy buena","is_missing":null,"stats":[]}],"var_codinstr":null,"var_concept":[],"var_format":{"type":"numeric","schema":"other","category":null,"name":null},"var_notes":null,"var_val_range":{"min":"1","max":"4"},"fid":"F12","sid":"419","survey_idno":"DANE-DIMPE-ECV-2015"}