{"file_id":"F12","vid":"V359","name":"P8577","var_intrvl":"discrete","var_dcml":"0","var_wgt":null,"var_is_wgt":null,"loc_start_pos":"473","loc_end_pos":"473","loc_width":"1","loc_rec_seg_no":"1","labl":"\u00bfcu\u00e1nto tiempo transcurri\u00f3 entre el momento de llegar al servicio de urgencias y el momento de ser atendido por personal m\u00e9dico?","var_imputation":null,"var_security":"El acceso a microdatos y Mam-up se considera como de tratamiento especial respecto a la reserva estad\u00edstica por tanto estar\u00e1 sujeto a la reglamentaci\u00f3n que para el efecto defina el Comit\u00e9 de Aseguramiento de la reserva estad\u00edstica. Resoluci\u00f3n 173 de 2008.","var_resp_unit":"Lo deben responder todas las personas del hogar. Se toma informaci\u00f3n directamente a cada una de las personas del hogar de 18 a\u00f1os o m\u00e1s y de las personas entre 12 y 17 a\u00f1os que trabajen o sean estudiantes universi\u00adtarios. La informaci\u00f3n de los menores de 12 a\u00f1os y de los j\u00f3venes entre 12 y 17 a\u00f1os que no trabajen ni estudien en la universidad ser\u00e1 suministrada por el padre, la madre o la persona del hogar que est\u00e1 a cargo de su cuidado, excluyendo el servicio dom\u00e9stico.","var_analysis_unit":null,"var_qstn_preqtxt":"21. \u00bfA _____ le brindaron asistencia m\u00e9dica en el servicio de urgencias para solucionar el problema de salud?\n\n1.\tS\u00ed","var_qstn_qstnlit":"23. \u00bfCu\u00e1nto tiempo transcurri\u00f3 entre el momento de llegar al servicio de urgencias y el momento de ser atendido por personal m\u00e9dico?\n\n1\tLo atendieron inmediatamente\n2\tEn m\u00e1ximo 30 minutos\n3\tEntre 31 minutos y una hora\n4\tM\u00e1s de una hora hasta dos horas\n5\tM\u00e1s de dos horas","var_qstn_postqtxt":"24. En el servicio de urgencias _____ fue atendido por:\t\n\n1\tM\u00e9dico general\t\n2\tOdont\u00f3logo\t\n3\tEspecialista","var_qstn_ivuinstr":"Se busca establecer el tiempo que la persona debi\u00f3 esperar para recibir la valoraci\u00f3n o triage por parte del personal m\u00e9dico (generalmente personal de enfermer\u00eda).","var_universe":"El universo para la Encuesta de Calidad de Vida est\u00e1 conformado por la poblaci\u00f3n civil no institucional residente en todo el territorio nacional. \n\nEste cap\u00edtulo va dirigido a todas las personas del hogar.","var_universe_clusion":"I","var_sumstat":[{"value":"0","type":"vald","wgtd":null},{"value":"0","type":"invd","wgtd":null}],"var_txt":null,"var_catgry":[{"value":"5","labl":"M\u00e1s de dos horas","is_missing":null,"stats":[]},{"value":"4","labl":"M\u00e1s de una hora hasta dos horas","is_missing":null,"stats":[]},{"value":"3","labl":"Entre 31 minutos y una hora","is_missing":null,"stats":[]},{"value":"2","labl":"En m\u00e1ximo 30 minutos","is_missing":null,"stats":[]},{"value":"1","labl":"Lo atendieron inmediatamente","is_missing":null,"stats":[]}],"var_codinstr":null,"var_concept":[],"var_format":{"type":"numeric","schema":"other","category":null,"name":null},"var_notes":null,"var_val_range":{"min":"1","max":"5"},"fid":"F12","sid":"419","survey_idno":"DANE-DIMPE-ECV-2015"}