{"file_id":"F19","vid":"V850","name":"P5677","var_intrvl":"discrete","var_dcml":"0","var_wgt":null,"var_is_wgt":null,"loc_start_pos":"400","loc_end_pos":"400","loc_width":"1","loc_rec_seg_no":"1","labl":"Teniendo en cuenta los aspectos anteriormente mencionads en cojunto, usted dir\u00eda que es:","var_imputation":null,"var_security":"El acceso a microdatos y Mam-up se considera como de tratamiento especial respecto a la reserva estad\u00edstica por tanto estar\u00e1 sujeto a la reglamentaci\u00f3n que para el efecto defina el Comit\u00e9 de Aseguramiento de la reserva estad\u00edstica. Resoluci\u00f3n 173 de 2008.","var_resp_unit":"Jefe de hogar o su c\u00f3nyuge","var_analysis_unit":null,"var_qstn_preqtxt":"27.Qu\u00e9 tan satisfecho o insatisfecho est\u00e1 usted con los siguientes aspectos:\n\n12. Barrio o comunidad\t\n\n1\tMuy insatisfecho\t\n2\tInsatisfecho\t\n3\tSatisfecho\t\n4\tMuy satisfecho","var_qstn_qstnlit":"28. Teniendo en cuenta los aspectos anteriormente mencionads en cojunto, usted dir\u00eda que es:\n\n1. Muy feliz\n2. Feliz\n3. No muy feliz\n4. Para nada feliz","var_qstn_postqtxt":"29. En los \u00faltimos 30 d\u00edas, por falta de dinero u otros recursos, \u00bfalguna vez usted se preocup\u00f3 porque los alimentos se acabaran en su hogar?\t\n\n1\tS\u00ed\t\n2\tNo","var_qstn_ivuinstr":"Se busca medir la percepci\u00f3n de felicidad que tienen las personas.","var_universe":"El universo para la Encuesta de Calidad de Vida est\u00e1 conformado por la poblaci\u00f3n civil no institucional residente en todo el territorio nacional. \n\nEste cap\u00edtulo va dirigido a todos y cada uno de los hogares existentes en la vivienda.","var_universe_clusion":"I","var_sumstat":[{"value":"0","type":"vald","wgtd":null},{"value":"0","type":"invd","wgtd":null}],"var_txt":null,"var_catgry":[{"value":"4","labl":"Para nada feliz","is_missing":null,"stats":[]},{"value":"3","labl":"No muy feliz","is_missing":null,"stats":[]},{"value":"2","labl":"Feliz","is_missing":null,"stats":[]},{"value":"1","labl":"Muy feliz","is_missing":null,"stats":[]}],"var_codinstr":null,"var_concept":[],"var_format":{"type":"numeric","schema":"other","category":null,"name":null},"var_notes":null,"var_val_range":{"min":"1","max":"4"},"fid":"F19","sid":"419","survey_idno":"DANE-DIMPE-ECV-2015"}