{"file_id":"F21","vid":"V870","name":"P6240S1","var_intrvl":"discrete","var_dcml":null,"var_wgt":null,"var_is_wgt":null,"loc_start_pos":"16","loc_end_pos":"131","loc_width":"116","loc_rec_seg_no":"1","labl":"\u00bfen que actividad ocup\u00f3...... la mayor parte del tiempo la semana pasada? - \u00bfcu\u00e1l?","var_imputation":null,"var_security":"El acceso a microdatos y Mam-up se considera como de tratamiento especial respecto a la reserva estad\u00edstica por tanto estar\u00e1 sujeto a la reglamentaci\u00f3n que para el efecto defina el Comit\u00e9 de Aseguramiento de la reserva estad\u00edstica. Resoluci\u00f3n 173 de 2008.","var_resp_unit":"Las personas de 12 a\u00f1os o m\u00e1s. Las personas de 18 a\u00f1os y m\u00e1s suministrar\u00e1n la informaci\u00f3n directamente. Las personas que tengan entre 12 y 17 a\u00f1os y trabajen o sean estudiantes universitarios deben suministrar directamente su informaci\u00f3n. La informaci\u00f3n de los j\u00f3venes entre 12 y 17 a\u00f1os que no trabajen ni estudien en la universidad, ser\u00e1 suministrada por los padres o la persona del hogar que est\u00e1 a cargo de su cuidado, excluyendo el servicio dom\u00e9stico.","var_analysis_unit":null,"var_qstn_preqtxt":"2. \u00bfEn que actividad ocup\u00f3...... la mayor parte del tiempo LA SEMANA PASADA?\n\n6\tOtra actividad","var_qstn_qstnlit":"2. \u00bfEn que actividad ocup\u00f3...... la mayor parte del tiempo LA SEMANA PASADA?\n\n\n- \u00bfcu\u00e1l?_______________","var_qstn_postqtxt":"3. Adem\u00e1s de lo anterior, \u00bf.....realiz\u00f3 LA SEMANA PASADA alguna actividad paga por una hora o m\u00e1s?\n\n1   S\u00ed\n2   No","var_qstn_ivuinstr":"Registre con el c\u00f3digo 6 las personas que en la semana de referencia dedicaron la mayor parte del tiempo a realizar actividades diferentes, que no permiten una clasificaci\u00f3n en las alternativas ya enunciadas.","var_universe":"El universo para la ECV est\u00e1 conformado por la poblaci\u00f3n civil no institucional resi\u00addente en todo el territorio nacional.\n\nEste cap\u00edtulo va dirigido a personas de 12 a\u00f1os y m\u00e1s","var_universe_clusion":"I","var_sumstat":[{"value":"0","type":"vald","wgtd":null}],"var_txt":"6. Otra actividad \u00bfCu\u00e1l?: Registre con el c\u00f3digo 6 las personas que en la semana de referencia dedicaron la mayor parte del tiempo a realizar actividades diferentes, que no permiten una clasificaci\u00f3n en las alternativas ya enunciadas. Algunos casos que contempla esta alternativa son:\nLas personas temporalmente enfermas o incapacitadas, y que volver\u00e1n a su actividad normal dentro de un tiempo.\n\nLas personas que teniendo un empleo no estuvieron trabajando en la semana de referencia debido a conflicto de trabajo, vacaciones u otra clase de permiso, interrupci\u00f3n del trabajo como huelgas, etc.\nLos trabajadores que durante el per\u00edodo de referencia hayan sido suspendidos temporal \u00f3 indefinidamente, sin goce de remuneraci\u00f3n y no est\u00e9n activamente buscando empleo.\n\nPersonas que no ten\u00edan trabajo, ni lo buscaron en la semana de referencia y que esperan iniciar pr\u00f3ximamente un empleo, negocio o explotaci\u00f3n agr\u00edcola (as\u00ed lo hayan iniciado en el momento de la encuesta).\n\nTrabajadores voluntarios sin remuneraci\u00f3n en organizaciones de beneficencia, acci\u00f3n comunal o para un amigo.\n\nLas personas que durante la semana de referencia se encontraban arreglando (pintando, estucando etc.) una casa de su propiedad para ser arrendada, no se consideran trabajando por realizar esta actividad. \nLas personas que durante la semana de referencia eran rentistas \u00f3 pensionados\n\nOtros casos no contemplados en los anteriores, tales como deportistas aficionados, vagos, mendigos, etc","var_catgry":[],"var_codinstr":null,"var_concept":[],"var_format":{"type":"character","schema":"other","category":null,"name":null},"var_notes":null,"var_val_range":{"min":null,"max":null},"fid":"F21","sid":"419","survey_idno":"DANE-DIMPE-ECV-2015"}