{"file_id":"F21","vid":"V888","name":"P6426","var_intrvl":"discrete","var_dcml":"0","var_wgt":null,"var_is_wgt":null,"loc_start_pos":"155","loc_end_pos":"157","loc_width":"3","loc_rec_seg_no":"1","labl":"\u00bfcu\u00e1ntos meses lleva trabajando en esta empresa, negocio, industria, oficina, firma o finca de manera continua?","var_imputation":null,"var_security":"El acceso a microdatos y Mam-up se considera como de tratamiento especial respecto a la reserva estad\u00edstica por tanto estar\u00e1 sujeto a la reglamentaci\u00f3n que para el efecto defina el Comit\u00e9 de Aseguramiento de la reserva estad\u00edstica. Resoluci\u00f3n 173 de 2008.","var_resp_unit":"Las personas de 12 a\u00f1os o m\u00e1s. Las personas de 18 a\u00f1os y m\u00e1s suministrar\u00e1n la informaci\u00f3n directamente. Las personas que tengan entre 12 y 17 a\u00f1os y trabajen o sean estudiantes universitarios deben suministrar directamente su informaci\u00f3n. La informaci\u00f3n de los j\u00f3venes entre 12 y 17 a\u00f1os que no trabajen ni estudien en la universidad, ser\u00e1 suministrada por los padres o la persona del hogar que est\u00e1 a cargo de su cuidado, excluyendo el servicio dom\u00e9stico.","var_analysis_unit":null,"var_qstn_preqtxt":"19. \u00bfEst\u00e1 afiliado por una empresa o individualmente a una Administradora de Riesgos Laborales (ARL) (por accidentes de trabajo, enfermedad profesional etc.)? \n\n1\tS\u00ed\n2\tNo\n9\tNo sabe, no informa","var_qstn_qstnlit":"20. \u00bfCu\u00e1ntos meses lleva trabajando en esta empresa, negocio, industria, oficina, firma o finca de manera continua?\n\n- Meses","var_qstn_postqtxt":"21. \u00bfLa empresa donde trabaja le suministra elementos de protecci\u00f3n personal para la realizaci\u00f3n de su trabajo?\n\n1\tS\u00ed\n2\tNo\n3\tNo necesita","var_qstn_ivuinstr":"El objetivo de esta pregunta es medir la estabilidad en el empleo. Si el encuestado lleva menos de un mes, escriba 00.","var_universe":"El universo para la ECV est\u00e1 conformado por la poblaci\u00f3n civil no institucional resi\u00addente en todo el territorio nacional.\n\nEste cap\u00edtulo va dirigido a personas de 12 a\u00f1os y m\u00e1s","var_universe_clusion":"I","var_sumstat":[{"value":"0","type":"vald","wgtd":null},{"value":"0","type":"invd","wgtd":null}],"var_txt":null,"var_catgry":[],"var_codinstr":null,"var_concept":[],"var_format":{"type":"numeric","schema":"other","category":null,"name":null},"var_notes":null,"var_val_range":{"min":null,"max":null},"fid":"F21","sid":"419","survey_idno":"DANE-DIMPE-ECV-2015"}