{"file_id":"F21","vid":"V924","name":"P415","var_intrvl":"discrete","var_dcml":"0","var_wgt":null,"var_is_wgt":null,"loc_start_pos":"301","loc_end_pos":"303","loc_width":"3","loc_rec_seg_no":"1","labl":"\u00bfcu\u00e1ntas horas a la semana trabaja normalmente ____ en ese trabajo ?","var_imputation":null,"var_security":"El acceso a microdatos y Mam-up se considera como de tratamiento especial respecto a la reserva estad\u00edstica por tanto estar\u00e1 sujeto a la reglamentaci\u00f3n que para el efecto defina el Comit\u00e9 de Aseguramiento de la reserva estad\u00edstica. Resoluci\u00f3n 173 de 2008.","var_resp_unit":"Las personas de 12 a\u00f1os o m\u00e1s. Las personas de 18 a\u00f1os y m\u00e1s suministrar\u00e1n la informaci\u00f3n directamente. Las personas que tengan entre 12 y 17 a\u00f1os y trabajen o sean estudiantes universitarios deben suministrar directamente su informaci\u00f3n. La informaci\u00f3n de los j\u00f3venes entre 12 y 17 a\u00f1os que no trabajen ni estudien en la universidad, ser\u00e1 suministrada por los padres o la persona del hogar que est\u00e1 a cargo de su cuidado, excluyendo el servicio dom\u00e9stico.","var_analysis_unit":null,"var_qstn_preqtxt":"37. \u00bfCu\u00e1nto tiempo se demora ..... en su viaje de ida al trabajo (incluya tiempo de espera del medio de transporte)?\n\n-Minutos","var_qstn_qstnlit":"38. \u00bfCu\u00e1ntas horas a la semana trabaja normalmente ____ en ese trabajo ?\n\nHoras","var_qstn_postqtxt":"39. \u00bfCu\u00e1ntas horas trabaj\u00f3 durante la semana pasada en este trabajo?\n\nHoras","var_qstn_ivuinstr":"Las preguntas 38 a 40 se utilizan para la medici\u00f3n de horas de trabajo, informaci\u00f3n que hace posible caracterizar las condiciones de empleo diferenciando entre empleo de tiempo completo y de tiempo parcial.   \n\nPara diligenciar esta pregunta indague por el n\u00famero de horas que la persona trabaja normalmente a la semana. Aclare que no debe tener en cuenta las horas que trabaj\u00f3 de m\u00e1s o de menos por cualquier motivo en la semana, sino aquellas horas que trabaja normalmente en su empleo principal. \n\nEn el c\u00f3mputo de horas se incluye el tiempo que empleo la persona normalmente en su propio negocio o profesi\u00f3n a\u00fan cuando en el transcurso del mismo no efect\u00fae ninguna venta o negociaci\u00f3n.\n\nNota: Deben excluirse de las horas trabajadas: \n\n1.\tLas interrupciones para las comidas. \n2.\tEl tiempo dedicado a ir desde el domicilio del trabajador al lugar de trabajo y viceversa. \n3.\tPara los docentes, se deben excluir las horas que le dedican en su domicilio a preparar clases, corregir ex\u00e1menes, etc. \n\nGeneralmente durante el sondeo, las personas informan el n\u00famero de horas diarias, en cuyo caso deber\u00e1 indagarse el n\u00famero de d\u00edas que labor\u00f3 la semana pasada para llevarlo a semanal.\n\nSiempre deben usarse n\u00fameros enteros, contando 30 minutos o m\u00e1s como una hora completa.","var_universe":"El universo para la ECV est\u00e1 conformado por la poblaci\u00f3n civil no institucional resi\u00addente en todo el territorio nacional.\n\nEste cap\u00edtulo va dirigido a personas de 12 a\u00f1os y m\u00e1s","var_universe_clusion":"I","var_sumstat":[{"value":"0","type":"vald","wgtd":null},{"value":"0","type":"invd","wgtd":null}],"var_txt":null,"var_catgry":[],"var_codinstr":null,"var_concept":[],"var_format":{"type":"numeric","schema":"other","category":null,"name":null},"var_notes":null,"var_val_range":{"min":"1","max":"120"},"fid":"F21","sid":"419","survey_idno":"DANE-DIMPE-ECV-2015"}